{"id":11229,"date":"2018-10-01T10:31:11","date_gmt":"2018-10-01T10:31:11","guid":{"rendered":"https:\/\/levfestival.com\/19\/?page_id=11229"},"modified":"2018-10-01T10:31:11","modified_gmt":"2018-10-01T10:31:11","slug":"horarios-matadero","status":"publish","type":"page","link":"https:\/\/levfestival.com\/19\/horarios-matadero\/","title":{"rendered":"Horarios LEV Matadero"},"content":{"rendered":"<\/div><\/div><\/div><!-- close content main div --><\/div><\/div>\n<style type=\"text\/css\" data-created_by=\"avia_inline_auto\" id=\"style-css-av-bikb0rd-8d7c4ad88948eede12818916c01ba369\">\n.avia-section.av-bikb0rd-8d7c4ad88948eede12818916c01ba369{\nbackground-color:#ffc6c6;\nbackground-image:unset;\n}\n.avia-section.av-bikb0rd-8d7c4ad88948eede12818916c01ba369 .av-section-color-overlay{\nopacity:0.9;\nbackground-color:#000000;\n}\n<\/style>\n<div id='av_section_1'  class='avia-section av-bikb0rd-8d7c4ad88948eede12818916c01ba369 main_color avia-section-no-padding avia-no-shadow avia-bg-style-parallax av-section-color-overlay-active av-minimum-height av-minimum-height-custom  container_wrap sidebar_right'   data-av_minimum_height_px='110'><div class=\"av-section-color-overlay-wrap\"><div class=\"av-section-color-overlay\"><\/div><div class='container av-section-cont-open' style='height:110px'><div class='template-page content  av-content-small alpha units'><div class='post-entry post-entry-type-page post-entry-11229'><div class='entry-content-wrapper clearfix'>\n\n<style type=\"text\/css\" data-created_by=\"avia_inline_auto\" id=\"style-css-av-bg76195-77508b784ba51d1f5241e965430160fa\">\n#top .av_textblock_section.av-bg76195-77508b784ba51d1f5241e965430160fa .avia_textblock{\ncolor:#ffffff;\n}\n<\/style>\n<section  class='av_textblock_section av-bg76195-77508b784ba51d1f5241e965430160fa'  itemscope=\"itemscope\" itemtype=\"https:\/\/schema.org\/CreativeWork\" ><div class='avia_textblock av_inherit_color'  itemprop=\"text\" ><h2>HORARIOS<\/h2>\n<\/div><\/section>\n<\/div><\/div><\/div><!-- close content main div --><\/div><\/div><\/div><div id='after_section_1'  class='main_color av_default_container_wrap container_wrap sidebar_right'  ><div class='container av-section-cont-open' ><div class='template-page content  av-content-small alpha units'><div class='post-entry post-entry-type-page post-entry-11229'><div class='entry-content-wrapper clearfix'>\n\n<style type=\"text\/css\" data-created_by=\"avia_inline_auto\" id=\"style-css-av-bewixq1-e395866d004fe028896673c4643429f8\">\n#top .av_textblock_section.av-bewixq1-e395866d004fe028896673c4643429f8 .avia_textblock{\nfont-size:30px;\n}\n<\/style>\n<section  class='av_textblock_section av-bewixq1-e395866d004fe028896673c4643429f8'  itemscope=\"itemscope\" itemtype=\"https:\/\/schema.org\/CreativeWork\" ><div class='avia_textblock'  itemprop=\"text\" ><h2>JUEVES 26 ABRIL<\/h2>\n<\/div><\/section>\n<div class='avia-data-table-wrap av-bdh1srd-a7cc6bd798d1e42b63e2d76cc4b9826b avia_responsive_table avia-table-1'><table  class='avia-table avia-data-table avia_pricing_default'  itemscope=\"itemscope\" itemtype=\"https:\/\/schema.org\/Table\" ><tbody><tr class='avia-heading-row'><th class='avia-highlight-col'>ACTIVIDAD<\/th><th class=''>LOCALIZACI\u00d3N<\/th><th class=''>HORARIO<\/th><\/tr><tr class=''><td class='avia-highlight-col'><a href=\"https:\/\/levfestival.com\/18\/portfolio-item\/children-of-the-light\/\"> <strong>Children of The Light<\/strong> <\/a><\/td><td class=''><a href=\"https:\/\/www.levfestival.com\/18\/espacios\/#ccai\"> C.C. Antiguo Instituto <\/a><\/td><td class=''>de 18:00 a 21:00 h.<\/td><\/tr><tr class=''><td class='avia-highlight-col'><a href=\"https:\/\/levfestival.com\/18\/portfolio-item\/murcof-jimmylakatos-nebula\/\"> <strong>Murcof &amp; Jimmy Lakatos <\/strong> <\/a><\/td><td class=''><a href=\"https:\/\/www.levfestival.com\/18\/espacios\/#laboral\"> LABoral Centro de Arte<\/a><\/td><td class=''>de 12:00 a 19:00 h.<\/td><\/tr><tr class=''><td class='avia-highlight-col'><a href=\"https:\/\/levfestival.com\/18\/portfolio-item\/synspecies\/\"> <strong>Elias Merino &amp; Tadej Droljc<\/strong> <\/a><br \/>\n<\/td><td class=''><a href=\"https:\/\/www.levfestival.com\/18\/espacios\/#laboral\"> LABoral Centro de Arte<\/a><\/td><td class=''>de 12:00 a 19:00 h.<\/td><\/tr><\/tbody><\/table><\/div><style type='text\/css'>.avia-table-1 td:nth-of-type(1):before { content: 'ACTIVIDAD'; } .avia-table-1 td:nth-of-type(2):before { content: 'LOCALIZACI\u00d3N'; } .avia-table-1 td:nth-of-type(3):before { content: 'HORARIO'; } <\/style>\n<div  class='hr av-alw622h-0e81df2fa8590786c9fe564feb857a83 hr-default'><span class='hr-inner '><span class=\"hr-inner-style\"><\/span><\/span><\/div>\n\n<style type=\"text\/css\" data-created_by=\"avia_inline_auto\" id=\"style-css-av-ajc5iix-fcf133b741e04345607257f175e68f77\">\n#top .av_textblock_section.av-ajc5iix-fcf133b741e04345607257f175e68f77 .avia_textblock{\nfont-size:30px;\n}\n<\/style>\n<section  class='av_textblock_section av-ajc5iix-fcf133b741e04345607257f175e68f77'  itemscope=\"itemscope\" itemtype=\"https:\/\/schema.org\/CreativeWork\" ><div class='avia_textblock'  itemprop=\"text\" ><h2>VIERNES 27 ABRIL<\/h2>\n<h2><\/h2>\n<\/div><\/section>\n<div class='avia-data-table-wrap av-aho9y7t-72774322cd0b1b97cc91181b0dbc2815 avia_responsive_table avia-table-2'><table  class='avia-table avia-data-table avia_pricing_default'  itemscope=\"itemscope\" itemtype=\"https:\/\/schema.org\/Table\" ><tbody><tr class='avia-heading-row'><th class='avia-highlight-col'>ACTIVIDAD<\/th><th class=''>LOCALIZACI\u00d3N<\/th><th class=''>HORARIO<\/th><\/tr><tr class=''><td class='avia-highlight-col'><a href=\"https:\/\/levfestival.com\/18\/portfolio-item\/children-of-the-light\/\"> <strong>Children of The Light<\/strong> <\/a><\/td><td class=''><a href=\"https:\/\/www.levfestival.com\/18\/espacios\/#ccai\"> C.C. Antiguo Instituto <\/a><\/td><td class=''>de 11:00 a 21:00 h.<\/td><\/tr><tr class=''><td class='avia-highlight-col'><a href=\"https:\/\/levfestival.com\/18\/portfolio-item\/murcof-jimmylakatos-nebula\/\"> <strong>Murcoff &amp; Jimmy Lakatos <\/strong> <\/a><\/td><td class=''><a href=\"https:\/\/www.levfestival.com\/18\/espacios\/#laboral\"> LABoral Centro de Arte<\/a><\/td><td class=''>de 10:00 a 19:00 h. \/\/ 23:30 a 4:00 h.<\/td><\/tr><tr class=''><td class='avia-highlight-col'><a href=\"https:\/\/levfestival.com\/18\/portfolio-item\/synspecies\/\"> <strong>Elias Merino &amp; Tadej Droljc<\/strong> <\/a><\/td><td class=''><a href=\"https:\/\/www.levfestival.com\/18\/espacios\/#laboral\"> LABoral Centro de Arte<\/a><\/td><td class=''>de 10:00 a 19:00 h. \/\/ 23:30 a 4:00 h.<\/td><\/tr><tr class='avia-heading-row'><th class='avia-highlight-col'><\/th><th class=''>Teatro<\/th><th class=''>Apertura de puertas: 20:30 h<\/th><\/tr><tr class=''><td class='avia-highlight-col'><a href=\"https:\/\/levfestival.com\/18\/portfolio-item\/michela-pelusio\/\"> <strong>Michela Pelusio<\/strong> <\/a><br \/>\n<\/td><td class=''><a href=\"https:\/\/www.levfestival.com\/18\/espacios\/#teatro\"> Teatro de la Laboral<\/a><\/td><td class=''>21:00 h.<\/td><\/tr><tr class=''><td class='avia-highlight-col'><a href=\"https:\/\/levfestival.com\/18\/portfolio-item\/loscil\/\"> <strong>Loscil<\/strong> <\/a><\/td><td class=''><a href=\"https:\/\/www.levfestival.com\/18\/espacios\/#teatro\"> Teatro de la Laboral<\/a><\/td><td class=''>21:50 h. <\/td><\/tr><tr class=''><td class='avia-highlight-col'><a href=\"https:\/\/levfestival.com\/18\/portfolio-item\/hiroaki-umeda\/\"> <strong>Hiroaki Umeda<\/strong> <\/a><\/td><td class=''><a href=\"https:\/\/www.levfestival.com\/18\/espacios\/#teatro\"> Teatro de la Laboral<\/a><\/td><td class=''>23:00 h.<\/td><\/tr><tr class='avia-heading-row'><th class='avia-highlight-col'><\/th><th class=''>NAVE<\/th><th class=''>Apertura de puertas: 23:30 h<\/th><\/tr><tr class=''><td class='avia-highlight-col'><a href=\"https:\/\/levfestival.com\/18\/portfolio-item\/electric-indigo\/\"> <strong>Electric Indigo<\/strong> <\/a><\/td><td class=''><a href=\"https:\/\/www.levfestival.com\/18\/espacios\/#nave\"> Nave <\/a><\/td><td class=''>00:15 h<\/td><\/tr><tr class=''><td class='avia-highlight-col'><a href=\"https:\/\/levfestival.com\/18\/portfolio-item\/schnitt\/\"> <strong> Schnitt <\/strong> <\/a><\/td><td class=''><a href=\"https:\/\/www.levfestival.com\/18\/espacios\/#nave\"> Nave <\/a><\/td><td class=''>01:25 h.<\/td><\/tr><tr class=''><td class='avia-highlight-col'><a href=\"https:\/\/levfestival.com\/18\/portfolio-item\/sonic_robots\/\"> <strong> Moritz Simon Geist <\/strong> <\/a><\/td><td class=''> Nave <\/a><\/td><td class=''>2:20 h.<\/td><\/tr><tr class=''><td class='avia-highlight-col'><a href=\"https:\/\/levfestival.com\/18\/portfolio-item\/atom-tm-deep-state\/\/\"> <strong> Atom Tm <\/strong> <\/a><\/td><td class=''><a href=\"https:\/\/www.levfestival.com\/18\/espacios\/#nave\"> Nave <\/a><\/td><td class=''>3:15 h.<\/td><\/tr><tr class=''><td class='avia-highlight-col'><a href=\"https:\/\/levfestival.com\/18\/portfolio-item\/clarointelecto\/\"> <strong>Claro Intelecto + Jimmy Lakatos<\/strong> <\/a><br \/>\n<\/td><td class=''><a href=\"https:\/\/www.levfestival.com\/18\/espacios\/#nave\"> Nave <\/a><\/td><td class=''>4:05 h.<\/td><\/tr><tr class=''><td class='avia-highlight-col'>Salida Autob\u00fas<\/td><td class=''><\/td><td class=''>5:25 h.<\/td><\/tr><\/tbody><\/table><\/div><style type='text\/css'>.avia-table-2 td:nth-of-type(1):before { content: 'ACTIVIDAD'; } .avia-table-2 td:nth-of-type(2):before { content: 'LOCALIZACI\u00d3N'; } .avia-table-2 td:nth-of-type(3):before { content: 'HORARIO'; } <\/style>\n<div  class='hr av-7pk309l-b192e905ef57ff4389bb9b07488079d7 hr-default'><span class='hr-inner '><span class=\"hr-inner-style\"><\/span><\/span><\/div>\n\n<style type=\"text\/css\" data-created_by=\"avia_inline_auto\" id=\"style-css-av-7o4dant-3a4554f58543b89bce573af9ffa78ce3\">\n#top .av_textblock_section.av-7o4dant-3a4554f58543b89bce573af9ffa78ce3 .avia_textblock{\nfont-size:30px;\n}\n<\/style>\n<section  class='av_textblock_section av-7o4dant-3a4554f58543b89bce573af9ffa78ce3'  itemscope=\"itemscope\" itemtype=\"https:\/\/schema.org\/CreativeWork\" ><div class='avia_textblock'  itemprop=\"text\" ><h2>S\u00c1BADO 28 ABRIL<\/h2>\n<\/div><\/section>\n<div class='avia-data-table-wrap av-7mdta4p-c3f10bd8fc93d81b6238ec2f760f9e12 avia_responsive_table avia-table-3'><table  class='avia-table avia-data-table avia_pricing_default'  itemscope=\"itemscope\" itemtype=\"https:\/\/schema.org\/Table\" ><tbody><tr class='avia-heading-row'><th class='avia-highlight-col'>ACTIVIDAD<\/th><th class=''>LOCALIZACI\u00d3N<\/th><th class=''>HORARIO<\/th><\/tr><tr class=''><td class='avia-highlight-col'><a href=\"https:\/\/levfestival.com\/18\/portfolio-item\/children-of-the-light\/\"> <strong>Children of The Light<\/strong> <\/a><\/td><td class=''><a href=\"https:\/\/www.levfestival.com\/18\/espacios\/#ccai\"> C.C. Antiguo Instituto<\/a><\/td><td class=''>de 11:00 a 21:00 h.<\/td><\/tr><tr class=''><td class='avia-highlight-col'><a href=\"https:\/\/levfestival.com\/18\/portfolio-item\/murcof-jimmylakatos-nebula\/\"> <strong>Murcoff &amp; Jimmy Lakatos <\/strong> <\/a><\/td><td class=''><a href=\"https:\/\/www.levfestival.com\/18\/espacios\/#laboral\"> LABoral Centro de Arte <\/a><\/td><td class=''>de 12:00 a 19:00 h. \/\/ de 23:30 a 4:00 h.<\/td><\/tr><tr class=''><td class='avia-highlight-col'><a href=\"https:\/\/levfestival.com\/18\/portfolio-item\/synspecies\/\"> <strong>Elias Merino &amp; Tadej Droljc<\/strong> <\/a><\/td><td class=''><a href=\"https:\/\/www.levfestival.com\/18\/espacios\/#laboral\"> LABoral Centro de Arte <\/a><\/td><td class=''>de 12:00 a 19:00 h. \/\/ de 23:30 a 4:00 h.<\/td><\/tr><tr class='avia-heading-row'><th class='avia-highlight-col'><\/th><th class=''>MUS\u00c9U DEL PUEBLU D\u2019ASTURIES<\/th><th class=''><\/th><\/tr><tr class=''><td class='avia-highlight-col'><a href=\"https:\/\/levfestival.com\/18\/portfolio-item\/murcof\/\"> <strong>Murcof <\/strong><\/a><\/p>\n<p><\/td><td class=''><a href=\"https:\/\/www.levfestival.com\/18\/espacios\/#museu\"> Mus\u00e9u del Pueblu d\u2019Asturies<\/a><\/td><td class=''>13:00 h.<\/td><\/tr><tr class=''><td class='avia-highlight-col'><a href=\"https:\/\/levfestival.com\/18\/portfolio-item\/mimicof\/\"> <strong>MimiCof<\/strong> <\/a><br \/>\n<\/td><td class=''><a href=\"https:\/\/www.levfestival.com\/18\/espacios\/#museu\"> Mus\u00e9u del Pueblu d\u2019Asturies<\/a><\/td><td class=''>14:00 h.<\/td><\/tr><tr class=''><td class='avia-highlight-col'><a href=\"https:\/\/levfestival.com\/18\/portfolio-item\/norwell-2\/\"> <strong>Norwell<\/strong> <\/a><br \/>\n<\/td><td class=''><a href=\"https:\/\/www.levfestival.com\/18\/espacios\/#museu\"> Mus\u00e9u del Pueblu d\u2019Asturies<\/a><\/td><td class=''>14:55 h.<\/td><\/tr><tr class='avia-heading-row'><th class='avia-highlight-col'><\/th><th class=''>Sala de Pinturas<\/th><th class=''>Apertura de puertas: 17:00 H<\/th><\/tr><tr class=''><td class='avia-highlight-col'><a href=\"https:\/\/levfestival.com\/18\/portfolio-item\/balago\/\"> <strong>Balago <\/strong><\/a><br \/>\n<\/td><td class=''><a href=\"https:\/\/www.levfestival.com\/18\/espacios\/#salapinturas\"> Teatro \/ Sala de Pinturas<\/a><\/td><td class=''>17:30 h.<\/td><\/tr><tr class=''><td class='avia-highlight-col'><a href=\"https:\/\/levfestival.com\/18\/portfolio-item\/cicada\/\"><strong> J\u00e4germusic presenta Cicada<\/strong><\/a><br \/>\n<\/td><td class=''><a href=\"https:\/\/www.levfestival.com\/18\/espacios\/#salapinturas\"> Teatro \/ Sala de Pinturas<\/a><\/td><td class=''>18:30 h.<\/td><\/tr><tr class=''><td class='avia-highlight-col'><a href=\"https:\/\/levfestival.com\/18\/portfolio-item\/tsowc\/\"> <strong>J\u00e4germusic presenta TSWOC<\/strong><\/a><br \/>\n<\/td><td class=''><a href=\"https:\/\/www.levfestival.com\/18\/espacios\/#salapinturas\"> Teatro \/ Sala de Pinturas<\/a><\/td><td class=''>19:25 h.<\/td><\/tr><tr class='avia-heading-row'><th class='avia-highlight-col'><\/th><th class=''>Antigua Cocina<\/th><th class=''><\/th><\/tr><tr class=''><td class='avia-highlight-col'><a href=\"https:\/\/levfestival.com\/18\/portfolio-item\/rbma-studio-science\/\"> <strong>RBMA Studio Science<\/strong><\/a><\/p>\n<p><\/td><td class=''><a href=\"https:\/\/www.levfestival.com\/18\/espacios\/#antiguacocina\"> Antigua Cocina <\/a><\/td><td class=''>18:30 h.<\/td><\/tr><tr class='avia-heading-row'><th class='avia-highlight-col'><\/th><th class=''>TEATRO<\/th><th class=''>Apertura de puertas: 20:15 h<\/th><\/tr><tr class=''><td class='avia-highlight-col'><a href=\"https:\/\/levfestival.com\/18\/portfolio-item\/mmessier-yro-ashes\/\"> <strong>Martin Messier &amp; Yro<\/strong> <\/a><br \/>\n<\/td><td class=''><a href=\"https:\/\/www.levfestival.com\/18\/espacios\/\"> Teatro de la Laboral <\/a><\/td><td class=''>20:30 h.<\/td><\/tr><tr class=''><td class='avia-highlight-col'><a href=\"https:\/\/levfestival.com\/18\/portfolio-item\/zan-lyons\/\"><strong> Zan Lyons<\/strong><\/a><\/td><td class=''><a href=\"https:\/\/www.levfestival.com\/18\/espacios\/\"> Teatro de la Laboral <\/a><\/td><td class=''>21:20 h.<\/td><\/tr><tr class=''><td class='avia-highlight-col'><a href=\"https:\/\/levfestival.com\/18\/portfolio-item\/rabit-les-fleurs-du-mal-cecilia\/\"> <strong>Rabit live av (W CECILIA)<\/strong><\/a><br \/>\n<\/td><td class=''><a href=\"https:\/\/www.levfestival.com\/18\/espacios\/\"> Teatro de la Laboral <\/a><\/td><td class=''>22:20 h.<\/td><\/tr><tr class='avia-heading-row'><th class='avia-highlight-col'><\/th><th class=''>NAVE<\/th><th class=''>Apertura de puertas: 23:15 h<\/th><\/tr><tr class=''><td class='avia-highlight-col'><a href=\"https:\/\/levfestival.com\/18\/portfolio-item\/zombiezombie\/\"><strong>Zombie Zombie<\/strong><\/a><br \/>\n<\/td><td class=''><a href=\"https:\/\/www.levfestival.com\/18\/espacios\/#nave\"> Nave <\/a><br \/>\n<\/td><td class=''>00:00 h.<\/td><\/tr><tr class=''><td class='avia-highlight-col'><a href=\"https:\/\/levfestival.com\/18\/portfolio-item\/okkre\/\"> <strong>Okkre <\/strong><\/a><\/p>\n<p><\/td><td class=''><a href=\"https:\/\/www.levfestival.com\/18\/espacios\/#nave\"> Nave <\/a><\/td><td class=''>1:35 h.<\/td><\/tr><tr class=''><td class='avia-highlight-col'><a href=\"https:\/\/levfestival.com\/18\/portfolio-item\/lusine\/\"><strong> Lusine + Gnomalab<\/strong><\/a><br \/>\n<\/td><td class=''><a href=\"https:\/\/www.levfestival.com\/18\/espacios\/#nave\"> Nave <\/a><\/td><td class=''>2:25 h.<\/td><\/tr><tr class=''><td class='avia-highlight-col'><a href=\"https:\/\/levfestival.com\/18\/portfolio-item\/atom-tm-deep-state\/\"><strong> Atom Tm<\/strong> <\/a><br \/>\n<\/td><td class=''><a href=\"https:\/\/www.levfestival.com\/18\/espacios\/#nave\"> Nave <\/a><\/td><td class=''>3:35 h.<\/td><\/tr><tr class=''><td class='avia-highlight-col'><a href=\"https:\/\/levfestival.com\/18\/portfolio-item\/schwefelgelb\/\"> <strong>Schwefelgelb<\/strong> <\/a><br \/>\n<\/td><td class=''><a href=\"https:\/\/www.levfestival.com\/18\/espacios\/#nave\"> Nave <\/a><\/td><td class=''>4:45 h.<\/td><\/tr><tr class=''><td class='avia-highlight-col'>Salida Autob\u00fas<\/td><td class=''><\/td><td class=''>6:05 h.<\/td><\/tr><\/tbody><\/table><\/div><style type='text\/css'>.avia-table-3 td:nth-of-type(1):before { content: 'ACTIVIDAD'; } .avia-table-3 td:nth-of-type(2):before { content: 'LOCALIZACI\u00d3N'; } .avia-table-3 td:nth-of-type(3):before { content: 'HORARIO'; } <\/style>\n<div  class='hr av-2y8ntvd-dcca1c244d3b8df677dd0a374a824b5b hr-default'><span class='hr-inner '><span class=\"hr-inner-style\"><\/span><\/span><\/div>\n\n<style type=\"text\/css\" data-created_by=\"avia_inline_auto\" id=\"style-css-av-2xaez5l-769ce105944f49a45e14e09be42beabd\">\n#top .av_textblock_section.av-2xaez5l-769ce105944f49a45e14e09be42beabd .avia_textblock{\nfont-size:30px;\n}\n<\/style>\n<section  class='av_textblock_section av-2xaez5l-769ce105944f49a45e14e09be42beabd'  itemscope=\"itemscope\" itemtype=\"https:\/\/schema.org\/CreativeWork\" ><div class='avia_textblock'  itemprop=\"text\" ><h2>DOMINGO 29 ABRIL<\/h2>\n<\/div><\/section>\n<div class='avia-data-table-wrap av-2vzbsx5-5de1fdf97b264a8c5f7ea15262cc0e4f avia_responsive_table avia-table-4'><table  class='avia-table avia-data-table avia_pricing_default'  itemscope=\"itemscope\" itemtype=\"https:\/\/schema.org\/Table\" ><tbody><tr class='avia-heading-row'><th class='avia-highlight-col'>ACTIVIDAD<\/th><th class=''>LOCALIZACI\u00d3N<\/th><th class=''>HORARIO<\/th><\/tr><tr class=''><td class='avia-highlight-col'><a href=\"https:\/\/levfestival.com\/18\/portfolio-item\/children-of-the-light\/\"> <strong>Children of The Light<\/strong> <\/a><\/td><td class=''><a href=\"https:\/\/www.levfestival.com\/18\/espacios\/#ccai\"> C.C. Antiguo Instituto <\/a><\/td><td class=''>de 11:00 a 21:00 h.<\/td><\/tr><tr class=''><td class='avia-highlight-col'><a href=\"https:\/\/levfestival.com\/18\/portfolio-item\/murcof-jimmylakatos-nebula\/\"> <strong>Murcoff &amp; Jimmy Lakatos <\/strong> <\/a><\/td><td class=''><a href=\"https:\/\/www.levfestival.com\/18\/espacios\/#laboral\"> LABoral Centro de Arte <\/a><\/td><td class=''>de 12:00 a 19:00 h.<\/td><\/tr><tr class=''><td class='avia-highlight-col'><a href=\"https:\/\/levfestival.com\/18\/portfolio-item\/synspecies\/\"> <strong>Elias Merino &amp; Tadej Droljc<\/strong> <\/a><\/td><td class=''><a href=\"https:\/\/www.levfestival.com\/18\/espacios\/#laboral\"> LABoral Centro de Arte <\/a><\/td><td class=''>de 12:00 a 19:00 h.<\/td><\/tr><tr class='avia-heading-row'><th class='avia-highlight-col'><\/th><th class=''>JARD\u00cdN BOT\u00c1NICO ATL\u00c1NTICO<\/th><th class=''><\/th><\/tr><tr class=''><td class='avia-highlight-col'><a href=\"https:\/\/levfestival.com\/18\/portfolio-item\/lucrecia-dalt\/\"><strong>Lucrecia Dalt<\/strong> <\/a><\/td><td class=''><a href=\"https:\/\/www.levfestival.com\/18\/espacios\/#botanico\"> Jard\u00edn Bot\u00e1nico Atl\u00e1ntico <\/a><\/td><td class=''>13:30 h.<\/td><\/tr><tr class=''><td class='avia-highlight-col'><a href=\"https:\/\/levfestival.com\/18\/portfolio-item\/jessica-moss\/\"><strong>Jessica Moss<\/strong> <\/a><\/td><td class=''><a href=\"https:\/\/www.levfestival.com\/18\/espacios\/#botanico\"> Jard\u00edn Bot\u00e1nico Atl\u00e1ntico <\/a><\/td><td class=''>14:20 h.<\/td><\/tr><tr class='avia-heading-row'><th class='avia-highlight-col'><\/th><th class=''>Paraninfo<\/th><th class=''><\/th><\/tr><tr class=''><td class='avia-highlight-col'><a href=\"https:\/\/levfestival.com\/18\/portfolio-item\/enrique-tomas\/\"><strong>Enrique Tom\u00e1s<\/strong> <\/a><br \/>\n<\/td><td class=''><a href=\"https:\/\/levfestival.com\/18\/espacios\/#paraninfo\"> Paraninfo <\/a><\/td><td class=''>17:00 y 18:00 h.<\/td><\/tr><tr class='avia-heading-row'><th class='avia-highlight-col'><\/th><th class=''>TEATRO<\/th><th class=''><\/th><\/tr><tr class=''><td class='avia-highlight-col'><a href=\"https:\/\/levfestival.com\/18\/portfolio-item\/lost-in-time\/\"><strong>Lost in Time<\/strong> <\/a><br \/>\n<\/td><td class=''><a href=\"https:\/\/www.levfestival.com\/18\/espacios\/#teatro\">Teatro <\/a><\/td><td class=''>18:00 h.<\/td><\/tr><tr class=''><td class='avia-highlight-col'><a href=\"https:\/\/levfestival.com\/18\/portfolio-item\/nsdos\/\"><strong>NSDOS<\/strong> <\/a><br \/>\n<\/td><td class=''><a href=\"https:\/\/www.levfestival.com\/18\/espacios\/#cajaescenica\"> Caja Esc\u00e9nica Teatro <\/a><\/td><td class=''>19:10 h.<\/td><\/tr><tr class=''><td class='avia-highlight-col'><a href=\"https:\/\/levfestival.com\/18\/portfolio-item\/lotic\/\"><strong>Lotic<\/strong> <\/a><br \/>\n<\/td><td class=''><a href=\"https:\/\/www.levfestival.com\/18\/espacios\/#cajaescenica\"> Caja Esc\u00e9nica Teatro <\/a><\/td><td class=''>20:30 h.<\/td><\/tr><tr class='avia-heading-row'><th class='avia-highlight-col'><\/th><th class=''>Lanna Club<\/th><th class=''><\/th><\/tr><tr class=''><td class='avia-highlight-col'><a href=\"https:\/\/levfestival.com\/18\/portfolio-item\/convextion-live-komatssu-lanna-club\/\"> <strong>Fiesta de clausura<\/strong> <\/a><\/td><td class=''><a href=\"https:\/\/levfestival.com\/18\/espacios\/#lanna\"> Lanna Club <\/a><\/td><td class=''>00:00 h.<\/td><\/tr><\/tbody><\/table><\/div><style type='text\/css'>.avia-table-4 td:nth-of-type(1):before { content: 'ACTIVIDAD'; } .avia-table-4 td:nth-of-type(2):before { content: 'LOCALIZACI\u00d3N'; } .avia-table-4 td:nth-of-type(3):before { content: 'HORARIO'; } <\/style>\n<div  class='avia-button-wrap av-2a0bh5-eb053fae0280f2d4b883723b47768b1a-wrap avia-button-left '><a href='https:\/\/levfestival.com\/18\/tickets\/'  class='avia-button av-2a0bh5-eb053fae0280f2d4b883723b47768b1a avia-icon_select-no avia-size-large avia-position-left avia-color-theme-color'  ><span class='avia_iconbox_title' >COMPRAR ENTRADAS<\/span><\/a><\/div>\n","protected":false},"excerpt":{"rendered":"","protected":false},"author":1,"featured_media":0,"parent":0,"menu_order":0,"comment_status":"closed","ping_status":"closed","template":"","meta":{"footnotes":""},"class_list":["post-11229","page","type-page","status-publish","hentry"],"yoast_head":"<!-- This site is optimized with the Yoast SEO plugin v20.7 - https:\/\/yoast.com\/wordpress\/plugins\/seo\/ -->\n<title>Horarios LEV Matadero - LEV Festival 2019<\/title>\n<meta name=\"robots\" content=\"index, follow, max-snippet:-1, max-image-preview:large, max-video-preview:-1\" \/>\n<link rel=\"canonical\" href=\"https:\/\/levfestival.com\/19\/horarios-matadero\/\" \/>\n<meta property=\"og:locale\" content=\"es_ES\" \/>\n<meta property=\"og:type\" content=\"article\" \/>\n<meta property=\"og:title\" content=\"L.E.V. Matadero_2019_Horarios\" \/>\n<meta property=\"og:description\" content=\"[Laboratorio de Electr\u00f3nica Visual] 2019\" \/>\n<meta property=\"og:url\" content=\"https:\/\/levfestival.com\/19\/horarios-matadero\/\" \/>\n<meta property=\"og:site_name\" content=\"LEV Festival 2019\" \/>\n<meta name=\"twitter:card\" content=\"summary_large_image\" \/>\n<meta name=\"twitter:title\" content=\"L.E.V. Matadero_2019_Horarios\" \/>\n<meta name=\"twitter:description\" content=\"[Laboratorio de Electr\u00f3nica Visual] 2019\" \/>\n<meta name=\"twitter:label1\" content=\"Tiempo de lectura\" \/>\n\t<meta name=\"twitter:data1\" content=\"19 minutos\" \/>\n<script type=\"application\/ld+json\" class=\"yoast-schema-graph\">{\"@context\":\"https:\/\/schema.org\",\"@graph\":[{\"@type\":\"WebPage\",\"@id\":\"https:\/\/levfestival.com\/19\/horarios-matadero\/\",\"url\":\"https:\/\/levfestival.com\/19\/horarios-matadero\/\",\"name\":\"Horarios LEV Matadero - LEV Festival 2019\",\"isPartOf\":{\"@id\":\"https:\/\/levfestival.com\/19\/#website\"},\"datePublished\":\"2018-10-01T10:31:11+00:00\",\"dateModified\":\"2018-10-01T10:31:11+00:00\",\"breadcrumb\":{\"@id\":\"https:\/\/levfestival.com\/19\/horarios-matadero\/#breadcrumb\"},\"inLanguage\":\"es\",\"potentialAction\":[{\"@type\":\"ReadAction\",\"target\":[\"https:\/\/levfestival.com\/19\/horarios-matadero\/\"]}]},{\"@type\":\"BreadcrumbList\",\"@id\":\"https:\/\/levfestival.com\/19\/horarios-matadero\/#breadcrumb\",\"itemListElement\":[{\"@type\":\"ListItem\",\"position\":1,\"name\":\"Portada\",\"item\":\"https:\/\/levfestival.com\/19\/home-lev-matadero\/\"},{\"@type\":\"ListItem\",\"position\":2,\"name\":\"Horarios LEV Matadero\"}]},{\"@type\":\"WebSite\",\"@id\":\"https:\/\/levfestival.com\/19\/#website\",\"url\":\"https:\/\/levfestival.com\/19\/\",\"name\":\"LEV Festival 2019\",\"description\":\"\",\"potentialAction\":[{\"@type\":\"SearchAction\",\"target\":{\"@type\":\"EntryPoint\",\"urlTemplate\":\"https:\/\/levfestival.com\/19\/?s={search_term_string}\"},\"query-input\":\"required name=search_term_string\"}],\"inLanguage\":\"es\"}]}<\/script>\n<!-- \/ Yoast SEO plugin. -->","yoast_head_json":{"title":"Horarios LEV Matadero - LEV Festival 2019","robots":{"index":"index","follow":"follow","max-snippet":"max-snippet:-1","max-image-preview":"max-image-preview:large","max-video-preview":"max-video-preview:-1"},"canonical":"https:\/\/levfestival.com\/19\/horarios-matadero\/","og_locale":"es_ES","og_type":"article","og_title":"L.E.V. Matadero_2019_Horarios","og_description":"[Laboratorio de Electr\u00f3nica Visual] 2019","og_url":"https:\/\/levfestival.com\/19\/horarios-matadero\/","og_site_name":"LEV Festival 2019","twitter_card":"summary_large_image","twitter_title":"L.E.V. Matadero_2019_Horarios","twitter_description":"[Laboratorio de Electr\u00f3nica Visual] 2019","twitter_misc":{"Tiempo de lectura":"19 minutos"},"schema":{"@context":"https:\/\/schema.org","@graph":[{"@type":"WebPage","@id":"https:\/\/levfestival.com\/19\/horarios-matadero\/","url":"https:\/\/levfestival.com\/19\/horarios-matadero\/","name":"Horarios LEV Matadero - LEV Festival 2019","isPartOf":{"@id":"https:\/\/levfestival.com\/19\/#website"},"datePublished":"2018-10-01T10:31:11+00:00","dateModified":"2018-10-01T10:31:11+00:00","breadcrumb":{"@id":"https:\/\/levfestival.com\/19\/horarios-matadero\/#breadcrumb"},"inLanguage":"es","potentialAction":[{"@type":"ReadAction","target":["https:\/\/levfestival.com\/19\/horarios-matadero\/"]}]},{"@type":"BreadcrumbList","@id":"https:\/\/levfestival.com\/19\/horarios-matadero\/#breadcrumb","itemListElement":[{"@type":"ListItem","position":1,"name":"Portada","item":"https:\/\/levfestival.com\/19\/home-lev-matadero\/"},{"@type":"ListItem","position":2,"name":"Horarios LEV Matadero"}]},{"@type":"WebSite","@id":"https:\/\/levfestival.com\/19\/#website","url":"https:\/\/levfestival.com\/19\/","name":"LEV Festival 2019","description":"","potentialAction":[{"@type":"SearchAction","target":{"@type":"EntryPoint","urlTemplate":"https:\/\/levfestival.com\/19\/?s={search_term_string}"},"query-input":"required name=search_term_string"}],"inLanguage":"es"}]}},"_links":{"self":[{"href":"https:\/\/levfestival.com\/19\/wp-json\/wp\/v2\/pages\/11229","targetHints":{"allow":["GET"]}}],"collection":[{"href":"https:\/\/levfestival.com\/19\/wp-json\/wp\/v2\/pages"}],"about":[{"href":"https:\/\/levfestival.com\/19\/wp-json\/wp\/v2\/types\/page"}],"author":[{"embeddable":true,"href":"https:\/\/levfestival.com\/19\/wp-json\/wp\/v2\/users\/1"}],"replies":[{"embeddable":true,"href":"https:\/\/levfestival.com\/19\/wp-json\/wp\/v2\/comments?post=11229"}],"version-history":[{"count":0,"href":"https:\/\/levfestival.com\/19\/wp-json\/wp\/v2\/pages\/11229\/revisions"}],"wp:attachment":[{"href":"https:\/\/levfestival.com\/19\/wp-json\/wp\/v2\/media?parent=11229"}],"curies":[{"name":"wp","href":"https:\/\/api.w.org\/{rel}","templated":true}]}}