{"id":1336,"date":"2013-04-07T21:13:52","date_gmt":"2013-04-07T21:13:52","guid":{"rendered":"https:\/\/www.kriesi.at\/themes\/enfold\/?page_id=1336"},"modified":"2013-04-07T21:13:52","modified_gmt":"2013-04-07T21:13:52","slug":"noticias","status":"publish","type":"page","link":"https:\/\/levfestival.com\/19\/noticias\/","title":{"rendered":"Noticias"},"content":{"rendered":"\n<p><\/p>\n\n\n<div id='full_slider_1'  class='avia-fullwidth-slider main_color avia-shadow   avia-builder-el-0  el_before_av_section  avia-builder-el-first   container_wrap sidebar_right'  ><div  class='avia-slideshow av-jn1jqkpe-27ef20b5d439f6df5c70aabdcb5cdea1 avia-slideshow-no scaling av_slideshow_full avia-slide-slider av-slideshow-ui av-control-default av-slideshow-manual av-loop-once av-loop-manual-endless   avia-slideshow-1' data-slideshow-options=\"{&quot;animation&quot;:&quot;slide&quot;,&quot;autoplay&quot;:false,&quot;loop_autoplay&quot;:&quot;once&quot;,&quot;interval&quot;:5,&quot;loop_manual&quot;:&quot;manual-endless&quot;,&quot;autoplay_stopper&quot;:false,&quot;noNavigation&quot;:false,&quot;bg_slider&quot;:false,&quot;keep_padding&quot;:false,&quot;hoverpause&quot;:false,&quot;show_slide_delay&quot;:0}\"  itemprop=\"image\" itemscope=\"itemscope\" itemtype=\"https:\/\/schema.org\/ImageObject\" ><ul class='avia-slideshow-inner ' ><\/ul><\/div><\/div>\n\n<style type=\"text\/css\" data-created_by=\"avia_inline_auto\" id=\"style-css-av-11loxi3-755de659ee828b139299fae6dcbfa729\">\n.avia-section.av-11loxi3-755de659ee828b139299fae6dcbfa729 .av-section-color-overlay{\nopacity:0.9;\nbackground-color:#000000;\n}\n<\/style>\n<div id='borde-general'  class='avia-section av-11loxi3-755de659ee828b139299fae6dcbfa729 main_color avia-section-no-padding avia-no-shadow  avia-builder-el-1  el_after_av_slideshow_full  el_before_av_one_full  avia-bg-style-parallax av-section-color-overlay-active av-minimum-height av-minimum-height-custom  container_wrap sidebar_right'   data-av_minimum_height_px='110'><div class=\"av-section-color-overlay-wrap\"><div class=\"av-section-color-overlay\"><\/div><div class='container av-section-cont-open' style='height:110px'><div class='template-page content  av-content-small alpha units'><div class='post-entry post-entry-type-page post-entry-1336'><div class='entry-content-wrapper clearfix'>\n\n<style type=\"text\/css\" data-created_by=\"avia_inline_auto\" id=\"style-css-av-zq65sb-082b365a3ce741d8022a6645feba6698\">\n#top .av_textblock_section.av-zq65sb-082b365a3ce741d8022a6645feba6698 .avia_textblock{\ncolor:#ffffff;\n}\n<\/style>\n<section  class='av_textblock_section av-zq65sb-082b365a3ce741d8022a6645feba6698'  itemscope=\"itemscope\" itemtype=\"https:\/\/schema.org\/CreativeWork\" ><div class='avia_textblock av_inherit_color'  itemprop=\"text\" ><h2 style=\"text-align: center\">NOTICIAS<\/h2>\n<\/div><\/section>\n<\/div><\/div><\/div><!-- close content main div --><\/div><\/div><\/div><div id='after_section_1'  class='main_color av_default_container_wrap container_wrap sidebar_right'  ><div class='container av-section-cont-open' ><div class='template-page content  av-content-small alpha units'><div class='post-entry post-entry-type-page post-entry-1336'><div class='entry-content-wrapper clearfix'>\n\n<style type=\"text\/css\" data-created_by=\"avia_inline_auto\" id=\"style-css-av-jqs8hwsu-bb37c23b58c0a186fd37c09200b2d7b0\">\n.flex_column.av-jqs8hwsu-bb37c23b58c0a186fd37c09200b2d7b0{\n-webkit-border-radius:0px 0px 0px 0px;\n-moz-border-radius:0px 0px 0px 0px;\nborder-radius:0px 0px 0px 0px;\npadding:0px 10% 0px 10%;\n}\n<\/style>\n<div class='flex_column av-jqs8hwsu-bb37c23b58c0a186fd37c09200b2d7b0 av_one_full  avia-builder-el-3  el_after_av_section  avia-builder-el-no-sibling  first flex_column_div '     ><div  data-slideshow-options=\"{&quot;animation&quot;:&quot;fade&quot;,&quot;autoplay&quot;:false,&quot;loop_autoplay&quot;:&quot;once&quot;,&quot;interval&quot;:5,&quot;loop_manual&quot;:&quot;manual-endless&quot;,&quot;autoplay_stopper&quot;:false,&quot;noNavigation&quot;:false,&quot;show_slide_delay&quot;:90}\" class='avia-content-slider avia-content-grid-active avia-content-slider1 avia-content-slider-odd  avia-builder-el-4  avia-builder-el-no-sibling  av-slideshow-ui av-control-default   av-no-slider-navigation av-slideshow-manual av-loop-once av-loop-manual-endless '  itemscope=\"itemscope\" itemtype=\"https:\/\/schema.org\/Blog\" ><div class=\"avia-content-slider-inner\"><div class=\"slide-entry-wrap\"><article class='slide-entry flex_column  post-entry post-entry-1 slide-entry-overview slide-loop-1 slide-parity-odd  av_one_third first fake-thumbnail post-format-standard'  itemscope=\"itemscope\" itemtype=\"https:\/\/schema.org\/CreativeWork\" ><a href='https:\/\/levfestival.com\/19\/2023\/06\/05\/hola-mundo\/' data-rel='slide-1' class='slide-image' title='\u00a1Hola, mundo!'><span class='fallback-post-type-icon' aria-hidden='true' data-av_icon='\ue836' data-av_iconfont='entypo-fontello'><\/span><span class='slider-fallback-image'><img decoding=\"async\" width=\"495\" height=\"317\" src=\"https:\/\/levfestival.com\/19\/wp-content\/uploads\/sites\/14\/2019\/09\/Noticia_2-495x317.jpg\" class=\"wp-image-24801 avia-img-lazy-loading-not-24801 attachment-portfolio size-portfolio wp-post-image\" alt=\"\" \/><\/span><\/a><div class=\"slide-content\"><header class=\"entry-content-header\"><h3 class='slide-entry-title entry-title '  itemprop=\"headline\" ><a href='https:\/\/levfestival.com\/19\/2023\/06\/05\/hola-mundo\/' title='\u00a1Hola, mundo!'>\u00a1Hola, mundo!<\/a><\/h3><span class=\"av-vertical-delimiter\"><\/span><\/header><div class=\"slide-meta\"><time class='slide-meta-time updated'  itemprop=\"datePublished\" datetime=\"2023-06-05T07:37:48+00:00\" >5 de junio de 2023<\/time><\/div><div class='slide-entry-excerpt entry-content'  itemprop=\"text\" >Welcome to LEV Festival Networks. This is your first post. Edit\u2026<\/div><\/div><footer class=\"entry-footer\"><\/footer><span class='hidden'>\n\t\t\t\t<span class='av-structured-data'  itemprop=\"image\" itemscope=\"itemscope\" itemtype=\"https:\/\/schema.org\/ImageObject\" >\n\t\t\t\t\t\t<span itemprop='url'>https:\/\/levfestival.com\/19\/wp-content\/uploads\/sites\/14\/2023\/10\/logo_lev_300px.png<\/span>\n\t\t\t\t\t\t<span itemprop='height'>0<\/span>\n\t\t\t\t\t\t<span itemprop='width'>0<\/span>\n\t\t\t\t<\/span>\n\t\t\t\t<span class='av-structured-data'  itemprop=\"publisher\" itemtype=\"https:\/\/schema.org\/Organization\" itemscope=\"itemscope\" >\n\t\t\t\t\t\t<span itemprop='name'><\/span>\n\t\t\t\t\t\t<span itemprop='logo' itemscope itemtype='https:\/\/schema.org\/ImageObject'>\n\t\t\t\t\t\t\t<span itemprop='url'>https:\/\/levfestival.com\/19\/wp-content\/uploads\/sites\/14\/2023\/10\/logo_lev_300px.png<\/span>\n\t\t\t\t\t\t<\/span>\n\t\t\t\t<\/span><span class='av-structured-data'  itemprop=\"author\" itemscope=\"itemscope\" itemtype=\"https:\/\/schema.org\/Person\" ><span itemprop='name'><\/span><\/span><span class='av-structured-data'  itemprop=\"datePublished\" datetime=\"2013-04-07T21:13:52+00:00\" >2023-06-05 07:37:48<\/span><span class='av-structured-data'  itemprop=\"dateModified\" itemtype=\"https:\/\/schema.org\/dateModified\" >2023-10-30 09:58:18<\/span><span class='av-structured-data'  itemprop=\"mainEntityOfPage\" itemtype=\"https:\/\/schema.org\/mainEntityOfPage\" ><span itemprop='name'>\u00a1Hola, mundo!<\/span><\/span><\/span><\/article><article class='slide-entry flex_column  post-entry post-entry-26411 slide-entry-overview slide-loop-2 slide-parity-even  av_one_third  real-thumbnail post-format-standard'  itemscope=\"itemscope\" itemtype=\"https:\/\/schema.org\/CreativeWork\" ><a href='https:\/\/levfestival.com\/19\/2019\/10\/21\/refund-of-remaining-balances-in-bracelets-2\/' data-rel='slide-1' class='slide-image' title='Refund of remaining balances in bracelets'><img decoding=\"async\" width=\"495\" height=\"317\" src=\"https:\/\/levfestival.com\/19\/wp-content\/uploads\/sites\/14\/2019\/10\/Cashless_Noticia-495x317.jpg\" class=\"wp-image-26428 avia-img-lazy-loading-not-26428 attachment-portfolio size-portfolio wp-post-image\" alt=\"\" \/><\/a><div class=\"slide-content\"><header class=\"entry-content-header\"><h3 class='slide-entry-title entry-title '  itemprop=\"headline\" ><a href='https:\/\/levfestival.com\/19\/2019\/10\/21\/refund-of-remaining-balances-in-bracelets-2\/' title='Refund of remaining balances in bracelets'>Refund of remaining balances in bracelets<\/a><\/h3><span class=\"av-vertical-delimiter\"><\/span><\/header><div class=\"slide-meta\"><time class='slide-meta-time updated'  itemprop=\"datePublished\" datetime=\"2019-10-21T11:40:23+00:00\" >21 de octubre de 2019<\/time><\/div><div class='slide-entry-excerpt entry-content'  itemprop=\"text\" >21.10.2019<\/div><\/div><footer class=\"entry-footer\"><\/footer><span class='hidden'>\n\t\t\t\t<span class='av-structured-data'  itemprop=\"image\" itemscope=\"itemscope\" itemtype=\"https:\/\/schema.org\/ImageObject\" >\n\t\t\t\t\t\t<span itemprop='url'>https:\/\/levfestival.com\/19\/wp-content\/uploads\/sites\/14\/2019\/10\/Cashless_Noticia.jpg<\/span>\n\t\t\t\t\t\t<span itemprop='height'>317<\/span>\n\t\t\t\t\t\t<span itemprop='width'>833<\/span>\n\t\t\t\t<\/span>\n\t\t\t\t<span class='av-structured-data'  itemprop=\"publisher\" itemtype=\"https:\/\/schema.org\/Organization\" itemscope=\"itemscope\" >\n\t\t\t\t\t\t<span itemprop='name'>Humme<\/span>\n\t\t\t\t\t\t<span itemprop='logo' itemscope itemtype='https:\/\/schema.org\/ImageObject'>\n\t\t\t\t\t\t\t<span itemprop='url'>https:\/\/levfestival.com\/19\/wp-content\/uploads\/sites\/14\/2023\/10\/logo_lev_300px.png<\/span>\n\t\t\t\t\t\t<\/span>\n\t\t\t\t<\/span><span class='av-structured-data'  itemprop=\"author\" itemscope=\"itemscope\" itemtype=\"https:\/\/schema.org\/Person\" ><span itemprop='name'>Humme<\/span><\/span><span class='av-structured-data'  itemprop=\"datePublished\" datetime=\"2013-04-07T21:13:52+00:00\" >2019-10-21 11:40:23<\/span><span class='av-structured-data'  itemprop=\"dateModified\" itemtype=\"https:\/\/schema.org\/dateModified\" >2019-10-21 11:40:23<\/span><span class='av-structured-data'  itemprop=\"mainEntityOfPage\" itemtype=\"https:\/\/schema.org\/mainEntityOfPage\" ><span itemprop='name'>Refund of remaining balances in bracelets<\/span><\/span><\/span><\/article><article class='slide-entry flex_column  post-entry post-entry-26410 slide-entry-overview slide-loop-3 slide-parity-odd  av_one_third  real-thumbnail post-format-standard'  itemscope=\"itemscope\" itemtype=\"https:\/\/schema.org\/CreativeWork\" ><a href='https:\/\/levfestival.com\/19\/2019\/10\/21\/sistema-c-a-s-h-l-e-s-s-para-los-pagos-devolucion\/' data-rel='slide-1' class='slide-image' title='C A S H L E S S: recupera tu saldo'><img decoding=\"async\" width=\"495\" height=\"317\" src=\"https:\/\/levfestival.com\/19\/wp-content\/uploads\/sites\/14\/2019\/10\/Cashless_Noticia-495x317.jpg\" class=\"wp-image-26428 avia-img-lazy-loading-not-26428 attachment-portfolio size-portfolio wp-post-image\" alt=\"\" \/><\/a><div class=\"slide-content\"><header class=\"entry-content-header\"><h3 class='slide-entry-title entry-title '  itemprop=\"headline\" ><a href='https:\/\/levfestival.com\/19\/2019\/10\/21\/sistema-c-a-s-h-l-e-s-s-para-los-pagos-devolucion\/' title='C A S H L E S S: recupera tu saldo'>C A S H L E S S: recupera tu saldo<\/a><\/h3><span class=\"av-vertical-delimiter\"><\/span><\/header><div class=\"slide-meta\"><time class='slide-meta-time updated'  itemprop=\"datePublished\" datetime=\"2019-10-21T09:09:59+00:00\" >21 de octubre de 2019<\/time><\/div><div class='slide-entry-excerpt entry-content'  itemprop=\"text\" >21.10.2019<\/div><\/div><footer class=\"entry-footer\"><\/footer><span class='hidden'>\n\t\t\t\t<span class='av-structured-data'  itemprop=\"image\" itemscope=\"itemscope\" itemtype=\"https:\/\/schema.org\/ImageObject\" >\n\t\t\t\t\t\t<span itemprop='url'>https:\/\/levfestival.com\/19\/wp-content\/uploads\/sites\/14\/2019\/10\/Cashless_Noticia.jpg<\/span>\n\t\t\t\t\t\t<span itemprop='height'>317<\/span>\n\t\t\t\t\t\t<span itemprop='width'>833<\/span>\n\t\t\t\t<\/span>\n\t\t\t\t<span class='av-structured-data'  itemprop=\"publisher\" itemtype=\"https:\/\/schema.org\/Organization\" itemscope=\"itemscope\" >\n\t\t\t\t\t\t<span itemprop='name'>Humme<\/span>\n\t\t\t\t\t\t<span itemprop='logo' itemscope itemtype='https:\/\/schema.org\/ImageObject'>\n\t\t\t\t\t\t\t<span itemprop='url'>https:\/\/levfestival.com\/19\/wp-content\/uploads\/sites\/14\/2023\/10\/logo_lev_300px.png<\/span>\n\t\t\t\t\t\t<\/span>\n\t\t\t\t<\/span><span class='av-structured-data'  itemprop=\"author\" itemscope=\"itemscope\" itemtype=\"https:\/\/schema.org\/Person\" ><span itemprop='name'>Humme<\/span><\/span><span class='av-structured-data'  itemprop=\"datePublished\" datetime=\"2013-04-07T21:13:52+00:00\" >2019-10-21 09:09:59<\/span><span class='av-structured-data'  itemprop=\"dateModified\" itemtype=\"https:\/\/schema.org\/dateModified\" >2019-10-21 09:09:59<\/span><span class='av-structured-data'  itemprop=\"mainEntityOfPage\" itemtype=\"https:\/\/schema.org\/mainEntityOfPage\" ><span itemprop='name'>C A S H L E S S: recupera tu saldo<\/span><\/span><\/span><\/article><\/div><div class=\"slide-entry-wrap\"><article class='slide-entry flex_column  post-entry post-entry-25748 slide-entry-overview slide-loop-4 slide-parity-odd  av_one_third first real-thumbnail post-format-standard'  itemscope=\"itemscope\" itemtype=\"https:\/\/schema.org\/CreativeWork\" ><a href='https:\/\/levfestival.com\/19\/2019\/09\/24\/el-festival-l-e-v-matadero-anuncia-vortex-su-apuesta-mas-arriesgada-en-el-ambito-de-la-creacion-audiovisual-contemporanea-2\/' data-rel='slide-1' class='slide-image' title='L.E.V. Matadero Festival announces VORTEX, its riskiest bet in the context of contemporary audiovisual creation'><img decoding=\"async\" width=\"495\" height=\"317\" src=\"https:\/\/levfestival.com\/19\/wp-content\/uploads\/sites\/14\/2019\/09\/Noticia_3b.jpg\" class=\"wp-image-25888 avia-img-lazy-loading-not-25888 attachment-portfolio size-portfolio wp-post-image\" alt=\"\" srcset=\"https:\/\/levfestival.com\/19\/wp-content\/uploads\/sites\/14\/2019\/09\/Noticia_3b.jpg 495w, https:\/\/levfestival.com\/19\/wp-content\/uploads\/sites\/14\/2019\/09\/Noticia_3b-300x192.jpg 300w\" sizes=\"(max-width: 495px) 100vw, 495px\" \/><\/a><div class=\"slide-content\"><header class=\"entry-content-header\"><h3 class='slide-entry-title entry-title '  itemprop=\"headline\" ><a href='https:\/\/levfestival.com\/19\/2019\/09\/24\/el-festival-l-e-v-matadero-anuncia-vortex-su-apuesta-mas-arriesgada-en-el-ambito-de-la-creacion-audiovisual-contemporanea-2\/' title='L.E.V. Matadero Festival announces VORTEX, its riskiest bet in the context of contemporary audiovisual creation'>L.E.V. Matadero Festival announces VORTEX, its riskiest bet in the context of contemporary audiovisual creation<\/a><\/h3><span class=\"av-vertical-delimiter\"><\/span><\/header><div class=\"slide-meta\"><time class='slide-meta-time updated'  itemprop=\"datePublished\" datetime=\"2019-09-24T04:45:32+00:00\" >24 de septiembre de 2019<\/time><\/div><div class='slide-entry-excerpt entry-content'  itemprop=\"text\" >24.09.2019<\/div><\/div><footer class=\"entry-footer\"><\/footer><span class='hidden'>\n\t\t\t\t<span class='av-structured-data'  itemprop=\"image\" itemscope=\"itemscope\" itemtype=\"https:\/\/schema.org\/ImageObject\" >\n\t\t\t\t\t\t<span itemprop='url'>https:\/\/levfestival.com\/19\/wp-content\/uploads\/sites\/14\/2019\/09\/Noticia_3b.jpg<\/span>\n\t\t\t\t\t\t<span itemprop='height'>317<\/span>\n\t\t\t\t\t\t<span itemprop='width'>495<\/span>\n\t\t\t\t<\/span>\n\t\t\t\t<span class='av-structured-data'  itemprop=\"publisher\" itemtype=\"https:\/\/schema.org\/Organization\" itemscope=\"itemscope\" >\n\t\t\t\t\t\t<span itemprop='name'>Humme<\/span>\n\t\t\t\t\t\t<span itemprop='logo' itemscope itemtype='https:\/\/schema.org\/ImageObject'>\n\t\t\t\t\t\t\t<span itemprop='url'>https:\/\/levfestival.com\/19\/wp-content\/uploads\/sites\/14\/2023\/10\/logo_lev_300px.png<\/span>\n\t\t\t\t\t\t<\/span>\n\t\t\t\t<\/span><span class='av-structured-data'  itemprop=\"author\" itemscope=\"itemscope\" itemtype=\"https:\/\/schema.org\/Person\" ><span itemprop='name'>Humme<\/span><\/span><span class='av-structured-data'  itemprop=\"datePublished\" datetime=\"2013-04-07T21:13:52+00:00\" >2019-09-24 04:45:32<\/span><span class='av-structured-data'  itemprop=\"dateModified\" itemtype=\"https:\/\/schema.org\/dateModified\" >2019-09-24 04:45:32<\/span><span class='av-structured-data'  itemprop=\"mainEntityOfPage\" itemtype=\"https:\/\/schema.org\/mainEntityOfPage\" ><span itemprop='name'>L.E.V. Matadero Festival announces VORTEX, its riskiest bet in the context of contemporary audiovisual creation<\/span><\/span><\/span><\/article><article class='slide-entry flex_column  post-entry post-entry-25747 slide-entry-overview slide-loop-5 slide-parity-even  av_one_third  real-thumbnail post-format-standard'  itemscope=\"itemscope\" itemtype=\"https:\/\/schema.org\/CreativeWork\" ><a href='https:\/\/levfestival.com\/19\/2019\/09\/23\/el-festival-l-e-v-matadero-anuncia-vortex-su-apuesta-mas-arriesgada-en-el-ambito-de-la-creacion-audiovisual-contemporanea\/' data-rel='slide-1' class='slide-image' title='El Festival L.E.V. Matadero anuncia VORTEX, su apuesta m\u00e1s arriesgada en el \u00e1mbito de la creaci\u00f3n audiovisual contempor\u00e1nea'><img decoding=\"async\" width=\"495\" height=\"317\" src=\"https:\/\/levfestival.com\/19\/wp-content\/uploads\/sites\/14\/2019\/09\/Noticia_3b.jpg\" class=\"wp-image-25888 avia-img-lazy-loading-not-25888 attachment-portfolio size-portfolio wp-post-image\" alt=\"\" srcset=\"https:\/\/levfestival.com\/19\/wp-content\/uploads\/sites\/14\/2019\/09\/Noticia_3b.jpg 495w, https:\/\/levfestival.com\/19\/wp-content\/uploads\/sites\/14\/2019\/09\/Noticia_3b-300x192.jpg 300w\" sizes=\"(max-width: 495px) 100vw, 495px\" \/><\/a><div class=\"slide-content\"><header class=\"entry-content-header\"><h3 class='slide-entry-title entry-title '  itemprop=\"headline\" ><a href='https:\/\/levfestival.com\/19\/2019\/09\/23\/el-festival-l-e-v-matadero-anuncia-vortex-su-apuesta-mas-arriesgada-en-el-ambito-de-la-creacion-audiovisual-contemporanea\/' title='El Festival L.E.V. Matadero anuncia VORTEX, su apuesta m\u00e1s arriesgada en el \u00e1mbito de la creaci\u00f3n audiovisual contempor\u00e1nea'>El Festival L.E.V. Matadero anuncia VORTEX, su apuesta m\u00e1s arriesgada en el \u00e1mbito de la creaci\u00f3n audiovisual contempor\u00e1nea<\/a><\/h3><span class=\"av-vertical-delimiter\"><\/span><\/header><div class=\"slide-meta\"><time class='slide-meta-time updated'  itemprop=\"datePublished\" datetime=\"2019-09-23T18:57:40+00:00\" >23 de septiembre de 2019<\/time><\/div><div class='slide-entry-excerpt entry-content'  itemprop=\"text\" >24.09.2019<\/div><\/div><footer class=\"entry-footer\"><\/footer><span class='hidden'>\n\t\t\t\t<span class='av-structured-data'  itemprop=\"image\" itemscope=\"itemscope\" itemtype=\"https:\/\/schema.org\/ImageObject\" >\n\t\t\t\t\t\t<span itemprop='url'>https:\/\/levfestival.com\/19\/wp-content\/uploads\/sites\/14\/2019\/09\/Noticia_3b.jpg<\/span>\n\t\t\t\t\t\t<span itemprop='height'>317<\/span>\n\t\t\t\t\t\t<span itemprop='width'>495<\/span>\n\t\t\t\t<\/span>\n\t\t\t\t<span class='av-structured-data'  itemprop=\"publisher\" itemtype=\"https:\/\/schema.org\/Organization\" itemscope=\"itemscope\" >\n\t\t\t\t\t\t<span itemprop='name'>Humme<\/span>\n\t\t\t\t\t\t<span itemprop='logo' itemscope itemtype='https:\/\/schema.org\/ImageObject'>\n\t\t\t\t\t\t\t<span itemprop='url'>https:\/\/levfestival.com\/19\/wp-content\/uploads\/sites\/14\/2023\/10\/logo_lev_300px.png<\/span>\n\t\t\t\t\t\t<\/span>\n\t\t\t\t<\/span><span class='av-structured-data'  itemprop=\"author\" itemscope=\"itemscope\" itemtype=\"https:\/\/schema.org\/Person\" ><span itemprop='name'>Humme<\/span><\/span><span class='av-structured-data'  itemprop=\"datePublished\" datetime=\"2013-04-07T21:13:52+00:00\" >2019-09-23 18:57:40<\/span><span class='av-structured-data'  itemprop=\"dateModified\" itemtype=\"https:\/\/schema.org\/dateModified\" >2019-09-23 18:57:40<\/span><span class='av-structured-data'  itemprop=\"mainEntityOfPage\" itemtype=\"https:\/\/schema.org\/mainEntityOfPage\" ><span itemprop='name'>El Festival L.E.V. Matadero anuncia VORTEX, su apuesta m\u00e1s arriesgada en el \u00e1mbito de la creaci\u00f3n audiovisual contempor\u00e1nea<\/span><\/span><\/span><\/article><article class='slide-entry flex_column  post-entry post-entry-24744 slide-entry-overview slide-loop-6 slide-parity-odd  av_one_third  real-thumbnail post-format-standard'  itemscope=\"itemscope\" itemtype=\"https:\/\/schema.org\/CreativeWork\" ><a href='https:\/\/levfestival.com\/19\/2019\/09\/04\/l-e-v-festival-matadero-announces-new-confirmations\/' data-rel='slide-1' class='slide-image' title='L.E.V. Festival Matadero announces new confirmations'><img decoding=\"async\" width=\"495\" height=\"317\" src=\"https:\/\/levfestival.com\/19\/wp-content\/uploads\/sites\/14\/2019\/09\/Noticia_2-495x317.jpg\" class=\"wp-image-24801 avia-img-lazy-loading-not-24801 attachment-portfolio size-portfolio wp-post-image\" alt=\"\" \/><\/a><div class=\"slide-content\"><header class=\"entry-content-header\"><h3 class='slide-entry-title entry-title '  itemprop=\"headline\" ><a href='https:\/\/levfestival.com\/19\/2019\/09\/04\/l-e-v-festival-matadero-announces-new-confirmations\/' title='L.E.V. Festival Matadero announces new confirmations'>L.E.V. Festival Matadero announces new confirmations<\/a><\/h3><span class=\"av-vertical-delimiter\"><\/span><\/header><div class=\"slide-meta\"><time class='slide-meta-time updated'  itemprop=\"datePublished\" datetime=\"2019-09-04T00:20:12+00:00\" >4 de septiembre de 2019<\/time><\/div><div class='slide-entry-excerpt entry-content'  itemprop=\"text\" >4.09.2019<\/div><\/div><footer class=\"entry-footer\"><\/footer><span class='hidden'>\n\t\t\t\t<span class='av-structured-data'  itemprop=\"image\" itemscope=\"itemscope\" itemtype=\"https:\/\/schema.org\/ImageObject\" >\n\t\t\t\t\t\t<span itemprop='url'>https:\/\/levfestival.com\/19\/wp-content\/uploads\/sites\/14\/2019\/09\/Noticia_2.jpg<\/span>\n\t\t\t\t\t\t<span itemprop='height'>317<\/span>\n\t\t\t\t\t\t<span itemprop='width'>833<\/span>\n\t\t\t\t<\/span>\n\t\t\t\t<span class='av-structured-data'  itemprop=\"publisher\" itemtype=\"https:\/\/schema.org\/Organization\" itemscope=\"itemscope\" >\n\t\t\t\t\t\t<span itemprop='name'>Humme<\/span>\n\t\t\t\t\t\t<span itemprop='logo' itemscope itemtype='https:\/\/schema.org\/ImageObject'>\n\t\t\t\t\t\t\t<span itemprop='url'>https:\/\/levfestival.com\/19\/wp-content\/uploads\/sites\/14\/2023\/10\/logo_lev_300px.png<\/span>\n\t\t\t\t\t\t<\/span>\n\t\t\t\t<\/span><span class='av-structured-data'  itemprop=\"author\" itemscope=\"itemscope\" itemtype=\"https:\/\/schema.org\/Person\" ><span itemprop='name'>Humme<\/span><\/span><span class='av-structured-data'  itemprop=\"datePublished\" datetime=\"2013-04-07T21:13:52+00:00\" >2019-09-04 00:20:12<\/span><span class='av-structured-data'  itemprop=\"dateModified\" itemtype=\"https:\/\/schema.org\/dateModified\" >2019-09-04 00:20:12<\/span><span class='av-structured-data'  itemprop=\"mainEntityOfPage\" itemtype=\"https:\/\/schema.org\/mainEntityOfPage\" ><span itemprop='name'>L.E.V. Festival Matadero announces new confirmations<\/span><\/span><\/span><\/article><\/div><div class=\"slide-entry-wrap\"><article class='slide-entry flex_column  post-entry post-entry-24743 slide-entry-overview slide-loop-7 slide-parity-odd  av_one_third first real-thumbnail post-format-standard'  itemscope=\"itemscope\" itemtype=\"https:\/\/schema.org\/CreativeWork\" ><a href='https:\/\/levfestival.com\/19\/2019\/09\/03\/el-festival-l-e-v-matadero-anuncia-nuevas-confirmaciones\/' data-rel='slide-1' class='slide-image' title='El Festival L.E.V. Matadero anuncia nuevas confirmaciones'><img decoding=\"async\" width=\"495\" height=\"317\" src=\"https:\/\/levfestival.com\/19\/wp-content\/uploads\/sites\/14\/2019\/09\/Noticia_2-495x317.jpg\" class=\"wp-image-24801 avia-img-lazy-loading-not-24801 attachment-portfolio size-portfolio wp-post-image\" alt=\"\" \/><\/a><div class=\"slide-content\"><header class=\"entry-content-header\"><h3 class='slide-entry-title entry-title '  itemprop=\"headline\" ><a href='https:\/\/levfestival.com\/19\/2019\/09\/03\/el-festival-l-e-v-matadero-anuncia-nuevas-confirmaciones\/' title='El Festival L.E.V. Matadero anuncia nuevas confirmaciones'>El Festival L.E.V. Matadero anuncia nuevas confirmaciones<\/a><\/h3><span class=\"av-vertical-delimiter\"><\/span><\/header><div class=\"slide-meta\"><time class='slide-meta-time updated'  itemprop=\"datePublished\" datetime=\"2019-09-03T22:46:22+00:00\" >3 de septiembre de 2019<\/time><\/div><div class='slide-entry-excerpt entry-content'  itemprop=\"text\" >5.09.2019<\/div><\/div><footer class=\"entry-footer\"><\/footer><span class='hidden'>\n\t\t\t\t<span class='av-structured-data'  itemprop=\"image\" itemscope=\"itemscope\" itemtype=\"https:\/\/schema.org\/ImageObject\" >\n\t\t\t\t\t\t<span itemprop='url'>https:\/\/levfestival.com\/19\/wp-content\/uploads\/sites\/14\/2019\/09\/Noticia_2.jpg<\/span>\n\t\t\t\t\t\t<span itemprop='height'>317<\/span>\n\t\t\t\t\t\t<span itemprop='width'>833<\/span>\n\t\t\t\t<\/span>\n\t\t\t\t<span class='av-structured-data'  itemprop=\"publisher\" itemtype=\"https:\/\/schema.org\/Organization\" itemscope=\"itemscope\" >\n\t\t\t\t\t\t<span itemprop='name'>Humme<\/span>\n\t\t\t\t\t\t<span itemprop='logo' itemscope itemtype='https:\/\/schema.org\/ImageObject'>\n\t\t\t\t\t\t\t<span itemprop='url'>https:\/\/levfestival.com\/19\/wp-content\/uploads\/sites\/14\/2023\/10\/logo_lev_300px.png<\/span>\n\t\t\t\t\t\t<\/span>\n\t\t\t\t<\/span><span class='av-structured-data'  itemprop=\"author\" itemscope=\"itemscope\" itemtype=\"https:\/\/schema.org\/Person\" ><span itemprop='name'>Humme<\/span><\/span><span class='av-structured-data'  itemprop=\"datePublished\" datetime=\"2013-04-07T21:13:52+00:00\" >2019-09-03 22:46:22<\/span><span class='av-structured-data'  itemprop=\"dateModified\" itemtype=\"https:\/\/schema.org\/dateModified\" >2019-09-03 22:46:22<\/span><span class='av-structured-data'  itemprop=\"mainEntityOfPage\" itemtype=\"https:\/\/schema.org\/mainEntityOfPage\" ><span itemprop='name'>El Festival L.E.V. Matadero anuncia nuevas confirmaciones<\/span><\/span><\/span><\/article><article class='slide-entry flex_column  post-entry post-entry-23294 slide-entry-overview slide-loop-8 slide-parity-even  av_one_third  fake-thumbnail post-format-standard'  itemscope=\"itemscope\" itemtype=\"https:\/\/schema.org\/CreativeWork\" ><a href='https:\/\/levfestival.com\/19\/2019\/05\/07\/more-dates-of-refik-anadols-melting-memories\/' data-rel='slide-1' class='slide-image' title='L.E.V. FESTIVAL ADDS MORE DATES OF REFIK ANADOL\u2019S MELTING MEMORIES AT ESPACIO FUNDACI\u00d3N EDP \u2013 IGLESIA DE LA LABORAL'><span class='fallback-post-type-icon' aria-hidden='true' data-av_icon='\ue836' data-av_iconfont='entypo-fontello'><\/span><span class='slider-fallback-image'><img decoding=\"async\" width=\"495\" height=\"317\" src=\"https:\/\/levfestival.com\/19\/wp-content\/uploads\/sites\/14\/2019\/09\/Noticia_2-495x317.jpg\" class=\"wp-image-24801 avia-img-lazy-loading-not-24801 attachment-portfolio size-portfolio wp-post-image\" alt=\"\" \/><\/span><\/a><div class=\"slide-content\"><header class=\"entry-content-header\"><h3 class='slide-entry-title entry-title '  itemprop=\"headline\" ><a href='https:\/\/levfestival.com\/19\/2019\/05\/07\/more-dates-of-refik-anadols-melting-memories\/' title='L.E.V. FESTIVAL ADDS MORE DATES OF REFIK ANADOL\u2019S MELTING MEMORIES AT ESPACIO FUNDACI\u00d3N EDP \u2013 IGLESIA DE LA LABORAL'>L.E.V. FESTIVAL ADDS MORE DATES OF REFIK ANADOL\u2019S MELTING MEMORIES AT ESPACIO FUNDACI\u00d3N EDP \u2013 IGLESIA DE LA LABORAL<\/a><\/h3><span class=\"av-vertical-delimiter\"><\/span><\/header><div class=\"slide-meta\"><time class='slide-meta-time updated'  itemprop=\"datePublished\" datetime=\"2019-05-07T19:05:26+00:00\" >7 de mayo de 2019<\/time><\/div><div class='slide-entry-excerpt entry-content'  itemprop=\"text\" >7.05.2019<\/div><\/div><footer class=\"entry-footer\"><\/footer><span class='hidden'>\n\t\t\t\t<span class='av-structured-data'  itemprop=\"image\" itemscope=\"itemscope\" itemtype=\"https:\/\/schema.org\/ImageObject\" >\n\t\t\t\t\t\t<span itemprop='url'><\/span>\n\t\t\t\t\t\t<span itemprop='height'>0<\/span>\n\t\t\t\t\t\t<span itemprop='width'>0<\/span>\n\t\t\t\t<\/span>\n\t\t\t\t<span class='av-structured-data'  itemprop=\"publisher\" itemtype=\"https:\/\/schema.org\/Organization\" itemscope=\"itemscope\" >\n\t\t\t\t\t\t<span itemprop='name'>Humme<\/span>\n\t\t\t\t\t\t<span itemprop='logo' itemscope itemtype='https:\/\/schema.org\/ImageObject'>\n\t\t\t\t\t\t\t<span itemprop='url'>https:\/\/levfestival.com\/19\/wp-content\/uploads\/sites\/14\/2023\/10\/logo_lev_300px.png<\/span>\n\t\t\t\t\t\t<\/span>\n\t\t\t\t<\/span><span class='av-structured-data'  itemprop=\"author\" itemscope=\"itemscope\" itemtype=\"https:\/\/schema.org\/Person\" ><span itemprop='name'>Humme<\/span><\/span><span class='av-structured-data'  itemprop=\"datePublished\" datetime=\"2013-04-07T21:13:52+00:00\" >2019-05-07 19:05:26<\/span><span class='av-structured-data'  itemprop=\"dateModified\" itemtype=\"https:\/\/schema.org\/dateModified\" >2019-05-07 19:05:26<\/span><span class='av-structured-data'  itemprop=\"mainEntityOfPage\" itemtype=\"https:\/\/schema.org\/mainEntityOfPage\" ><span itemprop='name'>L.E.V. FESTIVAL ADDS MORE DATES OF REFIK ANADOL\u2019S MELTING MEMORIES AT ESPACIO FUNDACI\u00d3N EDP \u2013 IGLESIA DE LA LABORAL<\/span><\/span><\/span><\/article><article class='slide-entry flex_column  post-entry post-entry-23293 slide-entry-overview slide-loop-9 slide-parity-odd  av_one_third  fake-thumbnail post-format-standard'  itemscope=\"itemscope\" itemtype=\"https:\/\/schema.org\/CreativeWork\" ><a href='https:\/\/levfestival.com\/19\/2019\/05\/07\/ampliacion-fechas-instalacion-melting-memories\/' data-rel='slide-1' class='slide-image' title='Ampliaci\u00f3n Fechas Instalaci\u00f3n Melting Memories'><span class='fallback-post-type-icon' aria-hidden='true' data-av_icon='\ue836' data-av_iconfont='entypo-fontello'><\/span><span class='slider-fallback-image'><img decoding=\"async\" width=\"495\" height=\"317\" src=\"https:\/\/levfestival.com\/19\/wp-content\/uploads\/sites\/14\/2019\/09\/Noticia_2-495x317.jpg\" class=\"wp-image-24801 avia-img-lazy-loading-not-24801 attachment-portfolio size-portfolio wp-post-image\" alt=\"\" \/><\/span><\/a><div class=\"slide-content\"><header class=\"entry-content-header\"><h3 class='slide-entry-title entry-title '  itemprop=\"headline\" ><a href='https:\/\/levfestival.com\/19\/2019\/05\/07\/ampliacion-fechas-instalacion-melting-memories\/' title='Ampliaci\u00f3n Fechas Instalaci\u00f3n Melting Memories'>Ampliaci\u00f3n Fechas Instalaci\u00f3n Melting Memories<\/a><\/h3><span class=\"av-vertical-delimiter\"><\/span><\/header><div class=\"slide-meta\"><time class='slide-meta-time updated'  itemprop=\"datePublished\" datetime=\"2019-05-07T13:49:41+00:00\" >7 de mayo de 2019<\/time><\/div><div class='slide-entry-excerpt entry-content'  itemprop=\"text\" >7.05.2019<\/div><\/div><footer class=\"entry-footer\"><\/footer><span class='hidden'>\n\t\t\t\t<span class='av-structured-data'  itemprop=\"image\" itemscope=\"itemscope\" itemtype=\"https:\/\/schema.org\/ImageObject\" >\n\t\t\t\t\t\t<span itemprop='url'><\/span>\n\t\t\t\t\t\t<span itemprop='height'>0<\/span>\n\t\t\t\t\t\t<span itemprop='width'>0<\/span>\n\t\t\t\t<\/span>\n\t\t\t\t<span class='av-structured-data'  itemprop=\"publisher\" itemtype=\"https:\/\/schema.org\/Organization\" itemscope=\"itemscope\" >\n\t\t\t\t\t\t<span itemprop='name'>Humme<\/span>\n\t\t\t\t\t\t<span itemprop='logo' itemscope itemtype='https:\/\/schema.org\/ImageObject'>\n\t\t\t\t\t\t\t<span itemprop='url'>https:\/\/levfestival.com\/19\/wp-content\/uploads\/sites\/14\/2023\/10\/logo_lev_300px.png<\/span>\n\t\t\t\t\t\t<\/span>\n\t\t\t\t<\/span><span class='av-structured-data'  itemprop=\"author\" itemscope=\"itemscope\" itemtype=\"https:\/\/schema.org\/Person\" ><span itemprop='name'>Humme<\/span><\/span><span class='av-structured-data'  itemprop=\"datePublished\" datetime=\"2013-04-07T21:13:52+00:00\" >2019-05-07 13:49:41<\/span><span class='av-structured-data'  itemprop=\"dateModified\" itemtype=\"https:\/\/schema.org\/dateModified\" >2019-05-07 13:49:41<\/span><span class='av-structured-data'  itemprop=\"mainEntityOfPage\" itemtype=\"https:\/\/schema.org\/mainEntityOfPage\" ><span itemprop='name'>Ampliaci\u00f3n Fechas Instalaci\u00f3n Melting Memories<\/span><\/span><\/span><\/article><\/div><div class=\"slide-entry-wrap\"><article class='slide-entry flex_column  post-entry post-entry-23109 slide-entry-overview slide-loop-10 slide-parity-odd  av_one_third first fake-thumbnail post-format-standard'  itemscope=\"itemscope\" itemtype=\"https:\/\/schema.org\/CreativeWork\" ><a href='https:\/\/levfestival.com\/19\/2019\/04\/19\/europa-creativa-jornada-informativa-en-el-l-e-v\/' data-rel='slide-1' class='slide-image' title='Europa Creativa: Jornada Informativa en el L.E.V.'><span class='fallback-post-type-icon' aria-hidden='true' data-av_icon='\ue836' data-av_iconfont='entypo-fontello'><\/span><span class='slider-fallback-image'><img decoding=\"async\" width=\"495\" height=\"317\" src=\"https:\/\/levfestival.com\/19\/wp-content\/uploads\/sites\/14\/2019\/09\/Noticia_2-495x317.jpg\" class=\"wp-image-24801 avia-img-lazy-loading-not-24801 attachment-portfolio size-portfolio wp-post-image\" alt=\"\" \/><\/span><\/a><div class=\"slide-content\"><header class=\"entry-content-header\"><h3 class='slide-entry-title entry-title '  itemprop=\"headline\" ><a href='https:\/\/levfestival.com\/19\/2019\/04\/19\/europa-creativa-jornada-informativa-en-el-l-e-v\/' title='Europa Creativa: Jornada Informativa en el L.E.V.'>Europa Creativa: Jornada Informativa en el L.E.V.<\/a><\/h3><span class=\"av-vertical-delimiter\"><\/span><\/header><div class=\"slide-meta\"><time class='slide-meta-time updated'  itemprop=\"datePublished\" datetime=\"2019-04-19T18:55:40+00:00\" >19 de abril de 2019<\/time><\/div><div class='slide-entry-excerpt entry-content'  itemprop=\"text\" >19.04.2019<\/div><\/div><footer class=\"entry-footer\"><\/footer><span class='hidden'>\n\t\t\t\t<span class='av-structured-data'  itemprop=\"image\" itemscope=\"itemscope\" itemtype=\"https:\/\/schema.org\/ImageObject\" >\n\t\t\t\t\t\t<span itemprop='url'><\/span>\n\t\t\t\t\t\t<span itemprop='height'>0<\/span>\n\t\t\t\t\t\t<span itemprop='width'>0<\/span>\n\t\t\t\t<\/span>\n\t\t\t\t<span class='av-structured-data'  itemprop=\"publisher\" itemtype=\"https:\/\/schema.org\/Organization\" itemscope=\"itemscope\" >\n\t\t\t\t\t\t<span itemprop='name'>Humme<\/span>\n\t\t\t\t\t\t<span itemprop='logo' itemscope itemtype='https:\/\/schema.org\/ImageObject'>\n\t\t\t\t\t\t\t<span itemprop='url'>https:\/\/levfestival.com\/19\/wp-content\/uploads\/sites\/14\/2023\/10\/logo_lev_300px.png<\/span>\n\t\t\t\t\t\t<\/span>\n\t\t\t\t<\/span><span class='av-structured-data'  itemprop=\"author\" itemscope=\"itemscope\" itemtype=\"https:\/\/schema.org\/Person\" ><span itemprop='name'>Humme<\/span><\/span><span class='av-structured-data'  itemprop=\"datePublished\" datetime=\"2013-04-07T21:13:52+00:00\" >2019-04-19 18:55:40<\/span><span class='av-structured-data'  itemprop=\"dateModified\" itemtype=\"https:\/\/schema.org\/dateModified\" >2019-04-19 18:55:40<\/span><span class='av-structured-data'  itemprop=\"mainEntityOfPage\" itemtype=\"https:\/\/schema.org\/mainEntityOfPage\" ><span itemprop='name'>Europa Creativa: Jornada Informativa en el L.E.V.<\/span><\/span><\/span><\/article><article class='slide-entry flex_column  post-entry post-entry-13172 slide-entry-overview slide-loop-11 slide-parity-even  av_one_third  fake-thumbnail post-format-standard'  itemscope=\"itemscope\" itemtype=\"https:\/\/schema.org\/CreativeWork\" ><a href='https:\/\/levfestival.com\/19\/2019\/01\/16\/tickets-on-sale-from-january-17th\/' data-rel='slide-1' class='slide-image' title='Tickets on sale from January 17th'><span class='fallback-post-type-icon' aria-hidden='true' data-av_icon='\ue836' data-av_iconfont='entypo-fontello'><\/span><span class='slider-fallback-image'><img decoding=\"async\" width=\"495\" height=\"317\" src=\"https:\/\/levfestival.com\/19\/wp-content\/uploads\/sites\/14\/2019\/09\/Noticia_2-495x317.jpg\" class=\"wp-image-24801 avia-img-lazy-loading-not-24801 attachment-portfolio size-portfolio wp-post-image\" alt=\"\" \/><\/span><\/a><div class=\"slide-content\"><header class=\"entry-content-header\"><h3 class='slide-entry-title entry-title '  itemprop=\"headline\" ><a href='https:\/\/levfestival.com\/19\/2019\/01\/16\/tickets-on-sale-from-january-17th\/' title='Tickets on sale from January 17th'>Tickets on sale from January 17th<\/a><\/h3><span class=\"av-vertical-delimiter\"><\/span><\/header><div class=\"slide-meta\"><time class='slide-meta-time updated'  itemprop=\"datePublished\" datetime=\"2019-01-16T22:25:54+00:00\" >16 de enero de 2019<\/time><\/div><div class='slide-entry-excerpt entry-content'  itemprop=\"text\" >17.01.2019<\/div><\/div><footer class=\"entry-footer\"><\/footer><span class='hidden'>\n\t\t\t\t<span class='av-structured-data'  itemprop=\"image\" itemscope=\"itemscope\" itemtype=\"https:\/\/schema.org\/ImageObject\" >\n\t\t\t\t\t\t<span itemprop='url'><\/span>\n\t\t\t\t\t\t<span itemprop='height'>0<\/span>\n\t\t\t\t\t\t<span itemprop='width'>0<\/span>\n\t\t\t\t<\/span>\n\t\t\t\t<span class='av-structured-data'  itemprop=\"publisher\" itemtype=\"https:\/\/schema.org\/Organization\" itemscope=\"itemscope\" >\n\t\t\t\t\t\t<span itemprop='name'>Humme<\/span>\n\t\t\t\t\t\t<span itemprop='logo' itemscope itemtype='https:\/\/schema.org\/ImageObject'>\n\t\t\t\t\t\t\t<span itemprop='url'>https:\/\/levfestival.com\/19\/wp-content\/uploads\/sites\/14\/2023\/10\/logo_lev_300px.png<\/span>\n\t\t\t\t\t\t<\/span>\n\t\t\t\t<\/span><span class='av-structured-data'  itemprop=\"author\" itemscope=\"itemscope\" itemtype=\"https:\/\/schema.org\/Person\" ><span itemprop='name'>Humme<\/span><\/span><span class='av-structured-data'  itemprop=\"datePublished\" datetime=\"2013-04-07T21:13:52+00:00\" >2019-01-16 22:25:54<\/span><span class='av-structured-data'  itemprop=\"dateModified\" itemtype=\"https:\/\/schema.org\/dateModified\" >2019-01-16 22:25:54<\/span><span class='av-structured-data'  itemprop=\"mainEntityOfPage\" itemtype=\"https:\/\/schema.org\/mainEntityOfPage\" ><span itemprop='name'>Tickets on sale from January 17th<\/span><\/span><\/span><\/article><article class='slide-entry flex_column  post-entry post-entry-13171 slide-entry-overview slide-loop-12 slide-parity-odd  post-entry-last  av_one_third  fake-thumbnail post-format-standard'  itemscope=\"itemscope\" itemtype=\"https:\/\/schema.org\/CreativeWork\" ><a href='https:\/\/levfestival.com\/19\/2019\/01\/14\/tickets-a-la-venta-2\/' data-rel='slide-1' class='slide-image' title='Tickets a la venta a partir del 17 de enero'><span class='fallback-post-type-icon' aria-hidden='true' data-av_icon='\ue836' data-av_iconfont='entypo-fontello'><\/span><span class='slider-fallback-image'><img decoding=\"async\" width=\"495\" height=\"317\" src=\"https:\/\/levfestival.com\/19\/wp-content\/uploads\/sites\/14\/2019\/09\/Noticia_2-495x317.jpg\" class=\"wp-image-24801 avia-img-lazy-loading-not-24801 attachment-portfolio size-portfolio wp-post-image\" alt=\"\" \/><\/span><\/a><div class=\"slide-content\"><header class=\"entry-content-header\"><h3 class='slide-entry-title entry-title '  itemprop=\"headline\" ><a href='https:\/\/levfestival.com\/19\/2019\/01\/14\/tickets-a-la-venta-2\/' title='Tickets a la venta a partir del 17 de enero'>Tickets a la venta a partir del 17 de enero<\/a><\/h3><span class=\"av-vertical-delimiter\"><\/span><\/header><div class=\"slide-meta\"><time class='slide-meta-time updated'  itemprop=\"datePublished\" datetime=\"2019-01-14T21:11:14+00:00\" >14 de enero de 2019<\/time><\/div><div class='slide-entry-excerpt entry-content'  itemprop=\"text\" >17.01.2019<\/div><\/div><footer class=\"entry-footer\"><\/footer><span class='hidden'>\n\t\t\t\t<span class='av-structured-data'  itemprop=\"image\" itemscope=\"itemscope\" itemtype=\"https:\/\/schema.org\/ImageObject\" >\n\t\t\t\t\t\t<span itemprop='url'><\/span>\n\t\t\t\t\t\t<span itemprop='height'>0<\/span>\n\t\t\t\t\t\t<span itemprop='width'>0<\/span>\n\t\t\t\t<\/span>\n\t\t\t\t<span class='av-structured-data'  itemprop=\"publisher\" itemtype=\"https:\/\/schema.org\/Organization\" itemscope=\"itemscope\" >\n\t\t\t\t\t\t<span itemprop='name'>Humme<\/span>\n\t\t\t\t\t\t<span itemprop='logo' itemscope itemtype='https:\/\/schema.org\/ImageObject'>\n\t\t\t\t\t\t\t<span itemprop='url'>https:\/\/levfestival.com\/19\/wp-content\/uploads\/sites\/14\/2023\/10\/logo_lev_300px.png<\/span>\n\t\t\t\t\t\t<\/span>\n\t\t\t\t<\/span><span class='av-structured-data'  itemprop=\"author\" itemscope=\"itemscope\" itemtype=\"https:\/\/schema.org\/Person\" ><span itemprop='name'>Humme<\/span><\/span><span class='av-structured-data'  itemprop=\"datePublished\" datetime=\"2013-04-07T21:13:52+00:00\" >2019-01-14 21:11:14<\/span><span class='av-structured-data'  itemprop=\"dateModified\" itemtype=\"https:\/\/schema.org\/dateModified\" >2019-01-14 21:11:14<\/span><span class='av-structured-data'  itemprop=\"mainEntityOfPage\" itemtype=\"https:\/\/schema.org\/mainEntityOfPage\" ><span itemprop='name'>Tickets a la venta a partir del 17 de enero<\/span><\/span><\/span><\/article><\/div><\/div><\/div><\/div>\n","protected":false},"excerpt":{"rendered":"","protected":false},"author":1,"featured_media":0,"parent":0,"menu_order":0,"comment_status":"open","ping_status":"open","template":"","meta":{"footnotes":""},"class_list":["post-1336","page","type-page","status-publish","hentry"],"yoast_head":"<!-- This site is optimized with the Yoast SEO plugin v20.7 - https:\/\/yoast.com\/wordpress\/plugins\/seo\/ -->\n<title>Noticias - LEV Festival 2019<\/title>\n<meta name=\"robots\" content=\"index, follow, max-snippet:-1, max-image-preview:large, max-video-preview:-1\" \/>\n<link rel=\"canonical\" href=\"https:\/\/levfestival.com\/19\/noticias\/\" \/>\n<meta property=\"og:locale\" content=\"es_ES\" \/>\n<meta property=\"og:type\" content=\"article\" \/>\n<meta property=\"og:title\" content=\"LEV Festival 2017_Noticias\" \/>\n<meta property=\"og:description\" content=\"Entradas ya a la venta\" \/>\n<meta property=\"og:url\" content=\"https:\/\/levfestival.com\/19\/noticias\/\" \/>\n<meta property=\"og:site_name\" content=\"LEV Festival 2019\" \/>\n<meta name=\"twitter:card\" content=\"summary_large_image\" \/>\n<meta name=\"twitter:label1\" content=\"Tiempo de lectura\" \/>\n\t<meta name=\"twitter:data1\" content=\"2 minutos\" \/>\n<script type=\"application\/ld+json\" class=\"yoast-schema-graph\">{\"@context\":\"https:\/\/schema.org\",\"@graph\":[{\"@type\":\"WebPage\",\"@id\":\"https:\/\/levfestival.com\/19\/noticias\/\",\"url\":\"https:\/\/levfestival.com\/19\/noticias\/\",\"name\":\"Noticias - LEV Festival 2019\",\"isPartOf\":{\"@id\":\"https:\/\/levfestival.com\/19\/#website\"},\"datePublished\":\"2013-04-07T21:13:52+00:00\",\"dateModified\":\"2013-04-07T21:13:52+00:00\",\"breadcrumb\":{\"@id\":\"https:\/\/levfestival.com\/19\/noticias\/#breadcrumb\"},\"inLanguage\":\"es\",\"potentialAction\":[{\"@type\":\"ReadAction\",\"target\":[\"https:\/\/levfestival.com\/19\/noticias\/\"]}]},{\"@type\":\"BreadcrumbList\",\"@id\":\"https:\/\/levfestival.com\/19\/noticias\/#breadcrumb\",\"itemListElement\":[{\"@type\":\"ListItem\",\"position\":1,\"name\":\"Portada\",\"item\":\"https:\/\/levfestival.com\/19\/home-lev-matadero\/\"},{\"@type\":\"ListItem\",\"position\":2,\"name\":\"Noticias\"}]},{\"@type\":\"WebSite\",\"@id\":\"https:\/\/levfestival.com\/19\/#website\",\"url\":\"https:\/\/levfestival.com\/19\/\",\"name\":\"LEV Festival 2019\",\"description\":\"\",\"potentialAction\":[{\"@type\":\"SearchAction\",\"target\":{\"@type\":\"EntryPoint\",\"urlTemplate\":\"https:\/\/levfestival.com\/19\/?s={search_term_string}\"},\"query-input\":\"required name=search_term_string\"}],\"inLanguage\":\"es\"}]}<\/script>\n<!-- \/ Yoast SEO plugin. -->","yoast_head_json":{"title":"Noticias - LEV Festival 2019","robots":{"index":"index","follow":"follow","max-snippet":"max-snippet:-1","max-image-preview":"max-image-preview:large","max-video-preview":"max-video-preview:-1"},"canonical":"https:\/\/levfestival.com\/19\/noticias\/","og_locale":"es_ES","og_type":"article","og_title":"LEV Festival 2017_Noticias","og_description":"Entradas ya a la venta","og_url":"https:\/\/levfestival.com\/19\/noticias\/","og_site_name":"LEV Festival 2019","twitter_card":"summary_large_image","twitter_misc":{"Tiempo de lectura":"2 minutos"},"schema":{"@context":"https:\/\/schema.org","@graph":[{"@type":"WebPage","@id":"https:\/\/levfestival.com\/19\/noticias\/","url":"https:\/\/levfestival.com\/19\/noticias\/","name":"Noticias - LEV Festival 2019","isPartOf":{"@id":"https:\/\/levfestival.com\/19\/#website"},"datePublished":"2013-04-07T21:13:52+00:00","dateModified":"2013-04-07T21:13:52+00:00","breadcrumb":{"@id":"https:\/\/levfestival.com\/19\/noticias\/#breadcrumb"},"inLanguage":"es","potentialAction":[{"@type":"ReadAction","target":["https:\/\/levfestival.com\/19\/noticias\/"]}]},{"@type":"BreadcrumbList","@id":"https:\/\/levfestival.com\/19\/noticias\/#breadcrumb","itemListElement":[{"@type":"ListItem","position":1,"name":"Portada","item":"https:\/\/levfestival.com\/19\/home-lev-matadero\/"},{"@type":"ListItem","position":2,"name":"Noticias"}]},{"@type":"WebSite","@id":"https:\/\/levfestival.com\/19\/#website","url":"https:\/\/levfestival.com\/19\/","name":"LEV Festival 2019","description":"","potentialAction":[{"@type":"SearchAction","target":{"@type":"EntryPoint","urlTemplate":"https:\/\/levfestival.com\/19\/?s={search_term_string}"},"query-input":"required name=search_term_string"}],"inLanguage":"es"}]}},"_links":{"self":[{"href":"https:\/\/levfestival.com\/19\/wp-json\/wp\/v2\/pages\/1336","targetHints":{"allow":["GET"]}}],"collection":[{"href":"https:\/\/levfestival.com\/19\/wp-json\/wp\/v2\/pages"}],"about":[{"href":"https:\/\/levfestival.com\/19\/wp-json\/wp\/v2\/types\/page"}],"author":[{"embeddable":true,"href":"https:\/\/levfestival.com\/19\/wp-json\/wp\/v2\/users\/1"}],"replies":[{"embeddable":true,"href":"https:\/\/levfestival.com\/19\/wp-json\/wp\/v2\/comments?post=1336"}],"version-history":[{"count":0,"href":"https:\/\/levfestival.com\/19\/wp-json\/wp\/v2\/pages\/1336\/revisions"}],"wp:attachment":[{"href":"https:\/\/levfestival.com\/19\/wp-json\/wp\/v2\/media?parent=1336"}],"curies":[{"name":"wp","href":"https:\/\/api.w.org\/{rel}","templated":true}]}}