{"id":3573,"date":"2016-12-08T12:04:41","date_gmt":"2016-12-08T12:04:41","guid":{"rendered":"https:\/\/www.levfestival.com\/17\/?page_id=3573"},"modified":"2023-11-03T09:23:18","modified_gmt":"2023-11-03T09:23:18","slug":"como-llegar-gijon","status":"publish","type":"page","link":"https:\/\/levfestival.com\/19\/como-llegar-gijon\/","title":{"rendered":"Como llegar Gij\u00f3n"},"content":{"rendered":"<div id='full_slider_1'  class='avia-fullwidth-slider main_color avia-shadow   avia-builder-el-0  el_before_av_section  avia-builder-el-first   container_wrap sidebar_right'  ><div  class='avia-slideshow av-jn1jqkpe-15955e09e9d0e7109f9efb3c784663a4 avia-slideshow-no scaling av_slideshow_full avia-slide-slider av-slideshow-ui av-control-default av-slideshow-manual av-loop-once av-loop-manual-endless av-default-height-applied   avia-slideshow-1' data-slideshow-options=\"{&quot;animation&quot;:&quot;slide&quot;,&quot;autoplay&quot;:false,&quot;loop_autoplay&quot;:&quot;once&quot;,&quot;interval&quot;:5,&quot;loop_manual&quot;:&quot;manual-endless&quot;,&quot;autoplay_stopper&quot;:false,&quot;noNavigation&quot;:false,&quot;bg_slider&quot;:false,&quot;keep_padding&quot;:false,&quot;hoverpause&quot;:false,&quot;show_slide_delay&quot;:0}\"  itemprop=\"image\" itemscope=\"itemscope\" itemtype=\"https:\/\/schema.org\/ImageObject\" ><ul class='avia-slideshow-inner ' style='padding-bottom: 20%;'><li  class='avia-slideshow-slide av-jn1jqkpe-15955e09e9d0e7109f9efb3c784663a4__0  av-single-slide slide-1 slide-odd'><div data-rel='slideshow-1' class='avia-slide-wrap '   ><img decoding=\"async\" class=\"wp-image-27569 avia-img-lazy-loading-not-27569\"  src=\"https:\/\/levfestival.com\/19\/wp-content\/uploads\/sites\/14\/2018\/10\/fondo_WEB-header-2.jpeg\" width=\"1500\" height=\"300\" title='fondo_WEB-header-2' alt=''  itemprop=\"thumbnailUrl\" srcset=\"https:\/\/levfestival.com\/19\/wp-content\/uploads\/sites\/14\/2018\/10\/fondo_WEB-header-2.jpeg 1500w, https:\/\/levfestival.com\/19\/wp-content\/uploads\/sites\/14\/2018\/10\/fondo_WEB-header-2-300x60.jpeg 300w, https:\/\/levfestival.com\/19\/wp-content\/uploads\/sites\/14\/2018\/10\/fondo_WEB-header-2-1030x206.jpeg 1030w, https:\/\/levfestival.com\/19\/wp-content\/uploads\/sites\/14\/2018\/10\/fondo_WEB-header-2-768x154.jpeg 768w, https:\/\/levfestival.com\/19\/wp-content\/uploads\/sites\/14\/2018\/10\/fondo_WEB-header-2-705x141.jpeg 705w\" sizes=\"(max-width: 1500px) 100vw, 1500px\" \/><div class='av-section-color-overlay' style='opacity: 0.7; background-color: #000000; '><\/div><\/div><\/li><\/ul><\/div><\/div>\n\n<style type=\"text\/css\" data-created_by=\"avia_inline_auto\" id=\"style-css-av-11loxi3-0197e5ea785e07593c9801eeb6f99718\">\n.avia-section.av-11loxi3-0197e5ea785e07593c9801eeb6f99718 .av-section-color-overlay{\nopacity:0.9;\nbackground-color:#000000;\n}\n<\/style>\n<div id='borde-gijon'  class='avia-section av-11loxi3-0197e5ea785e07593c9801eeb6f99718 main_color avia-section-no-padding avia-no-shadow  avia-builder-el-1  el_after_av_slideshow_full  el_before_av_google_map  avia-bg-style-parallax av-section-color-overlay-active av-minimum-height av-minimum-height-custom  container_wrap sidebar_right'   data-av_minimum_height_px='110'><div class=\"av-section-color-overlay-wrap\"><div class=\"av-section-color-overlay\"><\/div><div class='container av-section-cont-open' style='height:110px'><div class='template-page content  av-content-small alpha units'><div class='post-entry post-entry-type-page post-entry-3573'><div class='entry-content-wrapper clearfix'>\n\n<style type=\"text\/css\" data-created_by=\"avia_inline_auto\" id=\"style-css-av-zq65sb-082b365a3ce741d8022a6645feba6698\">\n#top .av_textblock_section.av-zq65sb-082b365a3ce741d8022a6645feba6698 .avia_textblock{\ncolor:#ffffff;\n}\n<\/style>\n<section  class='av_textblock_section av-zq65sb-082b365a3ce741d8022a6645feba6698'  itemscope=\"itemscope\" itemtype=\"https:\/\/schema.org\/CreativeWork\" ><div class='avia_textblock av_inherit_color'  itemprop=\"text\" ><h2 style=\"text-align: center;\">C\u00d3MO LLEGAR<\/h2>\n<\/div><\/section>\n\n<div  class='av_gmaps_sc_main_wrap av_gmaps_main_wrap '><div id='av_gmap_0' class='avia-google-map-container avia-google-map-sc av_gmaps_show_unconditionally av-no-fallback-img ' data-mapid='av_gmap_0'  style='height: 400px;'><a class=\"av_gmaps_browser_disabled av_text_confirm_link av_text_confirm_link_visible\" href=\"https:\/\/www.google.com\/maps\/search\/?api=1&#038;query=Calle%20de%20Luis%20Moya%20Blanco%20261%20%20Gijon%20%20Espa\u00f1a\" target=\"_blank\" rel=\"noopener\">Maps were disabled by the visitor on this site. Click to open the map in a new window.<\/a><\/div><\/div>\n\n<style type=\"text\/css\" data-created_by=\"avia_inline_auto\" id=\"style-css-av-jqs4huis-a48214942c0f974aefd1f32cb8a09ec7\">\n.flex_column.av-jqs4huis-a48214942c0f974aefd1f32cb8a09ec7{\n-webkit-border-radius:0px 0px 0px 0px;\n-moz-border-radius:0px 0px 0px 0px;\nborder-radius:0px 0px 0px 0px;\npadding:0px 10% 0px 10%;\n}\n<\/style>\n<div class='flex_column av-jqs4huis-a48214942c0f974aefd1f32cb8a09ec7 av_one_full  avia-builder-el-11  el_after_av_google_map  avia-builder-el-no-sibling  first flex_column_div '     ><style type=\"text\/css\" data-created_by=\"avia_inline_auto\" id=\"style-css-av-28c3et-79d09c3eaf8cb77c990bd3ff8f2bf695\">\n#top .av_textblock_section.av-28c3et-79d09c3eaf8cb77c990bd3ff8f2bf695 .avia_textblock{\ncolor:#222222;\n}\n<\/style>\n<section  class='av_textblock_section av-28c3et-79d09c3eaf8cb77c990bd3ff8f2bf695'  itemscope=\"itemscope\" itemtype=\"https:\/\/schema.org\/CreativeWork\" ><div class='avia_textblock av_inherit_color'  itemprop=\"text\" ><p><span style=\"color: #636363;\"><strong>L.E.V.\u00a0<\/strong>se celebra en la ciudad de <strong>Gij\u00f3n<\/strong>. Desde sus inicios el L.E.V. se ha desarrollado en un edificio hist\u00f3rico muy vinculado a la memoria de nuestro pa\u00eds como es la antigua <strong>Universidad Laboral<\/strong>, ahora transformado en\u00a0<strong>Laboral Ciudad de la Cultura.<\/strong><\/span><\/p>\n<p><span style=\"color: #636363;\">El Laboratorio de Electr\u00f3nica Visual reparte sus actividades en diferentes espacios de la Ciudad de la Cultura como son\u00a0el\u00a0<strong>Teatro de la Laboral,\u00a0LABoral Centro de Arte, La Sala de Pinturas o la Antigua Cocina<\/strong>, adem\u00e1s de en el\u00a0<strong>Jard\u00edn Bot\u00e1nico Atl\u00e1ntico<\/strong> y de espacios p\u00fablicos y culturales del centro urbano como el <strong>Centro de Cultura Antiguo Instituto o el\u00a0Mus\u00e9u del Pueblu d\u2019Asturies.<\/strong><\/span><\/p>\n<div class=\"page\" title=\"Page 3\"><\/div>\n<h2><span style=\"color: #636363;\">Accesos<\/span><\/h2>\n<p><span style=\"color: #0000fa;\"><strong>Servicios especiales de autob\u00fas\u00a0durante el festival,<\/strong>\u00a0horario al terminar el festival:<\/span><\/p>\n<p><span style=\"color: #0000fa;\">\u2013 Viernes 3 de Mayo: 5.30h<\/span><\/p>\n<p><span style=\"color: #0000fa;\">\u2013 S\u00e1bado 4 de Mayo: 6:05h<\/span><\/p>\n<p><span style=\"color: #0000fa;\">Precio del billete: 1,25\u20ac<\/span><\/p>\n<hr \/>\n<h4><\/h4>\n<h4><span style=\"color: #636363;\"><strong>AUTOB\u00daS<\/strong><\/span><\/h4>\n<p><span style=\"color: #636363;\">L\u00edneas\u00a0<strong><a style=\"color: #636363;\" href=\"https:\/\/levfestival.com\/18\/wp-content\/uploads\/2018\/04\/Linea-1.pdf\">L1<\/a>, <a style=\"color: #636363;\" href=\"https:\/\/levfestival.com\/18\/wp-content\/uploads\/2018\/04\/Linea-2.pdf\">L2<\/a>, <a style=\"color: #636363;\" href=\"https:\/\/levfestival.com\/18\/wp-content\/uploads\/2018\/04\/Linea-10.pdf\">L10<\/a> y <a style=\"color: #636363;\" href=\"https:\/\/levfestival.com\/18\/wp-content\/uploads\/2018\/04\/Linea-18.pdf\">L18<\/a><\/strong>.<\/span><\/p>\n<p><span style=\"color: #636363;\">Desc\u00e1rgate la<strong> APLICACI\u00d3N M\u00d3VIL<\/strong> oficial de EMTUSA <a style=\"color: #636363;\" href=\"https:\/\/bus.gijon.es\/page\/18440-consulta-de-tiempos-online\">AQU\u00cd\u00a0<\/a>para tus desplazamientos en autob\u00fas por la ciudad.<\/span><\/p>\n<h4><span style=\"color: #636363;\"><strong>EN COCHE DESDE LA AUTOPISTA Y AEROPUERTO<\/strong><\/span><\/h4>\n<p><span style=\"color: #636363;\">Tomar la autopista A8 en direcci\u00f3n a Gij\u00f3n.<\/span><\/p>\n<p><span style=\"color: #636363;\">Llegando a Gij\u00f3n tomar la Ronda.<\/span><\/p>\n<p><span style=\"color: #636363;\">Tomar la salida km.385 en direcci\u00f3n a Viesques.<\/span><\/p>\n<p><span style=\"color: #636363;\">Seguir indicaciones a Hospital Cabue\u00f1es.<\/span><\/p>\n<p><span style=\"color: #636363;\">En la tercera glorieta tomar la tercera salida.<\/span><\/p>\n<p><span style=\"color: #636363;\"><strong>Laboral Ciudad de la Cultura<\/strong> cuenta con un aparcamiento p\u00fablico.<\/span><\/p>\n<hr \/>\n<h2><span style=\"color: #636363;\">D\u00f3nde dormir<\/span><\/h2>\n<p><span style=\"color: #636363;\">El municipio de <strong>Gij\u00f3n<\/strong> dispone adem\u00e1s de un amplio n\u00famero de alojamientos, desde <a style=\"color: #636363;\" href=\"https:\/\/www.gijon.info\/page\/7118-hoteles\" target=\"_blank\" rel=\"noopener\">hoteles<\/a>\u00a0y\u00a0<a style=\"color: #636363;\" href=\"https:\/\/www.gijon.info\/page\/5091-pensiones\" target=\"_blank\" rel=\"noopener\">pensiones<\/a>\u00a0hasta\u00a0<a style=\"color: #636363;\" href=\"https:\/\/www.gijon.info\/page\/5093-camping\" target=\"_blank\" rel=\"noopener\">campings<\/a>, pasando por\u00a0<a style=\"color: #636363;\" href=\"https:\/\/www.gijon.info\/page\/5090-hostales\" target=\"_blank\" rel=\"noopener\">hostales<\/a>\u00a0y\u00a0<a style=\"color: #636363;\" href=\"https:\/\/www.gijon.info\/page\/5095-casas-de-aldea\" target=\"_blank\" rel=\"noopener\">casas de aldea<\/a>. Toda la informaci\u00f3n acerca de direcciones, tarifas, disponibilidad e instalaciones puede consultarse en:<\/span><\/p>\n<p><span style=\"color: #636363;\"><a style=\"color: #636363;\" href=\"http:\/\/www.gijon.info\" target=\"_blank\" rel=\"noopener\">www.gijon.info<\/a><\/span><\/p>\n<\/div><\/section><\/div>\n","protected":false},"excerpt":{"rendered":"","protected":false},"author":1,"featured_media":0,"parent":0,"menu_order":0,"comment_status":"closed","ping_status":"closed","template":"","meta":{"footnotes":""},"class_list":["post-3573","page","type-page","status-publish","hentry"],"yoast_head":"<!-- This site is optimized with the Yoast SEO plugin v20.7 - https:\/\/yoast.com\/wordpress\/plugins\/seo\/ -->\n<title>Como llegar Gij\u00f3n - LEV Festival 2019<\/title>\n<meta name=\"robots\" content=\"index, follow, max-snippet:-1, max-image-preview:large, max-video-preview:-1\" \/>\n<link rel=\"canonical\" href=\"https:\/\/levfestival.com\/19\/como-llegar-gijon\/\" \/>\n<meta property=\"og:locale\" content=\"es_ES\" \/>\n<meta property=\"og:type\" content=\"article\" \/>\n<meta property=\"og:title\" content=\"L.E.V. Festival 2018_C\u00f3mo llegar\" \/>\n<meta property=\"og:description\" content=\"L.E.V. (Laboratorio de Electr\u00f3nica Visual) es un festival centrado en la sinergia entre la imagen y el sonido mediante la creaci\u00f3n sonora electr\u00f3nica y las nuevas tendencias art\u00edsticas.\" \/>\n<meta property=\"og:url\" content=\"https:\/\/levfestival.com\/19\/como-llegar-gijon\/\" \/>\n<meta property=\"og:site_name\" content=\"LEV Festival 2019\" \/>\n<meta property=\"article:modified_time\" content=\"2023-11-03T09:23:18+00:00\" \/>\n<meta name=\"twitter:card\" content=\"summary_large_image\" \/>\n<meta name=\"twitter:title\" content=\"L.E.V. Festival 2018_C\u00f3mo llegar\" \/>\n<meta name=\"twitter:image\" content=\"https:\/\/levfestival.com\/18\/wp-content\/uploads\/2013\/04\/LaboralCiudaddelaCultura.jpg\" \/>\n<meta name=\"twitter:label1\" content=\"Tiempo de lectura\" \/>\n\t<meta name=\"twitter:data1\" content=\"4 minutos\" \/>\n<script type=\"application\/ld+json\" class=\"yoast-schema-graph\">{\"@context\":\"https:\/\/schema.org\",\"@graph\":[{\"@type\":\"WebPage\",\"@id\":\"https:\/\/levfestival.com\/19\/como-llegar-gijon\/\",\"url\":\"https:\/\/levfestival.com\/19\/como-llegar-gijon\/\",\"name\":\"Como llegar Gij\u00f3n - LEV Festival 2019\",\"isPartOf\":{\"@id\":\"https:\/\/levfestival.com\/19\/#website\"},\"datePublished\":\"2016-12-08T12:04:41+00:00\",\"dateModified\":\"2023-11-03T09:23:18+00:00\",\"breadcrumb\":{\"@id\":\"https:\/\/levfestival.com\/19\/como-llegar-gijon\/#breadcrumb\"},\"inLanguage\":\"es\",\"potentialAction\":[{\"@type\":\"ReadAction\",\"target\":[\"https:\/\/levfestival.com\/19\/como-llegar-gijon\/\"]}]},{\"@type\":\"BreadcrumbList\",\"@id\":\"https:\/\/levfestival.com\/19\/como-llegar-gijon\/#breadcrumb\",\"itemListElement\":[{\"@type\":\"ListItem\",\"position\":1,\"name\":\"Portada\",\"item\":\"https:\/\/levfestival.com\/19\/home-lev-matadero\/\"},{\"@type\":\"ListItem\",\"position\":2,\"name\":\"Como llegar Gij\u00f3n\"}]},{\"@type\":\"WebSite\",\"@id\":\"https:\/\/levfestival.com\/19\/#website\",\"url\":\"https:\/\/levfestival.com\/19\/\",\"name\":\"LEV Festival 2019\",\"description\":\"\",\"potentialAction\":[{\"@type\":\"SearchAction\",\"target\":{\"@type\":\"EntryPoint\",\"urlTemplate\":\"https:\/\/levfestival.com\/19\/?s={search_term_string}\"},\"query-input\":\"required name=search_term_string\"}],\"inLanguage\":\"es\"}]}<\/script>\n<!-- \/ Yoast SEO plugin. -->","yoast_head_json":{"title":"Como llegar Gij\u00f3n - LEV Festival 2019","robots":{"index":"index","follow":"follow","max-snippet":"max-snippet:-1","max-image-preview":"max-image-preview:large","max-video-preview":"max-video-preview:-1"},"canonical":"https:\/\/levfestival.com\/19\/como-llegar-gijon\/","og_locale":"es_ES","og_type":"article","og_title":"L.E.V. Festival 2018_C\u00f3mo llegar","og_description":"L.E.V. (Laboratorio de Electr\u00f3nica Visual) es un festival centrado en la sinergia entre la imagen y el sonido mediante la creaci\u00f3n sonora electr\u00f3nica y las nuevas tendencias art\u00edsticas.","og_url":"https:\/\/levfestival.com\/19\/como-llegar-gijon\/","og_site_name":"LEV Festival 2019","article_modified_time":"2023-11-03T09:23:18+00:00","twitter_card":"summary_large_image","twitter_title":"L.E.V. Festival 2018_C\u00f3mo llegar","twitter_image":"https:\/\/levfestival.com\/18\/wp-content\/uploads\/2013\/04\/LaboralCiudaddelaCultura.jpg","twitter_misc":{"Tiempo de lectura":"4 minutos"},"schema":{"@context":"https:\/\/schema.org","@graph":[{"@type":"WebPage","@id":"https:\/\/levfestival.com\/19\/como-llegar-gijon\/","url":"https:\/\/levfestival.com\/19\/como-llegar-gijon\/","name":"Como llegar Gij\u00f3n - LEV Festival 2019","isPartOf":{"@id":"https:\/\/levfestival.com\/19\/#website"},"datePublished":"2016-12-08T12:04:41+00:00","dateModified":"2023-11-03T09:23:18+00:00","breadcrumb":{"@id":"https:\/\/levfestival.com\/19\/como-llegar-gijon\/#breadcrumb"},"inLanguage":"es","potentialAction":[{"@type":"ReadAction","target":["https:\/\/levfestival.com\/19\/como-llegar-gijon\/"]}]},{"@type":"BreadcrumbList","@id":"https:\/\/levfestival.com\/19\/como-llegar-gijon\/#breadcrumb","itemListElement":[{"@type":"ListItem","position":1,"name":"Portada","item":"https:\/\/levfestival.com\/19\/home-lev-matadero\/"},{"@type":"ListItem","position":2,"name":"Como llegar Gij\u00f3n"}]},{"@type":"WebSite","@id":"https:\/\/levfestival.com\/19\/#website","url":"https:\/\/levfestival.com\/19\/","name":"LEV Festival 2019","description":"","potentialAction":[{"@type":"SearchAction","target":{"@type":"EntryPoint","urlTemplate":"https:\/\/levfestival.com\/19\/?s={search_term_string}"},"query-input":"required name=search_term_string"}],"inLanguage":"es"}]}},"_links":{"self":[{"href":"https:\/\/levfestival.com\/19\/wp-json\/wp\/v2\/pages\/3573","targetHints":{"allow":["GET"]}}],"collection":[{"href":"https:\/\/levfestival.com\/19\/wp-json\/wp\/v2\/pages"}],"about":[{"href":"https:\/\/levfestival.com\/19\/wp-json\/wp\/v2\/types\/page"}],"author":[{"embeddable":true,"href":"https:\/\/levfestival.com\/19\/wp-json\/wp\/v2\/users\/1"}],"replies":[{"embeddable":true,"href":"https:\/\/levfestival.com\/19\/wp-json\/wp\/v2\/comments?post=3573"}],"version-history":[{"count":2,"href":"https:\/\/levfestival.com\/19\/wp-json\/wp\/v2\/pages\/3573\/revisions"}],"predecessor-version":[{"id":27919,"href":"https:\/\/levfestival.com\/19\/wp-json\/wp\/v2\/pages\/3573\/revisions\/27919"}],"wp:attachment":[{"href":"https:\/\/levfestival.com\/19\/wp-json\/wp\/v2\/media?parent=3573"}],"curies":[{"name":"wp","href":"https:\/\/api.w.org\/{rel}","templated":true}]}}