{"id":12566,"date":"2019-01-14T11:49:15","date_gmt":"2019-01-14T11:49:15","guid":{"rendered":"https:\/\/levfestival.com\/19\/?page_id=12566"},"modified":"2019-01-14T11:49:15","modified_gmt":"2019-01-14T11:49:15","slug":"como-llegar-gijon-2","status":"publish","type":"page","link":"https:\/\/levfestival.com\/20\/en\/como-llegar-gijon-2\/","title":{"rendered":"How to get the venue"},"content":{"rendered":"\n<style type=\"text\/css\" data-created_by=\"avia_inline_auto\" id=\"style-css-av-k376mqq2-4893bb9c661e141e21e606dc17f1cc8c\">\n.avia-section.av-k376mqq2-4893bb9c661e141e21e606dc17f1cc8c{\nbackground-color:#000000;\nbackground-image:unset;\n}\n<\/style>\n<div id='av_section_1'  class='avia-section av-k376mqq2-4893bb9c661e141e21e606dc17f1cc8c main_color avia-section-default avia-no-border-styling  avia-builder-el-0  el_before_av_section  avia-builder-el-first  avia-bg-style-scroll av-minimum-height av-minimum-height-custom  container_wrap fullsize'   data-av_minimum_height_px='280'><div class='container av-section-cont-open' style='height:280px'><main  role=\"main\" itemprop=\"mainContentOfPage\"  class='template-page content  av-content-full alpha units'><div class='post-entry post-entry-type-page post-entry-12566'><div class='entry-content-wrapper clearfix'>\n\n<style type=\"text\/css\" data-created_by=\"avia_inline_auto\" id=\"style-css-av-5jrw7g6-6fe4f2d670c1f7d7bfa74b163390e4df\">\n#top .av_textblock_section.av-5jrw7g6-6fe4f2d670c1f7d7bfa74b163390e4df .avia_textblock{\ncolor:#ffffff;\n}\n<\/style>\n<section  class='av_textblock_section av-5jrw7g6-6fe4f2d670c1f7d7bfa74b163390e4df'  itemscope=\"itemscope\" itemtype=\"https:\/\/schema.org\/CreativeWork\" ><div class='avia_textblock av_inherit_color'  itemprop=\"text\" ><h2 style=\"text-align: center\"><span style=\"color: #ffffff\">HOW TO GET THE VENUE<\/span><\/h2>\n<\/div><\/section>\n\n<\/div><\/div><\/main><!-- close content main element --><\/div><\/div><div id='av_section_2'  class='avia-section av-k6jtupnr-7bde9ac2d05e4a62ca882fe4e334e050 main_color avia-section-default avia-no-border-styling  avia-builder-el-2  el_after_av_section  el_before_av_one_full  mapa-div avia-bg-style-scroll container_wrap fullsize'  ><div class='container av-section-cont-open' ><div class='template-page content  av-content-full alpha units'><div class='post-entry post-entry-type-page post-entry-12566'><div class='entry-content-wrapper clearfix'>\n\n<\/div><\/div><\/div><!-- close content main div --><\/div><\/div><div id='after_section_2'  class='main_color av_default_container_wrap container_wrap fullsize'  ><div class='container av-section-cont-open' ><div class='template-page content  av-content-full alpha units'><div class='post-entry post-entry-type-page post-entry-12566'><div class='entry-content-wrapper clearfix'>\n\n<style type=\"text\/css\" data-created_by=\"avia_inline_auto\" id=\"style-css-av-jqs4huis-fb80e84b549f25b6f922c2de7c64027a\">\n.flex_column.av-jqs4huis-fb80e84b549f25b6f922c2de7c64027a{\n-webkit-border-radius:0px 0px 0px 0px;\n-moz-border-radius:0px 0px 0px 0px;\nborder-radius:0px 0px 0px 0px;\npadding:0px 0px 0px 10%;\n}\n<\/style>\n<div class='flex_column av-jqs4huis-fb80e84b549f25b6f922c2de7c64027a av_one_full  avia-builder-el-4  el_after_av_section  avia-builder-el-no-sibling  first flex_column_div '     ><p>\n<style type=\"text\/css\" data-created_by=\"avia_inline_auto\" id=\"style-css-av-28c3et-d126a37515bb7c87fd10424575138188\">\n#top .av_textblock_section.av-28c3et-d126a37515bb7c87fd10424575138188 .avia_textblock{\ncolor:#222222;\n}\n<\/style>\n<section  class='av_textblock_section av-28c3et-d126a37515bb7c87fd10424575138188'  itemscope=\"itemscope\" itemtype=\"https:\/\/schema.org\/CreativeWork\" ><div class='avia_textblock av_inherit_color'  itemprop=\"text\" ><p><span style=\"color: #808080\"><strong>L.E.V.\u00a0<\/strong>takes place in the city of\u00a0<strong>Gij\u00f3n<\/strong>.\u00a0<\/span><\/p>\n<p class=\"p1\"><span class=\"s1\" style=\"color: #808080\">L.E.V. has highlighted from the outset by its intervention on a building closely linked to the historical memory of our country.<br \/>\nThe former University of Gijon, now Laboral City of Culture which houses Laboral Art and Industrial Creation Centre, has the <i>Laboratorio <\/i><\/span><span class=\"s1\" style=\"color: #808080\"><i>de Electr\u00f3nica Visual <\/i>as one of its most important assets when reinventing their use as public and cultural space. <\/span><\/p>\n<p class=\"p1\"><span class=\"s1\" style=\"color: #808080\">The venues around Laboral City\u00a0 of Culture such the theatre, the church, the Art Centre, and the Botanical Garden Jard\u00edn Bot\u00e1nico Atl\u00e1ntico, are complemented by other cultural spaces in the City centre, such as Mus\u00e9u del Pueblu d`Asturies\u00a0 and Cultural Centre Antiguo Insituto. <\/span><\/p>\n<div class=\"page\" title=\"Page 3\"><\/div>\n<\/div><\/section><br \/>\n\n<style type=\"text\/css\" data-created_by=\"avia_inline_auto\" id=\"style-css-av-k6kx3iib-57baf5f72217a7c5792fe07129c1a7be\">\n#top .hr.av-k6kx3iib-57baf5f72217a7c5792fe07129c1a7be{\nmargin-top:20px;\nmargin-bottom:20px;\n}\n.hr.av-k6kx3iib-57baf5f72217a7c5792fe07129c1a7be .hr-inner{\nwidth:100%;\nborder-color:#5fdd49;\n}\n<\/style>\n<div  class='hr av-k6kx3iib-57baf5f72217a7c5792fe07129c1a7be hr-custom  avia-builder-el-6  el_after_av_textblock  el_before_av_textblock  hr-center hr-icon-no'><span class='hr-inner inner-border-av-border-thin'><span class=\"hr-inner-style\"><\/span><\/span><\/div><br \/>\n\n<style type=\"text\/css\" data-created_by=\"avia_inline_auto\" id=\"style-css-av-28c3et-79d09c3eaf8cb77c990bd3ff8f2bf695\">\n#top .av_textblock_section.av-28c3et-79d09c3eaf8cb77c990bd3ff8f2bf695 .avia_textblock{\ncolor:#222222;\n}\n<\/style>\n<section  class='av_textblock_section av-28c3et-79d09c3eaf8cb77c990bd3ff8f2bf695'  itemscope=\"itemscope\" itemtype=\"https:\/\/schema.org\/CreativeWork\" ><div class='avia_textblock av_inherit_color'  itemprop=\"text\" ><h2><span style=\"color: #ffffff\">GETTING THERE<\/span><\/h2>\n<h4><span style=\"color: #808080\"><strong>BUS<\/strong><\/span><\/h4>\n<p><span style=\"color: #808080\">Lines\u00a0<strong><a style=\"color: #808080\" href=\"https:\/\/levfestival.com\/18\/wp-content\/uploads\/2018\/04\/Linea-1.pdf\">L1<\/a>, <a style=\"color: #808080\" href=\"https:\/\/levfestival.com\/18\/wp-content\/uploads\/2018\/04\/Linea-2.pdf\">L2<\/a>, <a style=\"color: #808080\" href=\"https:\/\/levfestival.com\/18\/wp-content\/uploads\/2018\/04\/Linea-10.pdf\">L10<\/a> and <a style=\"color: #808080\" href=\"https:\/\/levfestival.com\/18\/wp-content\/uploads\/2018\/04\/Linea-18.pdf\">L18<\/a><\/strong>.<\/span><\/p>\n<p><span style=\"color: #808080\">Download the official EMTUSA\u00a0<b>MOBILE APP<\/b><a href=\"http:\/\/en.bus.gijon.es\/multimedia_objects\/download?object_id=135435&amp;object_type=document\">\u00a0<u>HERE<\/u><\/a>\u00a0to travel around the city by bus.<\/span><\/p>\n<p><span style=\"color: #60dd49\"><strong>Special Bus Service during the Festival. Timetables (at the end of the festival) <\/strong><\/span><\/p>\n<p><span style=\"color: #60dd49\">\u2013 Friday 3 May: tbc<\/span><\/p>\n<p><span style=\"color: #60dd49\">\u2013 Saturday 4 may: tbc<\/span><\/p>\n<p><span style=\"color: #60dd49\">Ticket price: 1,25\u20ac<\/span><\/p>\n<p><span style=\"color: #808080\">&#8211;<\/span><\/p>\n<h4><span style=\"color: #808080\"><strong>BY CAR<\/strong><\/span><\/h4>\n<p><span style=\"color: #808080\"><strong>From the A-8 motorway:<\/strong><\/span><\/p>\n<p><span style=\"color: #808080\">Take Exit (salida) 385 for Gijon (Viesques).<\/span><\/p>\n<p><span style=\"color: #808080\">After leaving the motorway you will come to two roundabouts, take the road signposted N-632 Santander and Hospital de Cabue\u00f1es.<\/span><\/p>\n<p><span style=\"color: #808080\">When you arrive at the N-632, you will see Universidad Laboral.<\/span><\/p>\n<p><span style=\"color: #808080\"><strong>From Gij\u00f3n:<\/strong><\/span><\/p>\n<p><span style=\"color: #808080\">Take road signposted El Molin\u00f3n football stadium, or the N-632 road to Santander or Hospital de Cabue\u00f1es.<\/span><\/p>\n<p><span style=\"color: #808080\"><strong>From Airport:<\/strong><\/span><\/p>\n<p><span style=\"color: #808080\">Take the A-8 motorway to Gijon.<\/span><\/p>\n<p><span style=\"color: #808080\">Before entering Gijon, take the Ronda Sur road to Santander and then take Exit (salida) 385 for Gijon (Viesques).<\/span><\/p>\n<p><span style=\"color: #808080\">After leaving the motorway you will come to two roundabouts, take the road signposted N-632 Santander and Hospital de Cabue\u00f1es.<\/span><\/p>\n<p><span style=\"color: #808080\">When you arrive at the N-632, you will see Universidad Laboral.<\/span><\/p>\n<\/div><\/section><br \/>\n\n<style type=\"text\/css\" data-created_by=\"avia_inline_auto\" id=\"style-css-av-k6kx3iib-57baf5f72217a7c5792fe07129c1a7be\">\n#top .hr.av-k6kx3iib-57baf5f72217a7c5792fe07129c1a7be{\nmargin-top:20px;\nmargin-bottom:20px;\n}\n.hr.av-k6kx3iib-57baf5f72217a7c5792fe07129c1a7be .hr-inner{\nwidth:100%;\nborder-color:#5fdd49;\n}\n<\/style>\n<div  class='hr av-k6kx3iib-57baf5f72217a7c5792fe07129c1a7be hr-custom  avia-builder-el-8  el_after_av_textblock  el_before_av_textblock  hr-center hr-icon-no'><span class='hr-inner inner-border-av-border-thin'><span class=\"hr-inner-style\"><\/span><\/span><\/div><br \/>\n\n<style type=\"text\/css\" data-created_by=\"avia_inline_auto\" id=\"style-css-av-28c3et-d126a37515bb7c87fd10424575138188\">\n#top .av_textblock_section.av-28c3et-d126a37515bb7c87fd10424575138188 .avia_textblock{\ncolor:#222222;\n}\n<\/style>\n<section  class='av_textblock_section av-28c3et-d126a37515bb7c87fd10424575138188'  itemscope=\"itemscope\" itemtype=\"https:\/\/schema.org\/CreativeWork\" ><div class='avia_textblock av_inherit_color'  itemprop=\"text\" ><h2><span style=\"color: #ffffff\">HOTELS AND HOSTELS<\/span><\/h2>\n<p><span style=\"color: #636363\">The city of <strong>Gij\u00f3n<\/strong> offers a lot of <strong>hotels, campings, hostels and country Hotels<\/strong>. All the info about other city establishments could be sought at:<\/span><\/p>\n<p><span style=\"color: #636363\"><a style=\"color: #636363\" href=\"http:\/\/www.gijon.info\" target=\"_blank\" rel=\"noopener noreferrer\">www.gijon.info<\/a><\/span><\/p>\n<\/div><\/section><\/p><\/div>\n","protected":false},"excerpt":{"rendered":"","protected":false},"author":1,"featured_media":0,"parent":0,"menu_order":0,"comment_status":"closed","ping_status":"closed","template":"","meta":{"footnotes":""},"class_list":["post-12566","page","type-page","status-publish","hentry"],"yoast_head":"<!-- This site is optimized with the Yoast SEO plugin v20.7 - https:\/\/yoast.com\/wordpress\/plugins\/seo\/ -->\n<title>How to get the venue - LEV Festival 2020<\/title>\n<meta name=\"robots\" content=\"index, follow, max-snippet:-1, max-image-preview:large, max-video-preview:-1\" \/>\n<link rel=\"canonical\" href=\"https:\/\/levfestival.com\/20\/como-llegar-gijon-2\/\" \/>\n<meta property=\"og:locale\" content=\"en_US\" \/>\n<meta property=\"og:type\" content=\"article\" \/>\n<meta property=\"og:title\" content=\"LEV 2020\" \/>\n<meta property=\"og:description\" content=\"[Laboratorio de Electr\u00f3nica Visual]\" \/>\n<meta property=\"og:url\" content=\"https:\/\/levfestival.com\/20\/como-llegar-gijon-2\/\" \/>\n<meta property=\"og:site_name\" content=\"LEV Festival 2020\" \/>\n<meta property=\"og:image\" content=\"https:\/\/levfestival.com\/20\/wp-content\/uploads\/sites\/13\/2020\/05\/cabecera_1200x630-1.jpg\" \/>\n\t<meta property=\"og:image:width\" content=\"1200\" \/>\n\t<meta property=\"og:image:height\" content=\"630\" \/>\n\t<meta property=\"og:image:type\" content=\"image\/jpeg\" \/>\n<meta name=\"twitter:card\" content=\"summary_large_image\" \/>\n<meta name=\"twitter:title\" content=\"LEV 2020\" \/>\n<meta name=\"twitter:description\" content=\"[Laboratorio de Electr\u00f3nica Visual]\" \/>\n<meta name=\"twitter:image\" content=\"https:\/\/levfestival.com\/20\/wp-content\/uploads\/sites\/13\/2020\/05\/cabecera_1024x512-1.jpg\" \/>\n<meta name=\"twitter:label1\" content=\"Est. reading time\" \/>\n\t<meta name=\"twitter:data1\" content=\"5 minutes\" \/>\n<script type=\"application\/ld+json\" class=\"yoast-schema-graph\">{\"@context\":\"https:\/\/schema.org\",\"@graph\":[{\"@type\":\"WebPage\",\"@id\":\"https:\/\/levfestival.com\/20\/como-llegar-gijon-2\/\",\"url\":\"https:\/\/levfestival.com\/20\/como-llegar-gijon-2\/\",\"name\":\"How to get the venue - LEV Festival 2020\",\"isPartOf\":{\"@id\":\"https:\/\/levfestival.com\/20\/#website\"},\"datePublished\":\"2019-01-14T11:49:15+00:00\",\"dateModified\":\"2019-01-14T11:49:15+00:00\",\"breadcrumb\":{\"@id\":\"https:\/\/levfestival.com\/20\/como-llegar-gijon-2\/#breadcrumb\"},\"inLanguage\":\"en-US\",\"potentialAction\":[{\"@type\":\"ReadAction\",\"target\":[\"https:\/\/levfestival.com\/20\/como-llegar-gijon-2\/\"]}]},{\"@type\":\"BreadcrumbList\",\"@id\":\"https:\/\/levfestival.com\/20\/como-llegar-gijon-2\/#breadcrumb\",\"itemListElement\":[{\"@type\":\"ListItem\",\"position\":1,\"name\":\"Portada\",\"item\":\"https:\/\/levfestival.com\/20\/en\/lev-general\/\"},{\"@type\":\"ListItem\",\"position\":2,\"name\":\"How to get the venue\"}]},{\"@type\":\"WebSite\",\"@id\":\"https:\/\/levfestival.com\/20\/#website\",\"url\":\"https:\/\/levfestival.com\/20\/\",\"name\":\"LEV Festival 2020\",\"description\":\"\",\"potentialAction\":[{\"@type\":\"SearchAction\",\"target\":{\"@type\":\"EntryPoint\",\"urlTemplate\":\"https:\/\/levfestival.com\/20\/?s={search_term_string}\"},\"query-input\":\"required name=search_term_string\"}],\"inLanguage\":\"en-US\"}]}<\/script>\n<!-- \/ Yoast SEO plugin. -->","yoast_head_json":{"title":"How to get the venue - LEV Festival 2020","robots":{"index":"index","follow":"follow","max-snippet":"max-snippet:-1","max-image-preview":"max-image-preview:large","max-video-preview":"max-video-preview:-1"},"canonical":"https:\/\/levfestival.com\/20\/como-llegar-gijon-2\/","og_locale":"en_US","og_type":"article","og_title":"LEV 2020","og_description":"[Laboratorio de Electr\u00f3nica Visual]","og_url":"https:\/\/levfestival.com\/20\/como-llegar-gijon-2\/","og_site_name":"LEV Festival 2020","og_image":[{"width":1200,"height":630,"url":"https:\/\/levfestival.com\/20\/wp-content\/uploads\/sites\/13\/2020\/05\/cabecera_1200x630-1.jpg","type":"image\/jpeg"}],"twitter_card":"summary_large_image","twitter_title":"LEV 2020","twitter_description":"[Laboratorio de Electr\u00f3nica Visual]","twitter_image":"https:\/\/levfestival.com\/20\/wp-content\/uploads\/sites\/13\/2020\/05\/cabecera_1024x512-1.jpg","twitter_misc":{"Est. reading time":"5 minutes"},"schema":{"@context":"https:\/\/schema.org","@graph":[{"@type":"WebPage","@id":"https:\/\/levfestival.com\/20\/como-llegar-gijon-2\/","url":"https:\/\/levfestival.com\/20\/como-llegar-gijon-2\/","name":"How to get the venue - LEV Festival 2020","isPartOf":{"@id":"https:\/\/levfestival.com\/20\/#website"},"datePublished":"2019-01-14T11:49:15+00:00","dateModified":"2019-01-14T11:49:15+00:00","breadcrumb":{"@id":"https:\/\/levfestival.com\/20\/como-llegar-gijon-2\/#breadcrumb"},"inLanguage":"en-US","potentialAction":[{"@type":"ReadAction","target":["https:\/\/levfestival.com\/20\/como-llegar-gijon-2\/"]}]},{"@type":"BreadcrumbList","@id":"https:\/\/levfestival.com\/20\/como-llegar-gijon-2\/#breadcrumb","itemListElement":[{"@type":"ListItem","position":1,"name":"Portada","item":"https:\/\/levfestival.com\/20\/en\/lev-general\/"},{"@type":"ListItem","position":2,"name":"How to get the venue"}]},{"@type":"WebSite","@id":"https:\/\/levfestival.com\/20\/#website","url":"https:\/\/levfestival.com\/20\/","name":"LEV Festival 2020","description":"","potentialAction":[{"@type":"SearchAction","target":{"@type":"EntryPoint","urlTemplate":"https:\/\/levfestival.com\/20\/?s={search_term_string}"},"query-input":"required name=search_term_string"}],"inLanguage":"en-US"}]}},"_links":{"self":[{"href":"https:\/\/levfestival.com\/20\/en\/wp-json\/wp\/v2\/pages\/12566","targetHints":{"allow":["GET"]}}],"collection":[{"href":"https:\/\/levfestival.com\/20\/en\/wp-json\/wp\/v2\/pages"}],"about":[{"href":"https:\/\/levfestival.com\/20\/en\/wp-json\/wp\/v2\/types\/page"}],"author":[{"embeddable":true,"href":"https:\/\/levfestival.com\/20\/en\/wp-json\/wp\/v2\/users\/1"}],"replies":[{"embeddable":true,"href":"https:\/\/levfestival.com\/20\/en\/wp-json\/wp\/v2\/comments?post=12566"}],"version-history":[{"count":0,"href":"https:\/\/levfestival.com\/20\/en\/wp-json\/wp\/v2\/pages\/12566\/revisions"}],"wp:attachment":[{"href":"https:\/\/levfestival.com\/20\/en\/wp-json\/wp\/v2\/media?parent=12566"}],"curies":[{"name":"wp","href":"https:\/\/api.w.org\/{rel}","templated":true}]}}