{"id":1173,"date":"2021-06-01T00:03:16","date_gmt":"2021-05-31T22:03:16","guid":{"rendered":"https:\/\/antiguo.levfestival.com\/21\/programacion-gijon\/"},"modified":"2023-08-31T10:36:13","modified_gmt":"2023-08-31T08:36:13","slug":"program-gijon","status":"publish","type":"page","link":"https:\/\/levfestival.com\/21\/en\/program-gijon\/","title":{"rendered":"Program Gij\u00f3n"},"content":{"rendered":"\n<style type=\"text\/css\" data-created_by=\"avia_inline_auto\" id=\"style-css-av-k5y4psz3-40aa35dab4761a66cee4caef90ddb1c8\">\n.avia-section.av-k5y4psz3-40aa35dab4761a66cee4caef90ddb1c8{\nbackground-color:#000000;\nbackground-image:unset;\nmargin-top:0px;\nmargin-bottom:0px;\n}\n<\/style>\n<div id='av_section_1'  class='avia-section av-k5y4psz3-40aa35dab4761a66cee4caef90ddb1c8 main_color avia-section-default avia-no-border-styling  avia-builder-el-0  el_before_av_portfolio  avia-builder-el-first  avia-bg-style-scroll container_wrap fullsize'  ><div class='container av-section-cont-open' ><main  role=\"main\" itemprop=\"mainContentOfPage\"  class='template-page content  av-content-full alpha units'><div class='post-entry post-entry-type-page post-entry-1173'><div class='entry-content-wrapper clearfix'>\n\n<style type=\"text\/css\" data-created_by=\"avia_inline_auto\" id=\"style-css-av-kesnu5r3-57c0205c0cb03a97a827ce86f6a4e73b\">\n.flex_column.av-kesnu5r3-57c0205c0cb03a97a827ce86f6a4e73b{\n-webkit-border-radius:0px 0px 0px 0px;\n-moz-border-radius:0px 0px 0px 0px;\nborder-radius:0px 0px 0px 0px;\npadding:0px 5% 0px 5%;\n}\n<\/style>\n<div class='flex_column av-kesnu5r3-57c0205c0cb03a97a827ce86f6a4e73b av_one_full  avia-builder-el-1  avia-builder-el-no-sibling  first flex_column_div '     ><p>\n<style type=\"text\/css\" data-created_by=\"avia_inline_auto\" id=\"style-css-av-su8z-67a8f5295525d2065a36e25511445eac\">\n#top .av-special-heading.av-su8z-67a8f5295525d2065a36e25511445eac{\npadding-bottom:0;\ncolor:#ffffff;\nfont-size:40px;\n}\nbody .av-special-heading.av-su8z-67a8f5295525d2065a36e25511445eac .av-special-heading-tag .heading-char{\nfont-size:25px;\n}\n#top #wrap_all .av-special-heading.av-su8z-67a8f5295525d2065a36e25511445eac .av-special-heading-tag{\nfont-size:40px;\n}\n.av-special-heading.av-su8z-67a8f5295525d2065a36e25511445eac .special-heading-inner-border{\nborder-color:#ffffff;\n}\n.av-special-heading.av-su8z-67a8f5295525d2065a36e25511445eac .av-subheading{\nfont-size:18px;\n}\n\n@media only screen and (min-width: 480px) and (max-width: 767px){ \n#top #wrap_all .av-special-heading.av-su8z-67a8f5295525d2065a36e25511445eac .av-special-heading-tag{\nfont-size:0.8em;\n}\n}\n\n@media only screen and (max-width: 479px){ \n#top #wrap_all .av-special-heading.av-su8z-67a8f5295525d2065a36e25511445eac .av-special-heading-tag{\nfont-size:0.8em;\n}\n}\n<\/style>\n<div  class='av-special-heading av-su8z-67a8f5295525d2065a36e25511445eac av-special-heading-h1 custom-color-heading blockquote modern-quote modern-centered  avia-builder-el-2  el_before_av_hr  avia-builder-el-first  av-inherit-size av-linked-heading'><h1 class='av-special-heading-tag'  itemprop=\"headline\"  >PROGRAM<\/h1><div class=\"special-heading-border\"><div class=\"special-heading-inner-border\"><\/div><\/div><\/div><br \/>\n\n<style type=\"text\/css\" data-created_by=\"avia_inline_auto\" id=\"style-css-av-3nmszfe-ff16347eaf98b977da5962927b5b280f\">\n#top .hr.hr-invisible.av-3nmszfe-ff16347eaf98b977da5962927b5b280f{\nheight:50px;\n}\n<\/style>\n<div  class='hr av-3nmszfe-ff16347eaf98b977da5962927b5b280f hr-invisible  avia-builder-el-3  el_after_av_heading  el_before_av_button '><span class='hr-inner '><span class=\"hr-inner-style\"><\/span><\/span><\/div><br \/>\n<div  class='avia-button-wrap av-krdyqgs7-68dac078642d049e7e75d64d768bc1d7-wrap avia-button-center  avia-builder-el-4  el_after_av_hr  avia-builder-el-last  boton-programa'><a href='https:\/\/levfestival.com\/21\/wp-content\/uploads\/sites\/12\/2021\/07\/Programa_LEV_2021.pdf' class='avia-button av-krdyqgs7-68dac078642d049e7e75d64d768bc1d7 avia-icon_select-no avia-size-large avia-position-center avia-color-theme-color-highlight' target=\"_blank\" rel=\"noopener noreferrer\"><span class='avia_iconbox_title' >Download full program<\/span><\/a><\/div><\/p><\/div><div  id=\"av-sc-portfolio-1\"  class=\"av-portfolio-grid-sorting-container\"><div class='sort_width_container  av-sort-yes' data-portfolio-id='1' ><div id='js_sort_items' ><div class='sort_by_cat '><a href=\"#\" data-filter=\"all_sort\" class=\"all_sort_button active_sort\"><span class=\"inner_sort_button\"><span>All<\/span><small class=\"av-cat-count\"> 12 <\/small><\/span><\/a><span class=\"text-sep augmented-reality-en_sort_sep\">\/<\/span><a href=\"#\" data-filter=\"augmented-reality-en_sort\" class=\"augmented-reality-en_sort_button\" ><span class=\"inner_sort_button\"><span>Augmented Reality<\/span><small class=\"av-cat-count\"> 3 <\/small><\/span><\/a><span class=\"text-sep performances-y-conciertos-en_sort_sep\">\/<\/span><a href=\"#\" data-filter=\"performances-y-conciertos-en_sort\" class=\"performances-y-conciertos-en_sort_button\" ><span class=\"inner_sort_button\"><span>Performances and concerts<\/span><small class=\"av-cat-count\"> 8 <\/small><\/span><\/a><span class=\"text-sep virtual-reality-en_sort_sep\">\/<\/span><a href=\"#\" data-filter=\"virtual-reality-en_sort\" class=\"virtual-reality-en_sort_button\" ><span class=\"inner_sort_button\"><span>Virtual Reality<\/span><small class=\"av-cat-count\"> 1 <\/small><\/span><\/a><\/div><\/div><\/div><div  class='filtro-categoria grid-sort-container isotope   no_margin-container with-excerpt-container grid-total-even grid-col-4 grid-links-' data-portfolio-id='1'><div data-ajax-id='3678' class=' grid-entry flex_column isotope-item all_sort no_margin post-entry post-entry-3678 grid-entry-overview grid-loop-1 grid-parity-odd  performances-y-conciertos-en_sort  av_one_fourth first default_av_fullwidth '><article class='main_color inner-entry'  itemscope=\"itemscope\" itemtype=\"https:\/\/schema.org\/CreativeWork\" ><a href=\"https:\/\/levfestival.com\/21\/en\/lev-gijon\/ryoichi-kurokawa-subassemblies\/\" title='Ryoichi Kurokawa: Subassemblies'  data-rel='grid-1' class='grid-image avia-hover-fx'> <img decoding=\"async\" width=\"260\" height=\"185\" src=\"https:\/\/levfestival.com\/21\/wp-content\/uploads\/sites\/12\/2021\/06\/Grid-RyoichiKurokawa-260x185.jpg\" class=\"wp-image-3334 avia-img-lazy-loading-not-3334 attachment-portfolio_small size-portfolio_small wp-post-image\" alt=\"\" \/><\/a><div class='grid-content'><div class='avia-arrow'><\/div><header class=\"entry-content-header\"><h3 class='grid-entry-title entry-title '  itemprop=\"headline\" ><a href='https:\/\/levfestival.com\/21\/en\/lev-gijon\/ryoichi-kurokawa-subassemblies\/' title='Ryoichi Kurokawa: Subassemblies'>Ryoichi Kurokawa: Subassemblies<\/a><\/h3><\/header><div class='grid-entry-excerpt entry-content'  itemprop=\"text\" >Thursday 22, 9 pm.<br \/>\r\nTeatro de la Laboral<\/div><\/div><footer class=\"entry-footer\"><\/footer><\/article><\/div><div data-ajax-id='3688' class=' grid-entry flex_column isotope-item all_sort no_margin post-entry post-entry-3688 grid-entry-overview grid-loop-2 grid-parity-even  performances-y-conciertos-en_sort  av_one_fourth  default_av_fullwidth '><article class='main_color inner-entry'  itemscope=\"itemscope\" itemtype=\"https:\/\/schema.org\/CreativeWork\" ><a href=\"https:\/\/levfestival.com\/21\/en\/lev-gijon\/fuse-dokk\/\" title='fuse*: D\u00f6kk'  data-rel='grid-1' class='grid-image avia-hover-fx'> <img decoding=\"async\" width=\"260\" height=\"185\" src=\"https:\/\/levfestival.com\/21\/wp-content\/uploads\/sites\/12\/2021\/06\/GRID-fuse-260x185.jpg\" class=\"wp-image-3324 avia-img-lazy-loading-not-3324 attachment-portfolio_small size-portfolio_small wp-post-image\" alt=\"\" \/><\/a><div class='grid-content'><div class='avia-arrow'><\/div><header class=\"entry-content-header\"><h3 class='grid-entry-title entry-title '  itemprop=\"headline\" ><a href='https:\/\/levfestival.com\/21\/en\/lev-gijon\/fuse-dokk\/' title='fuse*: D\u00f6kk'>fuse*: D\u00f6kk<\/a><\/h3><\/header><div class='grid-entry-excerpt entry-content'  itemprop=\"text\" >Sunday 25, 9 pm.<br \/>\r\nTeatro de la Laboral<\/div><\/div><footer class=\"entry-footer\"><\/footer><\/article><\/div><div data-ajax-id='1125' class=' grid-entry flex_column isotope-item all_sort no_margin post-entry post-entry-1125 grid-entry-overview grid-loop-3 grid-parity-odd  virtual-reality-en_sort  av_one_fourth  default_av_fullwidth '><article class='main_color inner-entry'  itemscope=\"itemscope\" itemtype=\"https:\/\/schema.org\/CreativeWork\" ><a href=\"https:\/\/levfestival.com\/21\/en\/lev-gijon\/hsin-chien-huang-2\/\" title='Hsin-Chien Huang: A Gateway to Memory. w\/ Laurie Anderson'  data-rel='grid-1' class='grid-image avia-hover-fx'> <img decoding=\"async\" width=\"260\" height=\"185\" src=\"https:\/\/levfestival.com\/21\/wp-content\/uploads\/sites\/12\/2021\/06\/Grid-HsinChienHuang-260x185.jpeg\" class=\"wp-image-643 avia-img-lazy-loading-not-643 attachment-portfolio_small size-portfolio_small wp-post-image\" alt=\"\" \/><\/a><div class='grid-content'><div class='avia-arrow'><\/div><header class=\"entry-content-header\"><h3 class='grid-entry-title entry-title '  itemprop=\"headline\" ><a href='https:\/\/levfestival.com\/21\/en\/lev-gijon\/hsin-chien-huang-2\/' title='Hsin-Chien Huang: A Gateway to Memory. w\/ Laurie Anderson'>Hsin-Chien Huang: A Gateway to Memory. w\/ Laurie Anderson<\/a><\/h3><\/header><div class='grid-entry-excerpt entry-content'  itemprop=\"text\" >From July 22 to 25<br \/>\r\nCapilla del Palacio Revillagigedo<\/div><\/div><footer class=\"entry-footer\"><\/footer><\/article><\/div><div data-ajax-id='3674' class=' grid-entry flex_column isotope-item all_sort no_margin post-entry post-entry-3674 grid-entry-overview grid-loop-4 grid-parity-even  performances-y-conciertos-en_sort  av_one_fourth  default_av_fullwidth '><article class='main_color inner-entry'  itemscope=\"itemscope\" itemtype=\"https:\/\/schema.org\/CreativeWork\" ><a href=\"https:\/\/levfestival.com\/21\/en\/lev-gijon\/tadej-droljc-beambreaker\/\" title='Tadej Droljc: Beambreaker'  data-rel='grid-1' class='grid-image avia-hover-fx'> <img decoding=\"async\" width=\"260\" height=\"185\" src=\"https:\/\/levfestival.com\/21\/wp-content\/uploads\/sites\/12\/2021\/06\/Grid-Beambreaker-260x185.jpg\" class=\"wp-image-3341 avia-img-lazy-loading-not-3341 attachment-portfolio_small size-portfolio_small wp-post-image\" alt=\"\" \/><\/a><div class='grid-content'><div class='avia-arrow'><\/div><header class=\"entry-content-header\"><h3 class='grid-entry-title entry-title '  itemprop=\"headline\" ><a href='https:\/\/levfestival.com\/21\/en\/lev-gijon\/tadej-droljc-beambreaker\/' title='Tadej Droljc: Beambreaker'>Tadej Droljc: Beambreaker<\/a><\/h3><\/header><div class='grid-entry-excerpt entry-content'  itemprop=\"text\" >Friday 23, 9 pm.<br \/>\r\nTeatro Jovellanos<\/div><\/div><footer class=\"entry-footer\"><\/footer><\/article><\/div><div data-ajax-id='3702' class=' grid-entry flex_column isotope-item all_sort no_margin post-entry post-entry-3702 grid-entry-overview grid-loop-5 grid-parity-odd  performances-y-conciertos-en_sort  av_one_fourth first default_av_fullwidth '><article class='main_color inner-entry'  itemscope=\"itemscope\" itemtype=\"https:\/\/schema.org\/CreativeWork\" ><a href=\"https:\/\/levfestival.com\/21\/en\/lev-gijon\/alex-augier-pr\/\" title='Alex Augier: pr(\u2014)'  data-rel='grid-1' class='grid-image avia-hover-fx'> <img decoding=\"async\" width=\"260\" height=\"185\" src=\"https:\/\/levfestival.com\/21\/wp-content\/uploads\/sites\/12\/2021\/06\/GRID-AlexAugier-260x185.jpg\" class=\"wp-image-3304 avia-img-lazy-loading-not-3304 attachment-portfolio_small size-portfolio_small wp-post-image\" alt=\"\" \/><\/a><div class='grid-content'><div class='avia-arrow'><\/div><header class=\"entry-content-header\"><h3 class='grid-entry-title entry-title '  itemprop=\"headline\" ><a href='https:\/\/levfestival.com\/21\/en\/lev-gijon\/alex-augier-pr\/' title='Alex Augier: pr(\u2014)'>Alex Augier: pr(\u2014)<\/a><\/h3><\/header><div class='grid-entry-excerpt entry-content'  itemprop=\"text\" >Saturday 24, 9 pm.<br \/>\r\nTeatro Jovellanos<\/div><\/div><footer class=\"entry-footer\"><\/footer><\/article><\/div><div data-ajax-id='3669' class=' grid-entry flex_column isotope-item all_sort no_margin post-entry post-entry-3669 grid-entry-overview grid-loop-6 grid-parity-even  augmented-reality-en_sort  av_one_fourth  default_av_fullwidth '><article class='main_color inner-entry'  itemscope=\"itemscope\" itemtype=\"https:\/\/schema.org\/CreativeWork\" ><a href=\"https:\/\/levfestival.com\/21\/en\/lev-gijon\/acqua-alta-crossing-the-mirror\/\" title='Acqua Alta &#8211; Crossing the mirror'  data-rel='grid-1' class='grid-image avia-hover-fx'> <img decoding=\"async\" width=\"260\" height=\"185\" src=\"https:\/\/levfestival.com\/21\/wp-content\/uploads\/sites\/12\/2021\/06\/GRID-AQUA-260x185.jpg\" class=\"wp-image-3346 avia-img-lazy-loading-not-3346 attachment-portfolio_small size-portfolio_small wp-post-image\" alt=\"\" \/><\/a><div class='grid-content'><div class='avia-arrow'><\/div><header class=\"entry-content-header\"><h3 class='grid-entry-title entry-title '  itemprop=\"headline\" ><a href='https:\/\/levfestival.com\/21\/en\/lev-gijon\/acqua-alta-crossing-the-mirror\/' title='Acqua Alta &#8211; Crossing the mirror'>Acqua Alta &#8211; Crossing the mirror<\/a><\/h3><\/header><div class='grid-entry-excerpt entry-content'  itemprop=\"text\" >Escuela de Comercio \/ Espacio Joven<br \/>\r\n22 - 25 July<\/div><\/div><footer class=\"entry-footer\"><\/footer><\/article><\/div><div data-ajax-id='3693' class=' grid-entry flex_column isotope-item all_sort no_margin post-entry post-entry-3693 grid-entry-overview grid-loop-7 grid-parity-odd  performances-y-conciertos-en_sort  av_one_fourth  default_av_fullwidth '><article class='main_color inner-entry'  itemscope=\"itemscope\" itemtype=\"https:\/\/schema.org\/CreativeWork\" ><a href=\"https:\/\/levfestival.com\/21\/en\/lev-gijon\/fasenuova-marta-verde\/\" title='Fasenuova + Marta Verde'  data-rel='grid-1' class='grid-image avia-hover-fx'> <img decoding=\"async\" width=\"260\" height=\"185\" src=\"https:\/\/levfestival.com\/21\/wp-content\/uploads\/sites\/12\/2021\/06\/GRID-Fasenuova-260x185.jpg\" class=\"wp-image-3315 avia-img-lazy-loading-not-3315 attachment-portfolio_small size-portfolio_small wp-post-image\" alt=\"\" \/><\/a><div class='grid-content'><div class='avia-arrow'><\/div><header class=\"entry-content-header\"><h3 class='grid-entry-title entry-title '  itemprop=\"headline\" ><a href='https:\/\/levfestival.com\/21\/en\/lev-gijon\/fasenuova-marta-verde\/' title='Fasenuova + Marta Verde'>Fasenuova + Marta Verde<\/a><\/h3><\/header><div class='grid-entry-excerpt entry-content'  itemprop=\"text\" >Saturday 24, 9 pm.<br \/>\r\nTeatro Jovellanos<\/div><\/div><footer class=\"entry-footer\"><\/footer><\/article><\/div><div data-ajax-id='3683' class=' grid-entry flex_column isotope-item all_sort no_margin post-entry post-entry-3683 grid-entry-overview grid-loop-8 grid-parity-even  performances-y-conciertos-en_sort  av_one_fourth  default_av_fullwidth '><article class='main_color inner-entry'  itemscope=\"itemscope\" itemtype=\"https:\/\/schema.org\/CreativeWork\" ><a href=\"https:\/\/levfestival.com\/21\/en\/lev-gijon\/lucie-antunes-sergei-live\/\" title='Lucie Antunes: Serge\u00ef Live'  data-rel='grid-1' class='grid-image avia-hover-fx'> <img decoding=\"async\" width=\"260\" height=\"185\" src=\"https:\/\/levfestival.com\/21\/wp-content\/uploads\/sites\/12\/2021\/06\/LUCIE-ANTUNES-grid-260x185.png\" class=\"wp-image-3451 avia-img-lazy-loading-not-3451 attachment-portfolio_small size-portfolio_small wp-post-image\" alt=\"\" \/><\/a><div class='grid-content'><div class='avia-arrow'><\/div><header class=\"entry-content-header\"><h3 class='grid-entry-title entry-title '  itemprop=\"headline\" ><a href='https:\/\/levfestival.com\/21\/en\/lev-gijon\/lucie-antunes-sergei-live\/' title='Lucie Antunes: Serge\u00ef Live'>Lucie Antunes: Serge\u00ef Live<\/a><\/h3><\/header><div class='grid-entry-excerpt entry-content'  itemprop=\"text\" >Friday 23, 9 pm.<br \/>\r\nTeatro Jovellanos<\/div><\/div><footer class=\"entry-footer\"><\/footer><\/article><\/div><div data-ajax-id='3697' class=' grid-entry flex_column isotope-item all_sort no_margin post-entry post-entry-3697 grid-entry-overview grid-loop-9 grid-parity-odd  performances-y-conciertos-en_sort  av_one_fourth first default_av_fullwidth '><article class='main_color inner-entry'  itemscope=\"itemscope\" itemtype=\"https:\/\/schema.org\/CreativeWork\" ><a href=\"https:\/\/levfestival.com\/21\/en\/lev-gijon\/cyril-meroni-advienne\/\" title='Cyril Meroni: Advienne'  data-rel='grid-1' class='grid-image avia-hover-fx'> <img decoding=\"async\" width=\"260\" height=\"185\" src=\"https:\/\/levfestival.com\/21\/wp-content\/uploads\/sites\/12\/2021\/06\/grid-Cyril-Meroni-260x185.jpg\" class=\"wp-image-3305 avia-img-lazy-loading-not-3305 attachment-portfolio_small size-portfolio_small wp-post-image\" alt=\"\" \/><\/a><div class='grid-content'><div class='avia-arrow'><\/div><header class=\"entry-content-header\"><h3 class='grid-entry-title entry-title '  itemprop=\"headline\" ><a href='https:\/\/levfestival.com\/21\/en\/lev-gijon\/cyril-meroni-advienne\/' title='Cyril Meroni: Advienne'>Cyril Meroni: Advienne<\/a><\/h3><\/header><div class='grid-entry-excerpt entry-content'  itemprop=\"text\" >Friday 23 and Saturday 24, 6.30 pm.<br \/>\r\nLABoral Centro de Arte<\/div><\/div><footer class=\"entry-footer\"><\/footer><\/article><\/div><div data-ajax-id='3664' class=' grid-entry flex_column isotope-item all_sort no_margin post-entry post-entry-3664 grid-entry-overview grid-loop-10 grid-parity-even  augmented-reality-en_sort  av_one_fourth  default_av_fullwidth '><article class='main_color inner-entry'  itemscope=\"itemscope\" itemtype=\"https:\/\/schema.org\/CreativeWork\" ><a href=\"https:\/\/levfestival.com\/21\/en\/lev-gijon\/adrien-m-claire-b-fauna\/\" title='Adrien M &amp; Claire B: Fauna'  data-rel='grid-1' class='grid-image avia-hover-fx'> <img decoding=\"async\" width=\"260\" height=\"185\" src=\"https:\/\/levfestival.com\/21\/wp-content\/uploads\/sites\/12\/2021\/06\/GRID-FAUNA-260x185.jpg\" class=\"wp-image-3348 avia-img-lazy-loading-not-3348 attachment-portfolio_small size-portfolio_small wp-post-image\" alt=\"\" \/><\/a><div class='grid-content'><div class='avia-arrow'><\/div><header class=\"entry-content-header\"><h3 class='grid-entry-title entry-title '  itemprop=\"headline\" ><a href='https:\/\/levfestival.com\/21\/en\/lev-gijon\/adrien-m-claire-b-fauna\/' title='Adrien M &amp; Claire B: Fauna'>Adrien M &amp; Claire B: Fauna<\/a><\/h3><\/header><div class='grid-entry-excerpt entry-content'  itemprop=\"text\" >Escuela de Comercio, Gij\u00f3n city center and Barrio de Natahoyo<br \/>\r\nUntil January 6th<\/div><\/div><footer class=\"entry-footer\"><\/footer><\/article><\/div><div data-ajax-id='3660' class=' grid-entry flex_column isotope-item all_sort no_margin post-entry post-entry-3660 grid-entry-overview grid-loop-11 grid-parity-odd  augmented-reality-en_sort  av_one_fourth  default_av_fullwidth '><article class='main_color inner-entry'  itemscope=\"itemscope\" itemtype=\"https:\/\/schema.org\/CreativeWork\" ><a href=\"https:\/\/levfestival.com\/21\/en\/lev-gijon\/julie-stephen-chheng-uramado-ar-tanukis-awake\/\" title='Julie Stephen Chheng: Uramado AR. Tanukis Awake'  data-rel='grid-1' class='grid-image avia-hover-fx'> <img decoding=\"async\" width=\"260\" height=\"185\" src=\"https:\/\/levfestival.com\/21\/wp-content\/uploads\/sites\/12\/2021\/06\/grid-uramado-260x185.jpg\" class=\"wp-image-3355 avia-img-lazy-loading-not-3355 attachment-portfolio_small size-portfolio_small wp-post-image\" alt=\"\" \/><\/a><div class='grid-content'><div class='avia-arrow'><\/div><header class=\"entry-content-header\"><h3 class='grid-entry-title entry-title '  itemprop=\"headline\" ><a href='https:\/\/levfestival.com\/21\/en\/lev-gijon\/julie-stephen-chheng-uramado-ar-tanukis-awake\/' title='Julie Stephen Chheng: Uramado AR. Tanukis Awake'>Julie Stephen Chheng: Uramado AR. Tanukis Awake<\/a><\/h3><\/header><div class='grid-entry-excerpt entry-content'  itemprop=\"text\" >Permanent exhibition<br \/>\r\nEspig\u00f3n de Fomento<\/div><\/div><footer class=\"entry-footer\"><\/footer><\/article><\/div><div data-ajax-id='3652' class=' grid-entry flex_column isotope-item all_sort no_margin post-entry post-entry-3652 grid-entry-overview grid-loop-12 grid-parity-even  post-entry-last  performances-y-conciertos-en_sort  av_one_fourth  default_av_fullwidth '><article class='main_color inner-entry'  itemscope=\"itemscope\" itemtype=\"https:\/\/schema.org\/CreativeWork\" ><a href=\"https:\/\/levfestival.com\/21\/en\/lev-gijon\/dot-tape-dot-agrupacion-coral-expandida-de-gijon\/\" title='dot tape dot + Agrupaci\u00f3n Coral Expandida de Gij\u00f3n'  data-rel='grid-1' class='grid-image avia-hover-fx'> <img decoding=\"async\" width=\"260\" height=\"185\" src=\"https:\/\/levfestival.com\/21\/wp-content\/uploads\/sites\/12\/2021\/06\/tape_m-260x185.jpg\" class=\"wp-image-3441 avia-img-lazy-loading-not-3441 attachment-portfolio_small size-portfolio_small wp-post-image\" alt=\"\" \/><\/a><div class='grid-content'><div class='avia-arrow'><\/div><header class=\"entry-content-header\"><h3 class='grid-entry-title entry-title '  itemprop=\"headline\" ><a href='https:\/\/levfestival.com\/21\/en\/lev-gijon\/dot-tape-dot-agrupacion-coral-expandida-de-gijon\/' title='dot tape dot + Agrupaci\u00f3n Coral Expandida de Gij\u00f3n'>dot tape dot + Agrupaci\u00f3n Coral Expandida de Gij\u00f3n<\/a><\/h3><\/header><div class='grid-entry-excerpt entry-content'  itemprop=\"text\" >Sunday 25, 1.30 pm. and 2.30 pm.<br \/>\r\nMuseu del Pueblu d\u2019Asturies<\/div><\/div><footer class=\"entry-footer\"><\/footer><\/article><\/div><\/div><\/div>   <!--   class=\"av-portfolio-grid-sorting-container\"  --><\/p>\n\n<style type=\"text\/css\" data-created_by=\"avia_inline_auto\" id=\"style-css-av-2ze1kct-dca25e5e38109d07960b54d984d5faeb\">\n.avia-section.av-2ze1kct-dca25e5e38109d07960b54d984d5faeb{\nbackground-color:#000000;\nbackground-image:unset;\n}\n<\/style>\n<div id='video-tea'  class='avia-section av-2ze1kct-dca25e5e38109d07960b54d984d5faeb socket_color avia-section-large avia-no-border-styling  avia-builder-el-6  el_after_av_portfolio  avia-builder-el-last  avia-bg-style-parallax container_wrap fullsize'  ><div class='container av-section-cont-open' ><div class='template-page content  av-content-full alpha units'><div class='post-entry post-entry-type-page post-entry-1173'><div class='entry-content-wrapper clearfix'>\n\n<style type=\"text\/css\" data-created_by=\"avia_inline_auto\" id=\"style-css-av-jqpfzsk6-0df5b6a6223a60c0a397dfadef0388a0\">\n.flex_column.av-jqpfzsk6-0df5b6a6223a60c0a397dfadef0388a0{\n-webkit-border-radius:0px 0px 0px 0px;\n-moz-border-radius:0px 0px 0px 0px;\nborder-radius:0px 0px 0px 0px;\npadding:0px 10% 0px 10%;\n}\n<\/style>\n<div class='flex_column av-jqpfzsk6-0df5b6a6223a60c0a397dfadef0388a0 av_one_full  avia-builder-el-7  avia-builder-el-no-sibling  first flex_column_div '     ><p>\n<style type=\"text\/css\" data-created_by=\"avia_inline_auto\" id=\"style-css-av-1beprqb-5f50aaa7ef5183343f5da926b3413643\">\n#top .av-special-heading.av-1beprqb-5f50aaa7ef5183343f5da926b3413643{\npadding-bottom:30px;\ncolor:#ffffff;\nfont-size:40px;\n}\nbody .av-special-heading.av-1beprqb-5f50aaa7ef5183343f5da926b3413643 .av-special-heading-tag .heading-char{\nfont-size:25px;\n}\n#top #wrap_all .av-special-heading.av-1beprqb-5f50aaa7ef5183343f5da926b3413643 .av-special-heading-tag{\nfont-size:40px;\n}\n.av-special-heading.av-1beprqb-5f50aaa7ef5183343f5da926b3413643 .special-heading-inner-border{\nborder-color:#ffffff;\n}\n.av-special-heading.av-1beprqb-5f50aaa7ef5183343f5da926b3413643 .av-subheading{\nfont-size:18px;\n}\n\n@media only screen and (min-width: 480px) and (max-width: 767px){ \n#top #wrap_all .av-special-heading.av-1beprqb-5f50aaa7ef5183343f5da926b3413643 .av-special-heading-tag{\nfont-size:0.8em;\n}\n}\n\n@media only screen and (max-width: 479px){ \n#top #wrap_all .av-special-heading.av-1beprqb-5f50aaa7ef5183343f5da926b3413643 .av-special-heading-tag{\nfont-size:0.8em;\n}\n}\n<\/style>\n<div  class='av-special-heading av-1beprqb-5f50aaa7ef5183343f5da926b3413643 av-special-heading-h1 custom-color-heading blockquote modern-quote modern-centered  avia-builder-el-8  el_before_av_hr  avia-builder-el-first  av-inherit-size av-linked-heading'><h1 class='av-special-heading-tag'  itemprop=\"headline\"  >LEV GIJ\u00d3N 2021<\/h1><div class=\"special-heading-border\"><div class=\"special-heading-inner-border\"><\/div><\/div><\/div><br \/>\n\n<style type=\"text\/css\" data-created_by=\"avia_inline_auto\" id=\"style-css-av-kesk9l6v-39c17b473bfc788380f309103b59dae6\">\n#top .hr.hr-invisible.av-kesk9l6v-39c17b473bfc788380f309103b59dae6{\nheight:50px;\n}\n<\/style>\n<div  class='hr av-kesk9l6v-39c17b473bfc788380f309103b59dae6 hr-invisible  avia-builder-el-9  el_after_av_heading  el_before_av_video '><span class='hr-inner '><span class=\"hr-inner-style\"><\/span><\/span><\/div><br \/>\n<div  class='avia-video av-2rfcx59-e2f5dd1a9f3ef815166c5ac3030d07f9 avia-video-16-9 av-no-preview-image avia-video-load-always av-lazyload-immediate av-lazyload-video-embed'  itemprop=\"video\" itemtype=\"https:\/\/schema.org\/VideoObject\"  data-original_url='https:\/\/vimeo.com\/562508696'><script type='text\/html' class='av-video-tmpl'><div class='avia-iframe-wrap'><iframe loading=\"lazy\" title=\"LEV Festival 2021\" src=\"https:\/\/player.vimeo.com\/video\/562508696?h=16f4abf50a&amp;dnt=1&amp;app_id=122963&autoplay=0&loop=0&controls=1&muted=0\" width=\"1500\" height=\"844\" frameborder=\"0\" allow=\"autoplay; fullscreen; picture-in-picture\" allowfullscreen><\/iframe><\/div><\/script><div class='av-click-to-play-overlay'><div class=\"avia_playpause_icon\"><\/div><\/div><\/div><\/p><\/div>\n\n","protected":false},"excerpt":{"rendered":"","protected":false},"author":1,"featured_media":0,"parent":0,"menu_order":0,"comment_status":"closed","ping_status":"closed","template":"","meta":{"footnotes":""},"class_list":["post-1173","page","type-page","status-publish","hentry"],"yoast_head":"<!-- This site is optimized with the Yoast SEO plugin v20.7 - https:\/\/yoast.com\/wordpress\/plugins\/seo\/ -->\n<title>Program Gij\u00f3n - LEV Festival 2021<\/title>\n<meta name=\"robots\" content=\"noindex, follow, max-snippet:-1, max-image-preview:large, max-video-preview:-1\" \/>\n<meta property=\"og:locale\" content=\"en_US\" \/>\n<meta property=\"og:type\" content=\"article\" \/>\n<meta property=\"og:title\" content=\"Programaci\u00f3n L.E.V. Festival | 22-25 Julio\" \/>\n<meta property=\"og:description\" content=\"Laboratorio de Electr\u00f3nica Visual. Gij\u00f3n, 2021\" \/>\n<meta property=\"og:url\" content=\"https:\/\/levfestival.com\/21\/en\/program-gijon\/\" \/>\n<meta property=\"og:site_name\" content=\"LEV Festival 2021\" \/>\n<meta property=\"article:modified_time\" content=\"2023-08-31T08:36:13+00:00\" \/>\n<meta property=\"og:image\" content=\"https:\/\/levfestival.com\/21\/wp-content\/uploads\/sites\/12\/2021\/06\/SEO_1200x630-1.jpg\" \/>\n\t<meta property=\"og:image:width\" content=\"1200\" \/>\n\t<meta property=\"og:image:height\" content=\"630\" \/>\n\t<meta property=\"og:image:type\" content=\"image\/jpeg\" \/>\n<meta name=\"twitter:card\" content=\"summary_large_image\" \/>\n<meta name=\"twitter:title\" content=\"Programaci\u00f3n L.E.V. Festival | 22-25 Julio\" \/>\n<meta name=\"twitter:description\" content=\"Laboratorio de Electr\u00f3nica Visual. Gij\u00f3n, 2021\" \/>\n<meta name=\"twitter:image\" content=\"https:\/\/levfestival.com\/21\/wp-content\/uploads\/sites\/12\/2021\/06\/SEO_1024x512.jpg\" \/>\n<meta name=\"twitter:label1\" content=\"Est. reading time\" \/>\n\t<meta name=\"twitter:data1\" content=\"2 minutes\" \/>\n<script type=\"application\/ld+json\" class=\"yoast-schema-graph\">{\"@context\":\"https:\/\/schema.org\",\"@graph\":[{\"@type\":\"WebPage\",\"@id\":\"https:\/\/levfestival.com\/21\/en\/program-gijon\/\",\"url\":\"https:\/\/levfestival.com\/21\/en\/program-gijon\/\",\"name\":\"Program Gij\u00f3n - LEV Festival 2021\",\"isPartOf\":{\"@id\":\"https:\/\/levfestival.com\/21\/#website\"},\"datePublished\":\"2021-05-31T22:03:16+00:00\",\"dateModified\":\"2023-08-31T08:36:13+00:00\",\"breadcrumb\":{\"@id\":\"https:\/\/levfestival.com\/21\/en\/program-gijon\/#breadcrumb\"},\"inLanguage\":\"en-US\",\"potentialAction\":[{\"@type\":\"ReadAction\",\"target\":[\"https:\/\/levfestival.com\/21\/en\/program-gijon\/\"]}]},{\"@type\":\"BreadcrumbList\",\"@id\":\"https:\/\/levfestival.com\/21\/en\/program-gijon\/#breadcrumb\",\"itemListElement\":[{\"@type\":\"ListItem\",\"position\":1,\"name\":\"Portada\",\"item\":\"https:\/\/levfestival.com\/21\/\"},{\"@type\":\"ListItem\",\"position\":2,\"name\":\"Program Gij\u00f3n\"}]},{\"@type\":\"WebSite\",\"@id\":\"https:\/\/levfestival.com\/21\/#website\",\"url\":\"https:\/\/levfestival.com\/21\/\",\"name\":\"LEV Festival 2021\",\"description\":\"LEV Festival Multisite Edici\u00f3n 2020\",\"publisher\":{\"@id\":\"https:\/\/levfestival.com\/21\/#organization\"},\"potentialAction\":[{\"@type\":\"SearchAction\",\"target\":{\"@type\":\"EntryPoint\",\"urlTemplate\":\"https:\/\/levfestival.com\/21\/?s={search_term_string}\"},\"query-input\":\"required name=search_term_string\"}],\"inLanguage\":\"en-US\"},{\"@type\":\"Organization\",\"@id\":\"https:\/\/levfestival.com\/21\/#organization\",\"name\":\"LEV Festival 2021\",\"url\":\"https:\/\/levfestival.com\/21\/\",\"logo\":{\"@type\":\"ImageObject\",\"inLanguage\":\"en-US\",\"@id\":\"https:\/\/levfestival.com\/21\/#\/schema\/logo\/image\/\",\"url\":\"https:\/\/levfestival.com\/21\/wp-content\/uploads\/sites\/12\/2023\/05\/logo-lev-general-ene22-tenis.png\",\"contentUrl\":\"https:\/\/levfestival.com\/21\/wp-content\/uploads\/sites\/12\/2023\/05\/logo-lev-general-ene22-tenis.png\",\"width\":610,\"height\":189,\"caption\":\"LEV Festival 2021\"},\"image\":{\"@id\":\"https:\/\/levfestival.com\/21\/#\/schema\/logo\/image\/\"}}]}<\/script>\n<!-- \/ Yoast SEO plugin. -->","yoast_head_json":{"title":"Program Gij\u00f3n - LEV Festival 2021","robots":{"index":"noindex","follow":"follow","max-snippet":"max-snippet:-1","max-image-preview":"max-image-preview:large","max-video-preview":"max-video-preview:-1"},"og_locale":"en_US","og_type":"article","og_title":"Programaci\u00f3n L.E.V. Festival | 22-25 Julio","og_description":"Laboratorio de Electr\u00f3nica Visual. Gij\u00f3n, 2021","og_url":"https:\/\/levfestival.com\/21\/en\/program-gijon\/","og_site_name":"LEV Festival 2021","article_modified_time":"2023-08-31T08:36:13+00:00","og_image":[{"width":1200,"height":630,"url":"https:\/\/levfestival.com\/21\/wp-content\/uploads\/sites\/12\/2021\/06\/SEO_1200x630-1.jpg","type":"image\/jpeg"}],"twitter_card":"summary_large_image","twitter_title":"Programaci\u00f3n L.E.V. Festival | 22-25 Julio","twitter_description":"Laboratorio de Electr\u00f3nica Visual. Gij\u00f3n, 2021","twitter_image":"https:\/\/levfestival.com\/21\/wp-content\/uploads\/sites\/12\/2021\/06\/SEO_1024x512.jpg","twitter_misc":{"Est. reading time":"2 minutes"},"schema":{"@context":"https:\/\/schema.org","@graph":[{"@type":"WebPage","@id":"https:\/\/levfestival.com\/21\/en\/program-gijon\/","url":"https:\/\/levfestival.com\/21\/en\/program-gijon\/","name":"Program Gij\u00f3n - LEV Festival 2021","isPartOf":{"@id":"https:\/\/levfestival.com\/21\/#website"},"datePublished":"2021-05-31T22:03:16+00:00","dateModified":"2023-08-31T08:36:13+00:00","breadcrumb":{"@id":"https:\/\/levfestival.com\/21\/en\/program-gijon\/#breadcrumb"},"inLanguage":"en-US","potentialAction":[{"@type":"ReadAction","target":["https:\/\/levfestival.com\/21\/en\/program-gijon\/"]}]},{"@type":"BreadcrumbList","@id":"https:\/\/levfestival.com\/21\/en\/program-gijon\/#breadcrumb","itemListElement":[{"@type":"ListItem","position":1,"name":"Portada","item":"https:\/\/levfestival.com\/21\/"},{"@type":"ListItem","position":2,"name":"Program Gij\u00f3n"}]},{"@type":"WebSite","@id":"https:\/\/levfestival.com\/21\/#website","url":"https:\/\/levfestival.com\/21\/","name":"LEV Festival 2021","description":"LEV Festival Multisite Edici\u00f3n 2020","publisher":{"@id":"https:\/\/levfestival.com\/21\/#organization"},"potentialAction":[{"@type":"SearchAction","target":{"@type":"EntryPoint","urlTemplate":"https:\/\/levfestival.com\/21\/?s={search_term_string}"},"query-input":"required name=search_term_string"}],"inLanguage":"en-US"},{"@type":"Organization","@id":"https:\/\/levfestival.com\/21\/#organization","name":"LEV Festival 2021","url":"https:\/\/levfestival.com\/21\/","logo":{"@type":"ImageObject","inLanguage":"en-US","@id":"https:\/\/levfestival.com\/21\/#\/schema\/logo\/image\/","url":"https:\/\/levfestival.com\/21\/wp-content\/uploads\/sites\/12\/2023\/05\/logo-lev-general-ene22-tenis.png","contentUrl":"https:\/\/levfestival.com\/21\/wp-content\/uploads\/sites\/12\/2023\/05\/logo-lev-general-ene22-tenis.png","width":610,"height":189,"caption":"LEV Festival 2021"},"image":{"@id":"https:\/\/levfestival.com\/21\/#\/schema\/logo\/image\/"}}]}},"_links":{"self":[{"href":"https:\/\/levfestival.com\/21\/en\/wp-json\/wp\/v2\/pages\/1173","targetHints":{"allow":["GET"]}}],"collection":[{"href":"https:\/\/levfestival.com\/21\/en\/wp-json\/wp\/v2\/pages"}],"about":[{"href":"https:\/\/levfestival.com\/21\/en\/wp-json\/wp\/v2\/types\/page"}],"author":[{"embeddable":true,"href":"https:\/\/levfestival.com\/21\/en\/wp-json\/wp\/v2\/users\/1"}],"replies":[{"embeddable":true,"href":"https:\/\/levfestival.com\/21\/en\/wp-json\/wp\/v2\/comments?post=1173"}],"version-history":[{"count":2,"href":"https:\/\/levfestival.com\/21\/en\/wp-json\/wp\/v2\/pages\/1173\/revisions"}],"predecessor-version":[{"id":3817,"href":"https:\/\/levfestival.com\/21\/en\/wp-json\/wp\/v2\/pages\/1173\/revisions\/3817"}],"wp:attachment":[{"href":"https:\/\/levfestival.com\/21\/en\/wp-json\/wp\/v2\/media?parent=1173"}],"curies":[{"name":"wp","href":"https:\/\/api.w.org\/{rel}","templated":true}]}}