{"id":769,"date":"2023-03-01T11:09:57","date_gmt":"2023-03-01T11:09:57","guid":{"rendered":"https:\/\/levfestival.com\/23-gijon\/?page_id=769"},"modified":"2024-02-02T14:55:24","modified_gmt":"2024-02-02T14:55:24","slug":"how-to-get-to-the-festival-23","status":"publish","type":"page","link":"https:\/\/levfestival.com\/23-gijon\/en\/how-to-get-to-the-festival-23\/","title":{"rendered":"HOW TO GET TO THE FESTIVAL"},"content":{"rendered":"\n<style type=\"text\/css\" data-created_by=\"avia_inline_auto\" id=\"style-css-av-av_section-f14b8227b66b1716226ff00adc20feef\">\n.avia-section.av-av_section-f14b8227b66b1716226ff00adc20feef{\nbackground-color:#ffffff;\nbackground-image:unset;\n}\n<\/style>\n<div id='av_section_1'  class='avia-section av-av_section-f14b8227b66b1716226ff00adc20feef main_color avia-section-default avia-no-border-styling  avia-builder-el-0  el_before_av_section  avia-builder-el-first  avia-bg-style-scroll container_wrap fullsize'  ><div class='container av-section-cont-open' ><main  role=\"main\" itemprop=\"mainContentOfPage\"  class='template-page content  av-content-full alpha units'><div class='post-entry post-entry-type-page post-entry-769'><div class='entry-content-wrapper clearfix'>\n\n<style type=\"text\/css\" data-created_by=\"avia_inline_auto\" id=\"style-css-av-lfv596qd-0230a66ed23d70a9419ee4a633a326db\">\n#top .av-special-heading.av-lfv596qd-0230a66ed23d70a9419ee4a633a326db{\npadding-bottom:10px;\ncolor:#ffffff;\n}\nbody .av-special-heading.av-lfv596qd-0230a66ed23d70a9419ee4a633a326db .av-special-heading-tag .heading-char{\nfont-size:25px;\n}\n.av-special-heading.av-lfv596qd-0230a66ed23d70a9419ee4a633a326db .special-heading-inner-border{\nborder-color:#ffffff;\n}\n.av-special-heading.av-lfv596qd-0230a66ed23d70a9419ee4a633a326db .av-subheading{\nfont-size:15px;\n}\n<\/style>\n<div  class='av-special-heading av-lfv596qd-0230a66ed23d70a9419ee4a633a326db av-special-heading-h1 custom-color-heading blockquote modern-quote  avia-builder-el-1  avia-builder-el-no-sibling '><h1 class='av-special-heading-tag'  itemprop=\"headline\"  >HOW TO GET TO THE FESTIVAL<\/h1><div class=\"special-heading-border\"><div class=\"special-heading-inner-border\"><\/div><\/div><\/div>\n\n<\/div><\/div><\/main><!-- close content main element --><\/div><\/div>\n<style type=\"text\/css\" data-created_by=\"avia_inline_auto\" id=\"style-css-av-av_section-f14b8227b66b1716226ff00adc20feef\">\n.avia-section.av-av_section-f14b8227b66b1716226ff00adc20feef{\nbackground-color:#ffffff;\nbackground-image:unset;\n}\n<\/style>\n<div id='av_section_2'  class='avia-section av-av_section-f14b8227b66b1716226ff00adc20feef main_color avia-section-default avia-no-border-styling  avia-builder-el-2  el_after_av_section  el_before_av_horizontal_gallery  avia-bg-style-scroll container_wrap fullsize'  ><div class='container av-section-cont-open' ><div class='template-page content  av-content-full alpha units'><div class='post-entry post-entry-type-page post-entry-769'><div class='entry-content-wrapper clearfix'>\n\n<style type=\"text\/css\" data-created_by=\"avia_inline_auto\" id=\"style-css-av-av_hr-82f5be0ae0af6a64fe3091010b237709\">\n#top .hr.hr-invisible.av-av_hr-82f5be0ae0af6a64fe3091010b237709{\nheight:20px;\n}\n<\/style>\n<div  class='hr av-av_hr-82f5be0ae0af6a64fe3091010b237709 hr-invisible  avia-builder-el-3  el_before_av_two_fifth  avia-builder-el-first '><span class='hr-inner '><span class=\"hr-inner-style\"><\/span><\/span><\/div>\n<div class='flex_column av-av_two_fifth-7714eba142aeda1f8b5272a3c372b279 av_two_fifth  avia-builder-el-4  el_after_av_hr  el_before_av_one_fifth  first flex_column_div '     ><style type=\"text\/css\" data-created_by=\"avia_inline_auto\" id=\"style-css-av-lfv5gblg-9558edaa98dedacd7893281b6b6481b6\">\n#top .av_textblock_section.av-lfv5gblg-9558edaa98dedacd7893281b6b6481b6 .avia_textblock{\nfont-size:10px;\ncolor:#ffffff;\n}\n<\/style>\n<section  class='av_textblock_section av-lfv5gblg-9558edaa98dedacd7893281b6b6481b6'  itemscope=\"itemscope\" itemtype=\"https:\/\/schema.org\/CreativeWork\" ><div class='avia_textblock av_inherit_color'  itemprop=\"text\" ><p>L.E.V. Festival takes place in Gij\u00f3n and distributes its activities in different public and cultural spaces of the city. The concerts, audiovisual performances, installations and other activities that make up this year\u2019s line up can be enjoyed at Teatro de la Laboral, Teatro Jovellanos, LABoral Centro de Arte, Mus\u00e9u del Pueblu d\u2019Asturies, Centro de Cultura Antiguo Instituto, Escuela de comercio and Jard\u00edn Bot\u00e1nico Atl\u00e1ntico.<\/p>\n<\/div><\/section><\/div><div class='flex_column av-av_one_fifth-f1c518e9ff58e869f80c8f093487abc9 av_one_fifth  avia-builder-el-6  el_after_av_two_fifth  el_before_av_two_fifth  flex_column_div '     ><\/div><div class='flex_column av-av_two_fifth-f1c518e9ff58e869f80c8f093487abc9 av_two_fifth  avia-builder-el-7  el_after_av_one_fifth  avia-builder-el-last  flex_column_div '     ><style type=\"text\/css\" data-created_by=\"avia_inline_auto\" id=\"style-css-av-av_textblock-a1f8a068e398b24f4b6eeaca69604ba0\">\n#top .av_textblock_section.av-av_textblock-a1f8a068e398b24f4b6eeaca69604ba0 .avia_textblock{\nfont-size:10px;\ncolor:#ffffff;\n}\n<\/style>\n<section  class='av_textblock_section av-av_textblock-a1f8a068e398b24f4b6eeaca69604ba0'  itemscope=\"itemscope\" itemtype=\"https:\/\/schema.org\/CreativeWork\" ><div class='avia_textblock av_inherit_color'  itemprop=\"text\" ><p>1.\u00a0<a href=\"https:\/\/www.google.com\/maps\/dir\/43.5266926,-5.6145143\/Laboral+Ciudad+de+la+Cultura,+Calle+Luis+Moya+Blanco,+Gij%C3%B3n\/@43.52439,-5.6495332,13z\/data=!4m8!4m7!1m0!1m5!1m1!1s0xd367b1a200bd50f:0x88711636275e0532!2m2!1d-5.614514!2d43.5243331\" target=\"_blank\" rel=\"noopener\">Teatro de la Laboral.<\/a><br \/>\n2.\u00a0<a href=\"https:\/\/www.google.com\/maps\/dir\/\/LABoral+Centro+de+Arte+y+Creaci%C3%B3n+Industrial,+Los+Prados,+121,+33203+Gij%C3%B3n,+Asturias\/@43.5244859,-5.6139,17z\/data=!3m1!5s0xd367b10a3e80245:0x808c69d1f26514e!4m8!4m7!1m0!1m5!1m1!1s0xd367b1c0688b501:0x7468379fdc7993d3!2m2!1d-5.611706!2d43.524482\" target=\"_blank\" rel=\"noopener\">LABoral Centro de Arte.<\/a><br \/>\n3.\u00a0<a title=\"\" href=\"https:\/\/goo.gl\/maps\/nRkmpESLVZ1yR1mD6\" target=\"_blank\" rel=\"noopener\">Mus\u00e9u del Pueblu d\u2019Asturies.<\/a><br \/>\n4.\u00a0<a title=\"\" href=\"https:\/\/www.google.com\/maps\/dir\/\/Teatro+Jovellanos,+Paseo+Bego%C3%B1a,+11,+33201+Gij%C3%B3n,+Asturias\/@43.5393312,-5.6632874,17z\/data=!4m8!4m7!1m0!1m5!1m1!1s0xd367c63d964a81b:0x1904453539f8b1db!2m2!1d-5.6610987!2d43.5393273\" target=\"_blank\" rel=\"noopener\">Teatro Jovellanos.<\/a><br \/>\n5.\u00a0<a title=\"\" href=\"https:\/\/goo.gl\/maps\/i74eJExd1MMLKQ138\" target=\"_blank\" rel=\"noopener\">Escuela de Comercio.<\/a><br \/>\n6.\u00a0<a title=\"\" href=\"https:\/\/www.google.com\/maps\/dir\/\/Centro+Cultura+Antiguo+Instituto+Jovellanos,+Centro+de+Cultura+Antiguo+Instituto,+Calle+Jovellanos,+21,+33201+Gij%C3%B3n,+Asturias\/@43.5414724,-5.6644016,17z\/data=!4m8!4m7!1m0!1m5!1m1!1s0xd367c66bad6d515:0x610363fb25f658f3!2m2!1d-5.6622245!2d43.5414979\" target=\"_blank\" rel=\"noopener\">Centro de Cultura Antiguo Instituto (CCAI).<\/a><br \/>\n7.\u00a0<a title=\"\" href=\"https:\/\/goo.gl\/maps\/97XruGojoRGWLqcEA\" target=\"_blank\" rel=\"noopener\">Jard\u00edn Bot\u00e1nico Atl\u00e1ntico.<\/a><\/p>\n<\/div><\/section><\/div>\n<style type=\"text\/css\" data-created_by=\"avia_inline_auto\" id=\"style-css-av-av_horizontal_gallery-76df392422418a34fb1bf7600d915954\">\n.av-horizontal-gallery.av-av_horizontal_gallery-76df392422418a34fb1bf7600d915954{\npadding:3% 0px;;\n}\n.av-horizontal-gallery.av-av_horizontal_gallery-76df392422418a34fb1bf7600d915954 .av-horizontal-gallery-inner{\npadding-bottom:20%;\n}\n.av-horizontal-gallery.av-av_horizontal_gallery-76df392422418a34fb1bf7600d915954 .av-image-copyright{\ncolor:#000000;\nbackground-color:#ffffff;\n}\n<\/style>\n<div  class='av-horizontal-gallery av-av_horizontal_gallery-76df392422418a34fb1bf7600d915954 av-horizontal-gallery-no-gap av-horizontal-gallery-enlarge-effect  avia-builder-el-9  el_after_av_section  el_before_av_horizontal_gallery  espacios-slide av-small-hide av-mini-hide av-slideshow-ui av-control-minimal av-nav-arrows-visible av-no-slider-navigation av-slideshow-autoplay av-loop-endless av-loop-manual-endless av-horizontal-gallery-1' data-slideshow-data=\"{&quot;enlarge&quot;:1.3,&quot;animation&quot;:&quot;slide&quot;,&quot;autoplay&quot;:true,&quot;loop_autoplay&quot;:&quot;endless&quot;,&quot;interval&quot;:5,&quot;loop_manual&quot;:&quot;manual-endless&quot;,&quot;autoplay_stopper&quot;:false,&quot;noNavigation&quot;:false,&quot;bg_slider&quot;:false,&quot;keep_padding&quot;:&quot;&quot;,&quot;hoverpause&quot;:false,&quot;show_slide_delay&quot;:0}\"  itemprop=\"image\" itemscope=\"itemscope\" itemtype=\"https:\/\/schema.org\/ImageObject\" ><div class='avia-slideshow-arrows avia-slideshow-controls' ><a href='#prev' class='prev-slide av-horizontal-gallery-prev' aria-hidden='true' data-av_icon='\ue87c' data-av_iconfont='entypo-fontello'  tabindex='-1'>Previous<\/a><a href='#next' class='next-slide av-horizontal-gallery-next' aria-hidden='true' data-av_icon='\ue87d' data-av_iconfont='entypo-fontello'  tabindex='-1'>Next<\/a><\/div><div class='av-horizontal-gallery-inner' data-av-height='20'><div class=\"av-horizontal-gallery-slider\"><div class=\"av-horizontal-gallery-wrap noHover\"><img loading=\"lazy\" decoding=\"async\" class='wp-image-716 avia-img-lazy-loading-716 av-horizontal-gallery-img' width=\"600\" height=\"600\" src=\"https:\/\/levfestival.com\/23-gijon\/wp-content\/uploads\/sites\/9\/2023\/03\/Laboral-Ciudad-de-la-Cultura-600x600-1.jpg\" title='Laboral Ciudad de la Cultura 600x600' alt='' srcset=\"https:\/\/levfestival.com\/23-gijon\/wp-content\/uploads\/sites\/9\/2023\/03\/Laboral-Ciudad-de-la-Cultura-600x600-1.jpg 600w, https:\/\/levfestival.com\/23-gijon\/wp-content\/uploads\/sites\/9\/2023\/03\/Laboral-Ciudad-de-la-Cultura-600x600-1-300x300.jpg 300w, https:\/\/levfestival.com\/23-gijon\/wp-content\/uploads\/sites\/9\/2023\/03\/Laboral-Ciudad-de-la-Cultura-600x600-1-80x80.jpg 80w, https:\/\/levfestival.com\/23-gijon\/wp-content\/uploads\/sites\/9\/2023\/03\/Laboral-Ciudad-de-la-Cultura-600x600-1-36x36.jpg 36w, https:\/\/levfestival.com\/23-gijon\/wp-content\/uploads\/sites\/9\/2023\/03\/Laboral-Ciudad-de-la-Cultura-600x600-1-180x180.jpg 180w\" sizes=\"auto, (max-width: 600px) 100vw, 600px\" \/><\/div><div class=\"av-horizontal-gallery-wrap noHover\"><img loading=\"lazy\" decoding=\"async\" class='wp-image-720 avia-img-lazy-loading-720 av-horizontal-gallery-img' width=\"600\" height=\"600\" src=\"https:\/\/levfestival.com\/23-gijon\/wp-content\/uploads\/sites\/9\/2023\/03\/Nave-600x600-1.jpg\" title='Nave 600x600' alt='' srcset=\"https:\/\/levfestival.com\/23-gijon\/wp-content\/uploads\/sites\/9\/2023\/03\/Nave-600x600-1.jpg 600w, https:\/\/levfestival.com\/23-gijon\/wp-content\/uploads\/sites\/9\/2023\/03\/Nave-600x600-1-300x300.jpg 300w, https:\/\/levfestival.com\/23-gijon\/wp-content\/uploads\/sites\/9\/2023\/03\/Nave-600x600-1-80x80.jpg 80w, https:\/\/levfestival.com\/23-gijon\/wp-content\/uploads\/sites\/9\/2023\/03\/Nave-600x600-1-36x36.jpg 36w, https:\/\/levfestival.com\/23-gijon\/wp-content\/uploads\/sites\/9\/2023\/03\/Nave-600x600-1-180x180.jpg 180w\" sizes=\"auto, (max-width: 600px) 100vw, 600px\" \/><\/div><div class=\"av-horizontal-gallery-wrap noHover\"><img loading=\"lazy\" decoding=\"async\" class='wp-image-705 avia-img-lazy-loading-705 av-horizontal-gallery-img' width=\"600\" height=\"600\" src=\"https:\/\/levfestival.com\/23-gijon\/wp-content\/uploads\/sites\/9\/2023\/03\/JBA-600x600_v2.jpg\" title='JBA 600x600_v2' alt='' srcset=\"https:\/\/levfestival.com\/23-gijon\/wp-content\/uploads\/sites\/9\/2023\/03\/JBA-600x600_v2.jpg 600w, https:\/\/levfestival.com\/23-gijon\/wp-content\/uploads\/sites\/9\/2023\/03\/JBA-600x600_v2-300x300.jpg 300w, https:\/\/levfestival.com\/23-gijon\/wp-content\/uploads\/sites\/9\/2023\/03\/JBA-600x600_v2-80x80.jpg 80w, https:\/\/levfestival.com\/23-gijon\/wp-content\/uploads\/sites\/9\/2023\/03\/JBA-600x600_v2-36x36.jpg 36w, https:\/\/levfestival.com\/23-gijon\/wp-content\/uploads\/sites\/9\/2023\/03\/JBA-600x600_v2-180x180.jpg 180w\" sizes=\"auto, (max-width: 600px) 100vw, 600px\" \/><\/div><div class=\"av-horizontal-gallery-wrap noHover\"><img loading=\"lazy\" decoding=\"async\" class='wp-image-722 avia-img-lazy-loading-722 av-horizontal-gallery-img' width=\"600\" height=\"600\" src=\"https:\/\/levfestival.com\/23-gijon\/wp-content\/uploads\/sites\/9\/2023\/03\/TJ-600x600-1.jpg\" title='TJ 600x600' alt='' srcset=\"https:\/\/levfestival.com\/23-gijon\/wp-content\/uploads\/sites\/9\/2023\/03\/TJ-600x600-1.jpg 600w, https:\/\/levfestival.com\/23-gijon\/wp-content\/uploads\/sites\/9\/2023\/03\/TJ-600x600-1-300x300.jpg 300w, https:\/\/levfestival.com\/23-gijon\/wp-content\/uploads\/sites\/9\/2023\/03\/TJ-600x600-1-80x80.jpg 80w, https:\/\/levfestival.com\/23-gijon\/wp-content\/uploads\/sites\/9\/2023\/03\/TJ-600x600-1-36x36.jpg 36w, https:\/\/levfestival.com\/23-gijon\/wp-content\/uploads\/sites\/9\/2023\/03\/TJ-600x600-1-180x180.jpg 180w\" sizes=\"auto, (max-width: 600px) 100vw, 600px\" \/><\/div><div class=\"av-horizontal-gallery-wrap noHover\"><img loading=\"lazy\" decoding=\"async\" class='wp-image-712 avia-img-lazy-loading-712 av-horizontal-gallery-img' width=\"600\" height=\"600\" src=\"https:\/\/levfestival.com\/23-gijon\/wp-content\/uploads\/sites\/9\/2023\/03\/EC-600x600-1.jpg\" title='EC 600x600' alt='' srcset=\"https:\/\/levfestival.com\/23-gijon\/wp-content\/uploads\/sites\/9\/2023\/03\/EC-600x600-1.jpg 600w, https:\/\/levfestival.com\/23-gijon\/wp-content\/uploads\/sites\/9\/2023\/03\/EC-600x600-1-300x300.jpg 300w, https:\/\/levfestival.com\/23-gijon\/wp-content\/uploads\/sites\/9\/2023\/03\/EC-600x600-1-80x80.jpg 80w, https:\/\/levfestival.com\/23-gijon\/wp-content\/uploads\/sites\/9\/2023\/03\/EC-600x600-1-36x36.jpg 36w, https:\/\/levfestival.com\/23-gijon\/wp-content\/uploads\/sites\/9\/2023\/03\/EC-600x600-1-180x180.jpg 180w\" sizes=\"auto, (max-width: 600px) 100vw, 600px\" \/><\/div><div class=\"av-horizontal-gallery-wrap noHover\"><img loading=\"lazy\" decoding=\"async\" class='wp-image-718 avia-img-lazy-loading-718 av-horizontal-gallery-img' width=\"600\" height=\"600\" src=\"https:\/\/levfestival.com\/23-gijon\/wp-content\/uploads\/sites\/9\/2023\/03\/MPA-600x600_v2.jpg\" title='morilla@marcosmorilla.com\r\rtelf.: 985892735' alt='' srcset=\"https:\/\/levfestival.com\/23-gijon\/wp-content\/uploads\/sites\/9\/2023\/03\/MPA-600x600_v2.jpg 600w, https:\/\/levfestival.com\/23-gijon\/wp-content\/uploads\/sites\/9\/2023\/03\/MPA-600x600_v2-300x300.jpg 300w, https:\/\/levfestival.com\/23-gijon\/wp-content\/uploads\/sites\/9\/2023\/03\/MPA-600x600_v2-80x80.jpg 80w, https:\/\/levfestival.com\/23-gijon\/wp-content\/uploads\/sites\/9\/2023\/03\/MPA-600x600_v2-36x36.jpg 36w, https:\/\/levfestival.com\/23-gijon\/wp-content\/uploads\/sites\/9\/2023\/03\/MPA-600x600_v2-180x180.jpg 180w\" sizes=\"auto, (max-width: 600px) 100vw, 600px\" \/><\/div><div class=\"av-horizontal-gallery-wrap noHover\"><img loading=\"lazy\" decoding=\"async\" class='wp-image-702 avia-img-lazy-loading-702 av-horizontal-gallery-img' width=\"600\" height=\"600\" src=\"https:\/\/levfestival.com\/23-gijon\/wp-content\/uploads\/sites\/9\/2023\/03\/MPA-600x600-1.jpg\" title='MPA 600x600' alt='' srcset=\"https:\/\/levfestival.com\/23-gijon\/wp-content\/uploads\/sites\/9\/2023\/03\/MPA-600x600-1.jpg 600w, https:\/\/levfestival.com\/23-gijon\/wp-content\/uploads\/sites\/9\/2023\/03\/MPA-600x600-1-300x300.jpg 300w, https:\/\/levfestival.com\/23-gijon\/wp-content\/uploads\/sites\/9\/2023\/03\/MPA-600x600-1-80x80.jpg 80w, https:\/\/levfestival.com\/23-gijon\/wp-content\/uploads\/sites\/9\/2023\/03\/MPA-600x600-1-36x36.jpg 36w, https:\/\/levfestival.com\/23-gijon\/wp-content\/uploads\/sites\/9\/2023\/03\/MPA-600x600-1-180x180.jpg 180w\" sizes=\"auto, (max-width: 600px) 100vw, 600px\" \/><\/div><div class=\"av-horizontal-gallery-wrap noHover\"><img loading=\"lazy\" decoding=\"async\" class='wp-image-710 avia-img-lazy-loading-710 av-horizontal-gallery-img' width=\"600\" height=\"600\" src=\"https:\/\/levfestival.com\/23-gijon\/wp-content\/uploads\/sites\/9\/2023\/03\/CCAI-600x600jpg.jpg\" title='CCAI 600x600jpg' alt='' srcset=\"https:\/\/levfestival.com\/23-gijon\/wp-content\/uploads\/sites\/9\/2023\/03\/CCAI-600x600jpg.jpg 600w, https:\/\/levfestival.com\/23-gijon\/wp-content\/uploads\/sites\/9\/2023\/03\/CCAI-600x600jpg-300x300.jpg 300w, https:\/\/levfestival.com\/23-gijon\/wp-content\/uploads\/sites\/9\/2023\/03\/CCAI-600x600jpg-80x80.jpg 80w, https:\/\/levfestival.com\/23-gijon\/wp-content\/uploads\/sites\/9\/2023\/03\/CCAI-600x600jpg-36x36.jpg 36w, https:\/\/levfestival.com\/23-gijon\/wp-content\/uploads\/sites\/9\/2023\/03\/CCAI-600x600jpg-180x180.jpg 180w\" sizes=\"auto, (max-width: 600px) 100vw, 600px\" \/><\/div><\/div><\/div><\/div><\/p>\n\n<style type=\"text\/css\" data-created_by=\"avia_inline_auto\" id=\"style-css-av-av_horizontal_gallery-475b579372b4dec4cae37649af8e30b3\">\n.av-horizontal-gallery.av-av_horizontal_gallery-475b579372b4dec4cae37649af8e30b3{\npadding:4.5% 0px;;\n}\n.av-horizontal-gallery.av-av_horizontal_gallery-475b579372b4dec4cae37649af8e30b3 .av-horizontal-gallery-inner{\npadding-bottom:30%;\n}\n.av-horizontal-gallery.av-av_horizontal_gallery-475b579372b4dec4cae37649af8e30b3 .av-image-copyright{\ncolor:#000000;\nbackground-color:#ffffff;\n}\n<\/style>\n<div  class='av-horizontal-gallery av-av_horizontal_gallery-475b579372b4dec4cae37649af8e30b3 av-horizontal-gallery-no-gap av-horizontal-gallery-enlarge-effect  avia-builder-el-10  el_after_av_horizontal_gallery  el_before_av_section  espacios-slide av-desktop-hide av-medium-hide av-slideshow-ui av-control-minimal av-no-slider-navigation av-slideshow-autoplay av-loop-endless av-loop-manual-endless av-horizontal-gallery-2' data-slideshow-data=\"{&quot;enlarge&quot;:1.3,&quot;animation&quot;:&quot;slide&quot;,&quot;autoplay&quot;:true,&quot;loop_autoplay&quot;:&quot;endless&quot;,&quot;interval&quot;:5,&quot;loop_manual&quot;:&quot;manual-endless&quot;,&quot;autoplay_stopper&quot;:false,&quot;noNavigation&quot;:false,&quot;bg_slider&quot;:false,&quot;keep_padding&quot;:&quot;&quot;,&quot;hoverpause&quot;:false,&quot;show_slide_delay&quot;:0}\"  itemprop=\"image\" itemscope=\"itemscope\" itemtype=\"https:\/\/schema.org\/ImageObject\" ><div class='avia-slideshow-arrows avia-slideshow-controls' ><a href='#prev' class='prev-slide av-horizontal-gallery-prev' aria-hidden='true' data-av_icon='\ue87c' data-av_iconfont='entypo-fontello'  tabindex='-1'>Previous<\/a><a href='#next' class='next-slide av-horizontal-gallery-next' aria-hidden='true' data-av_icon='\ue87d' data-av_iconfont='entypo-fontello'  tabindex='-1'>Next<\/a><\/div><div class='av-horizontal-gallery-inner' data-av-height='30'><div class=\"av-horizontal-gallery-slider\"><div class=\"av-horizontal-gallery-wrap noHover\"><img loading=\"lazy\" decoding=\"async\" class='wp-image-716 avia-img-lazy-loading-716 av-horizontal-gallery-img' width=\"300\" height=\"300\" src=\"https:\/\/levfestival.com\/23-gijon\/wp-content\/uploads\/sites\/9\/2023\/03\/Laboral-Ciudad-de-la-Cultura-600x600-1-300x300.jpg\" title='Laboral Ciudad de la Cultura 600x600' alt='' srcset=\"https:\/\/levfestival.com\/23-gijon\/wp-content\/uploads\/sites\/9\/2023\/03\/Laboral-Ciudad-de-la-Cultura-600x600-1-300x300.jpg 300w, https:\/\/levfestival.com\/23-gijon\/wp-content\/uploads\/sites\/9\/2023\/03\/Laboral-Ciudad-de-la-Cultura-600x600-1-80x80.jpg 80w, https:\/\/levfestival.com\/23-gijon\/wp-content\/uploads\/sites\/9\/2023\/03\/Laboral-Ciudad-de-la-Cultura-600x600-1-36x36.jpg 36w, https:\/\/levfestival.com\/23-gijon\/wp-content\/uploads\/sites\/9\/2023\/03\/Laboral-Ciudad-de-la-Cultura-600x600-1-180x180.jpg 180w, https:\/\/levfestival.com\/23-gijon\/wp-content\/uploads\/sites\/9\/2023\/03\/Laboral-Ciudad-de-la-Cultura-600x600-1.jpg 600w\" sizes=\"auto, (max-width: 300px) 100vw, 300px\" \/><\/div><div class=\"av-horizontal-gallery-wrap noHover\"><img loading=\"lazy\" decoding=\"async\" class='wp-image-720 avia-img-lazy-loading-720 av-horizontal-gallery-img' width=\"300\" height=\"300\" src=\"https:\/\/levfestival.com\/23-gijon\/wp-content\/uploads\/sites\/9\/2023\/03\/Nave-600x600-1-300x300.jpg\" title='Nave 600x600' alt='' srcset=\"https:\/\/levfestival.com\/23-gijon\/wp-content\/uploads\/sites\/9\/2023\/03\/Nave-600x600-1-300x300.jpg 300w, https:\/\/levfestival.com\/23-gijon\/wp-content\/uploads\/sites\/9\/2023\/03\/Nave-600x600-1-80x80.jpg 80w, https:\/\/levfestival.com\/23-gijon\/wp-content\/uploads\/sites\/9\/2023\/03\/Nave-600x600-1-36x36.jpg 36w, https:\/\/levfestival.com\/23-gijon\/wp-content\/uploads\/sites\/9\/2023\/03\/Nave-600x600-1-180x180.jpg 180w, https:\/\/levfestival.com\/23-gijon\/wp-content\/uploads\/sites\/9\/2023\/03\/Nave-600x600-1.jpg 600w\" sizes=\"auto, (max-width: 300px) 100vw, 300px\" \/><\/div><div class=\"av-horizontal-gallery-wrap noHover\"><img loading=\"lazy\" decoding=\"async\" class='wp-image-705 avia-img-lazy-loading-705 av-horizontal-gallery-img' width=\"300\" height=\"300\" src=\"https:\/\/levfestival.com\/23-gijon\/wp-content\/uploads\/sites\/9\/2023\/03\/JBA-600x600_v2-300x300.jpg\" title='JBA 600x600_v2' alt='' srcset=\"https:\/\/levfestival.com\/23-gijon\/wp-content\/uploads\/sites\/9\/2023\/03\/JBA-600x600_v2-300x300.jpg 300w, https:\/\/levfestival.com\/23-gijon\/wp-content\/uploads\/sites\/9\/2023\/03\/JBA-600x600_v2-80x80.jpg 80w, https:\/\/levfestival.com\/23-gijon\/wp-content\/uploads\/sites\/9\/2023\/03\/JBA-600x600_v2-36x36.jpg 36w, https:\/\/levfestival.com\/23-gijon\/wp-content\/uploads\/sites\/9\/2023\/03\/JBA-600x600_v2-180x180.jpg 180w, https:\/\/levfestival.com\/23-gijon\/wp-content\/uploads\/sites\/9\/2023\/03\/JBA-600x600_v2.jpg 600w\" sizes=\"auto, (max-width: 300px) 100vw, 300px\" \/><\/div><div class=\"av-horizontal-gallery-wrap noHover\"><img loading=\"lazy\" decoding=\"async\" class='wp-image-722 avia-img-lazy-loading-722 av-horizontal-gallery-img' width=\"300\" height=\"300\" src=\"https:\/\/levfestival.com\/23-gijon\/wp-content\/uploads\/sites\/9\/2023\/03\/TJ-600x600-1-300x300.jpg\" title='TJ 600x600' alt='' srcset=\"https:\/\/levfestival.com\/23-gijon\/wp-content\/uploads\/sites\/9\/2023\/03\/TJ-600x600-1-300x300.jpg 300w, https:\/\/levfestival.com\/23-gijon\/wp-content\/uploads\/sites\/9\/2023\/03\/TJ-600x600-1-80x80.jpg 80w, https:\/\/levfestival.com\/23-gijon\/wp-content\/uploads\/sites\/9\/2023\/03\/TJ-600x600-1-36x36.jpg 36w, https:\/\/levfestival.com\/23-gijon\/wp-content\/uploads\/sites\/9\/2023\/03\/TJ-600x600-1-180x180.jpg 180w, https:\/\/levfestival.com\/23-gijon\/wp-content\/uploads\/sites\/9\/2023\/03\/TJ-600x600-1.jpg 600w\" sizes=\"auto, (max-width: 300px) 100vw, 300px\" \/><\/div><div class=\"av-horizontal-gallery-wrap noHover\"><img loading=\"lazy\" decoding=\"async\" class='wp-image-712 avia-img-lazy-loading-712 av-horizontal-gallery-img' width=\"300\" height=\"300\" src=\"https:\/\/levfestival.com\/23-gijon\/wp-content\/uploads\/sites\/9\/2023\/03\/EC-600x600-1-300x300.jpg\" title='EC 600x600' alt='' srcset=\"https:\/\/levfestival.com\/23-gijon\/wp-content\/uploads\/sites\/9\/2023\/03\/EC-600x600-1-300x300.jpg 300w, https:\/\/levfestival.com\/23-gijon\/wp-content\/uploads\/sites\/9\/2023\/03\/EC-600x600-1-80x80.jpg 80w, https:\/\/levfestival.com\/23-gijon\/wp-content\/uploads\/sites\/9\/2023\/03\/EC-600x600-1-36x36.jpg 36w, https:\/\/levfestival.com\/23-gijon\/wp-content\/uploads\/sites\/9\/2023\/03\/EC-600x600-1-180x180.jpg 180w, https:\/\/levfestival.com\/23-gijon\/wp-content\/uploads\/sites\/9\/2023\/03\/EC-600x600-1.jpg 600w\" sizes=\"auto, (max-width: 300px) 100vw, 300px\" \/><\/div><div class=\"av-horizontal-gallery-wrap noHover\"><img loading=\"lazy\" decoding=\"async\" class='wp-image-718 avia-img-lazy-loading-718 av-horizontal-gallery-img' width=\"300\" height=\"300\" src=\"https:\/\/levfestival.com\/23-gijon\/wp-content\/uploads\/sites\/9\/2023\/03\/MPA-600x600_v2-300x300.jpg\" title='morilla@marcosmorilla.com\r\rtelf.: 985892735' alt='' srcset=\"https:\/\/levfestival.com\/23-gijon\/wp-content\/uploads\/sites\/9\/2023\/03\/MPA-600x600_v2-300x300.jpg 300w, https:\/\/levfestival.com\/23-gijon\/wp-content\/uploads\/sites\/9\/2023\/03\/MPA-600x600_v2-80x80.jpg 80w, https:\/\/levfestival.com\/23-gijon\/wp-content\/uploads\/sites\/9\/2023\/03\/MPA-600x600_v2-36x36.jpg 36w, https:\/\/levfestival.com\/23-gijon\/wp-content\/uploads\/sites\/9\/2023\/03\/MPA-600x600_v2-180x180.jpg 180w, https:\/\/levfestival.com\/23-gijon\/wp-content\/uploads\/sites\/9\/2023\/03\/MPA-600x600_v2.jpg 600w\" sizes=\"auto, (max-width: 300px) 100vw, 300px\" \/><\/div><div class=\"av-horizontal-gallery-wrap noHover\"><img loading=\"lazy\" decoding=\"async\" class='wp-image-702 avia-img-lazy-loading-702 av-horizontal-gallery-img' width=\"300\" height=\"300\" src=\"https:\/\/levfestival.com\/23-gijon\/wp-content\/uploads\/sites\/9\/2023\/03\/MPA-600x600-1-300x300.jpg\" title='MPA 600x600' alt='' srcset=\"https:\/\/levfestival.com\/23-gijon\/wp-content\/uploads\/sites\/9\/2023\/03\/MPA-600x600-1-300x300.jpg 300w, https:\/\/levfestival.com\/23-gijon\/wp-content\/uploads\/sites\/9\/2023\/03\/MPA-600x600-1-80x80.jpg 80w, https:\/\/levfestival.com\/23-gijon\/wp-content\/uploads\/sites\/9\/2023\/03\/MPA-600x600-1-36x36.jpg 36w, https:\/\/levfestival.com\/23-gijon\/wp-content\/uploads\/sites\/9\/2023\/03\/MPA-600x600-1-180x180.jpg 180w, https:\/\/levfestival.com\/23-gijon\/wp-content\/uploads\/sites\/9\/2023\/03\/MPA-600x600-1.jpg 600w\" sizes=\"auto, (max-width: 300px) 100vw, 300px\" \/><\/div><div class=\"av-horizontal-gallery-wrap noHover\"><img loading=\"lazy\" decoding=\"async\" class='wp-image-710 avia-img-lazy-loading-710 av-horizontal-gallery-img' width=\"300\" height=\"300\" src=\"https:\/\/levfestival.com\/23-gijon\/wp-content\/uploads\/sites\/9\/2023\/03\/CCAI-600x600jpg-300x300.jpg\" title='CCAI 600x600jpg' alt='' srcset=\"https:\/\/levfestival.com\/23-gijon\/wp-content\/uploads\/sites\/9\/2023\/03\/CCAI-600x600jpg-300x300.jpg 300w, https:\/\/levfestival.com\/23-gijon\/wp-content\/uploads\/sites\/9\/2023\/03\/CCAI-600x600jpg-80x80.jpg 80w, https:\/\/levfestival.com\/23-gijon\/wp-content\/uploads\/sites\/9\/2023\/03\/CCAI-600x600jpg-36x36.jpg 36w, https:\/\/levfestival.com\/23-gijon\/wp-content\/uploads\/sites\/9\/2023\/03\/CCAI-600x600jpg-180x180.jpg 180w, https:\/\/levfestival.com\/23-gijon\/wp-content\/uploads\/sites\/9\/2023\/03\/CCAI-600x600jpg.jpg 600w\" sizes=\"auto, (max-width: 300px) 100vw, 300px\" \/><\/div><\/div><\/div><\/div>\n\n<style type=\"text\/css\" data-created_by=\"avia_inline_auto\" id=\"style-css-av-av_section-f14b8227b66b1716226ff00adc20feef\">\n.avia-section.av-av_section-f14b8227b66b1716226ff00adc20feef{\nbackground-color:#ffffff;\nbackground-image:unset;\n}\n<\/style>\n<div id='av_section_3'  class='avia-section av-av_section-f14b8227b66b1716226ff00adc20feef main_color avia-section-default avia-no-border-styling  avia-builder-el-11  el_after_av_horizontal_gallery  el_before_av_section  avia-bg-style-scroll container_wrap fullsize'  ><div class='container av-section-cont-open' ><div class='template-page content  av-content-full alpha units'><div class='post-entry post-entry-type-page post-entry-769'><div class='entry-content-wrapper clearfix'>\n<div class='flex_column av-av_three_fifth-7714eba142aeda1f8b5272a3c372b279 av_three_fifth  avia-builder-el-12  el_before_av_two_fifth  avia-builder-el-first  first flex_column_div '     ><style type=\"text\/css\" data-created_by=\"avia_inline_auto\" id=\"style-css-av-lfv5lky1-ab64e13ff5e6884dc100798a903042fa\">\n#top .av_textblock_section.av-lfv5lky1-ab64e13ff5e6884dc100798a903042fa .avia_textblock{\nfont-size:10px;\ncolor:#ffffff;\n}\n<\/style>\n<section  class='av_textblock_section av-lfv5lky1-ab64e13ff5e6884dc100798a903042fa'  itemscope=\"itemscope\" itemtype=\"https:\/\/schema.org\/CreativeWork\" ><div class='avia_textblock av_inherit_color'  itemprop=\"text\" ><h3><strong>BUS<\/strong><\/h3>\n<p><strong>Laboral Ciudad de la Cultura \/ Laboral Centro de Arte<\/strong><br \/>\nLines <a href=\"https:\/\/documentos.gijon.es\/doc\/LineasBus\/l1.pdf\" target=\"_blank\" rel=\"noopener\">L1<\/a>, <a href=\"https:\/\/documentos.gijon.es\/doc\/LineasBus\/l2.pdf\" target=\"_blank\" rel=\"noopener\">L2<\/a>, <a href=\"https:\/\/documentos.gijon.es\/doc\/LineasBus\/l10.pdf\" target=\"_blank\" rel=\"noopener\">L10<\/a>, <a href=\"https:\/\/documentos.gijon.es\/doc\/LineasBus\/l18.pdf\" target=\"_blank\" rel=\"noopener\">L18.<\/a><br \/>\n<strong>Mus\u00e9u del Pueblu d\u2019Asturies<\/strong><br \/>\nLines <a href=\"https:\/\/documentos.gijon.es\/doc\/LineasBus\/l1.pdf\" target=\"_blank\" rel=\"noopener\">L1<\/a>, <a href=\"https:\/\/documentos.gijon.es\/doc\/LineasBus\/l4.pdf\" target=\"_blank\" rel=\"noopener\">L4<\/a>, <a href=\"https:\/\/documentos.gijon.es\/doc\/LineasBus\/l10.pdf\" target=\"_blank\" rel=\"noopener\">L10<\/a>.<\/p>\n<\/div><\/section><br \/>\n\n<style type=\"text\/css\" data-created_by=\"avia_inline_auto\" id=\"style-css-av-lfv5mgk7-21ffbf1148edd460258270a66606da9b\">\n#top .av_textblock_section.av-lfv5mgk7-21ffbf1148edd460258270a66606da9b .avia_textblock{\nfont-size:10px;\ncolor:#ffffff;\n}\n<\/style>\n<section  class='av_textblock_section av-lfv5mgk7-21ffbf1148edd460258270a66606da9b'  itemscope=\"itemscope\" itemtype=\"https:\/\/schema.org\/CreativeWork\" ><div class='avia_textblock av_inherit_color'  itemprop=\"text\" ><p title=\"\">Download the official EMTUSA MOBILE APP to travel around the city by bus:<br \/>\n<a href=\"https:\/\/play.google.com\/store\/apps\/details?id=es.gijon.emtusa&#038;hl=es_419&#038;gl=US\">Android<\/a> \/ <a href=\"https:\/\/apps.apple.com\/es\/app\/gij%C3%B3n-emtusa\/id1529085780\">Iphone<\/a><\/p>\n<\/div><\/section><\/p><\/div><div class='flex_column av-av_two_fifth-f1c518e9ff58e869f80c8f093487abc9 av_two_fifth  avia-builder-el-15  el_after_av_three_fifth  avia-builder-el-last  flex_column_div '     ><style type=\"text\/css\" data-created_by=\"avia_inline_auto\" id=\"style-css-av-lfv5nxnv-26d0918c7dc5c50e58ab803edc8d3f7f\">\n#top .av_textblock_section.av-lfv5nxnv-26d0918c7dc5c50e58ab803edc8d3f7f .avia_textblock{\nfont-size:10px;\ncolor:#ffffff;\n}\n<\/style>\n<section  class='av_textblock_section av-lfv5nxnv-26d0918c7dc5c50e58ab803edc8d3f7f'  itemscope=\"itemscope\" itemtype=\"https:\/\/schema.org\/CreativeWork\" ><div class='avia_textblock av_inherit_color'  itemprop=\"text\" ><h3 style=\"margin-bottom: 0;\"><strong>GET AROUND BY BIKE<\/strong><\/h3>\n<p style=\"margin-top: 0;\">Access the interactive map with all the bike lanes, cycle lanes and Gij\u00f3n Bici points\u00a0<a title=\"\" href=\"https:\/\/observa.gijon.es\/map\/moverse_en_bici\/?location=14,43.5268,-5.64019\" target=\"_blank\" rel=\"noopener\"><strong title=\"\">HERE<\/strong><\/a><\/p>\n<p title=\"\">\n<\/div><\/section><\/div>\n\n<\/div><\/div><\/div><!-- close content main div --><\/div><\/div>\n<style type=\"text\/css\" data-created_by=\"avia_inline_auto\" id=\"style-css-av-av_section-b175b9b4d2b0b59dbed51d717a9055e0\">\n.avia-section.av-av_section-b175b9b4d2b0b59dbed51d717a9055e0{\nbackground-color:#ffffff;\nbackground-image:unset;\nmargin-top:0px;\nmargin-bottom:50px;\n}\n<\/style>\n<div id='av_section_4'  class='avia-section av-av_section-b175b9b4d2b0b59dbed51d717a9055e0 main_color avia-section-no-padding avia-no-border-styling  avia-builder-el-17  el_after_av_section  avia-builder-el-last  avia-bg-style-scroll container_wrap fullsize'  ><div class='container av-section-cont-open' ><div class='template-page content  av-content-full alpha units'><div class='post-entry post-entry-type-page post-entry-769'><div class='entry-content-wrapper clearfix'>\n\n<style type=\"text\/css\" data-created_by=\"avia_inline_auto\" id=\"style-css-av-av_three_fifth-65435ec462b266353ecec9a8612901fb\">\n.flex_column.av-av_three_fifth-65435ec462b266353ecec9a8612901fb{\npadding:0 0 0 0;\n}\n<\/style>\n<div class='flex_column av-av_three_fifth-65435ec462b266353ecec9a8612901fb av_three_fifth  avia-builder-el-18  el_before_av_two_fifth  avia-builder-el-first  first flex_column_div '     ><style type=\"text\/css\" data-created_by=\"avia_inline_auto\" id=\"style-css-av-lfv5oxsh-7ef2888f1d19fa3f61e387d94a34effa\">\n#top .av_textblock_section.av-lfv5oxsh-7ef2888f1d19fa3f61e387d94a34effa .avia_textblock{\nfont-size:10px;\ncolor:#ffffff;\n}\n<\/style>\n<section  class='av_textblock_section av-lfv5oxsh-7ef2888f1d19fa3f61e387d94a34effa'  itemscope=\"itemscope\" itemtype=\"https:\/\/schema.org\/CreativeWork\" ><div class='avia_textblock av_inherit_color'  itemprop=\"text\" ><h3 style=\"margin-bottom: 0;\"><strong title=\"\">SPECIAL BUS NIGHT SERVICE DURING THE FESTIVAL<\/strong><\/h3>\n<p title=\"\"><strong title=\"\">Timetables at the end of the activities:<\/strong><br \/>\nFriday night, April 28<br \/>\nSaturday night, April 29<\/p>\n<p title=\"\">\n<\/div><\/section><\/div><div class='flex_column av-av_two_fifth-f1c518e9ff58e869f80c8f093487abc9 av_two_fifth  avia-builder-el-20  el_after_av_three_fifth  el_before_av_hr  flex_column_div '     ><style type=\"text\/css\" data-created_by=\"avia_inline_auto\" id=\"style-css-av-lfv5rpmo-da97c975e8bac39843cb6c786765adcf\">\n#top .av_textblock_section.av-lfv5rpmo-da97c975e8bac39843cb6c786765adcf .avia_textblock{\nfont-size:10px;\ncolor:#ffffff;\n}\n<\/style>\n<section  class='av_textblock_section av-lfv5rpmo-da97c975e8bac39843cb6c786765adcf'  itemscope=\"itemscope\" itemtype=\"https:\/\/schema.org\/CreativeWork\" ><div class='avia_textblock av_inherit_color'  itemprop=\"text\" ><h3 style=\"margin-bottom: 0;\"><strong>ORGANIZE YOUR VISIT<\/strong><\/h3>\n<p style=\"margin-top: 0;\">Are you coming to Gij\u00f3n for the festival? Discover everything you need to know to prepare your visit to the city, practical information, where to stay, how to move around and much more, at\u00a0<a title=\"\" href=\"https:\/\/www.gijon.es\">www.gijon.info<\/a><\/p>\n<\/div><\/section><\/div>\n<style type=\"text\/css\" data-created_by=\"avia_inline_auto\" id=\"style-css-av-av_hr-3a876428eececa9d35452247ddb053af\">\n#top .hr.hr-invisible.av-av_hr-3a876428eececa9d35452247ddb053af{\nheight:50px;\n}\n<\/style>\n<div  class='hr av-av_hr-3a876428eececa9d35452247ddb053af hr-invisible  avia-builder-el-22  el_after_av_two_fifth  avia-builder-el-last '><span class='hr-inner '><span class=\"hr-inner-style\"><\/span><\/span><\/div>\n\n","protected":false},"excerpt":{"rendered":"","protected":false},"author":1,"featured_media":0,"parent":0,"menu_order":0,"comment_status":"closed","ping_status":"closed","template":"","meta":{"footnotes":""},"class_list":["post-769","page","type-page","status-publish","hentry"],"yoast_head":"<!-- This site is optimized with the Yoast SEO plugin v20.7 - https:\/\/yoast.com\/wordpress\/plugins\/seo\/ -->\n<title>HOW TO GET TO THE FESTIVAL - L.E.V. Gij\u00f3n 2023 - L.E.V. Festival 2023<\/title>\n<meta name=\"robots\" content=\"index, follow, max-snippet:-1, max-image-preview:large, max-video-preview:-1\" \/>\n<link rel=\"canonical\" href=\"https:\/\/levfestival.com\/23-gijon\/en\/how-to-get-to-the-festival-23\/\" \/>\n<meta property=\"og:locale\" content=\"en_US\" \/>\n<meta property=\"og:type\" content=\"article\" \/>\n<meta property=\"og:title\" content=\"HOW TO GET TO THE FESTIVAL - L.E.V. Gij\u00f3n 2023 - L.E.V. Festival 2023\" \/>\n<meta property=\"og:url\" content=\"https:\/\/levfestival.com\/23-gijon\/en\/how-to-get-to-the-festival-23\/\" \/>\n<meta property=\"og:site_name\" content=\"L.E.V. Gij\u00f3n 2023 - L.E.V. Festival 2023\" \/>\n<meta property=\"article:modified_time\" content=\"2024-02-02T14:55:24+00:00\" \/>\n<meta name=\"twitter:card\" content=\"summary_large_image\" \/>\n<meta name=\"twitter:label1\" content=\"Est. reading time\" \/>\n\t<meta name=\"twitter:data1\" content=\"7 minutes\" \/>\n<script type=\"application\/ld+json\" class=\"yoast-schema-graph\">{\"@context\":\"https:\/\/schema.org\",\"@graph\":[{\"@type\":\"WebPage\",\"@id\":\"https:\/\/levfestival.com\/23-gijon\/en\/how-to-get-to-the-festival-23\/\",\"url\":\"https:\/\/levfestival.com\/23-gijon\/en\/how-to-get-to-the-festival-23\/\",\"name\":\"HOW TO GET TO THE FESTIVAL - L.E.V. Gij\u00f3n 2023 - L.E.V. Festival 2023\",\"isPartOf\":{\"@id\":\"https:\/\/levfestival.com\/23-gijon\/#website\"},\"datePublished\":\"2023-03-01T11:09:57+00:00\",\"dateModified\":\"2024-02-02T14:55:24+00:00\",\"inLanguage\":\"en-US\",\"potentialAction\":[{\"@type\":\"ReadAction\",\"target\":[\"https:\/\/levfestival.com\/23-gijon\/en\/how-to-get-to-the-festival-23\/\"]}]},{\"@type\":\"WebSite\",\"@id\":\"https:\/\/levfestival.com\/23-gijon\/#website\",\"url\":\"https:\/\/levfestival.com\/23-gijon\/\",\"name\":\"L.E.V. Gij\u00f3n 2023 - L.E.V. Festival 2023\",\"description\":\"\",\"potentialAction\":[{\"@type\":\"SearchAction\",\"target\":{\"@type\":\"EntryPoint\",\"urlTemplate\":\"https:\/\/levfestival.com\/23-gijon\/?s={search_term_string}\"},\"query-input\":\"required name=search_term_string\"}],\"inLanguage\":\"en-US\"}]}<\/script>\n<!-- \/ Yoast SEO plugin. -->","yoast_head_json":{"title":"HOW TO GET TO THE FESTIVAL - L.E.V. Gij\u00f3n 2023 - L.E.V. Festival 2023","robots":{"index":"index","follow":"follow","max-snippet":"max-snippet:-1","max-image-preview":"max-image-preview:large","max-video-preview":"max-video-preview:-1"},"canonical":"https:\/\/levfestival.com\/23-gijon\/en\/how-to-get-to-the-festival-23\/","og_locale":"en_US","og_type":"article","og_title":"HOW TO GET TO THE FESTIVAL - L.E.V. Gij\u00f3n 2023 - L.E.V. Festival 2023","og_url":"https:\/\/levfestival.com\/23-gijon\/en\/how-to-get-to-the-festival-23\/","og_site_name":"L.E.V. Gij\u00f3n 2023 - L.E.V. Festival 2023","article_modified_time":"2024-02-02T14:55:24+00:00","twitter_card":"summary_large_image","twitter_misc":{"Est. reading time":"7 minutes"},"schema":{"@context":"https:\/\/schema.org","@graph":[{"@type":"WebPage","@id":"https:\/\/levfestival.com\/23-gijon\/en\/how-to-get-to-the-festival-23\/","url":"https:\/\/levfestival.com\/23-gijon\/en\/how-to-get-to-the-festival-23\/","name":"HOW TO GET TO THE FESTIVAL - L.E.V. Gij\u00f3n 2023 - L.E.V. Festival 2023","isPartOf":{"@id":"https:\/\/levfestival.com\/23-gijon\/#website"},"datePublished":"2023-03-01T11:09:57+00:00","dateModified":"2024-02-02T14:55:24+00:00","inLanguage":"en-US","potentialAction":[{"@type":"ReadAction","target":["https:\/\/levfestival.com\/23-gijon\/en\/how-to-get-to-the-festival-23\/"]}]},{"@type":"WebSite","@id":"https:\/\/levfestival.com\/23-gijon\/#website","url":"https:\/\/levfestival.com\/23-gijon\/","name":"L.E.V. Gij\u00f3n 2023 - L.E.V. Festival 2023","description":"","potentialAction":[{"@type":"SearchAction","target":{"@type":"EntryPoint","urlTemplate":"https:\/\/levfestival.com\/23-gijon\/?s={search_term_string}"},"query-input":"required name=search_term_string"}],"inLanguage":"en-US"}]}},"_links":{"self":[{"href":"https:\/\/levfestival.com\/23-gijon\/en\/wp-json\/wp\/v2\/pages\/769","targetHints":{"allow":["GET"]}}],"collection":[{"href":"https:\/\/levfestival.com\/23-gijon\/en\/wp-json\/wp\/v2\/pages"}],"about":[{"href":"https:\/\/levfestival.com\/23-gijon\/en\/wp-json\/wp\/v2\/types\/page"}],"author":[{"embeddable":true,"href":"https:\/\/levfestival.com\/23-gijon\/en\/wp-json\/wp\/v2\/users\/1"}],"replies":[{"embeddable":true,"href":"https:\/\/levfestival.com\/23-gijon\/en\/wp-json\/wp\/v2\/comments?post=769"}],"version-history":[{"count":8,"href":"https:\/\/levfestival.com\/23-gijon\/en\/wp-json\/wp\/v2\/pages\/769\/revisions"}],"predecessor-version":[{"id":1661,"href":"https:\/\/levfestival.com\/23-gijon\/en\/wp-json\/wp\/v2\/pages\/769\/revisions\/1661"}],"wp:attachment":[{"href":"https:\/\/levfestival.com\/23-gijon\/en\/wp-json\/wp\/v2\/media?parent=769"}],"curies":[{"name":"wp","href":"https:\/\/api.w.org\/{rel}","templated":true}]}}