{"id":963,"date":"2023-03-15T14:40:36","date_gmt":"2023-03-15T14:40:36","guid":{"rendered":"https:\/\/levfestival.com\/23-gijon\/faqs\/"},"modified":"2023-04-25T16:12:26","modified_gmt":"2023-04-25T16:12:26","slug":"faqs","status":"publish","type":"page","link":"https:\/\/levfestival.com\/23-gijon\/en\/faqs\/","title":{"rendered":"FAQs"},"content":{"rendered":"<div id='av_section_1'  class='avia-section av-lf9vdlhp-313ffed65335086cbb8e82c8f20bbcc8 main_color avia-section-default avia-no-border-styling  avia-builder-el-0  avia-builder-el-no-sibling  avia-bg-style-scroll container_wrap fullsize'  ><div class='container av-section-cont-open' ><main  role=\"main\" itemprop=\"mainContentOfPage\"  class='template-page content  av-content-full alpha units'><div class='post-entry post-entry-type-page post-entry-963'><div class='entry-content-wrapper clearfix'>\n\n<style type=\"text\/css\" data-created_by=\"avia_inline_auto\" id=\"style-css-av-lf9siz53-de5618f136fdfe35739f3d3d4078ae04\">\n#top .av-special-heading.av-lf9siz53-de5618f136fdfe35739f3d3d4078ae04{\npadding-bottom:10px;\ncolor:#ffffff;\n}\nbody .av-special-heading.av-lf9siz53-de5618f136fdfe35739f3d3d4078ae04 .av-special-heading-tag .heading-char{\nfont-size:25px;\n}\n.av-special-heading.av-lf9siz53-de5618f136fdfe35739f3d3d4078ae04 .special-heading-inner-border{\nborder-color:#ffffff;\n}\n.av-special-heading.av-lf9siz53-de5618f136fdfe35739f3d3d4078ae04 .av-subheading{\nfont-size:15px;\n}\n<\/style>\n<div  class='av-special-heading av-lf9siz53-de5618f136fdfe35739f3d3d4078ae04 av-special-heading-h1 custom-color-heading blockquote modern-quote  avia-builder-el-1  el_before_av_hr  avia-builder-el-first '><h1 class='av-special-heading-tag'  itemprop=\"headline\"  >FAQs<\/h1><div class=\"special-heading-border\"><div class=\"special-heading-inner-border\"><\/div><\/div><\/div>\n\n<style type=\"text\/css\" data-created_by=\"avia_inline_auto\" id=\"style-css-av-lf9t1y0i-c57d484d490b6f245ecbb118811153fe\">\n#top .hr.hr-invisible.av-lf9t1y0i-c57d484d490b6f245ecbb118811153fe{\nheight:50px;\n}\n<\/style>\n<div  class='hr av-lf9t1y0i-c57d484d490b6f245ecbb118811153fe hr-invisible  avia-builder-el-2  el_after_av_heading  el_before_av_two_third '><span class='hr-inner '><span class=\"hr-inner-style\"><\/span><\/span><\/div>\n<div class='flex_column av-3sbymh-8b67811e2b7860760f47aeac83e5964f av_two_third  avia-builder-el-3  el_after_av_hr  el_before_av_one_third  first flex_column_div '     ><p>\n<style type=\"text\/css\" data-created_by=\"avia_inline_auto\" id=\"style-css-av-lf9vysle-30383e65a77a7e8e8a5323f6df88fd61\">\n#top .togglecontainer.av-lf9vysle-30383e65a77a7e8e8a5323f6df88fd61 p.toggler{\nfont-size:24px;\ncolor:#ffffff;\nbackground-color:#000000;\nborder-color:#0003e9;\n}\n#top .togglecontainer.av-lf9vysle-30383e65a77a7e8e8a5323f6df88fd61 p.toggler .toggle_icon{\ncolor:#0003e9;\nborder-color:#0003e9;\n}\n#top .togglecontainer.av-lf9vysle-30383e65a77a7e8e8a5323f6df88fd61 p.toggler .toggle_icon > span{\ncolor:#0003e9;\nborder-color:#0003e9;\n}\n#top .togglecontainer.av-lf9vysle-30383e65a77a7e8e8a5323f6df88fd61 .toggle_wrap .toggle_content{\nfont-size:19px;\ncolor:#ffffff;\nbackground-color:#000000;\nborder-color:#0003e9;\n}\n<\/style>\n<div  class='togglecontainer av-lf9vysle-30383e65a77a7e8e8a5323f6df88fd61 av-minimal-toggle  avia-builder-el-4  el_before_av_hr  avia-builder-el-first  faqs-acordeon toggle_close_all'  itemscope=\"itemscope\" itemtype=\"https:\/\/schema.org\/FAQPage\" >\n<section class='av_toggle_section av-9uqq9-a9640fa654256f8df5c551a899a1a939'  itemscope=\"itemscope\" itemprop=\"mainEntity\" itemtype=\"https:\/\/schema.org\/Question\" ><div role=\"tablist\" class=\"single_toggle\" data-tags=\"{All} \"  ><p data-fake-id='#toggle-id-1' class='toggler   av-inherit-border-color'  itemprop=\"name\"  role='tab' tabindex='0' aria-controls='toggle-id-1'>Where can I stay in Gij\u00f3n and how can I move around the different spaces in the festival?<span class=\"toggle_icon\"><span class=\"vert_icon\"><\/span><span class=\"hor_icon\"><\/span><\/span><\/p><div id='toggle-id-1' class='toggle_wrap  '   itemscope=\"itemscope\" itemprop=\"acceptedAnswer\" itemtype=\"https:\/\/schema.org\/Answer\" ><div class='toggle_content invers-color av-inherit-border-color'  itemprop=\"text\" ><p>L.E.V. Festival does not happen in a single venue, but in different spaces in the town of Gij\u00f3n (Asturias, Spain). Most visitors choose to stay at the city center, as it offers plenty of variety, and some of the festival activities take place there. But there are other options close to La Laboral (the space of the live shows and AV performances), such as Camping Deva or rural houses.<\/p>\n<p>The different festival spaces are very well served by several bus lines, and a special bus line back to the city center will be available after the night activities at La Laboral on Friday April 28 and Saturday 29, when standard bus lines are no longer operative. You can check the map and all the details in the <a href=\"https:\/\/levfestival.com\/23-gijon\/en\/how-to-get-to-the-festival-23\/\">How to get to the festival<\/a> section.<\/p>\n<\/div><\/div><\/div><\/section>\n<section class='av_toggle_section av-2mge8x-0437abe3c64f89fc920c45b6a95fb990'  itemscope=\"itemscope\" itemprop=\"mainEntity\" itemtype=\"https:\/\/schema.org\/Question\" ><div role=\"tablist\" class=\"single_toggle\" data-tags=\"{All} \"  ><p data-fake-id='#toggle-id-2' class='toggler   av-inherit-border-color'  itemprop=\"name\"  role='tab' tabindex='0' aria-controls='toggle-id-2'>What does the 2-day festival ticket include? Can I buy tickets for a single activity?<span class=\"toggle_icon\"><span class=\"vert_icon\"><\/span><span class=\"hor_icon\"><\/span><\/span><\/p><div id='toggle-id-2' class='toggle_wrap  '   itemscope=\"itemscope\" itemprop=\"acceptedAnswer\" itemtype=\"https:\/\/schema.org\/Answer\" ><div class='toggle_content invers-color av-inherit-border-color'  itemprop=\"text\" ><p>The 2-day festival ticket (Friday+Saturday) includes access to all L.E.V Festival daytime and night activities on Friday April 28 and Saturday 29.<span class=\"Apple-converted-space\">\u00a0<\/span><\/p>\n<p>The activities on Thursday April 27 (audiovisual installations and virtual reality experiences) are free, and you need separate tickets for the activities on Sunday April 30 at Jard\u00edn Bot\u00e1nico and Teatro Jovellanos. There is not a single full festival ticket including these activities too.<\/p>\n<p>You can check all the types of festival tickets in the <a href=\"https:\/\/levfestival.com\/23-gijon\/en\/entradas\/\">Tickets<\/a> section.<\/p>\n<\/div><\/div><\/div><\/section>\n<section class='av_toggle_section av-2fm6tl-ead2b70569a8c556cca7d6c3e274b494'  itemscope=\"itemscope\" itemprop=\"mainEntity\" itemtype=\"https:\/\/schema.org\/Question\" ><div role=\"tablist\" class=\"single_toggle\" data-tags=\"{All} \"  ><p data-fake-id='#toggle-id-3' class='toggler   av-inherit-border-color'  itemprop=\"name\"  role='tab' tabindex='0' aria-controls='toggle-id-3'>Are there any free activities?<span class=\"toggle_icon\"><span class=\"vert_icon\"><\/span><span class=\"hor_icon\"><\/span><\/span><\/p><div id='toggle-id-3' class='toggle_wrap  '   itemscope=\"itemscope\" itemprop=\"acceptedAnswer\" itemtype=\"https:\/\/schema.org\/Answer\" ><div class='toggle_content invers-color av-inherit-border-color'  itemprop=\"text\" ><p>Starting on Thursday 27 April, L.E.V. Festival&#8217;s line-up includes several free-access audiovisual installations and virtual reality experiences: <a href=\"https:\/\/levfestival.com\/23-gijon\/en\/lev-gijon\/iregular-faces\/\">Faces<\/a> by Iregular at CCAI; <a href=\"https:\/\/levfestival.com\/23-gijon\/en\/lev-gijon\/total-refusal\/\">Hardly Working<\/a> by Total Refusal and <a href=\"https:\/\/levfestival.com\/23-gijon\/en\/lev-gijon\/maxime-corbeil-perron\/\">OPTX.drips<\/a> by Maxime Corbeil-Perron at LABoral Centro de Arte; and <a href=\"https:\/\/levfestival.com\/23-gijon\/en\/lev-gijon\/pedro-harres\/\">From the Main Square<\/a> and <a href=\"https:\/\/levfestival.com\/23-gijon\/en\/lev-gijon\/barry-gene-murphy-may-abdalla\/\">Goliath: Playing with Reality<\/a> at Escuela de Comercio.<\/p>\n<\/div><\/div><\/div><\/section>\n<section class='av_toggle_section av-26oru1-1b502ece5f86360cc495eaa0ffbce31b'  itemscope=\"itemscope\" itemprop=\"mainEntity\" itemtype=\"https:\/\/schema.org\/Question\" ><div role=\"tablist\" class=\"single_toggle\" data-tags=\"{All} \"  ><p data-fake-id='#toggle-id-4' class='toggler   av-inherit-border-color'  itemprop=\"name\"  role='tab' tabindex='0' aria-controls='toggle-id-4'> What can I do if I have a problem when purchasing tickets?<span class=\"toggle_icon\"><span class=\"vert_icon\"><\/span><span class=\"hor_icon\"><\/span><\/span><\/p><div id='toggle-id-4' class='toggle_wrap  '   itemscope=\"itemscope\" itemprop=\"acceptedAnswer\" itemtype=\"https:\/\/schema.org\/Answer\" ><div class='toggle_content invers-color av-inherit-border-color'  itemprop=\"text\" ><p>Please contact <a href=\"mailto:eventos@turismoycultura.asturias.es\">eventos@turismoycultura.asturias.es<\/a> if you have any problem concerning the purchase of Friday+Saturday tickets and tickets for the activities at Teatro de la Laboral, la Nave de LABoral Centro de Arte and Mus\u00e9u del Pueblu d&#8217;Asturies.<\/p>\n<p>Please contact <a href=\"mailto:programacion@teatrojovellanos.com\">programacion@teatrojovellanos.com<\/a> if you have any problem concerning the purchase of tickets for the shows at Teatro Jovellanos.<\/p>\n<\/div><\/div><\/div><\/section>\n<section class='av_toggle_section av-21b5xd-98233657888279569846d0da53a78f42'  itemscope=\"itemscope\" itemprop=\"mainEntity\" itemtype=\"https:\/\/schema.org\/Question\" ><div role=\"tablist\" class=\"single_toggle\" data-tags=\"{All} \"  ><p data-fake-id='#toggle-id-5' class='toggler   av-inherit-border-color'  itemprop=\"name\"  role='tab' tabindex='0' aria-controls='toggle-id-5'>Where can I check the festival schedule?<span class=\"toggle_icon\"><span class=\"vert_icon\"><\/span><span class=\"hor_icon\"><\/span><\/span><\/p><div id='toggle-id-5' class='toggle_wrap  '   itemscope=\"itemscope\" itemprop=\"acceptedAnswer\" itemtype=\"https:\/\/schema.org\/Answer\" ><div class='toggle_content invers-color av-inherit-border-color'  itemprop=\"text\" ><p>You can see the daily schedules of all the festival&#8217;s activities in the <a href=\"https:\/\/levfestival.com\/23-gijon\/en\/horarios\/\">Timetable<\/a> section.<\/p>\n<\/div><\/div><\/div><\/section>\n<section class='av_toggle_section av-21b5xd-4ab789b6344cfffec88a746b958b9143'  itemscope=\"itemscope\" itemprop=\"mainEntity\" itemtype=\"https:\/\/schema.org\/Question\" ><div role=\"tablist\" class=\"single_toggle\" data-tags=\"{All} \"  ><p data-fake-id='#toggle-id-6' class='toggler   av-inherit-border-color'  itemprop=\"name\"  role='tab' tabindex='0' aria-controls='toggle-id-6'>WHERE CAN I EXCHANGE MY TICKETS FOR THE FESTIVAL WRISTBAND?<span class=\"toggle_icon\"><span class=\"vert_icon\"><\/span><span class=\"hor_icon\"><\/span><\/span><\/p><div id='toggle-id-6' class='toggle_wrap  '   itemscope=\"itemscope\" itemprop=\"acceptedAnswer\" itemtype=\"https:\/\/schema.org\/Answer\" ><div class='toggle_content invers-color av-inherit-border-color'  itemprop=\"text\" ><p>Tickets can be exchanged at the following locations and times:<\/p>\n<p title=\"\"><strong title=\"\">Friday, April 28<\/strong><br \/>\nFrom 19:30 to 02:00 h at Teatro de la Laboral box office<\/p>\n<p title=\"\"><strong title=\"\">Saturday, April 29<\/strong><br \/>\nFrom 12.30 to 17:00 h at Mus\u00e9u del Pueblu d\u2019Asturies box office<br \/>\nFrom 18:00 to 22:00 h at Mus\u00e9u del Pueblu d\u2019Asturies box office<br \/>\nFrom 23:00 to 02:00 h at Laboral Centro de Arte box office<br \/>\n* a partir de las 02:00 h estar\u00e1 activa la venta online hasta el cierre.<\/p>\n<p title=\"\"><strong>Sunday, April 30<\/strong><br \/>\nFrom 13:00 to 15.30 h at Mus\u00e9u del Pueblu d\u2019Asturies box office<\/p>\n<\/div><\/div><\/div><\/section>\n<section class='av_toggle_section av-21b5xd-d298fb0824592210bd6e04e9993fe995'  itemscope=\"itemscope\" itemprop=\"mainEntity\" itemtype=\"https:\/\/schema.org\/Question\" ><div role=\"tablist\" class=\"single_toggle\" data-tags=\"{All} \"  ><p data-fake-id='#toggle-id-7' class='toggler   av-inherit-border-color'  itemprop=\"name\"  role='tab' tabindex='0' aria-controls='toggle-id-7'>WILL FOOD AND DRINKS BE SERVED IN THE DIFFERENT FESTIVAL VENUES?<span class=\"toggle_icon\"><span class=\"vert_icon\"><\/span><span class=\"hor_icon\"><\/span><\/span><\/p><div id='toggle-id-7' class='toggle_wrap  '   itemscope=\"itemscope\" itemprop=\"acceptedAnswer\" itemtype=\"https:\/\/schema.org\/Answer\" ><div class='toggle_content invers-color av-inherit-border-color'  itemprop=\"text\" ><p>Teatro de la Laboral, Nave de LABoral Centro de Arte, Mus\u00e9u del Pueblu de Asturies and<span class=\"gmail-Apple-converted-space\">\u00a0 <\/span>Jard\u00edn Bot\u00e1nico Atl\u00e1ntico will have bars where drinks will be served by La Salve and Organics by Red Bull, as well as food, with vegan and gluten-free options, during the festival activities. <strong>Payments may only be made by debit\/credit card.<\/strong><\/p>\n<\/div><\/div><\/div><\/section>\n<\/div><br \/>\n<div  class='hr av-1u3hxl-a927eba45f18a32bd2810e7f1fb332b8 hr-default  avia-builder-el-5  el_after_av_toggle_container  el_before_av_textblock  line-blue'><span class='hr-inner '><span class=\"hr-inner-style\"><\/span><\/span><\/div><br \/>\n\n<style type=\"text\/css\" data-created_by=\"avia_inline_auto\" id=\"style-css-av-1qf59t-6cc885bd5eacc6b6965e375704bdf32d\">\n#top .av_textblock_section.av-1qf59t-6cc885bd5eacc6b6965e375704bdf32d .avia_textblock{\ncolor:#ffffff;\n}\n<\/style>\n<section  class='av_textblock_section av-1qf59t-6cc885bd5eacc6b6965e375704bdf32d'  itemscope=\"itemscope\" itemtype=\"https:\/\/schema.org\/CreativeWork\" ><div class='avia_textblock fin-faq av_inherit_color'  itemprop=\"text\" ><h3>MORE QUESTIONS?<\/h3>\n<p>Please write us to this email: <a href=\"mailto:info@levfestival.org\">info@levfestival.org<\/a>, or contact us through our social media, you can find the links at the bottom of this page<b>.<\/b><\/p>\n<\/div><\/section><br \/>\n\n<style type=\"text\/css\" data-created_by=\"avia_inline_auto\" id=\"style-css-av-ewfmh-68769c978148e1a30faac24e4ee522e8\">\n#top .hr.hr-invisible.av-ewfmh-68769c978148e1a30faac24e4ee522e8{\nheight:50px;\n}\n<\/style>\n<div  class='hr av-ewfmh-68769c978148e1a30faac24e4ee522e8 hr-invisible  avia-builder-el-7  el_after_av_textblock  avia-builder-el-last '><span class='hr-inner '><span class=\"hr-inner-style\"><\/span><\/span><\/div><\/p><\/div><div class='flex_column av-92k2h-eae77524995aaf225505614bc3e2da52 av_one_third  avia-builder-el-8  el_after_av_two_third  el_before_av_hr  flex_column_div '     ><\/div>\n<style type=\"text\/css\" data-created_by=\"avia_inline_auto\" id=\"style-css-av-lf9ud2ni-964f877cde38280a98c2c931adaadad2\">\n#top .hr.hr-invisible.av-lf9ud2ni-964f877cde38280a98c2c931adaadad2{\nheight:100px;\n}\n<\/style>\n<div  class='hr av-lf9ud2ni-964f877cde38280a98c2c931adaadad2 hr-invisible  avia-builder-el-9  el_after_av_one_third  avia-builder-el-last '><span class='hr-inner '><span class=\"hr-inner-style\"><\/span><\/span><\/div>\n\n","protected":false},"excerpt":{"rendered":"","protected":false},"author":1,"featured_media":0,"parent":0,"menu_order":0,"comment_status":"closed","ping_status":"closed","template":"","meta":{"footnotes":""},"class_list":["post-963","page","type-page","status-publish","hentry"],"yoast_head":"<!-- This site is optimized with the Yoast SEO plugin v20.7 - https:\/\/yoast.com\/wordpress\/plugins\/seo\/ -->\n<title>FAQs - L.E.V. Gij\u00f3n 2023 - L.E.V. Festival 2023<\/title>\n<meta name=\"robots\" content=\"index, follow, max-snippet:-1, max-image-preview:large, max-video-preview:-1\" \/>\n<link rel=\"canonical\" href=\"https:\/\/levfestival.com\/23-gijon\/en\/faqs\/\" \/>\n<meta property=\"og:locale\" content=\"en_US\" \/>\n<meta property=\"og:type\" content=\"article\" \/>\n<meta property=\"og:title\" content=\"FAQs - L.E.V. Gij\u00f3n 2023 - L.E.V. Festival 2023\" \/>\n<meta property=\"og:url\" content=\"https:\/\/levfestival.com\/23-gijon\/en\/faqs\/\" \/>\n<meta property=\"og:site_name\" content=\"L.E.V. Gij\u00f3n 2023 - L.E.V. Festival 2023\" \/>\n<meta property=\"article:modified_time\" content=\"2023-04-25T16:12:26+00:00\" \/>\n<meta name=\"twitter:card\" content=\"summary_large_image\" \/>\n<meta name=\"twitter:label1\" content=\"Est. reading time\" \/>\n\t<meta name=\"twitter:data1\" content=\"5 minutes\" \/>\n<script type=\"application\/ld+json\" class=\"yoast-schema-graph\">{\"@context\":\"https:\/\/schema.org\",\"@graph\":[{\"@type\":\"WebPage\",\"@id\":\"https:\/\/levfestival.com\/23-gijon\/en\/faqs\/\",\"url\":\"https:\/\/levfestival.com\/23-gijon\/en\/faqs\/\",\"name\":\"FAQs - L.E.V. Gij\u00f3n 2023 - L.E.V. Festival 2023\",\"isPartOf\":{\"@id\":\"https:\/\/levfestival.com\/23-gijon\/#website\"},\"datePublished\":\"2023-03-15T14:40:36+00:00\",\"dateModified\":\"2023-04-25T16:12:26+00:00\",\"inLanguage\":\"en-US\",\"potentialAction\":[{\"@type\":\"ReadAction\",\"target\":[\"https:\/\/levfestival.com\/23-gijon\/en\/faqs\/\"]}]},{\"@type\":\"WebSite\",\"@id\":\"https:\/\/levfestival.com\/23-gijon\/#website\",\"url\":\"https:\/\/levfestival.com\/23-gijon\/\",\"name\":\"L.E.V. Gij\u00f3n 2023 - L.E.V. Festival 2023\",\"description\":\"\",\"potentialAction\":[{\"@type\":\"SearchAction\",\"target\":{\"@type\":\"EntryPoint\",\"urlTemplate\":\"https:\/\/levfestival.com\/23-gijon\/?s={search_term_string}\"},\"query-input\":\"required name=search_term_string\"}],\"inLanguage\":\"en-US\"}]}<\/script>\n<!-- \/ Yoast SEO plugin. -->","yoast_head_json":{"title":"FAQs - L.E.V. Gij\u00f3n 2023 - L.E.V. Festival 2023","robots":{"index":"index","follow":"follow","max-snippet":"max-snippet:-1","max-image-preview":"max-image-preview:large","max-video-preview":"max-video-preview:-1"},"canonical":"https:\/\/levfestival.com\/23-gijon\/en\/faqs\/","og_locale":"en_US","og_type":"article","og_title":"FAQs - L.E.V. Gij\u00f3n 2023 - L.E.V. Festival 2023","og_url":"https:\/\/levfestival.com\/23-gijon\/en\/faqs\/","og_site_name":"L.E.V. Gij\u00f3n 2023 - L.E.V. Festival 2023","article_modified_time":"2023-04-25T16:12:26+00:00","twitter_card":"summary_large_image","twitter_misc":{"Est. reading time":"5 minutes"},"schema":{"@context":"https:\/\/schema.org","@graph":[{"@type":"WebPage","@id":"https:\/\/levfestival.com\/23-gijon\/en\/faqs\/","url":"https:\/\/levfestival.com\/23-gijon\/en\/faqs\/","name":"FAQs - L.E.V. Gij\u00f3n 2023 - L.E.V. Festival 2023","isPartOf":{"@id":"https:\/\/levfestival.com\/23-gijon\/#website"},"datePublished":"2023-03-15T14:40:36+00:00","dateModified":"2023-04-25T16:12:26+00:00","inLanguage":"en-US","potentialAction":[{"@type":"ReadAction","target":["https:\/\/levfestival.com\/23-gijon\/en\/faqs\/"]}]},{"@type":"WebSite","@id":"https:\/\/levfestival.com\/23-gijon\/#website","url":"https:\/\/levfestival.com\/23-gijon\/","name":"L.E.V. Gij\u00f3n 2023 - L.E.V. Festival 2023","description":"","potentialAction":[{"@type":"SearchAction","target":{"@type":"EntryPoint","urlTemplate":"https:\/\/levfestival.com\/23-gijon\/?s={search_term_string}"},"query-input":"required name=search_term_string"}],"inLanguage":"en-US"}]}},"_links":{"self":[{"href":"https:\/\/levfestival.com\/23-gijon\/en\/wp-json\/wp\/v2\/pages\/963","targetHints":{"allow":["GET"]}}],"collection":[{"href":"https:\/\/levfestival.com\/23-gijon\/en\/wp-json\/wp\/v2\/pages"}],"about":[{"href":"https:\/\/levfestival.com\/23-gijon\/en\/wp-json\/wp\/v2\/types\/page"}],"author":[{"embeddable":true,"href":"https:\/\/levfestival.com\/23-gijon\/en\/wp-json\/wp\/v2\/users\/1"}],"replies":[{"embeddable":true,"href":"https:\/\/levfestival.com\/23-gijon\/en\/wp-json\/wp\/v2\/comments?post=963"}],"version-history":[{"count":3,"href":"https:\/\/levfestival.com\/23-gijon\/en\/wp-json\/wp\/v2\/pages\/963\/revisions"}],"predecessor-version":[{"id":1435,"href":"https:\/\/levfestival.com\/23-gijon\/en\/wp-json\/wp\/v2\/pages\/963\/revisions\/1435"}],"wp:attachment":[{"href":"https:\/\/levfestival.com\/23-gijon\/en\/wp-json\/wp\/v2\/media?parent=963"}],"curies":[{"name":"wp","href":"https:\/\/api.w.org\/{rel}","templated":true}]}}