{"id":865,"date":"2023-03-15T14:40:36","date_gmt":"2023-03-15T14:40:36","guid":{"rendered":"https:\/\/levfestival.com\/23-gijon\/?page_id=865"},"modified":"2023-04-25T16:09:15","modified_gmt":"2023-04-25T16:09:15","slug":"faqs","status":"publish","type":"page","link":"https:\/\/levfestival.com\/23-gijon\/faqs\/","title":{"rendered":"FAQs"},"content":{"rendered":"<div id='av_section_1'  class='avia-section av-lf9vdlhp-313ffed65335086cbb8e82c8f20bbcc8 main_color avia-section-default avia-no-border-styling  avia-builder-el-0  avia-builder-el-no-sibling  avia-bg-style-scroll container_wrap fullsize'  ><div class='container av-section-cont-open' ><main  role=\"main\" itemprop=\"mainContentOfPage\"  class='template-page content  av-content-full alpha units'><div class='post-entry post-entry-type-page post-entry-865'><div class='entry-content-wrapper clearfix'>\n\n<style type=\"text\/css\" data-created_by=\"avia_inline_auto\" id=\"style-css-av-lf9siz53-de5618f136fdfe35739f3d3d4078ae04\">\n#top .av-special-heading.av-lf9siz53-de5618f136fdfe35739f3d3d4078ae04{\npadding-bottom:10px;\ncolor:#ffffff;\n}\nbody .av-special-heading.av-lf9siz53-de5618f136fdfe35739f3d3d4078ae04 .av-special-heading-tag .heading-char{\nfont-size:25px;\n}\n.av-special-heading.av-lf9siz53-de5618f136fdfe35739f3d3d4078ae04 .special-heading-inner-border{\nborder-color:#ffffff;\n}\n.av-special-heading.av-lf9siz53-de5618f136fdfe35739f3d3d4078ae04 .av-subheading{\nfont-size:15px;\n}\n<\/style>\n<div  class='av-special-heading av-lf9siz53-de5618f136fdfe35739f3d3d4078ae04 av-special-heading-h1 custom-color-heading blockquote modern-quote  avia-builder-el-1  el_before_av_hr  avia-builder-el-first '><h1 class='av-special-heading-tag'  itemprop=\"headline\"  >FAQs<\/h1><div class=\"special-heading-border\"><div class=\"special-heading-inner-border\"><\/div><\/div><\/div>\n\n<style type=\"text\/css\" data-created_by=\"avia_inline_auto\" id=\"style-css-av-lf9t1y0i-c57d484d490b6f245ecbb118811153fe\">\n#top .hr.hr-invisible.av-lf9t1y0i-c57d484d490b6f245ecbb118811153fe{\nheight:50px;\n}\n<\/style>\n<div  class='hr av-lf9t1y0i-c57d484d490b6f245ecbb118811153fe hr-invisible  avia-builder-el-2  el_after_av_heading  el_before_av_two_third '><span class='hr-inner '><span class=\"hr-inner-style\"><\/span><\/span><\/div>\n<div class='flex_column av-3sbymh-8b67811e2b7860760f47aeac83e5964f av_two_third  avia-builder-el-3  el_after_av_hr  el_before_av_one_third  first flex_column_div '     ><p>\n<style type=\"text\/css\" data-created_by=\"avia_inline_auto\" id=\"style-css-av-lf9vysle-30383e65a77a7e8e8a5323f6df88fd61\">\n#top .togglecontainer.av-lf9vysle-30383e65a77a7e8e8a5323f6df88fd61 p.toggler{\nfont-size:24px;\ncolor:#ffffff;\nbackground-color:#000000;\nborder-color:#0003e9;\n}\n#top .togglecontainer.av-lf9vysle-30383e65a77a7e8e8a5323f6df88fd61 p.toggler .toggle_icon{\ncolor:#0003e9;\nborder-color:#0003e9;\n}\n#top .togglecontainer.av-lf9vysle-30383e65a77a7e8e8a5323f6df88fd61 p.toggler .toggle_icon > span{\ncolor:#0003e9;\nborder-color:#0003e9;\n}\n#top .togglecontainer.av-lf9vysle-30383e65a77a7e8e8a5323f6df88fd61 .toggle_wrap .toggle_content{\nfont-size:19px;\ncolor:#ffffff;\nbackground-color:#000000;\nborder-color:#0003e9;\n}\n<\/style>\n<div  class='togglecontainer av-lf9vysle-30383e65a77a7e8e8a5323f6df88fd61 av-minimal-toggle  avia-builder-el-4  el_before_av_hr  avia-builder-el-first  faqs-acordeon toggle_close_all'  itemscope=\"itemscope\" itemtype=\"https:\/\/schema.org\/FAQPage\" >\n<section class='av_toggle_section av-9uqq9-d9c96110fafd2c21ac74dab1dc167a16'  itemscope=\"itemscope\" itemprop=\"mainEntity\" itemtype=\"https:\/\/schema.org\/Question\" ><div role=\"tablist\" class=\"single_toggle\" data-tags=\"{Todo} \"  ><p data-fake-id='#toggle-id-1' class='toggler   av-inherit-border-color'  itemprop=\"name\"  role='tab' tabindex='0' aria-controls='toggle-id-1'>\u00bfD\u00f3nde alojarme y c\u00f3mo moverme entre los espacios del festival?<span class=\"toggle_icon\"><span class=\"vert_icon\"><\/span><span class=\"hor_icon\"><\/span><\/span><\/p><div id='toggle-id-1' class='toggle_wrap  '   itemscope=\"itemscope\" itemprop=\"acceptedAnswer\" itemtype=\"https:\/\/schema.org\/Answer\" ><div class='toggle_content invers-color av-inherit-border-color'  itemprop=\"text\" ><p>L.E.V. Festival no cuenta con un \u00fanico recinto, sino que se celebra en diferentes lugares de la ciudad de Gij\u00f3n. La mayor\u00eda del p\u00fablico opta por alojarse en el centro de la ciudad, ya que la oferta es m\u00e1s variada, adem\u00e1s de ser la ubicaci\u00f3n de algunas de las actividades del festival, pero tambi\u00e9n hay opciones cerca del recinto de la Laboral (donde tiene lugar la programaci\u00f3n de conciertos y performances AV) como el Camping Deva o casas rurales.<\/p>\n<p>Las diferentes localizaciones del festival est\u00e1n perfectamente comunicadas con varias l\u00edneas de autob\u00fas y, adem\u00e1s, se ofrecer\u00e1 un servicio especial de autob\u00fas de vuelta al centro de Gij\u00f3n al terminar la programaci\u00f3n nocturna en los espacios de la Laboral el viernes 28 y el s\u00e1bado 29 de abril, cuando los autobuses convencionales ya no operan en ese horario. Puedes consultar el mapa y todos los detalles en la secci\u00f3n <a href=\"https:\/\/levfestival.com\/23-gijon\/como-llegar\/\">C\u00f3mo llegar.<\/a><\/p>\n<\/div><\/div><\/div><\/section>\n<section class='av_toggle_section av-2mge8x-841afea9922578ea344d9c4ca142a503'  itemscope=\"itemscope\" itemprop=\"mainEntity\" itemtype=\"https:\/\/schema.org\/Question\" ><div role=\"tablist\" class=\"single_toggle\" data-tags=\"{Todo} \"  ><p data-fake-id='#toggle-id-2' class='toggler   av-inherit-border-color'  itemprop=\"name\"  role='tab' tabindex='0' aria-controls='toggle-id-2'>\u00bfQu\u00e9 incluye el abono del festival? \u00bfPuedo comprar entradas para una \u00fanica actividad?<span class=\"toggle_icon\"><span class=\"vert_icon\"><\/span><span class=\"hor_icon\"><\/span><\/span><\/p><div id='toggle-id-2' class='toggle_wrap  '   itemscope=\"itemscope\" itemprop=\"acceptedAnswer\" itemtype=\"https:\/\/schema.org\/Answer\" ><div class='toggle_content invers-color av-inherit-border-color'  itemprop=\"text\" ><p>El abono viernes+s\u00e1bado incluye acceso a todas las actividades, tanto diurnas como nocturnas, que se celebran el viernes 28 y el s\u00e1bado 29 de abril dentro de la programaci\u00f3n de L.E.V. Festival.<\/p>\n<p>Las actividades del jueves 27 de abril (instalaciones audiovisuales y experiencias de realidad virtual) son de acceso gratuito, y las actividades del domingo 30 de abril en el Jard\u00edn Bot\u00e1nico y el Teatro Jovellanos cuentan cada una con una entrada independiente. No existe una modalidad de abono que incluya tambi\u00e9n esas actividades.<\/p>\n<p>Puedes consultar los diferentes tipos de entradas que ofrece el festival en la secci\u00f3n <a href=\"https:\/\/levfestival.com\/23-gijon\/entradas\/\">Entradas<\/a>.<\/p>\n<\/div><\/div><\/div><\/section>\n<section class='av_toggle_section av-2fm6tl-bd085aa15fbf896bf892ec286ee0d721'  itemscope=\"itemscope\" itemprop=\"mainEntity\" itemtype=\"https:\/\/schema.org\/Question\" ><div role=\"tablist\" class=\"single_toggle\" data-tags=\"{Todo} \"  ><p data-fake-id='#toggle-id-3' class='toggler   av-inherit-border-color'  itemprop=\"name\"  role='tab' tabindex='0' aria-controls='toggle-id-3'>\u00bfHay actividades gratuitas?<span class=\"toggle_icon\"><span class=\"vert_icon\"><\/span><span class=\"hor_icon\"><\/span><\/span><\/p><div id='toggle-id-3' class='toggle_wrap  '   itemscope=\"itemscope\" itemprop=\"acceptedAnswer\" itemtype=\"https:\/\/schema.org\/Answer\" ><div class='toggle_content invers-color av-inherit-border-color'  itemprop=\"text\" ><p>Desde el jueves 27 de abril, L.E.V. Festival ofrece dentro de su programaci\u00f3n diferentes propuestas de instalaciones audiovisuales y experiencias de realidad virtual, de acceso gratuito: <a href=\"https:\/\/levfestival.com\/23-gijon\/lev-gijon\/iregular-faces\/\">Faces<\/a> de Iregular en el CCAI; <a href=\"https:\/\/levfestival.com\/23-gijon\/lev-gijon\/total-refusal\/\">Hardly Working<\/a> de Total Refusal y <a href=\"https:\/\/levfestival.com\/23-gijon\/lev-gijon\/maxime-corbeil-perron\/\">OPTX.drips<\/a> de Maxime Corbeil-Perron en LABoral Centro de Arte; y <a href=\"https:\/\/levfestival.com\/23-gijon\/lev-gijon\/pedro-harres\/\">From the Main Square<\/a> y <a href=\"https:\/\/levfestival.com\/23-gijon\/lev-gijon\/barry-gene-murphy-may-abdalla\/\">Goliath: Playing with Reality<\/a> en la Escuela de Comercio.<\/p>\n<\/div><\/div><\/div><\/section>\n<section class='av_toggle_section av-26oru1-740b76356e057209c8c91befb0a240a3'  itemscope=\"itemscope\" itemprop=\"mainEntity\" itemtype=\"https:\/\/schema.org\/Question\" ><div role=\"tablist\" class=\"single_toggle\" data-tags=\"{Todo} \"  ><p data-fake-id='#toggle-id-4' class='toggler   av-inherit-border-color'  itemprop=\"name\"  role='tab' tabindex='0' aria-controls='toggle-id-4'>\u00bfQu\u00e9 hago si tengo un problema en el proceso de compra de mi entrada?<span class=\"toggle_icon\"><span class=\"vert_icon\"><\/span><span class=\"hor_icon\"><\/span><\/span><\/p><div id='toggle-id-4' class='toggle_wrap  '   itemscope=\"itemscope\" itemprop=\"acceptedAnswer\" itemtype=\"https:\/\/schema.org\/Answer\" ><div class='toggle_content invers-color av-inherit-border-color'  itemprop=\"text\" ><p>La gesti\u00f3n de incidencias en la compra de entradas para el abono viernes+s\u00e1bado y las diferentes modalidades de entrada para las actividades que tienen lugar en el Teatro de la Laboral, la Nave de LABoral Centro de Arte y el Mus\u00e9u del Pueblu d&#8217;Asturies se realizan a trav\u00e9s del email <a href=\"mailto:eventos@turismoycultura.asturias.es\">eventos@turismoycultura.asturias.es<\/a><\/p>\n<p>La gesti\u00f3n de incidencias en la compra de entradas para la programaci\u00f3n en el Teatro Jovellanos se realizan a trav\u00e9s del email <a href=\"mailto:programacion@teatrojovellanos.com\">programacion@teatrojovellanos.com<\/a><\/p>\n<\/div><\/div><\/div><\/section>\n<section class='av_toggle_section av-21b5xd-65219296d327d8cbaf721bdcb06669b5'  itemscope=\"itemscope\" itemprop=\"mainEntity\" itemtype=\"https:\/\/schema.org\/Question\" ><div role=\"tablist\" class=\"single_toggle\" data-tags=\"{Todo} \"  ><p data-fake-id='#toggle-id-5' class='toggler   av-inherit-border-color'  itemprop=\"name\"  role='tab' tabindex='0' aria-controls='toggle-id-5'>\u00bfD\u00f3nde puedo consultar los horarios del festival?<span class=\"toggle_icon\"><span class=\"vert_icon\"><\/span><span class=\"hor_icon\"><\/span><\/span><\/p><div id='toggle-id-5' class='toggle_wrap  '   itemscope=\"itemscope\" itemprop=\"acceptedAnswer\" itemtype=\"https:\/\/schema.org\/Answer\" ><div class='toggle_content invers-color av-inherit-border-color'  itemprop=\"text\" ><p>Puedes consultar los horarios por d\u00edas de todas las actividades del festival en la secci\u00f3n <a href=\"https:\/\/levfestival.com\/23-gijon\/horarios\/\">Horarios<\/a>.<\/p>\n<\/div><\/div><\/div><\/section>\n<section class='av_toggle_section av-21b5xd-34658ae458576bec3a8b1e93fbeff387'  itemscope=\"itemscope\" itemprop=\"mainEntity\" itemtype=\"https:\/\/schema.org\/Question\" ><div role=\"tablist\" class=\"single_toggle\" data-tags=\"{Todo} \"  ><p data-fake-id='#toggle-id-6' class='toggler   av-inherit-border-color'  itemprop=\"name\"  role='tab' tabindex='0' aria-controls='toggle-id-6'>\u00bfD\u00d3NDE PUEDO CANJEAR MIS ENTRADAS POR LA PULSERA DEL FESTIVAL?<span class=\"toggle_icon\"><span class=\"vert_icon\"><\/span><span class=\"hor_icon\"><\/span><\/span><\/p><div id='toggle-id-6' class='toggle_wrap  '   itemscope=\"itemscope\" itemprop=\"acceptedAnswer\" itemtype=\"https:\/\/schema.org\/Answer\" ><div class='toggle_content invers-color av-inherit-border-color'  itemprop=\"text\" ><p>Se habilitar\u00e1 el canje de entradas y abonos en los siguientes espacios y horarios:<\/p>\n<p><strong>Viernes 28 de abril<\/strong><br \/>\nDe 19:30 a 02:00 h en la taquilla del Teatro de la Laboral<\/p>\n<p><strong>S\u00e1bado 29 de abril<\/strong><br \/>\nDel 12.30 a 17:00 h en la taquilla del Mus\u00e9u del Pueblu d\u2019Asturies<br \/>\nDe 18:00 a 22:00 h en la taquilla del Teatro de la Laboral<br \/>\nDe 23:00 a 02:00 h en la taquilla de LABoral Centro de Arte<br \/>\n* a partir de las 02:00 h estar\u00e1 activa la venta online hasta el cierre.<\/p>\n<p><strong>Domingo 30 de abril<\/strong><br \/>\nDe 13:00 a 15.30 h en la taquilla del Jard\u00edn Bot\u00e1nico Atl\u00e1ntico<\/p>\n<\/div><\/div><\/div><\/section>\n<section class='av_toggle_section av-21b5xd-cb3b3bacb4ee23f1736770e9f212455b'  itemscope=\"itemscope\" itemprop=\"mainEntity\" itemtype=\"https:\/\/schema.org\/Question\" ><div role=\"tablist\" class=\"single_toggle\" data-tags=\"{Todo} \"  ><p data-fake-id='#toggle-id-7' class='toggler   av-inherit-border-color'  itemprop=\"name\"  role='tab' tabindex='0' aria-controls='toggle-id-7'>\u00bfSE SERVIR\u00c1 COMIDA Y BEBIDA EN LOS DIFERENTES ESPACIOS DEL FESTIVAL?<span class=\"toggle_icon\"><span class=\"vert_icon\"><\/span><span class=\"hor_icon\"><\/span><\/span><\/p><div id='toggle-id-7' class='toggle_wrap  '   itemscope=\"itemscope\" itemprop=\"acceptedAnswer\" itemtype=\"https:\/\/schema.org\/Answer\" ><div class='toggle_content invers-color av-inherit-border-color'  itemprop=\"text\" ><p>El Teatro de la Laboral, la Nave de LABoral Centro de Arte, el Mus\u00e9u del Pueblu de Asturies y el Jard\u00edn Bot\u00e1nico Atl\u00e1ntico contar\u00e1n con barras en las que se servir\u00e1 bebida, de la mano de La Salve y Organics by Red Bull, y comida, con opciones veganas y sin gluten, durante las actividades del festival. El pago de las consumiciones podr\u00e1 realizarse \u00fanicamente mediante tarjeta de d\u00e9bito\/cr\u00e9dito.<\/p>\n<\/div><\/div><\/div><\/section>\n<\/div><br \/>\n<div  class='hr av-1u3hxl-a927eba45f18a32bd2810e7f1fb332b8 hr-default  avia-builder-el-5  el_after_av_toggle_container  el_before_av_textblock  line-blue'><span class='hr-inner '><span class=\"hr-inner-style\"><\/span><\/span><\/div><br \/>\n\n<style type=\"text\/css\" data-created_by=\"avia_inline_auto\" id=\"style-css-av-1qf59t-6cc885bd5eacc6b6965e375704bdf32d\">\n#top .av_textblock_section.av-1qf59t-6cc885bd5eacc6b6965e375704bdf32d .avia_textblock{\ncolor:#ffffff;\n}\n<\/style>\n<section  class='av_textblock_section av-1qf59t-6cc885bd5eacc6b6965e375704bdf32d'  itemscope=\"itemscope\" itemtype=\"https:\/\/schema.org\/CreativeWork\" ><div class='avia_textblock fin-faq av_inherit_color'  itemprop=\"text\" ><h3>\u00bfTIENES ALGUNA OTRA DUDA?<\/h3>\n<p>Puedes escribir al email <a href=\"mailto:info@levfestival.org\">info@levfestival.org<\/a> o contactarnos a trav\u00e9s de nuestras redes sociales, que encontrar\u00e1s al final de esta p\u00e1gina.<\/p>\n<\/div><\/section><br \/>\n\n<style type=\"text\/css\" data-created_by=\"avia_inline_auto\" id=\"style-css-av-ewfmh-68769c978148e1a30faac24e4ee522e8\">\n#top .hr.hr-invisible.av-ewfmh-68769c978148e1a30faac24e4ee522e8{\nheight:50px;\n}\n<\/style>\n<div  class='hr av-ewfmh-68769c978148e1a30faac24e4ee522e8 hr-invisible  avia-builder-el-7  el_after_av_textblock  avia-builder-el-last '><span class='hr-inner '><span class=\"hr-inner-style\"><\/span><\/span><\/div><\/p><\/div><div class='flex_column av-92k2h-eae77524995aaf225505614bc3e2da52 av_one_third  avia-builder-el-8  el_after_av_two_third  el_before_av_hr  flex_column_div '     ><\/div>\n<style type=\"text\/css\" data-created_by=\"avia_inline_auto\" id=\"style-css-av-lf9ud2ni-964f877cde38280a98c2c931adaadad2\">\n#top .hr.hr-invisible.av-lf9ud2ni-964f877cde38280a98c2c931adaadad2{\nheight:100px;\n}\n<\/style>\n<div  class='hr av-lf9ud2ni-964f877cde38280a98c2c931adaadad2 hr-invisible  avia-builder-el-9  el_after_av_one_third  avia-builder-el-last '><span class='hr-inner '><span class=\"hr-inner-style\"><\/span><\/span><\/div>\n\n","protected":false},"excerpt":{"rendered":"","protected":false},"author":1,"featured_media":0,"parent":0,"menu_order":0,"comment_status":"closed","ping_status":"closed","template":"","meta":{"footnotes":""},"class_list":["post-865","page","type-page","status-publish","hentry"],"yoast_head":"<!-- This site is optimized with the Yoast SEO plugin v20.7 - https:\/\/yoast.com\/wordpress\/plugins\/seo\/ -->\n<title>FAQs - L.E.V. Gij\u00f3n 2023 - L.E.V. Festival 2023<\/title>\n<meta name=\"robots\" content=\"index, follow, max-snippet:-1, max-image-preview:large, max-video-preview:-1\" \/>\n<link rel=\"canonical\" href=\"https:\/\/levfestival.com\/23-gijon\/faqs\/\" \/>\n<meta property=\"og:locale\" content=\"es_ES\" \/>\n<meta property=\"og:type\" content=\"article\" \/>\n<meta property=\"og:title\" content=\"FAQs - L.E.V. Gij\u00f3n 2023 - L.E.V. Festival 2023\" \/>\n<meta property=\"og:url\" content=\"https:\/\/levfestival.com\/23-gijon\/faqs\/\" \/>\n<meta property=\"og:site_name\" content=\"L.E.V. Gij\u00f3n 2023 - L.E.V. Festival 2023\" \/>\n<meta property=\"article:modified_time\" content=\"2023-04-25T16:09:15+00:00\" \/>\n<meta name=\"twitter:card\" content=\"summary_large_image\" \/>\n<meta name=\"twitter:label1\" content=\"Tiempo de lectura\" \/>\n\t<meta name=\"twitter:data1\" content=\"5 minutos\" \/>\n<script type=\"application\/ld+json\" class=\"yoast-schema-graph\">{\"@context\":\"https:\/\/schema.org\",\"@graph\":[{\"@type\":\"WebPage\",\"@id\":\"https:\/\/levfestival.com\/23-gijon\/faqs\/\",\"url\":\"https:\/\/levfestival.com\/23-gijon\/faqs\/\",\"name\":\"FAQs - L.E.V. Gij\u00f3n 2023 - L.E.V. Festival 2023\",\"isPartOf\":{\"@id\":\"https:\/\/levfestival.com\/23-gijon\/#website\"},\"datePublished\":\"2023-03-15T14:40:36+00:00\",\"dateModified\":\"2023-04-25T16:09:15+00:00\",\"inLanguage\":\"es\",\"potentialAction\":[{\"@type\":\"ReadAction\",\"target\":[\"https:\/\/levfestival.com\/23-gijon\/faqs\/\"]}]},{\"@type\":\"WebSite\",\"@id\":\"https:\/\/levfestival.com\/23-gijon\/#website\",\"url\":\"https:\/\/levfestival.com\/23-gijon\/\",\"name\":\"L.E.V. Gij\u00f3n 2023 - L.E.V. Festival 2023\",\"description\":\"\",\"potentialAction\":[{\"@type\":\"SearchAction\",\"target\":{\"@type\":\"EntryPoint\",\"urlTemplate\":\"https:\/\/levfestival.com\/23-gijon\/?s={search_term_string}\"},\"query-input\":\"required name=search_term_string\"}],\"inLanguage\":\"es\"}]}<\/script>\n<!-- \/ Yoast SEO plugin. -->","yoast_head_json":{"title":"FAQs - L.E.V. Gij\u00f3n 2023 - L.E.V. Festival 2023","robots":{"index":"index","follow":"follow","max-snippet":"max-snippet:-1","max-image-preview":"max-image-preview:large","max-video-preview":"max-video-preview:-1"},"canonical":"https:\/\/levfestival.com\/23-gijon\/faqs\/","og_locale":"es_ES","og_type":"article","og_title":"FAQs - L.E.V. Gij\u00f3n 2023 - L.E.V. Festival 2023","og_url":"https:\/\/levfestival.com\/23-gijon\/faqs\/","og_site_name":"L.E.V. Gij\u00f3n 2023 - L.E.V. Festival 2023","article_modified_time":"2023-04-25T16:09:15+00:00","twitter_card":"summary_large_image","twitter_misc":{"Tiempo de lectura":"5 minutos"},"schema":{"@context":"https:\/\/schema.org","@graph":[{"@type":"WebPage","@id":"https:\/\/levfestival.com\/23-gijon\/faqs\/","url":"https:\/\/levfestival.com\/23-gijon\/faqs\/","name":"FAQs - L.E.V. Gij\u00f3n 2023 - L.E.V. Festival 2023","isPartOf":{"@id":"https:\/\/levfestival.com\/23-gijon\/#website"},"datePublished":"2023-03-15T14:40:36+00:00","dateModified":"2023-04-25T16:09:15+00:00","inLanguage":"es","potentialAction":[{"@type":"ReadAction","target":["https:\/\/levfestival.com\/23-gijon\/faqs\/"]}]},{"@type":"WebSite","@id":"https:\/\/levfestival.com\/23-gijon\/#website","url":"https:\/\/levfestival.com\/23-gijon\/","name":"L.E.V. Gij\u00f3n 2023 - L.E.V. Festival 2023","description":"","potentialAction":[{"@type":"SearchAction","target":{"@type":"EntryPoint","urlTemplate":"https:\/\/levfestival.com\/23-gijon\/?s={search_term_string}"},"query-input":"required name=search_term_string"}],"inLanguage":"es"}]}},"_links":{"self":[{"href":"https:\/\/levfestival.com\/23-gijon\/wp-json\/wp\/v2\/pages\/865","targetHints":{"allow":["GET"]}}],"collection":[{"href":"https:\/\/levfestival.com\/23-gijon\/wp-json\/wp\/v2\/pages"}],"about":[{"href":"https:\/\/levfestival.com\/23-gijon\/wp-json\/wp\/v2\/types\/page"}],"author":[{"embeddable":true,"href":"https:\/\/levfestival.com\/23-gijon\/wp-json\/wp\/v2\/users\/1"}],"replies":[{"embeddable":true,"href":"https:\/\/levfestival.com\/23-gijon\/wp-json\/wp\/v2\/comments?post=865"}],"version-history":[{"count":36,"href":"https:\/\/levfestival.com\/23-gijon\/wp-json\/wp\/v2\/pages\/865\/revisions"}],"predecessor-version":[{"id":1594,"href":"https:\/\/levfestival.com\/23-gijon\/wp-json\/wp\/v2\/pages\/865\/revisions\/1594"}],"wp:attachment":[{"href":"https:\/\/levfestival.com\/23-gijon\/wp-json\/wp\/v2\/media?parent=865"}],"curies":[{"name":"wp","href":"https:\/\/api.w.org\/{rel}","templated":true}]}}