{"id":1961,"date":"2024-05-01T22:59:13","date_gmt":"2024-05-01T20:59:13","guid":{"rendered":"https:\/\/levfestival.com\/24-gijon\/jardin-botanico-atlantico\/"},"modified":"2024-05-03T08:38:27","modified_gmt":"2024-05-03T06:38:27","slug":"jardin-botanico-atlantico","status":"publish","type":"page","link":"https:\/\/levfestival.com\/24-gijon\/en\/jardin-botanico-atlantico\/","title":{"rendered":"Jard\u00edn Bot\u00e1nico Atl\u00e1ntico"},"content":{"rendered":"<div id='full_slider_1'  class='avia-fullwidth-slider main_color avia-shadow   avia-builder-el-0  el_before_av_section  avia-builder-el-first   container_wrap fullsize'  ><div  class='avia-slideshow av-lvob5swg-023d8bef20fb58321da2314127044657 avia-slideshow-featured_large av_slideshow_full avia-slide-slider av-slideshow-ui av-control-default av-slideshow-manual av-loop-once av-loop-manual-endless av-default-height-applied   avia-slideshow-1' data-slideshow-options=\"{&quot;animation&quot;:&quot;slide&quot;,&quot;autoplay&quot;:false,&quot;loop_autoplay&quot;:&quot;once&quot;,&quot;interval&quot;:5,&quot;loop_manual&quot;:&quot;manual-endless&quot;,&quot;autoplay_stopper&quot;:false,&quot;noNavigation&quot;:false,&quot;bg_slider&quot;:false,&quot;keep_padding&quot;:false,&quot;hoverpause&quot;:false,&quot;show_slide_delay&quot;:0}\"  itemprop=\"image\" itemscope=\"itemscope\" itemtype=\"https:\/\/schema.org\/ImageObject\" ><ul class='avia-slideshow-inner ' style='padding-bottom: 48.536209553159%;'><li  class='avia-slideshow-slide av-lvob5swg-023d8bef20fb58321da2314127044657__0  av-single-slide slide-1 slide-odd'><div data-rel='slideshow-1' class='avia-slide-wrap '   ><img decoding=\"async\" class=\"wp-image-1893 avia-img-lazy-loading-not-1893\"  src=\"https:\/\/levfestival.com\/24-gijon\/wp-content\/uploads\/sites\/15\/2024\/05\/image1-1298x630.jpeg\" width=\"1298\" height=\"630\" title='image1' alt=''  itemprop=\"thumbnailUrl\"   \/><\/div><\/li><\/ul><\/div><\/div>\n<div id='av_section_1'  class='avia-section av-esoke9-6038142747d2517451df7f5d05d825e7 main_color avia-section-default avia-no-border-styling  avia-builder-el-1  el_after_av_slideshow_full  el_before_av_section  avia-bg-style-scroll container_wrap fullsize'  ><div class='container av-section-cont-open' ><div class='template-page content  av-content-full alpha units'><div class='post-entry post-entry-type-page post-entry-1961'><div class='entry-content-wrapper clearfix'>\n<div class='flex_column av-chiiwh-7ab7fbf412687160bd06b35270ea24ce av_three_fifth  avia-builder-el-2  el_before_av_two_fifth  avia-builder-el-first  first flex_column_div '     ><style type=\"text\/css\" data-created_by=\"avia_inline_auto\" id=\"style-css-av-lvob6imk-c85ea4e6665245da48dfbd7fc4bd0558\">\n#top .av-special-heading.av-lvob6imk-c85ea4e6665245da48dfbd7fc4bd0558{\npadding-bottom:10px;\ncolor:#ffffff;\n}\nbody .av-special-heading.av-lvob6imk-c85ea4e6665245da48dfbd7fc4bd0558 .av-special-heading-tag .heading-char{\nfont-size:25px;\n}\n.av-special-heading.av-lvob6imk-c85ea4e6665245da48dfbd7fc4bd0558 .special-heading-inner-border{\nborder-color:#ffffff;\n}\n.av-special-heading.av-lvob6imk-c85ea4e6665245da48dfbd7fc4bd0558 .av-subheading{\nfont-size:15px;\n}\n<\/style>\n<div  class='av-special-heading av-lvob6imk-c85ea4e6665245da48dfbd7fc4bd0558 av-special-heading-h1 custom-color-heading blockquote modern-quote  avia-builder-el-3  avia-builder-el-no-sibling '><h1 class='av-special-heading-tag'  itemprop=\"headline\"  >L.E.V. FESTIVAL 2024: SILENT SOUND SESSIONS CON SCANNER Y SOPHIA LOIZOU EN EL JARD\u00cdN BOT\u00c1NICO ATL\u00c1NTICO<\/h1><div class=\"special-heading-border\"><div class=\"special-heading-inner-border\"><\/div><\/div><\/div><\/div><div class='flex_column av-ah8xht-d196abb4fae9c9a36445276aa83ccd60 av_two_fifth  avia-builder-el-4  el_after_av_three_fifth  el_before_av_hr  flex_column_div '     ><\/div>\n<style type=\"text\/css\" data-created_by=\"avia_inline_auto\" id=\"style-css-av-lvoejzsz-86e0b6c5044bad857d38b0a0f5031565\">\n#top .hr.hr-invisible.av-lvoejzsz-86e0b6c5044bad857d38b0a0f5031565{\nheight:50px;\n}\n<\/style>\n<div  class='hr av-lvoejzsz-86e0b6c5044bad857d38b0a0f5031565 hr-invisible  avia-builder-el-5  el_after_av_two_fifth  el_before_av_textblock '><span class='hr-inner '><span class=\"hr-inner-style\"><\/span><\/span><\/div>\n\n<style type=\"text\/css\" data-created_by=\"avia_inline_auto\" id=\"style-css-av-lvob8knf-91b3c58c556890399688d3991b4b508c\">\n#top .av_textblock_section.av-lvob8knf-91b3c58c556890399688d3991b4b508c .avia_textblock{\ncolor:#ffffff;\n}\n<\/style>\n<section  class='av_textblock_section av-lvob8knf-91b3c58c556890399688d3991b4b508c'  itemscope=\"itemscope\" itemtype=\"https:\/\/schema.org\/CreativeWork\" ><div class='avia_textblock av_inherit_color'  itemprop=\"text\" ><p>To bring the 2024 festival to a close, <b>L.E.V. Festival<\/b> comes back to the Boreal Lagoon of the <b>Atlantic Botanical Garden of Gij\u00f3n<\/b>, on Sunday 5 May, with a live matinee featuring two avant-garde electronic creators, Scanner and Sophia Loizou. An experience which may be enjoyed through wireless headphones, so that listeners will be able to move freely around the unique environment of this location, while reducing the environmental impact of the event. All this, thanks to a close collaboration with\u00a0<b>Fundaci\u00f3n EDP<\/b>\u00a0and in line with its values of sustainability and environmentally friendly integration.<\/p>\n<\/div><\/section>\n<\/div><\/div><\/div><!-- close content main div --><\/div><\/div><div id='av_section_2'  class='avia-section av-ueflt-babf0952c2effd3c4455e2233a35db7b main_color avia-section-no-padding avia-no-border-styling  avia-builder-el-7  el_after_av_section  avia-builder-el-last  avia-bg-style-scroll container_wrap fullsize'  ><div class='container av-section-cont-open' ><div class='template-page content  av-content-full alpha units'><div class='post-entry post-entry-type-page post-entry-1961'><div class='entry-content-wrapper clearfix'>\n<div class='flex_column_table av-lvobh4kb-4d03e64c9775c62bc66fb382c1d43e69 sc-av_one_half av-equal-height-column-flextable'>\n<style type=\"text\/css\" data-created_by=\"avia_inline_auto\" id=\"style-css-av-lvobh4kb-4d03e64c9775c62bc66fb382c1d43e69\">\n.flex_column.av-lvobh4kb-4d03e64c9775c62bc66fb382c1d43e69{\nwidth:48.5%;\nmargin-left:0;\n}\n#top .flex_column_table.av-equal-height-column-flextable.av-lvobh4kb-4d03e64c9775c62bc66fb382c1d43e69 .av-flex-placeholder{\nwidth:3%;\n}\n<\/style>\n<div class='flex_column av-lvobh4kb-4d03e64c9775c62bc66fb382c1d43e69 av_one_half  avia-builder-el-8  el_before_av_one_half  avia-builder-el-first  first flex_column_table_cell av-equal-height-column av-align-top '     ><p>\n<style type=\"text\/css\" data-created_by=\"avia_inline_auto\" id=\"style-css-av-lvobekct-1ee649236e442dddf9aa314449b7017d\">\n.avia-image-container.av-lvobekct-1ee649236e442dddf9aa314449b7017d img.avia_image{\nbox-shadow:none;\n}\n.avia-image-container.av-lvobekct-1ee649236e442dddf9aa314449b7017d .av-image-caption-overlay-center{\ncolor:#ffffff;\n}\n<\/style>\n<div  class='avia-image-container av-lvobekct-1ee649236e442dddf9aa314449b7017d av-styling- avia-align-center  avia-builder-el-9  el_before_av_textblock  avia-builder-el-first '   itemprop=\"image\" itemscope=\"itemscope\" itemtype=\"https:\/\/schema.org\/ImageObject\" ><div class=\"avia-image-container-inner\"><div class=\"avia-image-overlay-wrap\"><img decoding=\"async\" class='wp-image-1895 avia-img-lazy-loading-not-1895 avia_image ' src=\"https:\/\/levfestival.com\/24-gijon\/wp-content\/uploads\/sites\/15\/2024\/05\/image2.jpeg\" alt='' title='image2'  height=\"846\" width=\"1274\"  itemprop=\"thumbnailUrl\" srcset=\"https:\/\/levfestival.com\/24-gijon\/wp-content\/uploads\/sites\/15\/2024\/05\/image2.jpeg 1274w, https:\/\/levfestival.com\/24-gijon\/wp-content\/uploads\/sites\/15\/2024\/05\/image2-300x199.jpeg 300w, https:\/\/levfestival.com\/24-gijon\/wp-content\/uploads\/sites\/15\/2024\/05\/image2-1030x684.jpeg 1030w, https:\/\/levfestival.com\/24-gijon\/wp-content\/uploads\/sites\/15\/2024\/05\/image2-768x510.jpeg 768w, https:\/\/levfestival.com\/24-gijon\/wp-content\/uploads\/sites\/15\/2024\/05\/image2-705x468.jpeg 705w\" sizes=\"(max-width: 1274px) 100vw, 1274px\" \/><\/div><\/div><\/div><br \/>\n\n<style type=\"text\/css\" data-created_by=\"avia_inline_auto\" id=\"style-css-av-lvobdyxa-b650b523b222ae86391e62f7db4871f2\">\n#top .av_textblock_section.av-lvobdyxa-b650b523b222ae86391e62f7db4871f2 .avia_textblock{\ncolor:#ffffff;\n}\n<\/style>\n<section  class='av_textblock_section av-lvobdyxa-b650b523b222ae86391e62f7db4871f2'  itemscope=\"itemscope\" itemtype=\"https:\/\/schema.org\/CreativeWork\" ><div class='avia_textblock av_inherit_color'  itemprop=\"text\" ><p>Since 1991,\u00a0<b>Scanner<\/b>, artistic alias of British artist Robin Rimbaud, has travelled around the world thanks to his wide range of soundscapes, which goes from minimal electronica to film melancholia. This live performance, entitled\u00a0<i>How to make art from life (with the help of a few ghosts)<\/i>, is an immersive and intimate exploration of sound, through binaural recordings which connect the listener to its environment. With no screens, this show invites us to live for the moment and embrace a sound adventure as poetic as evocative.<\/p>\n<\/div><\/section><\/p><\/div><div class='av-flex-placeholder'><\/div>\n<style type=\"text\/css\" data-created_by=\"avia_inline_auto\" id=\"style-css-av-7x913l-bace76fed5c8f8e3c5ad9a00ee0395fd\">\n.flex_column.av-7x913l-bace76fed5c8f8e3c5ad9a00ee0395fd{\nwidth:48.5%;\nmargin-left:0;\n}\n#top .flex_column_table.av-equal-height-column-flextable.av-7x913l-bace76fed5c8f8e3c5ad9a00ee0395fd .av-flex-placeholder{\nwidth:3%;\n}\n<\/style>\n<div class='flex_column av-7x913l-bace76fed5c8f8e3c5ad9a00ee0395fd av_one_half  avia-builder-el-11  el_after_av_one_half  el_before_av_hr  flex_column_table_cell av-equal-height-column av-align-top '     ><p>\n<style type=\"text\/css\" data-created_by=\"avia_inline_auto\" id=\"style-css-av-6a8bwh-38b5ba3e31563a6b988c008f4d2cbb45\">\n.avia-image-container.av-6a8bwh-38b5ba3e31563a6b988c008f4d2cbb45 img.avia_image{\nbox-shadow:none;\n}\n.avia-image-container.av-6a8bwh-38b5ba3e31563a6b988c008f4d2cbb45 .av-image-caption-overlay-center{\ncolor:#ffffff;\n}\n<\/style>\n<div  class='avia-image-container av-6a8bwh-38b5ba3e31563a6b988c008f4d2cbb45 av-styling- avia-align-center  avia-builder-el-12  el_before_av_textblock  avia-builder-el-first '   itemprop=\"image\" itemscope=\"itemscope\" itemtype=\"https:\/\/schema.org\/ImageObject\" ><div class=\"avia-image-container-inner\"><div class=\"avia-image-overlay-wrap\"><img decoding=\"async\" class='wp-image-1897 avia-img-lazy-loading-not-1897 avia_image ' src=\"https:\/\/levfestival.com\/24-gijon\/wp-content\/uploads\/sites\/15\/2024\/05\/image3-2.jpeg\" alt='' title='image3-2'  height=\"866\" width=\"1299\"  itemprop=\"thumbnailUrl\" srcset=\"https:\/\/levfestival.com\/24-gijon\/wp-content\/uploads\/sites\/15\/2024\/05\/image3-2.jpeg 1299w, https:\/\/levfestival.com\/24-gijon\/wp-content\/uploads\/sites\/15\/2024\/05\/image3-2-300x200.jpeg 300w, https:\/\/levfestival.com\/24-gijon\/wp-content\/uploads\/sites\/15\/2024\/05\/image3-2-1030x687.jpeg 1030w, https:\/\/levfestival.com\/24-gijon\/wp-content\/uploads\/sites\/15\/2024\/05\/image3-2-768x512.jpeg 768w, https:\/\/levfestival.com\/24-gijon\/wp-content\/uploads\/sites\/15\/2024\/05\/image3-2-705x470.jpeg 705w\" sizes=\"(max-width: 1299px) 100vw, 1299px\" \/><\/div><\/div><\/div><br \/>\n\n<style type=\"text\/css\" data-created_by=\"avia_inline_auto\" id=\"style-css-av-lvobgj1g-cb8abb8177a6bdb532ba4c8bb4684517\">\n#top .av_textblock_section.av-lvobgj1g-cb8abb8177a6bdb532ba4c8bb4684517 .avia_textblock{\ncolor:#ffffff;\n}\n<\/style>\n<section  class='av_textblock_section av-lvobgj1g-cb8abb8177a6bdb532ba4c8bb4684517'  itemscope=\"itemscope\" itemtype=\"https:\/\/schema.org\/CreativeWork\" ><div class='avia_textblock av_inherit_color'  itemprop=\"text\" ><p><b>Sophia Loizou<\/b>, British musical producer, composer and audiovisual artist, works in the crossroads of contemporary music, speculative fiction and ecology. She will showcase\u00a0<i>Vesta<\/i>, an immersive work about the hidden dimensions of sound. Using field and archive recordings of submerged, seismic and electromagnetic frequencies, Loizou puts the spotlight on sonic footprints and the spectral shadows inhabiting the limits of perception. This piece, featured in binaural format, creates an immersive sound experience which invites us to expand our listening practices beyond human limits.<\/p>\n<\/div><\/section><\/p><\/div><\/div><!--close column table wrapper. Autoclose: 1 -->\n<style type=\"text\/css\" data-created_by=\"avia_inline_auto\" id=\"style-css-av-lvoedwuq-888af93d2ce3f4cb00915cf492a8bf08\">\n#top .hr.hr-invisible.av-lvoedwuq-888af93d2ce3f4cb00915cf492a8bf08{\nheight:50px;\n}\n<\/style>\n<div  class='hr av-lvoedwuq-888af93d2ce3f4cb00915cf492a8bf08 hr-invisible  avia-builder-el-14  el_after_av_one_half  el_before_av_two_third '><span class='hr-inner '><span class=\"hr-inner-style\"><\/span><\/span><\/div>\n<div class='flex_column av-4005jl-4720796dd87df306ae944978a554df1a av_two_third  avia-builder-el-15  el_after_av_hr  el_before_av_hr  first flex_column_div '     ><section  class='av_textblock_section av-lvobljo3-c3a8de6961591d2af46d86d404187b0d'  itemscope=\"itemscope\" itemtype=\"https:\/\/schema.org\/CreativeWork\" ><div class='avia_textblock'  itemprop=\"text\" ><p style=\"text-align: left; vertical-align: middle;\"><img loading=\"lazy\" decoding=\"async\" style=\"margin-right: 30px;\" class=\"alignnone wp-image-936\" src=\"https:\/\/levfestival.com\/24-gijon\/wp-content\/uploads\/sites\/15\/2024\/03\/EDP_Fundacion_White.png\" alt=\"\" width=\"140\" height=\"70\" srcset=\"https:\/\/levfestival.com\/24-gijon\/wp-content\/uploads\/sites\/15\/2024\/03\/EDP_Fundacion_White.png 600w, https:\/\/levfestival.com\/24-gijon\/wp-content\/uploads\/sites\/15\/2024\/03\/EDP_Fundacion_White-300x150.png 300w\" sizes=\"auto, (max-width: 140px) 100vw, 140px\" \/><img loading=\"lazy\" decoding=\"async\" class=\"alignnone wp-image-1904\" src=\"https:\/\/levfestival.com\/24-gijon\/wp-content\/uploads\/sites\/15\/2024\/05\/sponsor-botanico-white.png\" alt=\"\" width=\"340\" height=\"70\" srcset=\"https:\/\/levfestival.com\/24-gijon\/wp-content\/uploads\/sites\/15\/2024\/05\/sponsor-botanico-white.png 393w, https:\/\/levfestival.com\/24-gijon\/wp-content\/uploads\/sites\/15\/2024\/05\/sponsor-botanico-white-300x62.png 300w\" sizes=\"auto, (max-width: 340px) 100vw, 340px\" \/><\/p>\n<\/div><\/section><\/div>\n<style type=\"text\/css\" data-created_by=\"avia_inline_auto\" id=\"style-css-av-av_hr-3a876428eececa9d35452247ddb053af\">\n#top .hr.hr-invisible.av-av_hr-3a876428eececa9d35452247ddb053af{\nheight:50px;\n}\n<\/style>\n<div  class='hr av-av_hr-3a876428eececa9d35452247ddb053af hr-invisible  avia-builder-el-17  el_after_av_two_third  avia-builder-el-last '><span class='hr-inner '><span class=\"hr-inner-style\"><\/span><\/span><\/div>\n<\/p>\n","protected":false},"excerpt":{"rendered":"","protected":false},"author":1,"featured_media":0,"parent":0,"menu_order":0,"comment_status":"closed","ping_status":"closed","template":"","meta":{"footnotes":""},"class_list":["post-1961","page","type-page","status-publish","hentry"],"yoast_head":"<!-- This site is optimized with the Yoast SEO plugin v20.7 - https:\/\/yoast.com\/wordpress\/plugins\/seo\/ -->\n<title>Jard\u00edn Bot\u00e1nico Atl\u00e1ntico - L.E.V. Festival 2024<\/title>\n<meta name=\"robots\" content=\"index, follow, max-snippet:-1, max-image-preview:large, max-video-preview:-1\" \/>\n<link rel=\"canonical\" href=\"https:\/\/levfestival.com\/24-gijon\/en\/jardin-botanico-atlantico\/\" \/>\n<meta property=\"og:locale\" content=\"en_US\" \/>\n<meta property=\"og:type\" content=\"article\" \/>\n<meta property=\"og:title\" content=\"Jard\u00edn Bot\u00e1nico Atl\u00e1ntico - L.E.V. Festival 2024\" \/>\n<meta property=\"og:url\" content=\"https:\/\/levfestival.com\/24-gijon\/en\/jardin-botanico-atlantico\/\" \/>\n<meta property=\"og:site_name\" content=\"L.E.V. Festival 2024\" \/>\n<meta property=\"article:modified_time\" content=\"2024-05-03T06:38:27+00:00\" \/>\n<meta property=\"og:image\" content=\"https:\/\/levfestival.com\/24-gijon\/wp-content\/uploads\/sites\/15\/2024\/03\/EDP_Fundacion_White.png\" \/>\n<meta name=\"twitter:card\" content=\"summary_large_image\" \/>\n<meta name=\"twitter:label1\" content=\"Est. reading time\" \/>\n\t<meta name=\"twitter:data1\" content=\"7 minutes\" \/>\n<script type=\"application\/ld+json\" class=\"yoast-schema-graph\">{\"@context\":\"https:\/\/schema.org\",\"@graph\":[{\"@type\":\"WebPage\",\"@id\":\"https:\/\/levfestival.com\/24-gijon\/en\/jardin-botanico-atlantico\/\",\"url\":\"https:\/\/levfestival.com\/24-gijon\/en\/jardin-botanico-atlantico\/\",\"name\":\"Jard\u00edn Bot\u00e1nico Atl\u00e1ntico - L.E.V. Festival 2024\",\"isPartOf\":{\"@id\":\"https:\/\/levfestival.com\/24-gijon\/#website\"},\"datePublished\":\"2024-05-01T20:59:13+00:00\",\"dateModified\":\"2024-05-03T06:38:27+00:00\",\"breadcrumb\":{\"@id\":\"https:\/\/levfestival.com\/24-gijon\/en\/jardin-botanico-atlantico\/#breadcrumb\"},\"inLanguage\":\"en-US\",\"potentialAction\":[{\"@type\":\"ReadAction\",\"target\":[\"https:\/\/levfestival.com\/24-gijon\/en\/jardin-botanico-atlantico\/\"]}]},{\"@type\":\"BreadcrumbList\",\"@id\":\"https:\/\/levfestival.com\/24-gijon\/en\/jardin-botanico-atlantico\/#breadcrumb\",\"itemListElement\":[{\"@type\":\"ListItem\",\"position\":1,\"name\":\"Portada\",\"item\":\"https:\/\/levfestival.com\/24-gijon\/en\/home\/\"},{\"@type\":\"ListItem\",\"position\":2,\"name\":\"Jard\u00edn Bot\u00e1nico Atl\u00e1ntico\"}]},{\"@type\":\"WebSite\",\"@id\":\"https:\/\/levfestival.com\/24-gijon\/#website\",\"url\":\"https:\/\/levfestival.com\/24-gijon\/\",\"name\":\"L.E.V. Festival 2024\",\"description\":\"\",\"potentialAction\":[{\"@type\":\"SearchAction\",\"target\":{\"@type\":\"EntryPoint\",\"urlTemplate\":\"https:\/\/levfestival.com\/24-gijon\/?s={search_term_string}\"},\"query-input\":\"required name=search_term_string\"}],\"inLanguage\":\"en-US\"}]}<\/script>\n<!-- \/ Yoast SEO plugin. -->","yoast_head_json":{"title":"Jard\u00edn Bot\u00e1nico Atl\u00e1ntico - L.E.V. Festival 2024","robots":{"index":"index","follow":"follow","max-snippet":"max-snippet:-1","max-image-preview":"max-image-preview:large","max-video-preview":"max-video-preview:-1"},"canonical":"https:\/\/levfestival.com\/24-gijon\/en\/jardin-botanico-atlantico\/","og_locale":"en_US","og_type":"article","og_title":"Jard\u00edn Bot\u00e1nico Atl\u00e1ntico - L.E.V. Festival 2024","og_url":"https:\/\/levfestival.com\/24-gijon\/en\/jardin-botanico-atlantico\/","og_site_name":"L.E.V. Festival 2024","article_modified_time":"2024-05-03T06:38:27+00:00","og_image":[{"url":"https:\/\/levfestival.com\/24-gijon\/wp-content\/uploads\/sites\/15\/2024\/03\/EDP_Fundacion_White.png"}],"twitter_card":"summary_large_image","twitter_misc":{"Est. reading time":"7 minutes"},"schema":{"@context":"https:\/\/schema.org","@graph":[{"@type":"WebPage","@id":"https:\/\/levfestival.com\/24-gijon\/en\/jardin-botanico-atlantico\/","url":"https:\/\/levfestival.com\/24-gijon\/en\/jardin-botanico-atlantico\/","name":"Jard\u00edn Bot\u00e1nico Atl\u00e1ntico - L.E.V. Festival 2024","isPartOf":{"@id":"https:\/\/levfestival.com\/24-gijon\/#website"},"datePublished":"2024-05-01T20:59:13+00:00","dateModified":"2024-05-03T06:38:27+00:00","breadcrumb":{"@id":"https:\/\/levfestival.com\/24-gijon\/en\/jardin-botanico-atlantico\/#breadcrumb"},"inLanguage":"en-US","potentialAction":[{"@type":"ReadAction","target":["https:\/\/levfestival.com\/24-gijon\/en\/jardin-botanico-atlantico\/"]}]},{"@type":"BreadcrumbList","@id":"https:\/\/levfestival.com\/24-gijon\/en\/jardin-botanico-atlantico\/#breadcrumb","itemListElement":[{"@type":"ListItem","position":1,"name":"Portada","item":"https:\/\/levfestival.com\/24-gijon\/en\/home\/"},{"@type":"ListItem","position":2,"name":"Jard\u00edn Bot\u00e1nico Atl\u00e1ntico"}]},{"@type":"WebSite","@id":"https:\/\/levfestival.com\/24-gijon\/#website","url":"https:\/\/levfestival.com\/24-gijon\/","name":"L.E.V. Festival 2024","description":"","potentialAction":[{"@type":"SearchAction","target":{"@type":"EntryPoint","urlTemplate":"https:\/\/levfestival.com\/24-gijon\/?s={search_term_string}"},"query-input":"required name=search_term_string"}],"inLanguage":"en-US"}]}},"_links":{"self":[{"href":"https:\/\/levfestival.com\/24-gijon\/en\/wp-json\/wp\/v2\/pages\/1961","targetHints":{"allow":["GET"]}}],"collection":[{"href":"https:\/\/levfestival.com\/24-gijon\/en\/wp-json\/wp\/v2\/pages"}],"about":[{"href":"https:\/\/levfestival.com\/24-gijon\/en\/wp-json\/wp\/v2\/types\/page"}],"author":[{"embeddable":true,"href":"https:\/\/levfestival.com\/24-gijon\/en\/wp-json\/wp\/v2\/users\/1"}],"replies":[{"embeddable":true,"href":"https:\/\/levfestival.com\/24-gijon\/en\/wp-json\/wp\/v2\/comments?post=1961"}],"version-history":[{"count":4,"href":"https:\/\/levfestival.com\/24-gijon\/en\/wp-json\/wp\/v2\/pages\/1961\/revisions"}],"predecessor-version":[{"id":1966,"href":"https:\/\/levfestival.com\/24-gijon\/en\/wp-json\/wp\/v2\/pages\/1961\/revisions\/1966"}],"wp:attachment":[{"href":"https:\/\/levfestival.com\/24-gijon\/en\/wp-json\/wp\/v2\/media?parent=1961"}],"curies":[{"name":"wp","href":"https:\/\/api.w.org\/{rel}","templated":true}]}}