{"id":144,"date":"2024-02-06T14:22:11","date_gmt":"2024-02-06T13:22:11","guid":{"rendered":"https:\/\/levfestival.com\/24-gijon\/?page_id=144"},"modified":"2026-03-12T18:38:03","modified_gmt":"2026-03-12T17:38:03","slug":"como-llegar","status":"publish","type":"page","link":"https:\/\/levfestival.com\/24-gijon\/como-llegar\/","title":{"rendered":"C\u00f3mo llegar"},"content":{"rendered":"\n<style type=\"text\/css\" data-created_by=\"avia_inline_auto\" id=\"style-css-av-9n8040-6fca5755a5902bbceb56356397c59198\">\n.avia-section.av-9n8040-6fca5755a5902bbceb56356397c59198{\nbackground-color:#ffffff;\nbackground-image:unset;\n}\n<\/style>\n<div id='av_section_1'  class='avia-section av-9n8040-6fca5755a5902bbceb56356397c59198 main_color avia-section-default avia-no-border-styling  avia-builder-el-0  el_before_av_section  avia-builder-el-first  como-llegar-text avia-bg-style-scroll container_wrap fullsize'  ><div class='container av-section-cont-open' ><main  role=\"main\" itemprop=\"mainContentOfPage\"  class='template-page content  av-content-full alpha units'><div class='post-entry post-entry-type-page post-entry-144'><div class='entry-content-wrapper clearfix'>\n\n<style type=\"text\/css\" data-created_by=\"avia_inline_auto\" id=\"style-css-av-9l8tm0-45a934c0e00cb46812bba6d9e2ae2503\">\n#top .av-special-heading.av-9l8tm0-45a934c0e00cb46812bba6d9e2ae2503{\npadding-bottom:10px;\ncolor:#ffffff;\n}\nbody .av-special-heading.av-9l8tm0-45a934c0e00cb46812bba6d9e2ae2503 .av-special-heading-tag .heading-char{\nfont-size:25px;\n}\n.av-special-heading.av-9l8tm0-45a934c0e00cb46812bba6d9e2ae2503 .special-heading-inner-border{\nborder-color:#ffffff;\n}\n.av-special-heading.av-9l8tm0-45a934c0e00cb46812bba6d9e2ae2503 .av-subheading{\nfont-size:15px;\n}\n<\/style>\n<div  class='av-special-heading av-9l8tm0-45a934c0e00cb46812bba6d9e2ae2503 av-special-heading-h1 custom-color-heading blockquote modern-quote  avia-builder-el-1  el_before_av_hr  avia-builder-el-first '><h1 class='av-special-heading-tag'  itemprop=\"headline\"  >C\u00f3mo llegar<\/h1><div class=\"special-heading-border\"><div class=\"special-heading-inner-border\"><\/div><\/div><\/div>\n\n<style type=\"text\/css\" data-created_by=\"avia_inline_auto\" id=\"style-css-av-9d03ig-0a7695dd2dd72eaf829d102735d2a16a\">\n#top .hr.hr-invisible.av-9d03ig-0a7695dd2dd72eaf829d102735d2a16a{\nheight:30px;\n}\n<\/style>\n<div  class='hr av-9d03ig-0a7695dd2dd72eaf829d102735d2a16a hr-invisible  avia-builder-el-2  el_after_av_heading  el_before_av_three_fifth '><span class='hr-inner '><span class=\"hr-inner-style\"><\/span><\/span><\/div>\n<div class='flex_column_table av-94idc8-41c7af78d09bc8683275e42d5d0c0dfd sc-av_three_fifth av-equal-height-column-flextable'><div class='flex_column av-94idc8-41c7af78d09bc8683275e42d5d0c0dfd av_three_fifth  avia-builder-el-3  el_after_av_hr  el_before_av_two_fifth  first flex_column_table_cell av-equal-height-column av-align-top '     ><style type=\"text\/css\" data-created_by=\"avia_inline_auto\" id=\"style-css-av-91l2g0-400368c2f741139da9ccac236f28e20e\">\n#top .av_textblock_section.av-91l2g0-400368c2f741139da9ccac236f28e20e .avia_textblock{\nfont-size:10px;\ncolor:#ffffff;\n}\n<\/style>\n<section  class='av_textblock_section av-91l2g0-400368c2f741139da9ccac236f28e20e'  itemscope=\"itemscope\" itemtype=\"https:\/\/schema.org\/CreativeWork\" ><div class='avia_textblock av_inherit_color'  itemprop=\"text\" ><p>L.E.V. Festival se celebra en Gij\u00f3n y reparte sus actividades en diferentes espacios p\u00fablicos y culturales de la ciudad. Los conciertos, performances audiovisuales, instalaciones y otras propuestas que forman la programaci\u00f3n de la edici\u00f3n 2024 podr\u00e1n disfrutarse en el <span style=\"text-decoration: underline\">Teatro de la Laboral<\/span>, <span style=\"text-decoration: underline\">Teatro Jovellanos<\/span>, <span style=\"text-decoration: underline\">LABoral Centro de Arte<\/span>, <span style=\"text-decoration: underline\">Mus\u00e9u del Pueblu d\u2019Asturiesa<\/span>, <span style=\"text-decoration: underline\">el Centro de Cultura Antiguo Instituto<\/span>, la <span style=\"text-decoration: underline\">Escuela de Comercio<\/span> y el <span style=\"text-decoration: underline\">Jard\u00edn Bot\u00e1nico Atl\u00e1ntico<\/span>.<\/p>\n<\/div><\/section><\/div><div class='av-flex-placeholder'><\/div><div class='flex_column av-8tefyo-48281a1f9430d78d8f0ef4c33281b358 av_two_fifth  avia-builder-el-5  el_after_av_three_fifth  avia-builder-el-last  flex_column_table_cell av-equal-height-column av-align-top '     ><style type=\"text\/css\" data-created_by=\"avia_inline_auto\" id=\"style-css-av-8pz2ls-e90537f0d7f0cfb78072bc7053bd5803\">\n#top .av_textblock_section.av-8pz2ls-e90537f0d7f0cfb78072bc7053bd5803 .avia_textblock{\nfont-size:10px;\ncolor:#ffffff;\n}\n<\/style>\n<section  class='av_textblock_section av-8pz2ls-e90537f0d7f0cfb78072bc7053bd5803'  itemscope=\"itemscope\" itemtype=\"https:\/\/schema.org\/CreativeWork\" ><div class='avia_textblock av_inherit_color'  itemprop=\"text\" ><h3 style=\"margin-bottom: 0;margin-top: -10px\"><strong>ORGANIZA TU VISITA<\/strong><\/h3>\n<p style=\"margin-top: 0\">\u00bfVienes a Gij\u00f3n para el festival? Consulta todo lo que necesitas saber para preparar tu visita a la ciudad, informaci\u00f3n pr\u00e1ctica, d\u00f3nde alojarte, c\u00f3mo moverte y mucho m\u00e1s, en\u00a0<a title=\"\" href=\"https:\/\/www.gijon.es\">www.gijon.info<\/a><\/p>\n<\/div><\/section><\/div><\/div><!--close column table wrapper. Autoclose: 1 -->\n\n<\/div><\/div><\/main><!-- close content main element --><\/div><\/div>\n<style type=\"text\/css\" data-created_by=\"avia_inline_auto\" id=\"style-css-av-8iaorc-77cb4c5bd389b1a269ad1eaf11c1c9fa\">\n.avia-section.av-8iaorc-77cb4c5bd389b1a269ad1eaf11c1c9fa{\nmargin-top:0px;\nmargin-bottom:0px;\n}\n<\/style>\n<div id='av_section_2'  class='avia-section av-8iaorc-77cb4c5bd389b1a269ad1eaf11c1c9fa main_color avia-section-default avia-no-border-styling  avia-builder-el-7  el_after_av_section  el_before_av_section  como-llegar-mapa avia-bg-style-scroll container_wrap fullsize'  ><div class='container av-section-cont-open' ><div class='template-page content  av-content-full alpha units'><div class='post-entry post-entry-type-page post-entry-144'><div class='entry-content-wrapper clearfix'>\n\n\n\n<style type=\"text\/css\" data-created_by=\"avia_inline_auto\" id=\"style-css-av-82wnjk-af4fe95fce45e5262b492c7dc7363977\">\n.flex_column.av-82wnjk-af4fe95fce45e5262b492c7dc7363977{\npadding:0 0 0 50px;\n}\n\n@media only screen and (max-width: 479px){ \n.flex_column.av-82wnjk-af4fe95fce45e5262b492c7dc7363977{\npadding:0 7.5% 0 7.5%;\n}\n}\n<\/style>\n<div class='flex_column av-82wnjk-af4fe95fce45e5262b492c7dc7363977 av_three_fifth  avia-builder-el-10  el_after_av_codeblock  el_before_av_two_fifth  first flex_column_div '     ><p>\n<style type=\"text\/css\" data-created_by=\"avia_inline_auto\" id=\"style-css-av-7u8hw0-2ec406dce3b37cca54132a1fe6413e34\">\n#top .av_textblock_section.av-7u8hw0-2ec406dce3b37cca54132a1fe6413e34 .avia_textblock{\nfont-size:10px;\ncolor:#ffffff;\n}\n<\/style>\n<section  class='av_textblock_section av-7u8hw0-2ec406dce3b37cca54132a1fe6413e34'  itemscope=\"itemscope\" itemtype=\"https:\/\/schema.org\/CreativeWork\" ><div class='av-desktop-hide av-medium-hide av-small-hide avia_textblock como-llegar-text av_inherit_color'  itemprop=\"text\" ><p>Haz clic en los diferentes espacios indicados en el mapa para consultar su ubicaci\u00f3n y programaci\u00f3n de este a\u00f1o.<\/p>\n<\/div><\/section><br \/>\n\n<style type=\"text\/css\" data-created_by=\"avia_inline_auto\" id=\"style-css-av-lvayxa8s-89c1f7414331bfb9b8534d217e6014f0\">\n#top .av_textblock_section.av-lvayxa8s-89c1f7414331bfb9b8534d217e6014f0 .avia_textblock{\nfont-size:10px;\ncolor:#ffffff;\n}\n<\/style>\n<section  class='av_textblock_section av-lvayxa8s-89c1f7414331bfb9b8534d217e6014f0'  itemscope=\"itemscope\" itemtype=\"https:\/\/schema.org\/CreativeWork\" ><div class='av-mini-hide avia_textblock como-llegar-text av_inherit_color'  itemprop=\"text\" ><p>Haz clic en los diferentes espacios indicados en el mapa para consultar su ubicaci\u00f3n.<\/p>\n<\/div><\/section><\/p><\/div><div class='flex_column av-7qphcw-14f184f39dc5245a9acf2b88e9749203 av_two_fifth  avia-builder-el-13  el_after_av_three_fifth  avia-builder-el-last  flex_column_div '     ><\/div>\n\n<\/div><\/div><\/div><!-- close content main div --><\/div><\/div><div id='av_section_3'  class='avia-section av-7goqh4-8b7346e6e8622c49e8edb74e62bdd529 main_color avia-section-default avia-no-border-styling  avia-builder-el-14  el_after_av_section  el_before_av_section  espacios-columns av-mini-hide avia-bg-style-scroll container_wrap fullsize'  ><div class='container av-section-cont-open' ><div class='template-page content  av-content-full alpha units'><div class='post-entry post-entry-type-page post-entry-144'><div class='entry-content-wrapper clearfix'>\n\n<style type=\"text\/css\" data-created_by=\"avia_inline_auto\" id=\"style-css-av-7eqr6o-0a9e12d1114b509015e28e7e0fb38208\">\n#top .av-special-heading.av-7eqr6o-0a9e12d1114b509015e28e7e0fb38208{\npadding-bottom:10px;\ncolor:#ffffff;\n}\nbody .av-special-heading.av-7eqr6o-0a9e12d1114b509015e28e7e0fb38208 .av-special-heading-tag .heading-char{\nfont-size:25px;\n}\n.av-special-heading.av-7eqr6o-0a9e12d1114b509015e28e7e0fb38208 .special-heading-inner-border{\nborder-color:#ffffff;\n}\n.av-special-heading.av-7eqr6o-0a9e12d1114b509015e28e7e0fb38208 .av-subheading{\nfont-size:15px;\n}\n<\/style>\n<div  class='av-special-heading av-7eqr6o-0a9e12d1114b509015e28e7e0fb38208 av-special-heading-h1 custom-color-heading blockquote modern-quote  avia-builder-el-15  el_before_av_one_third  avia-builder-el-first '><h1 class='av-special-heading-tag'  itemprop=\"headline\"  >Espacios<\/h1><div class=\"special-heading-border\"><div class=\"special-heading-inner-border\"><\/div><\/div><\/div>\n<div class='flex_column_table av-q1bxs-ef1475a610bfde1243d2ecbff98f858b sc-av_one_third av-equal-height-column-flextable'>\n<style type=\"text\/css\" data-created_by=\"avia_inline_auto\" id=\"style-css-av-q1bxs-ef1475a610bfde1243d2ecbff98f858b\">\n.flex_column.av-q1bxs-ef1475a610bfde1243d2ecbff98f858b{\nwidth:32%;\nmargin-left:0;\n}\n#top .flex_column_table.av-equal-height-column-flextable.av-q1bxs-ef1475a610bfde1243d2ecbff98f858b .av-flex-placeholder{\nwidth:2%;\n}\n<\/style>\n<div class='flex_column av-q1bxs-ef1475a610bfde1243d2ecbff98f858b av_one_third  avia-builder-el-16  el_after_av_heading  el_before_av_one_third  first flex_column_table_cell av-equal-height-column av-align-top '     ><p>\n<style type=\"text\/css\" data-created_by=\"avia_inline_auto\" id=\"style-css-av-6zs4r4-9fdeadb68d4a3aeb9a4f2f10d918d660\">\n.avia-image-container.av-6zs4r4-9fdeadb68d4a3aeb9a4f2f10d918d660 img.avia_image{\nbox-shadow:none;\n}\n.avia-image-container.av-6zs4r4-9fdeadb68d4a3aeb9a4f2f10d918d660 .av-image-caption-overlay-center{\ncolor:#ffffff;\n}\n<\/style>\n<div  class='avia-image-container av-6zs4r4-9fdeadb68d4a3aeb9a4f2f10d918d660 av-styling- avia-align-center  avia-builder-el-17  el_before_av_hr  avia-builder-el-first '   itemprop=\"image\" itemscope=\"itemscope\" itemtype=\"https:\/\/schema.org\/ImageObject\" ><div class=\"avia-image-container-inner\"><div class=\"avia-image-overlay-wrap\"><a href=\"http:\/\/www.laboralciudaddelacultura.com\/\" class='avia_image' target=\"_blank\" rel=\"noopener noreferrer\"><img decoding=\"async\" class='wp-image-154 avia-img-lazy-loading-not-154 avia_image ' src=\"https:\/\/levfestival.com\/24-gijon\/wp-content\/uploads\/sites\/15\/2024\/02\/Laboral-Ciudad-de-la-Cultura-600x600-1.jpg\" alt='' title='Laboral-Ciudad-de-la-Cultura-600x600-1'  height=\"600\" width=\"600\"  itemprop=\"thumbnailUrl\" srcset=\"https:\/\/levfestival.com\/24-gijon\/wp-content\/uploads\/sites\/15\/2024\/02\/Laboral-Ciudad-de-la-Cultura-600x600-1.jpg 600w, https:\/\/levfestival.com\/24-gijon\/wp-content\/uploads\/sites\/15\/2024\/02\/Laboral-Ciudad-de-la-Cultura-600x600-1-300x300.jpg 300w, https:\/\/levfestival.com\/24-gijon\/wp-content\/uploads\/sites\/15\/2024\/02\/Laboral-Ciudad-de-la-Cultura-600x600-1-80x80.jpg 80w, https:\/\/levfestival.com\/24-gijon\/wp-content\/uploads\/sites\/15\/2024\/02\/Laboral-Ciudad-de-la-Cultura-600x600-1-36x36.jpg 36w, https:\/\/levfestival.com\/24-gijon\/wp-content\/uploads\/sites\/15\/2024\/02\/Laboral-Ciudad-de-la-Cultura-600x600-1-180x180.jpg 180w\" sizes=\"(max-width: 600px) 100vw, 600px\" \/><\/a><\/div><\/div><\/div><br \/>\n\n<style type=\"text\/css\" data-created_by=\"avia_inline_auto\" id=\"style-css-av-6x5ybk-cb85c010536c1a18a199d9cc1ab9b4fb\">\n#top .hr.hr-invisible.av-6x5ybk-cb85c010536c1a18a199d9cc1ab9b4fb{\nheight:20px;\n}\n<\/style>\n<div  class='hr av-6x5ybk-cb85c010536c1a18a199d9cc1ab9b4fb hr-invisible  avia-builder-el-18  el_after_av_image  el_before_av_textblock '><span class='hr-inner '><span class=\"hr-inner-style\"><\/span><\/span><\/div><br \/>\n\n<style type=\"text\/css\" data-created_by=\"avia_inline_auto\" id=\"style-css-av-6nr7vk-7e73d35b7e13e833969cd7c339e11da9\">\n#top .av_textblock_section.av-6nr7vk-7e73d35b7e13e833969cd7c339e11da9 .avia_textblock{\nfont-size:15px;\ncolor:#ffffff;\n}\n<\/style>\n<section  class='av_textblock_section av-6nr7vk-7e73d35b7e13e833969cd7c339e11da9'  itemscope=\"itemscope\" itemtype=\"https:\/\/schema.org\/CreativeWork\" ><div class='avia_textblock av_inherit_color'  itemprop=\"text\" ><h3>Teatro de la Laboral<\/h3>\n<p style=\"text-align: left;font-size: 15px\">Inaugurado en octubre de 2007 tras m\u00e1s de dos a\u00f1os de intensa remodelaci\u00f3n que le han dotado de una ac\u00fastica inmejorable y una capacidad excelente para albergar espect\u00e1culos de todo tipo, el Teatro de la Laboral es a d\u00eda de hoy el primer teatro de Asturias y uno de los mejores del norte de Espa\u00f1a. En \u00e9l podremos disfrutar de algunas de las propuestas audiovisuales y sonoras m\u00e1s impactantes del momento: <span style=\"text-decoration: underline\">el viernes 3 de mayo con A\u00efsha Devi, Martin Messier, Riccardo Giovinetto y Bromo; y el s\u00e1bado 4 de mayo con No\u00e9mi B\u00fcchi, Myriam Bleau &amp; Nien Tzu Weng y SYNSPECIES. Adem\u00e1s, el mi\u00e9rcoles 1 y jueves 2, la Caja Esc\u00e9nica del Teatro acoger\u00e1 la instalaci\u00f3n av performativa The Third Reich de Romeo Castellucci, en diferentes pases.<\/span><\/p>\n<\/div><\/section><\/p><\/div><div class='av-flex-placeholder'><\/div>\n<style type=\"text\/css\" data-created_by=\"avia_inline_auto\" id=\"style-css-av-6hp7vs-0744ab696faec3505009014ab6f2814c\">\n.flex_column.av-6hp7vs-0744ab696faec3505009014ab6f2814c{\nwidth:32%;\nmargin-left:0;\n}\n#top .flex_column_table.av-equal-height-column-flextable.av-6hp7vs-0744ab696faec3505009014ab6f2814c .av-flex-placeholder{\nwidth:2%;\n}\n<\/style>\n<div class='flex_column av-6hp7vs-0744ab696faec3505009014ab6f2814c av_one_third  avia-builder-el-20  el_after_av_one_third  el_before_av_one_third  flex_column_table_cell av-equal-height-column av-align-top '     ><p>\n<style type=\"text\/css\" data-created_by=\"avia_inline_auto\" id=\"style-css-av-6ee42o-077659ffed38a4c0e3820d5af668f2d4\">\n.avia-image-container.av-6ee42o-077659ffed38a4c0e3820d5af668f2d4 img.avia_image{\nbox-shadow:none;\n}\n.avia-image-container.av-6ee42o-077659ffed38a4c0e3820d5af668f2d4 .av-image-caption-overlay-center{\ncolor:#ffffff;\n}\n<\/style>\n<div  class='avia-image-container av-6ee42o-077659ffed38a4c0e3820d5af668f2d4 av-styling- avia-align-center  avia-builder-el-21  el_before_av_hr  avia-builder-el-first '   itemprop=\"image\" itemscope=\"itemscope\" itemtype=\"https:\/\/schema.org\/ImageObject\" ><div class=\"avia-image-container-inner\"><div class=\"avia-image-overlay-wrap\"><a href=\"http:\/\/www.laboralcentrodearte.org\/\" class='avia_image' target=\"_blank\" rel=\"noopener noreferrer\"><img decoding=\"async\" class='wp-image-1628 avia-img-lazy-loading-not-1628 avia_image ' src=\"https:\/\/levfestival.com\/24-gijon\/wp-content\/uploads\/sites\/15\/2024\/04\/laboral-centro-de-arte-e1713699530173.jpg\" alt='' title='laboral-centro-de-arte'  height=\"1040\" width=\"1041\"  itemprop=\"thumbnailUrl\" srcset=\"https:\/\/levfestival.com\/24-gijon\/wp-content\/uploads\/sites\/15\/2024\/04\/laboral-centro-de-arte-e1713699530173.jpg 1041w, https:\/\/levfestival.com\/24-gijon\/wp-content\/uploads\/sites\/15\/2024\/04\/laboral-centro-de-arte-e1713699530173-300x300.jpg 300w, https:\/\/levfestival.com\/24-gijon\/wp-content\/uploads\/sites\/15\/2024\/04\/laboral-centro-de-arte-e1713699530173-1030x1030.jpg 1030w, https:\/\/levfestival.com\/24-gijon\/wp-content\/uploads\/sites\/15\/2024\/04\/laboral-centro-de-arte-e1713699530173-80x80.jpg 80w, https:\/\/levfestival.com\/24-gijon\/wp-content\/uploads\/sites\/15\/2024\/04\/laboral-centro-de-arte-e1713699530173-768x767.jpg 768w, https:\/\/levfestival.com\/24-gijon\/wp-content\/uploads\/sites\/15\/2024\/04\/laboral-centro-de-arte-e1713699530173-36x36.jpg 36w, https:\/\/levfestival.com\/24-gijon\/wp-content\/uploads\/sites\/15\/2024\/04\/laboral-centro-de-arte-e1713699530173-180x180.jpg 180w, https:\/\/levfestival.com\/24-gijon\/wp-content\/uploads\/sites\/15\/2024\/04\/laboral-centro-de-arte-e1713699530173-705x705.jpg 705w\" sizes=\"(max-width: 1041px) 100vw, 1041px\" \/><\/a><\/div><\/div><\/div><br \/>\n\n<style type=\"text\/css\" data-created_by=\"avia_inline_auto\" id=\"style-css-av-67p1u0-f816a6768542a3cf698bdf94ad175c58\">\n#top .hr.hr-invisible.av-67p1u0-f816a6768542a3cf698bdf94ad175c58{\nheight:20px;\n}\n<\/style>\n<div  class='hr av-67p1u0-f816a6768542a3cf698bdf94ad175c58 hr-invisible  avia-builder-el-22  el_after_av_image  el_before_av_textblock '><span class='hr-inner '><span class=\"hr-inner-style\"><\/span><\/span><\/div><br \/>\n\n<style type=\"text\/css\" data-created_by=\"avia_inline_auto\" id=\"style-css-av-lzge8-a53fbf44c5dc9ad3fb9ad5e3d3613302\">\n#top .av_textblock_section.av-lzge8-a53fbf44c5dc9ad3fb9ad5e3d3613302 .avia_textblock{\ncolor:#ffffff;\n}\n<\/style>\n<section  class='av_textblock_section av-lzge8-a53fbf44c5dc9ad3fb9ad5e3d3613302'  itemscope=\"itemscope\" itemtype=\"https:\/\/schema.org\/CreativeWork\" ><div class='avia_textblock av_inherit_color'  itemprop=\"text\" ><h3>LABoral Centro de Arte. Nave<\/h3>\n<p style=\"text-align: left;font-size: 15px\">Una antigua nave industrial de la Universidad Laboral, recuperada en el a\u00f1o 2007 para formar parte de Laboral Centro de Arte y Creaci\u00f3n Industrial, es el espacio en el que discurre la programaci\u00f3n del <span style=\"text-decoration: underline\">s\u00e1bado 4 de mayo a partir de la medianoche, con los directos de Evian Christ, LCY, Puce Mary, Jacques y Sin Maldita&amp;Lei.<\/span><\/p>\n<\/div><\/section><\/p><\/div><div class='av-flex-placeholder'><\/div>\n<style type=\"text\/css\" data-created_by=\"avia_inline_auto\" id=\"style-css-av-5tg4k0-4ab3040df9cf1ce5dc0784f23669f9be\">\n.flex_column.av-5tg4k0-4ab3040df9cf1ce5dc0784f23669f9be{\nwidth:32%;\nmargin-left:0;\n}\n#top .flex_column_table.av-equal-height-column-flextable.av-5tg4k0-4ab3040df9cf1ce5dc0784f23669f9be .av-flex-placeholder{\nwidth:2%;\n}\n<\/style>\n<div class='flex_column av-5tg4k0-4ab3040df9cf1ce5dc0784f23669f9be av_one_third  avia-builder-el-24  el_after_av_one_third  el_before_av_one_third  flex_column_table_cell av-equal-height-column av-align-top '     ><p>\n<style type=\"text\/css\" data-created_by=\"avia_inline_auto\" id=\"style-css-av-5pqzcg-4ab6109aeb71b2ad36c906e8423bc0f6\">\n.avia-image-container.av-5pqzcg-4ab6109aeb71b2ad36c906e8423bc0f6 img.avia_image{\nbox-shadow:none;\n}\n.avia-image-container.av-5pqzcg-4ab6109aeb71b2ad36c906e8423bc0f6 .av-image-caption-overlay-center{\ncolor:#ffffff;\n}\n<\/style>\n<div  class='avia-image-container av-5pqzcg-4ab6109aeb71b2ad36c906e8423bc0f6 av-styling- avia-align-center  avia-builder-el-25  el_before_av_hr  avia-builder-el-first '   itemprop=\"image\" itemscope=\"itemscope\" itemtype=\"https:\/\/schema.org\/ImageObject\" ><div class=\"avia-image-container-inner\"><div class=\"avia-image-overlay-wrap\"><a href=\"https:\/\/www.gijon.es\/es\/directorio\/museu-del-pueblu-dasturies\" class='avia_image' target=\"_blank\" rel=\"noopener noreferrer\"><img decoding=\"async\" class='wp-image-164 avia-img-lazy-loading-not-164 avia_image ' src=\"https:\/\/levfestival.com\/24-gijon\/wp-content\/uploads\/sites\/15\/2024\/02\/MPA-600x600_v2.jpg\" alt='' title='MPA-600x600_v2'  height=\"600\" width=\"600\"  itemprop=\"thumbnailUrl\" srcset=\"https:\/\/levfestival.com\/24-gijon\/wp-content\/uploads\/sites\/15\/2024\/02\/MPA-600x600_v2.jpg 600w, https:\/\/levfestival.com\/24-gijon\/wp-content\/uploads\/sites\/15\/2024\/02\/MPA-600x600_v2-300x300.jpg 300w, https:\/\/levfestival.com\/24-gijon\/wp-content\/uploads\/sites\/15\/2024\/02\/MPA-600x600_v2-80x80.jpg 80w, https:\/\/levfestival.com\/24-gijon\/wp-content\/uploads\/sites\/15\/2024\/02\/MPA-600x600_v2-36x36.jpg 36w, https:\/\/levfestival.com\/24-gijon\/wp-content\/uploads\/sites\/15\/2024\/02\/MPA-600x600_v2-180x180.jpg 180w\" sizes=\"(max-width: 600px) 100vw, 600px\" \/><\/a><\/div><\/div><\/div><br \/>\n\n<style type=\"text\/css\" data-created_by=\"avia_inline_auto\" id=\"style-css-av-5lcgk0-4b0a2a3c97c749af83a68fc8751cb3fd\">\n#top .hr.hr-invisible.av-5lcgk0-4b0a2a3c97c749af83a68fc8751cb3fd{\nheight:20px;\n}\n<\/style>\n<div  class='hr av-5lcgk0-4b0a2a3c97c749af83a68fc8751cb3fd hr-invisible  avia-builder-el-26  el_after_av_image  el_before_av_textblock '><span class='hr-inner '><span class=\"hr-inner-style\"><\/span><\/span><\/div><br \/>\n\n<style type=\"text\/css\" data-created_by=\"avia_inline_auto\" id=\"style-css-av-5f4moo-b9e461da2b436b473a20a25d2de6c64a\">\n#top .av_textblock_section.av-5f4moo-b9e461da2b436b473a20a25d2de6c64a .avia_textblock{\ncolor:#ffffff;\n}\n<\/style>\n<section  class='av_textblock_section av-5f4moo-b9e461da2b436b473a20a25d2de6c64a'  itemscope=\"itemscope\" itemtype=\"https:\/\/schema.org\/CreativeWork\" ><div class='avia_textblock av_inherit_color'  itemprop=\"text\" ><h3>Mus\u00e9u del Pueblu d\u2019Asturies<\/h3>\n<p style=\"text-align: left;font-size: 15px\">El Mus\u00e9u del Pueblu d\u2019Asturies tiene como finalidad conservar la memoria hist\u00f3rica del pueblo asturiano. Fue fundado en 1968 y ocupa un recinto de 35.000 m en el que se encuentran varios edificios y una charca de agua salobre. El museo trabaja en la investigaci\u00f3n, conservaci\u00f3n y difusi\u00f3n de la etnograf\u00eda y la historia de Asturias. <span style=\"text-decoration: underline\">El s\u00e1bado 4 de mayo, acoger\u00e1 en el Tendayu las actuaciones de RRUCCULLA, Dengue Dengue Dengue, Cachito Turulo y Kessell&amp;Kerqus.<\/span><\/p>\n<\/div><\/section><\/p><\/div><\/div><!--close column table wrapper. Autoclose: 1 --><div class='flex_column_table av-5623a8-41a3032413b6d79041c118e78b430ce5 sc-av_one_third av-equal-height-column-flextable'>\n<style type=\"text\/css\" data-created_by=\"avia_inline_auto\" id=\"style-css-av-5623a8-41a3032413b6d79041c118e78b430ce5\">\n.flex_column.av-5623a8-41a3032413b6d79041c118e78b430ce5{\nwidth:32%;\nmargin-left:0;\n}\n#top .flex_column_table.av-equal-height-column-flextable.av-5623a8-41a3032413b6d79041c118e78b430ce5 .av-flex-placeholder{\nwidth:2%;\n}\n<\/style>\n<div class='flex_column av-5623a8-41a3032413b6d79041c118e78b430ce5 av_one_third  avia-builder-el-28  el_after_av_one_third  el_before_av_one_third  first flex_column_table_cell av-equal-height-column av-align-top column-top-margin'     ><p>\n<style type=\"text\/css\" data-created_by=\"avia_inline_auto\" id=\"style-css-av-hyabc-3b030508c77b3a62f982952a690d2bce\">\n.avia-image-container.av-hyabc-3b030508c77b3a62f982952a690d2bce img.avia_image{\nbox-shadow:none;\n}\n.avia-image-container.av-hyabc-3b030508c77b3a62f982952a690d2bce .av-image-caption-overlay-center{\ncolor:#ffffff;\n}\n<\/style>\n<div  class='avia-image-container av-hyabc-3b030508c77b3a62f982952a690d2bce av-styling- avia-align-center  avia-builder-el-29  el_before_av_hr  avia-builder-el-first '   itemprop=\"image\" itemscope=\"itemscope\" itemtype=\"https:\/\/schema.org\/ImageObject\" ><div class=\"avia-image-container-inner\"><div class=\"avia-image-overlay-wrap\"><a href=\"https:\/\/www.gijon.es\/es\/directorio\/teatro-jovellanos\" class='avia_image' target=\"_blank\" rel=\"noopener noreferrer\"><img decoding=\"async\" class='wp-image-1630 avia-img-lazy-loading-not-1630 avia_image ' src=\"https:\/\/levfestival.com\/24-gijon\/wp-content\/uploads\/sites\/15\/2024\/04\/teatro-jovellanos.jpg\" alt='' title='teatro-jovellanos'  height=\"1067\" width=\"1067\"  itemprop=\"thumbnailUrl\" srcset=\"https:\/\/levfestival.com\/24-gijon\/wp-content\/uploads\/sites\/15\/2024\/04\/teatro-jovellanos.jpg 1067w, https:\/\/levfestival.com\/24-gijon\/wp-content\/uploads\/sites\/15\/2024\/04\/teatro-jovellanos-300x300.jpg 300w, https:\/\/levfestival.com\/24-gijon\/wp-content\/uploads\/sites\/15\/2024\/04\/teatro-jovellanos-1030x1030.jpg 1030w, https:\/\/levfestival.com\/24-gijon\/wp-content\/uploads\/sites\/15\/2024\/04\/teatro-jovellanos-80x80.jpg 80w, https:\/\/levfestival.com\/24-gijon\/wp-content\/uploads\/sites\/15\/2024\/04\/teatro-jovellanos-768x768.jpg 768w, https:\/\/levfestival.com\/24-gijon\/wp-content\/uploads\/sites\/15\/2024\/04\/teatro-jovellanos-36x36.jpg 36w, https:\/\/levfestival.com\/24-gijon\/wp-content\/uploads\/sites\/15\/2024\/04\/teatro-jovellanos-180x180.jpg 180w, https:\/\/levfestival.com\/24-gijon\/wp-content\/uploads\/sites\/15\/2024\/04\/teatro-jovellanos-705x705.jpg 705w\" sizes=\"(max-width: 1067px) 100vw, 1067px\" \/><\/a><\/div><\/div><\/div><br \/>\n\n<style type=\"text\/css\" data-created_by=\"avia_inline_auto\" id=\"style-css-av-4w12dc-96fe74955bfbad9a87ecb0718cf8c5ac\">\n#top .hr.hr-invisible.av-4w12dc-96fe74955bfbad9a87ecb0718cf8c5ac{\nheight:20px;\n}\n<\/style>\n<div  class='hr av-4w12dc-96fe74955bfbad9a87ecb0718cf8c5ac hr-invisible  avia-builder-el-30  el_after_av_image  el_before_av_textblock '><span class='hr-inner '><span class=\"hr-inner-style\"><\/span><\/span><\/div><br \/>\n\n<style type=\"text\/css\" data-created_by=\"avia_inline_auto\" id=\"style-css-av-h8iug-f63201735fe3e82781c3c0d3a201e0f7\">\n#top .av_textblock_section.av-h8iug-f63201735fe3e82781c3c0d3a201e0f7 .avia_textblock{\ncolor:#ffffff;\n}\n<\/style>\n<section  class='av_textblock_section av-h8iug-f63201735fe3e82781c3c0d3a201e0f7'  itemscope=\"itemscope\" itemtype=\"https:\/\/schema.org\/CreativeWork\" ><div class='avia_textblock av_inherit_color'  itemprop=\"text\" ><h3>Teatro Jovellanos<\/h3>\n<p style=\"text-align: left;font-size: 15px\">El Teatro Jovellanos, ubicado en el centro de la ciudad, es un referente cultural de Gij\u00f3n y Asturias. <span style=\"text-decoration: underline\">Este a\u00f1o, el festival programa en su caja esc\u00e9nica la instalaci\u00f3n multicanal Distrust Everything del artista italiano LOREM, que podr\u00e1 verse del 1 al 3 de mayo en diferentes pases y con entrada gratuita.<\/span><\/p>\n<\/div><\/section><\/p><\/div><div class='av-flex-placeholder'><\/div>\n<style type=\"text\/css\" data-created_by=\"avia_inline_auto\" id=\"style-css-av-4j0nps-2a02ff51d2b7e1b0818af462510dd700\">\n.flex_column.av-4j0nps-2a02ff51d2b7e1b0818af462510dd700{\nwidth:32%;\nmargin-left:0;\n}\n#top .flex_column_table.av-equal-height-column-flextable.av-4j0nps-2a02ff51d2b7e1b0818af462510dd700 .av-flex-placeholder{\nwidth:2%;\n}\n<\/style>\n<div class='flex_column av-4j0nps-2a02ff51d2b7e1b0818af462510dd700 av_one_third  avia-builder-el-32  el_after_av_one_third  el_before_av_one_third  flex_column_table_cell av-equal-height-column av-align-top column-top-margin'     ><p>\n<style type=\"text\/css\" data-created_by=\"avia_inline_auto\" id=\"style-css-av-4geprs-5c40c0000bd583b371ab11b84f0f2d65\">\n.avia-image-container.av-4geprs-5c40c0000bd583b371ab11b84f0f2d65 img.avia_image{\nbox-shadow:none;\n}\n.avia-image-container.av-4geprs-5c40c0000bd583b371ab11b84f0f2d65 .av-image-caption-overlay-center{\ncolor:#ffffff;\n}\n<\/style>\n<div  class='avia-image-container av-4geprs-5c40c0000bd583b371ab11b84f0f2d65 av-styling- avia-align-center  avia-builder-el-33  el_before_av_hr  avia-builder-el-first '   itemprop=\"image\" itemscope=\"itemscope\" itemtype=\"https:\/\/schema.org\/ImageObject\" ><div class=\"avia-image-container-inner\"><div class=\"avia-image-overlay-wrap\"><a href=\"https:\/\/www.gijon.es\/es\/directorio\/escuela-de-comercio\" class='avia_image' target=\"_blank\" rel=\"noopener noreferrer\"><img decoding=\"async\" class='wp-image-162 avia-img-lazy-loading-not-162 avia_image ' src=\"https:\/\/levfestival.com\/24-gijon\/wp-content\/uploads\/sites\/15\/2024\/02\/EC-600x600-1.jpg\" alt='' title='EC-600x600-1'  height=\"600\" width=\"600\"  itemprop=\"thumbnailUrl\" srcset=\"https:\/\/levfestival.com\/24-gijon\/wp-content\/uploads\/sites\/15\/2024\/02\/EC-600x600-1.jpg 600w, https:\/\/levfestival.com\/24-gijon\/wp-content\/uploads\/sites\/15\/2024\/02\/EC-600x600-1-300x300.jpg 300w, https:\/\/levfestival.com\/24-gijon\/wp-content\/uploads\/sites\/15\/2024\/02\/EC-600x600-1-80x80.jpg 80w, https:\/\/levfestival.com\/24-gijon\/wp-content\/uploads\/sites\/15\/2024\/02\/EC-600x600-1-36x36.jpg 36w, https:\/\/levfestival.com\/24-gijon\/wp-content\/uploads\/sites\/15\/2024\/02\/EC-600x600-1-180x180.jpg 180w\" sizes=\"(max-width: 600px) 100vw, 600px\" \/><\/a><\/div><\/div><\/div><br \/>\n\n<style type=\"text\/css\" data-created_by=\"avia_inline_auto\" id=\"style-css-av-464lp4-fb545bdaa143efd97cbfb87faa9ef895\">\n#top .hr.hr-invisible.av-464lp4-fb545bdaa143efd97cbfb87faa9ef895{\nheight:20px;\n}\n<\/style>\n<div  class='hr av-464lp4-fb545bdaa143efd97cbfb87faa9ef895 hr-invisible  avia-builder-el-34  el_after_av_image  el_before_av_textblock '><span class='hr-inner '><span class=\"hr-inner-style\"><\/span><\/span><\/div><br \/>\n\n<style type=\"text\/css\" data-created_by=\"avia_inline_auto\" id=\"style-css-av-epo0g-bd5d3166efc286e50fa336b815c46aae\">\n#top .av_textblock_section.av-epo0g-bd5d3166efc286e50fa336b815c46aae .avia_textblock{\ncolor:#ffffff;\n}\n<\/style>\n<section  class='av_textblock_section av-epo0g-bd5d3166efc286e50fa336b815c46aae'  itemscope=\"itemscope\" itemtype=\"https:\/\/schema.org\/CreativeWork\" ><div class='avia_textblock av_inherit_color'  itemprop=\"text\" ><h3>Escuela de Comercio<\/h3>\n<p style=\"text-align: left;font-size: 15px\">La Escuela de Comercio ser\u00e1 la sede principal de las actividades de L.E.V. Festival en torno a las realidades extendidas, con <span style=\"text-decoration: underline\">dos experiencias de realidad virtual y una experiencia de realidad aumentada, del 2 al 5 de mayo con acceso gratuito, y un taller para j\u00f3venes en el que explorar la creaci\u00f3n musical en el Metaverso.<\/span><\/p>\n<\/div><\/section><\/p><\/div><div class='av-flex-placeholder'><\/div>\n<style type=\"text\/css\" data-created_by=\"avia_inline_auto\" id=\"style-css-av-3ys108-e37dfa3b751bf4ca66ddc76ba4f063d2\">\n.flex_column.av-3ys108-e37dfa3b751bf4ca66ddc76ba4f063d2{\nwidth:32%;\nmargin-left:0;\n}\n#top .flex_column_table.av-equal-height-column-flextable.av-3ys108-e37dfa3b751bf4ca66ddc76ba4f063d2 .av-flex-placeholder{\nwidth:2%;\n}\n<\/style>\n<div class='flex_column av-3ys108-e37dfa3b751bf4ca66ddc76ba4f063d2 av_one_third  avia-builder-el-36  el_after_av_one_third  el_before_av_one_third  flex_column_table_cell av-equal-height-column av-align-top column-top-margin'     ><p>\n<style type=\"text\/css\" data-created_by=\"avia_inline_auto\" id=\"style-css-av-d6h4o-e98f4bbda6486139e652776bacf43fe5\">\n.avia-image-container.av-d6h4o-e98f4bbda6486139e652776bacf43fe5 img.avia_image{\nbox-shadow:none;\n}\n.avia-image-container.av-d6h4o-e98f4bbda6486139e652776bacf43fe5 .av-image-caption-overlay-center{\ncolor:#ffffff;\n}\n<\/style>\n<div  class='avia-image-container av-d6h4o-e98f4bbda6486139e652776bacf43fe5 av-styling- avia-align-center  avia-builder-el-37  el_before_av_hr  avia-builder-el-first '   itemprop=\"image\" itemscope=\"itemscope\" itemtype=\"https:\/\/schema.org\/ImageObject\" ><div class=\"avia-image-container-inner\"><div class=\"avia-image-overlay-wrap\"><a href=\"https:\/\/www.gijon.es\/es\/directorio\/centro-de-cultura-antiguo-instituto\" class='avia_image' target=\"_blank\" rel=\"noopener noreferrer\"><img decoding=\"async\" class='wp-image-168 avia-img-lazy-loading-not-168 avia_image ' src=\"https:\/\/levfestival.com\/24-gijon\/wp-content\/uploads\/sites\/15\/2024\/02\/CCAI-600x600jpg.jpg\" alt='' title='CCAI-600x600jpg'  height=\"600\" width=\"600\"  itemprop=\"thumbnailUrl\" srcset=\"https:\/\/levfestival.com\/24-gijon\/wp-content\/uploads\/sites\/15\/2024\/02\/CCAI-600x600jpg.jpg 600w, https:\/\/levfestival.com\/24-gijon\/wp-content\/uploads\/sites\/15\/2024\/02\/CCAI-600x600jpg-300x300.jpg 300w, https:\/\/levfestival.com\/24-gijon\/wp-content\/uploads\/sites\/15\/2024\/02\/CCAI-600x600jpg-80x80.jpg 80w, https:\/\/levfestival.com\/24-gijon\/wp-content\/uploads\/sites\/15\/2024\/02\/CCAI-600x600jpg-36x36.jpg 36w, https:\/\/levfestival.com\/24-gijon\/wp-content\/uploads\/sites\/15\/2024\/02\/CCAI-600x600jpg-180x180.jpg 180w\" sizes=\"(max-width: 600px) 100vw, 600px\" \/><\/a><\/div><\/div><\/div><br \/>\n\n<style type=\"text\/css\" data-created_by=\"avia_inline_auto\" id=\"style-css-av-3lzrk8-15114c600763741d0653aa114a6f48b7\">\n#top .hr.hr-invisible.av-3lzrk8-15114c600763741d0653aa114a6f48b7{\nheight:20px;\n}\n<\/style>\n<div  class='hr av-3lzrk8-15114c600763741d0653aa114a6f48b7 hr-invisible  avia-builder-el-38  el_after_av_image  el_before_av_textblock '><span class='hr-inner '><span class=\"hr-inner-style\"><\/span><\/span><\/div><br \/>\n\n<style type=\"text\/css\" data-created_by=\"avia_inline_auto\" id=\"style-css-av-3cex7k-970190b6c750908078ee844fd9d67381\">\n#top .av_textblock_section.av-3cex7k-970190b6c750908078ee844fd9d67381 .avia_textblock{\ncolor:#ffffff;\n}\n<\/style>\n<section  class='av_textblock_section av-3cex7k-970190b6c750908078ee844fd9d67381'  itemscope=\"itemscope\" itemtype=\"https:\/\/schema.org\/CreativeWork\" ><div class='avia_textblock av_inherit_color'  itemprop=\"text\" ><h3>Centro de Cultura Antiguo Instituto (CCAI)<\/h3>\n<p style=\"text-align: left;font-size: 15px\">El Centro de Cultura Antiguo Instituto es un espacio clave para la creaci\u00f3n, producci\u00f3n y difusi\u00f3n art\u00edstica y cultural de la ciudad. <span style=\"text-decoration: underline\">En esta ocasi\u00f3n acoger\u00e1 una instalaci\u00f3n audiovisual creada por Guillaume Marmin, del 2 al 12 de mayo con entrada gratuita.<\/span><\/p>\n<\/div><\/section><\/p><\/div><\/div><!--close column table wrapper. Autoclose: 1 --><div class='flex_column_table av-37orfs-f6806d06387b2e3f640ba96367174179 sc-av_one_third av-equal-height-column-flextable'>\n<style type=\"text\/css\" data-created_by=\"avia_inline_auto\" id=\"style-css-av-37orfs-f6806d06387b2e3f640ba96367174179\">\n#top .flex_column_table.av-equal-height-column-flextable.av-37orfs-f6806d06387b2e3f640ba96367174179{\nmargin-top:70px;\nmargin-bottom:0px;\n}\n.flex_column.av-37orfs-f6806d06387b2e3f640ba96367174179{\nwidth:32%;\nmargin-left:0;\n}\n#top .flex_column_table.av-equal-height-column-flextable.av-37orfs-f6806d06387b2e3f640ba96367174179 .av-flex-placeholder{\nwidth:2%;\n}\n<\/style>\n<div class='flex_column av-37orfs-f6806d06387b2e3f640ba96367174179 av_one_third  avia-builder-el-40  el_after_av_one_third  el_before_av_one_third  first flex_column_table_cell av-equal-height-column av-align-top column-top-margin'     ><p>\n<style type=\"text\/css\" data-created_by=\"avia_inline_auto\" id=\"style-css-av-347i6g-820993501be837b731bc9bb485d10a72\">\n.avia-image-container.av-347i6g-820993501be837b731bc9bb485d10a72 img.avia_image{\nbox-shadow:none;\n}\n.avia-image-container.av-347i6g-820993501be837b731bc9bb485d10a72 .av-image-caption-overlay-center{\ncolor:#ffffff;\n}\n<\/style>\n<div  class='avia-image-container av-347i6g-820993501be837b731bc9bb485d10a72 av-styling- avia-align-center  avia-builder-el-41  el_before_av_hr  avia-builder-el-first '   itemprop=\"image\" itemscope=\"itemscope\" itemtype=\"https:\/\/schema.org\/ImageObject\" ><div class=\"avia-image-container-inner\"><div class=\"avia-image-overlay-wrap\"><a href=\"https:\/\/www.gijon.es\/es\/directorio\/jardin-botanico-atlantico-de-gijon\" class='avia_image' target=\"_blank\" rel=\"noopener noreferrer\"><img decoding=\"async\" class='wp-image-158 avia-img-lazy-loading-not-158 avia_image ' src=\"https:\/\/levfestival.com\/24-gijon\/wp-content\/uploads\/sites\/15\/2024\/02\/JBA-600x600_v2.jpg\" alt='' title='JBA-600x600_v2'  height=\"600\" width=\"600\"  itemprop=\"thumbnailUrl\" srcset=\"https:\/\/levfestival.com\/24-gijon\/wp-content\/uploads\/sites\/15\/2024\/02\/JBA-600x600_v2.jpg 600w, https:\/\/levfestival.com\/24-gijon\/wp-content\/uploads\/sites\/15\/2024\/02\/JBA-600x600_v2-300x300.jpg 300w, https:\/\/levfestival.com\/24-gijon\/wp-content\/uploads\/sites\/15\/2024\/02\/JBA-600x600_v2-80x80.jpg 80w, https:\/\/levfestival.com\/24-gijon\/wp-content\/uploads\/sites\/15\/2024\/02\/JBA-600x600_v2-36x36.jpg 36w, https:\/\/levfestival.com\/24-gijon\/wp-content\/uploads\/sites\/15\/2024\/02\/JBA-600x600_v2-180x180.jpg 180w\" sizes=\"(max-width: 600px) 100vw, 600px\" \/><\/a><\/div><\/div><\/div><br \/>\n\n<style type=\"text\/css\" data-created_by=\"avia_inline_auto\" id=\"style-css-av-2v090w-9550cc1a2699bb8baf2bdeb69997b189\">\n#top .hr.hr-invisible.av-2v090w-9550cc1a2699bb8baf2bdeb69997b189{\nheight:20px;\n}\n<\/style>\n<div  class='hr av-2v090w-9550cc1a2699bb8baf2bdeb69997b189 hr-invisible  avia-builder-el-42  el_after_av_image  el_before_av_textblock '><span class='hr-inner '><span class=\"hr-inner-style\"><\/span><\/span><\/div><br \/>\n\n<style type=\"text\/css\" data-created_by=\"avia_inline_auto\" id=\"style-css-av-2t4lu8-d08228eb0bedf3cb9ddf39db96e9a6a5\">\n#top .av_textblock_section.av-2t4lu8-d08228eb0bedf3cb9ddf39db96e9a6a5 .avia_textblock{\ncolor:#ffffff;\n}\n<\/style>\n<section  class='av_textblock_section av-2t4lu8-d08228eb0bedf3cb9ddf39db96e9a6a5'  itemscope=\"itemscope\" itemtype=\"https:\/\/schema.org\/CreativeWork\" ><div class='avia_textblock av_inherit_color'  itemprop=\"text\" ><h3>Jard\u00edn Bot\u00e1nico Atl\u00e1ntico<\/h3>\n<p style=\"text-align: left;font-size: 15px\">Un espacio especializado en la flora y la vegetaci\u00f3n de los territorios atl\u00e1nticos. 16 hect\u00e1reas y m\u00e1s de 30.000 plantas y 2.000 especies diferentes que hacen de este Jard\u00edn un espectacular museo de exposici\u00f3n y divulgaci\u00f3n vegetal, y <span style=\"text-decoration: underline\">el mejor entorno posible para disfrutar de los directos de los artistas Scanner y Sophia Loizou el domingo 5 de mayo, en una sesi\u00f3n con auriculares inal\u00e1mbricos que cerrar\u00e1 la programaci\u00f3n de esta edici\u00f3n del festival.<\/span><\/p>\n<\/div><\/section><\/p><\/div><div class='av-flex-placeholder'><\/div>\n<style type=\"text\/css\" data-created_by=\"avia_inline_auto\" id=\"style-css-av-1gbsgw-fdbe02b1dd9a79176586b83c23dc109a\">\n#top .flex_column_table.av-equal-height-column-flextable.av-1gbsgw-fdbe02b1dd9a79176586b83c23dc109a{\nmargin-top:70px;\nmargin-bottom:0px;\n}\n.flex_column.av-1gbsgw-fdbe02b1dd9a79176586b83c23dc109a{\nwidth:32%;\nmargin-left:0;\n}\n#top .flex_column_table.av-equal-height-column-flextable.av-1gbsgw-fdbe02b1dd9a79176586b83c23dc109a .av-flex-placeholder{\nwidth:2%;\n}\n<\/style>\n<div class='flex_column av-1gbsgw-fdbe02b1dd9a79176586b83c23dc109a av_one_third  avia-builder-el-44  el_after_av_one_third  el_before_av_one_third  flex_column_table_cell av-equal-height-column av-align-top column-top-margin'     ><p>\n<style type=\"text\/css\" data-created_by=\"avia_inline_auto\" id=\"style-css-av-lvkn91w1-1cec5c79178e2fdcdadf2bda1e672216\">\n.avia-image-container.av-lvkn91w1-1cec5c79178e2fdcdadf2bda1e672216 img.avia_image{\nbox-shadow:none;\n}\n.avia-image-container.av-lvkn91w1-1cec5c79178e2fdcdadf2bda1e672216 .av-image-caption-overlay-center{\ncolor:#ffffff;\n}\n<\/style>\n<div  class='avia-image-container av-lvkn91w1-1cec5c79178e2fdcdadf2bda1e672216 av-styling- avia-align-center  avia-builder-el-45  el_before_av_hr  avia-builder-el-first '   itemprop=\"image\" itemscope=\"itemscope\" itemtype=\"https:\/\/schema.org\/ImageObject\" ><div class=\"avia-image-container-inner\"><div class=\"avia-image-overlay-wrap\"><img decoding=\"async\" class='wp-image-1219 avia-img-lazy-loading-not-1219 avia_image ' src=\"https:\/\/levfestival.com\/24-gijon\/wp-content\/uploads\/sites\/15\/2024\/04\/SlowWalker_Gijon-miniatura.png\" alt='' title='SlowWalker_Gijon-miniatura'  height=\"800\" width=\"800\"  itemprop=\"thumbnailUrl\" srcset=\"https:\/\/levfestival.com\/24-gijon\/wp-content\/uploads\/sites\/15\/2024\/04\/SlowWalker_Gijon-miniatura.png 800w, https:\/\/levfestival.com\/24-gijon\/wp-content\/uploads\/sites\/15\/2024\/04\/SlowWalker_Gijon-miniatura-300x300.png 300w, https:\/\/levfestival.com\/24-gijon\/wp-content\/uploads\/sites\/15\/2024\/04\/SlowWalker_Gijon-miniatura-80x80.png 80w, https:\/\/levfestival.com\/24-gijon\/wp-content\/uploads\/sites\/15\/2024\/04\/SlowWalker_Gijon-miniatura-768x768.png 768w, https:\/\/levfestival.com\/24-gijon\/wp-content\/uploads\/sites\/15\/2024\/04\/SlowWalker_Gijon-miniatura-36x36.png 36w, https:\/\/levfestival.com\/24-gijon\/wp-content\/uploads\/sites\/15\/2024\/04\/SlowWalker_Gijon-miniatura-180x180.png 180w, https:\/\/levfestival.com\/24-gijon\/wp-content\/uploads\/sites\/15\/2024\/04\/SlowWalker_Gijon-miniatura-705x705.png 705w\" sizes=\"(max-width: 800px) 100vw, 800px\" \/><\/div><\/div><\/div><br \/>\n\n<style type=\"text\/css\" data-created_by=\"avia_inline_auto\" id=\"style-css-av-17anzs-8b20301eba60eaa066e6293848171c7f\">\n#top .hr.hr-invisible.av-17anzs-8b20301eba60eaa066e6293848171c7f{\nheight:20px;\n}\n<\/style>\n<div  class='hr av-17anzs-8b20301eba60eaa066e6293848171c7f hr-invisible  avia-builder-el-46  el_after_av_image  el_before_av_textblock '><span class='hr-inner '><span class=\"hr-inner-style\"><\/span><\/span><\/div><br \/>\n\n<style type=\"text\/css\" data-created_by=\"avia_inline_auto\" id=\"style-css-av-lvknblyi-ce3e35f78515f5648a04ab3e28cefbab\">\n#top .av_textblock_section.av-lvknblyi-ce3e35f78515f5648a04ab3e28cefbab .avia_textblock{\ncolor:#ffffff;\n}\n<\/style>\n<section  class='av_textblock_section av-lvknblyi-ce3e35f78515f5648a04ab3e28cefbab'  itemscope=\"itemscope\" itemtype=\"https:\/\/schema.org\/CreativeWork\" ><div class='avia_textblock av_inherit_color'  itemprop=\"text\" ><h3>Plaza del Parch\u00eds<\/h3>\n<p style=\"text-align: left;font-size: 15px\">La Plaza del Instituto Jovellanos, conocida popularmente como la Plaza del Parch\u00eds, es uno de los lugares m\u00e1s emblem\u00e1ticos de Gij\u00f3n y un punto de encuentro para los gijoneses en el centro de la ciudad, a escasos metros de la playa de San Lorenzo, de la Escuela de comercio y del Centro de Cultura Antiguo Instituto. <span style=\"text-decoration: underline\">Del 2 al 19 de mayo, esta Plaza acoger\u00e1 la actividad gratuita de realidad aumentada Slow Walker.<\/span><\/p>\n<\/div><\/section><\/p><\/div><div class='av-flex-placeholder'><\/div>\n<style type=\"text\/css\" data-created_by=\"avia_inline_auto\" id=\"style-css-av-15c99s-33c2f8a07c20368ca8960f5b7a751786\">\n#top .flex_column_table.av-equal-height-column-flextable.av-15c99s-33c2f8a07c20368ca8960f5b7a751786{\nmargin-top:70px;\nmargin-bottom:0px;\n}\n.flex_column.av-15c99s-33c2f8a07c20368ca8960f5b7a751786{\nwidth:32%;\nmargin-left:0;\n}\n#top .flex_column_table.av-equal-height-column-flextable.av-15c99s-33c2f8a07c20368ca8960f5b7a751786 .av-flex-placeholder{\nwidth:2%;\n}\n<\/style>\n<div class='flex_column av-15c99s-33c2f8a07c20368ca8960f5b7a751786 av_one_third  avia-builder-el-48  el_after_av_one_third  avia-builder-el-last  flex_column_table_cell av-equal-height-column av-align-top column-top-margin'     ><\/div><\/div><!--close column table wrapper. Autoclose: 1 --><\/div><\/div><\/div><!-- close content main div --><\/div><\/div><div id='av_section_4'  class='avia-section av-1eppf4-e777e66d23196cbf36aa8992f80c040c main_color avia-section-default avia-no-border-styling  avia-builder-el-49  el_after_av_section  avia-builder-el-last  avia-bg-style-scroll container_wrap fullsize'  ><div class='container av-section-cont-open' ><div class='template-page content  av-content-full alpha units'><div class='post-entry post-entry-type-page post-entry-144'><div class='entry-content-wrapper clearfix'>\n<div class='flex_column av-v2w7c-276637e97f3ab43ec549aca0b20ca185 av_two_third  avia-builder-el-50  el_before_av_one_third  avia-builder-el-first  first flex_column_div '     ><style type=\"text\/css\" data-created_by=\"avia_inline_auto\" id=\"style-css-av-14hcm8-99cbf30330ce3068e9394e9f8f5ac146\">\n#top .av_textblock_section.av-14hcm8-99cbf30330ce3068e9394e9f8f5ac146 .avia_textblock{\nfont-size:15px;\ncolor:#ffffff;\n}\n<\/style>\n<section  class='av_textblock_section av-14hcm8-99cbf30330ce3068e9394e9f8f5ac146'  itemscope=\"itemscope\" itemtype=\"https:\/\/schema.org\/CreativeWork\" ><div class='avia_textblock titulo-cll av_inherit_color'  itemprop=\"text\" ><h3><strong>MU\u00c9VETE EN AUTOBUSES<\/strong><\/h3>\n<\/div><\/section><br \/>\n\n<style type=\"text\/css\" data-created_by=\"avia_inline_auto\" id=\"style-css-av-lvknxwmq-1027d11fa22ec1b8d97b95ba23a0e914\">\n#top .av_textblock_section.av-lvknxwmq-1027d11fa22ec1b8d97b95ba23a0e914 .avia_textblock{\nfont-size:15px;\ncolor:#ffffff;\n}\n<\/style>\n<section  class='av_textblock_section av-lvknxwmq-1027d11fa22ec1b8d97b95ba23a0e914'  itemscope=\"itemscope\" itemtype=\"https:\/\/schema.org\/CreativeWork\" ><div class='avia_textblock titulo-cll av_inherit_color'  itemprop=\"text\" ><table style=\"background-color: transparent\">\n<tbody style=\"background-color: transparent\">\n<tr style=\"background-color: transparent\">\n<td style=\"border: none\">\n<p style=\"font-size: 15px\"><strong>Laboral Ciudad de la Cultura \/ Laboral Centro de Arte<\/strong><br \/>\nL\u00edneas <a href=\"https:\/\/documentos.gijon.es\/doc\/LineasBus\/l1.pdf\" target=\"_blank\" rel=\"noopener\">L1<\/a>, <a href=\"https:\/\/documentos.gijon.es\/doc\/LineasBus\/l2.pdf\" target=\"_blank\" rel=\"noopener\">L2<\/a>, <a href=\"https:\/\/documentos.gijon.es\/doc\/LineasBus\/l10.pdf\" target=\"_blank\" rel=\"noopener\">L10<\/a>, <a href=\"https:\/\/documentos.gijon.es\/doc\/LineasBus\/l18.pdf\" target=\"_blank\" rel=\"noopener\">L18.<\/a><\/p>\n<p style=\"font-size: 15px\"><strong>Mus\u00e9u del Pueblu d\u2019Asturies<\/strong><br \/>\nL\u00edneas <a href=\"https:\/\/documentos.gijon.es\/doc\/LineasBus\/l1.pdf\" target=\"_blank\" rel=\"noopener\">L1<\/a>, <a href=\"https:\/\/documentos.gijon.es\/doc\/LineasBus\/l4.pdf\" target=\"_blank\" rel=\"noopener\">L4<\/a>, <a href=\"https:\/\/documentos.gijon.es\/doc\/LineasBus\/l10.pdf\" target=\"_blank\" rel=\"noopener\">L10<\/a>.<\/p>\n<p style=\"font-size: 15px\"><strong>Jard\u00edn Bot\u00e1nico Atl\u00e1ntico<\/strong><br \/>\nL\u00edneas <a href=\"https:\/\/documentos.gijon.es\/doc\/LineasBus\/l1.pdf\" target=\"_blank\" rel=\"noopener\">L1<\/a>, <a href=\"https:\/\/documentos.gijon.es\/doc\/LineasBus\/l2.pdf\" target=\"_blank\" rel=\"noopener\">L2<\/a>, <a href=\"https:\/\/documentos.gijon.es\/doc\/LineasBus\/l18.pdf\" target=\"_blank\" rel=\"noopener\">L18<\/a>, <a href=\"https:\/\/documentos.gijon.es\/doc\/LineasBus\/l35.pdf\" target=\"_blank\" rel=\"noopener\">L35<\/a><\/p>\n<\/td>\n<td style=\"border: none\">\n<p style=\"font-size: 15px\"><strong>Teatro Jovellanos<\/strong><br \/>\nL\u00edneas <a href=\"https:\/\/documentos.gijon.es\/doc\/LineasBus\/l1.pdf\" target=\"_blank\" rel=\"noopener\">L1<\/a>, <a href=\"https:\/\/documentos.gijon.es\/doc\/LineasBus\/l4.pdf\" target=\"_blank\" rel=\"noopener\">L4<\/a>, <a href=\"https:\/\/documentos.gijon.es\/doc\/LineasBus\/l10.pdf\" target=\"_blank\" rel=\"noopener\">L10<\/a>, <a href=\"https:\/\/documentos.gijon.es\/doc\/LineasBus\/l14.pdf\" target=\"_blank\" rel=\"noopener\">L14<\/a>, <a href=\"https:\/\/documentos.gijon.es\/doc\/LineasBus\/l15.pdf\" target=\"_blank\" rel=\"noopener\">L15<\/a>, <a href=\"https:\/\/documentos.gijon.es\/doc\/LineasBus\/l16.pdf\" target=\"_blank\" rel=\"noopener\">L16<\/a>, <a href=\"https:\/\/documentos.gijon.es\/doc\/LineasBus\/l18.pdf\" target=\"_blank\" rel=\"noopener\">L18<\/a> y <a href=\"https:\/\/documentos.gijon.es\/doc\/LineasBus\/l20.pdf\" target=\"_blank\" rel=\"noopener\">L20<\/a><\/p>\n<p style=\"font-size: 15px\"><strong>Centro de Cultura Antiguo Instituto \/ Escuela de Comercio<\/strong><br \/>\n<a href=\"https:\/\/documentos.gijon.es\/doc\/LineasBus\/l4.pdf\" target=\"_blank\" rel=\"noopener\">L4<\/a>, <a href=\"https:\/\/documentos.gijon.es\/doc\/LineasBus\/l10.pdf\" target=\"_blank\" rel=\"noopener\">L10<\/a>, <a href=\"https:\/\/documentos.gijon.es\/doc\/LineasBus\/l14.pdf\" target=\"_blank\" rel=\"noopener\">L14<\/a>, <a href=\"https:\/\/documentos.gijon.es\/doc\/LineasBus\/l20.pdf\" target=\"_blank\" rel=\"noopener\">L20<\/a> y <a href=\"https:\/\/documentos.gijon.es\/doc\/LineasBus\/l25.pdf\" target=\"_blank\" rel=\"noopener\">L25<\/a><\/p>\n<\/td>\n<\/tr>\n<\/tbody>\n<\/table>\n<\/div><\/section><br \/>\n\n<style type=\"text\/css\" data-created_by=\"avia_inline_auto\" id=\"style-css-av-s9bkg-162f77fec578daec76c85bd73a965ffe\">\n#top .av_textblock_section.av-s9bkg-162f77fec578daec76c85bd73a965ffe .avia_textblock{\nfont-size:10px;\ncolor:#ffffff;\n}\n<\/style>\n<section  class='av_textblock_section av-s9bkg-162f77fec578daec76c85bd73a965ffe'  itemscope=\"itemscope\" itemtype=\"https:\/\/schema.org\/CreativeWork\" ><div class='avia_textblock av_inherit_color'  itemprop=\"text\" ><p style=\"font-size: 15px\">Desc\u00e1rgate la APLICACI\u00d3N M\u00d3VIL\u00a0oficial de EMTUSA para tus desplazamientos en autob\u00fas por la ciudad:<br \/>\n<a href=\"https:\/\/play.google.com\/store\/apps\/details?id=es.gijon.emtusa&amp;hl=es_419&amp;gl=US\">Android<\/a> \/ <a href=\"https:\/\/apps.apple.com\/es\/app\/gij%C3%B3n-emtusa\/id1529085780\">Iphone<\/a><\/p>\n<\/div><\/section><\/p><\/div><div class='flex_column av-lsm94-759c7eb1dfc8dc413654690d4a7cb14d av_one_third  avia-builder-el-54  el_after_av_two_third  avia-builder-el-last  flex_column_div '     ><style type=\"text\/css\" data-created_by=\"avia_inline_auto\" id=\"style-css-av-mu1h4-cc2e1e473b9ffd24bef930e36c18600c\">\n#top .av_textblock_section.av-mu1h4-cc2e1e473b9ffd24bef930e36c18600c .avia_textblock{\nfont-size:10px;\ncolor:#ffffff;\n}\n<\/style>\n<section  class='av_textblock_section av-mu1h4-cc2e1e473b9ffd24bef930e36c18600c'  itemscope=\"itemscope\" itemtype=\"https:\/\/schema.org\/CreativeWork\" ><div class='avia_textblock titulo-cll av_inherit_color'  itemprop=\"text\" ><h3 style=\"margin-bottom: 0\"><strong>SERVICIOS ESPECIALES DE AUTOB\u00daS NOCTURNO DURANTE EL FESTIVAL<\/strong><\/h3>\n<\/div><\/section><br \/>\n\n<style type=\"text\/css\" data-created_by=\"avia_inline_auto\" id=\"style-css-av-ffikg-d491aa66dc695d6a2c70300d4f47c5df\">\n#top .av_textblock_section.av-ffikg-d491aa66dc695d6a2c70300d4f47c5df .avia_textblock{\nfont-size:10px;\ncolor:#ffffff;\n}\n<\/style>\n<section  class='av_textblock_section av-ffikg-d491aa66dc695d6a2c70300d4f47c5df'  itemscope=\"itemscope\" itemtype=\"https:\/\/schema.org\/CreativeWork\" ><div class='avia_textblock av_inherit_color'  itemprop=\"text\" ><p style=\"font-size: 15px\"><strong>En colaboraci\u00f3n con la Concejal\u00eda de Medio Ambiente y Movilidad<\/strong><\/p>\n<p style=\"font-size: 15px\"><strong title=\"\">Horarios al finalizar las actividades:<\/strong><br \/>\nNoche Viernes 3 de mayo: <strong title=\"\">2.50h<\/strong><br \/>\nNoche S\u00e1bado 4 de mayo: <strong>5:45h<\/strong><\/p>\n<\/div><\/section><br \/>\n\n<style type=\"text\/css\" data-created_by=\"avia_inline_auto\" id=\"style-css-av-xv8w-4001aa55f1d9d2fba9dde05ec9aaa00c\">\n#top .av_textblock_section.av-xv8w-4001aa55f1d9d2fba9dde05ec9aaa00c .avia_textblock{\nfont-size:10px;\ncolor:#ffffff;\n}\n<\/style>\n<section  class='av_textblock_section av-xv8w-4001aa55f1d9d2fba9dde05ec9aaa00c'  itemscope=\"itemscope\" itemtype=\"https:\/\/schema.org\/CreativeWork\" ><div class='avia_textblock titulo-cll av_inherit_color'  itemprop=\"text\" ><h3><strong>MU\u00c9VETE EN BICI<\/strong><\/h3>\n<p style=\"margin-top: 0;font-size: 15px\">Accede al mapa interactivo con todos los carriles bici, ciclocarriles y puntos Gij\u00f3n Bici\u00a0<a title=\"\" href=\"https:\/\/observa.gijon.es\/map\/moverse_en_bici\/?location=14,43.5268,-5.64019\" target=\"_blank\" rel=\"noopener\"><strong title=\"\">AQU\u00cd<\/strong><\/a><\/p>\n<\/div><\/section><\/p><\/div>\n<\/p>\n","protected":false},"excerpt":{"rendered":"","protected":false},"author":1,"featured_media":0,"parent":0,"menu_order":0,"comment_status":"closed","ping_status":"closed","template":"","meta":{"footnotes":""},"class_list":["post-144","page","type-page","status-publish","hentry"],"yoast_head":"<!-- This site is optimized with the Yoast SEO plugin v20.7 - https:\/\/yoast.com\/wordpress\/plugins\/seo\/ -->\n<title>C\u00f3mo llegar - L.E.V. Festival 2024<\/title>\n<meta name=\"robots\" content=\"index, follow, max-snippet:-1, max-image-preview:large, max-video-preview:-1\" \/>\n<link rel=\"canonical\" href=\"https:\/\/levfestival.com\/24-gijon\/como-llegar\/\" \/>\n<meta property=\"og:locale\" content=\"es_ES\" \/>\n<meta property=\"og:type\" content=\"article\" \/>\n<meta property=\"og:title\" content=\"C\u00f3mo llegar - L.E.V. Festival 2024\" \/>\n<meta property=\"og:url\" content=\"https:\/\/levfestival.com\/24-gijon\/como-llegar\/\" \/>\n<meta property=\"og:site_name\" content=\"L.E.V. Festival 2024\" \/>\n<meta property=\"article:modified_time\" content=\"2026-03-12T17:38:03+00:00\" \/>\n<meta name=\"twitter:card\" content=\"summary_large_image\" \/>\n<meta name=\"twitter:label1\" content=\"Tiempo de lectura\" \/>\n\t<meta name=\"twitter:data1\" content=\"20 minutos\" \/>\n<script type=\"application\/ld+json\" class=\"yoast-schema-graph\">{\"@context\":\"https:\/\/schema.org\",\"@graph\":[{\"@type\":\"WebPage\",\"@id\":\"https:\/\/levfestival.com\/24-gijon\/como-llegar\/\",\"url\":\"https:\/\/levfestival.com\/24-gijon\/como-llegar\/\",\"name\":\"C\u00f3mo llegar - L.E.V. Festival 2024\",\"isPartOf\":{\"@id\":\"https:\/\/levfestival.com\/24-gijon\/#website\"},\"datePublished\":\"2024-02-06T13:22:11+00:00\",\"dateModified\":\"2026-03-12T17:38:03+00:00\",\"breadcrumb\":{\"@id\":\"https:\/\/levfestival.com\/24-gijon\/como-llegar\/#breadcrumb\"},\"inLanguage\":\"es\",\"potentialAction\":[{\"@type\":\"ReadAction\",\"target\":[\"https:\/\/levfestival.com\/24-gijon\/como-llegar\/\"]}]},{\"@type\":\"BreadcrumbList\",\"@id\":\"https:\/\/levfestival.com\/24-gijon\/como-llegar\/#breadcrumb\",\"itemListElement\":[{\"@type\":\"ListItem\",\"position\":1,\"name\":\"Portada\",\"item\":\"https:\/\/levfestival.com\/24-gijon\/home\/\"},{\"@type\":\"ListItem\",\"position\":2,\"name\":\"C\u00f3mo llegar\"}]},{\"@type\":\"WebSite\",\"@id\":\"https:\/\/levfestival.com\/24-gijon\/#website\",\"url\":\"https:\/\/levfestival.com\/24-gijon\/\",\"name\":\"L.E.V. Festival 2024\",\"description\":\"\",\"potentialAction\":[{\"@type\":\"SearchAction\",\"target\":{\"@type\":\"EntryPoint\",\"urlTemplate\":\"https:\/\/levfestival.com\/24-gijon\/?s={search_term_string}\"},\"query-input\":\"required name=search_term_string\"}],\"inLanguage\":\"es\"}]}<\/script>\n<!-- \/ Yoast SEO plugin. -->","yoast_head_json":{"title":"C\u00f3mo llegar - L.E.V. Festival 2024","robots":{"index":"index","follow":"follow","max-snippet":"max-snippet:-1","max-image-preview":"max-image-preview:large","max-video-preview":"max-video-preview:-1"},"canonical":"https:\/\/levfestival.com\/24-gijon\/como-llegar\/","og_locale":"es_ES","og_type":"article","og_title":"C\u00f3mo llegar - L.E.V. Festival 2024","og_url":"https:\/\/levfestival.com\/24-gijon\/como-llegar\/","og_site_name":"L.E.V. Festival 2024","article_modified_time":"2026-03-12T17:38:03+00:00","twitter_card":"summary_large_image","twitter_misc":{"Tiempo de lectura":"20 minutos"},"schema":{"@context":"https:\/\/schema.org","@graph":[{"@type":"WebPage","@id":"https:\/\/levfestival.com\/24-gijon\/como-llegar\/","url":"https:\/\/levfestival.com\/24-gijon\/como-llegar\/","name":"C\u00f3mo llegar - L.E.V. Festival 2024","isPartOf":{"@id":"https:\/\/levfestival.com\/24-gijon\/#website"},"datePublished":"2024-02-06T13:22:11+00:00","dateModified":"2026-03-12T17:38:03+00:00","breadcrumb":{"@id":"https:\/\/levfestival.com\/24-gijon\/como-llegar\/#breadcrumb"},"inLanguage":"es","potentialAction":[{"@type":"ReadAction","target":["https:\/\/levfestival.com\/24-gijon\/como-llegar\/"]}]},{"@type":"BreadcrumbList","@id":"https:\/\/levfestival.com\/24-gijon\/como-llegar\/#breadcrumb","itemListElement":[{"@type":"ListItem","position":1,"name":"Portada","item":"https:\/\/levfestival.com\/24-gijon\/home\/"},{"@type":"ListItem","position":2,"name":"C\u00f3mo llegar"}]},{"@type":"WebSite","@id":"https:\/\/levfestival.com\/24-gijon\/#website","url":"https:\/\/levfestival.com\/24-gijon\/","name":"L.E.V. Festival 2024","description":"","potentialAction":[{"@type":"SearchAction","target":{"@type":"EntryPoint","urlTemplate":"https:\/\/levfestival.com\/24-gijon\/?s={search_term_string}"},"query-input":"required name=search_term_string"}],"inLanguage":"es"}]}},"_links":{"self":[{"href":"https:\/\/levfestival.com\/24-gijon\/wp-json\/wp\/v2\/pages\/144","targetHints":{"allow":["GET"]}}],"collection":[{"href":"https:\/\/levfestival.com\/24-gijon\/wp-json\/wp\/v2\/pages"}],"about":[{"href":"https:\/\/levfestival.com\/24-gijon\/wp-json\/wp\/v2\/types\/page"}],"author":[{"embeddable":true,"href":"https:\/\/levfestival.com\/24-gijon\/wp-json\/wp\/v2\/users\/1"}],"replies":[{"embeddable":true,"href":"https:\/\/levfestival.com\/24-gijon\/wp-json\/wp\/v2\/comments?post=144"}],"version-history":[{"count":69,"href":"https:\/\/levfestival.com\/24-gijon\/wp-json\/wp\/v2\/pages\/144\/revisions"}],"predecessor-version":[{"id":2218,"href":"https:\/\/levfestival.com\/24-gijon\/wp-json\/wp\/v2\/pages\/144\/revisions\/2218"}],"wp:attachment":[{"href":"https:\/\/levfestival.com\/24-gijon\/wp-json\/wp\/v2\/media?parent=144"}],"curies":[{"name":"wp","href":"https:\/\/api.w.org\/{rel}","templated":true}]}}