{"id":44,"date":"2025-02-01T18:47:01","date_gmt":"2025-02-01T17:47:01","guid":{"rendered":"https:\/\/levfestival.com\/25-gijon\/?page_id=44"},"modified":"2025-04-26T19:55:56","modified_gmt":"2025-04-26T17:55:56","slug":"horarios","status":"publish","type":"page","link":"https:\/\/levfestival.com\/25-gijon\/horarios\/","title":{"rendered":"Horarios"},"content":{"rendered":"\n<style type=\"text\/css\" data-created_by=\"avia_inline_auto\" id=\"style-css-av-19syc-558a12290e6a0cb3a5df7bb8021b9244\">\n.avia-section.av-19syc-558a12290e6a0cb3a5df7bb8021b9244{\nbackground-color:#000000;\nbackground-image:unset;\n}\n<\/style>\n<div id='av_section_1'  class='avia-section av-19syc-558a12290e6a0cb3a5df7bb8021b9244 header_color avia-section-default avia-no-border-styling  avia-builder-el-0  avia-builder-el-no-sibling  avia-bg-style-scroll container_wrap fullsize'  ><div class='container av-section-cont-open' ><main  role=\"main\" itemprop=\"mainContentOfPage\"  class='template-page content  av-content-full alpha units'><div class='post-entry post-entry-type-page post-entry-44'><div class='entry-content-wrapper clearfix'>\n\n<style type=\"text\/css\" data-created_by=\"avia_inline_auto\" id=\"style-css-av-vkrg-910613c16a3d9aea49eb97ec120ff8d7\">\n#top .av-special-heading.av-vkrg-910613c16a3d9aea49eb97ec120ff8d7{\npadding-bottom:10px;\ncolor:#ffffff;\n}\nbody .av-special-heading.av-vkrg-910613c16a3d9aea49eb97ec120ff8d7 .av-special-heading-tag .heading-char{\nfont-size:25px;\n}\n.av-special-heading.av-vkrg-910613c16a3d9aea49eb97ec120ff8d7 .special-heading-inner-border{\nborder-color:#ffffff;\n}\n.av-special-heading.av-vkrg-910613c16a3d9aea49eb97ec120ff8d7 .av-subheading{\nfont-size:15px;\n}\n<\/style>\n<div  class='av-special-heading av-vkrg-910613c16a3d9aea49eb97ec120ff8d7 av-special-heading-h1 custom-color-heading blockquote modern-quote  avia-builder-el-1  el_before_av_tab_container  avia-builder-el-first '><h1 class='av-special-heading-tag'  itemprop=\"headline\"  >HORARIOS<\/h1><div class=\"special-heading-border\"><div class=\"special-heading-inner-border\"><\/div><\/div><\/div>\n<div  id=\"horarios-gijon23\"  class='tabcontainer av-m9hcvwf1-a2cb963d6634b5b2c181a810e3f50a72 top_tab  avia-builder-el-2  el_after_av_heading  avia-builder-el-last ' role='tablist'>\n<section class='av_tab_section av_tab_section av-m9hcv43o-bb68b39ec791e83ba691f771a2d35d7d'  itemscope=\"itemscope\" itemtype=\"https:\/\/schema.org\/CreativeWork\" ><div class='tab active_tab' role='tab' tabindex='0' data-fake-id='#jueves-1' aria-controls='jueves-1-content'  itemprop=\"headline\" >JUEVES 1_MAYO<\/div><div id='jueves-1-content' class='tab_content active_tab_content' aria-hidden=\"false\"><div class='tab_inner_content invers-color'  itemprop=\"text\" ><p class=\"titulo-horarios\">ESCUELA DE COMERCIO<\/p>\n<p class=\"subtitulo-horarios\">EXPERIENCIAS VR<\/p>\n<p>11:00-14:00 \/ 16:00-21:00 h.<\/p>\n<h2><a href=\"https:\/\/levfestival.com\/25-gijon\/lev-gijon\/gwenael-francois-otos-planet\/\"><em>OTOS\u2019S PLANET<\/em>. GWENAEL FRAN\u00c7OIS<\/a><\/h2>\n<h2><a href=\"https:\/\/levfestival.com\/25-gijon\/lev-gijon\/impulse-playing-with-reality\/\"><em>IMPULSE: PLAYING WITH REALITY<\/em>. MAY ABDALLA AND BARRY GENE MURPHY<\/a><\/h2>\n<p>Entrada libre<\/p>\n<p class=\"titulo-horarios\">PLAZA DEL PARCH\u00cdS<\/p>\n<p class=\"subtitulo-horarios\">EXPERIENCIA AR<\/p>\n<p>Horario continuo<\/p>\n<h2><a href=\"https:\/\/levfestival.com\/25-gijon\/lev-gijon\/blocksmog-guillaumit\/\"><em>BLOCKSMOG<\/em>. GUILLAUMIT<\/a><\/h2>\n<p>Actividad gratuita<\/p>\n<p class=\"titulo-horarios\">COLEGIATA DEL REVILLAGIGEDO<\/p>\n<p class=\"subtitulo-horarios\">INSTALACI\u00d3N AV<\/p>\n<p>11:00 \u2013 21:00 h.<\/p>\n<h2 style=\"margin-top: 25px\"><a href=\"https:\/\/levfestival.com\/25-gijon\/lev-gijon\/ivan-chen-hsiu-liu-echoes-of-the-land-_tw\/\">IVAN LIU <em>ECHOES OF THE LAND<\/em><\/a><\/h2>\n<p>Entrada libre<\/p>\n<p class=\"titulo-horarios\">CENTRO DE CULTURA ANTIGUO INSTITUTO<\/p>\n<p class=\"subtitulo-horarios\">INSTALACI\u00d3N AV<\/p>\n<p>12:00 &#8211; 14:00 \/ 16:30 &#8211; 20:30 h.<\/p>\n<h2><a href=\"https:\/\/levfestival.com\/25-gijon\/lev-gijon\/robbie-cooper-immersion-extended-version-_uk\/\">ROBBIE COOPER <em>IMMERSION<\/em><\/a><\/h2>\n<p>Entrada libre<\/p>\n<p class=\"titulo-horarios\">POZU SANTA B\u00c1RBARA (Mieres)<\/p>\n<p class=\"subtitulo-horarios\">INSTALACI\u00d3N AV<\/p>\n<p>11:00 &#8211; 14:00 \/ 16:30 &#8211; 21:00 h.<\/p>\n<h2><a href=\"https:\/\/levfestival.com\/el-pozu-santa-barbara-de-mieres-inaugura-la-instalacion-speculum-del-colectivo-de-artistas-smack\/\">SMACK. SPECULUM<\/a><\/h2>\n<\/div><\/div><\/section>\n<section class='av_tab_section av_tab_section av-m9hcvbvp-a9a7132fc5c20d1797cc35be8f97580c'  itemscope=\"itemscope\" itemtype=\"https:\/\/schema.org\/CreativeWork\" ><div class='tab' role='tab' tabindex='0' data-fake-id='#viernes-2' aria-controls='viernes-2-content'  itemprop=\"headline\" >VIERNES 2_MAYO<\/div><div id='viernes-2-content' class='tab_content' aria-hidden=\"true\"><div class='tab_inner_content invers-color'  itemprop=\"text\" ><p class=\"titulo-horarios\">ESCUELA DE COMERCIO<\/p>\n<p class=\"subtitulo-horarios\">EXPERIENCIAS VR<\/p>\n<p>11:00 &#8211; 14:00 \/ 16:00 &#8211; 21:00 h.<\/p>\n<h2><a href=\"https:\/\/levfestival.com\/25-gijon\/lev-gijon\/gwenael-francois-otos-planet\/\"><em>OTOS\u2019S PLANET<\/em>. GWENAEL FRAN\u00c7OIS<\/a><\/h2>\n<h2><a href=\"https:\/\/levfestival.com\/25-gijon\/lev-gijon\/impulse-playing-with-reality\/\"><em>IMPULSE: PLAYING WITH REALITY<\/em>. MAY ABDALLA AND BARRY GENE MURPHY<\/a><\/h2>\n<p>Entrada libre<\/p>\n<hr \/>\n<p class=\"subtitulo-horarios\">TALLER<\/p>\n<p>17:00 \u2013 20:00 h<\/p>\n<h2><a href=\"https:\/\/levfestival.com\/25-gijon\/lev-gijon\/ritmo-y-rima-metodologias-de-produccion-de-musica-hiphop-contemporanea-_jaime-tellado\/\"><em>RITMO Y RIMA. Metodolog\u00edas de producci\u00f3n de m\u00fasica hiphop contempor\u00e1nea.<\/em> JAIME TELLADO<\/a><\/h2>\n<p>Actividad gratuita con <a style=\"text-decoration: underline\" href=\"https:\/\/actividades.gijon.es\/ACTCursosEspeciales\/Actividad.do?idOferta=3460730870196859006402\" target=\"_blank\" rel=\"noopener\">inscripci\u00f3n previa<\/a><\/p>\n<p class=\"titulo-horarios\">PLAZA DEL PARCH\u00cdS<\/p>\n<p class=\"subtitulo-horarios\">EXPERIENCIA AR<\/p>\n<p>Horario continuo<\/p>\n<h2><a href=\"https:\/\/levfestival.com\/25-gijon\/lev-gijon\/blocksmog-guillaumit\/\"><em>BLOCKSMOG<\/em>. GUILLAUMIT<\/a><\/h2>\n<p>Actividad gratuita<\/p>\n<p class=\"titulo-horarios\">COLEGIATA DEL REVILLAGIGEDO<\/p>\n<p class=\"subtitulo-horarios\">INSTALACI\u00d3N AV<\/p>\n<p>11:00 \u2013 21:00 h.<\/p>\n<h2 style=\"margin-top: 25px\"><a href=\"https:\/\/levfestival.com\/25-gijon\/lev-gijon\/ivan-chen-hsiu-liu-echoes-of-the-land-_tw\/\">IVAN LIU <em>ECHOES OF THE LAND<\/em><\/a><\/h2>\n<p>Entrada libre<\/p>\n<p class=\"titulo-horarios\">CENTRO DE CULTURA ANTIGUO INSTITUTO<\/p>\n<p class=\"subtitulo-horarios\">INSTALACI\u00d3N AV<\/p>\n<p>12:00 &#8211; 14:00 \u2013 16:30 a 20:30 h.<\/p>\n<h2><a href=\"https:\/\/levfestival.com\/25-gijon\/lev-gijon\/robbie-cooper-immersion-extended-version-_uk\/\">ROBBIE COOPER <em>IMMERSION<\/em><\/a><\/h2>\n<p>Entrada libre<\/p>\n<p class=\"titulo-horarios\">POZU SANTA B\u00c1RBARA (Mieres)<\/p>\n<p class=\"subtitulo-horarios\">INSTALACI\u00d3N AV<\/p>\n<p>11:00 &#8211; 14.:00 \/ 16:30 &#8211; 21:00 h.<\/p>\n<h2><a href=\"https:\/\/levfestival.com\/el-pozu-santa-barbara-de-mieres-inaugura-la-instalacion-speculum-del-colectivo-de-artistas-smack\/\">SMACK. SPECULUM<\/a><\/h2>\n<p class=\"titulo-horarios\">TEATRO DE LA LABORAL<\/p>\n<p class=\"subtitulo-horarios\">CONCIERTOS Y PERFORMANCES AV<\/p>\n<p>19:00 h.<\/p>\n<p style=\"color: #f55200\">Apertura de barras del Teatro<\/p>\n<p>20:30 h.<\/p>\n<p style=\"color: #f55200\">Acceso a patio de butacas<\/p>\n<p>21:00 h.<\/p>\n<h2><a href=\"https:\/\/levfestival.com\/25-gijon\/lev-gijon\/katarina-gryvul-spomyn-w-alex-guevara-_ua-_de-pe\/\">KATARINA GRYVUL w\/ ALEX GUEVARA<\/a><\/h2>\n<p>22:05 h.<\/p>\n<h2><a href=\"https:\/\/levfestival.com\/25-gijon\/lev-gijon\/ryoji-ikeda-ultratronics-av-live-_jp\/\">RYOJI IKEDA<\/a><\/h2>\n<p style=\"color: #f55200\">23.00 Descanso de 45 minutos<\/p>\n<p>23:45 h.<\/p>\n<h2><a href=\"https:\/\/levfestival.com\/25-gijon\/lev-gijon\/colin-self-gasp-_us\/\">COLIN SELF<\/a><\/h2>\n<p style=\"color: #f55200\">00.25 Descanso de 25 minutos<\/p>\n<p>00:50 h.<\/p>\n<h2><a href=\"https:\/\/levfestival.com\/25-gijon\/lev-gijon\/pinch-lorem-a-red-rabbit-av-live-_uk-it\/\">PINCH &amp; LOREM<\/a><\/h2>\n<p>2:15 h.<\/p>\n<p style=\"color: #f55200\">Servicio especial de autob\u00fas<\/p>\n<\/div><\/div><\/section>\n<section class='av_tab_section av_tab_section av-m9hcvkev-7991686f6d9afc4f7a7022ab0b40c2f8'  itemscope=\"itemscope\" itemtype=\"https:\/\/schema.org\/CreativeWork\" ><div class='tab' role='tab' tabindex='0' data-fake-id='#sabado-3' aria-controls='sabado-3-content'  itemprop=\"headline\" >S\u00c1BADO 3_MAYO<\/div><div id='sabado-3-content' class='tab_content' aria-hidden=\"true\"><div class='tab_inner_content invers-color'  itemprop=\"text\" ><p class=\"titulo-horarios\">ESCUELA DE COMERCIO<\/p>\n<p class=\"subtitulo-horarios\">EXPERIENCIAS VR<\/p>\n<p>11:00-14:00 \/ 16:00-21:00 h.<\/p>\n<h2><a href=\"https:\/\/levfestival.com\/25-gijon\/lev-gijon\/gwenael-francois-otos-planet\/\"><em>OTOS\u2019S PLANET<\/em>. GWENAEL FRAN\u00c7OIS<\/a><\/h2>\n<h2><a href=\"https:\/\/levfestival.com\/25-gijon\/lev-gijon\/impulse-playing-with-reality\/\"><em>IMPULSE: PLAYING WITH REALITY<\/em>. MAY ABDALLA AND BARRY GENE MURPHY<\/a><\/h2>\n<p>Entrada libre<\/p>\n<p class=\"titulo-horarios\">PLAZA DEL PARCH\u00cdS<\/p>\n<p class=\"subtitulo-horarios\">EXPERIENCIA AR<\/p>\n<p>Horario continuo<\/p>\n<h2><a href=\"https:\/\/levfestival.com\/25-gijon\/lev-gijon\/blocksmog-guillaumit\/\"><em>BLOCKSMOG<\/em>. GUILLAUMIT<\/a><\/h2>\n<p>Actividad gratuita<\/p>\n<p class=\"titulo-horarios\">COLEGIATA DEL REVILLAGIGEDO<\/p>\n<p class=\"subtitulo-horarios\">INSTALACI\u00d3N AV<\/p>\n<p>11:00 \u2013 21.00 h.<\/p>\n<h2 style=\"margin-top: 25px\"><a href=\"https:\/\/levfestival.com\/25-gijon\/lev-gijon\/ivan-chen-hsiu-liu-echoes-of-the-land-_tw\/\">IVAN LIU <em>ECHOES OF THE LAND<\/em><\/a><\/h2>\n<p>Entrada libre<\/p>\n<p class=\"titulo-horarios\">CENTRO DE CULTURA ANTIGUO INSTITUTO<\/p>\n<p class=\"subtitulo-horarios\">INSTALACI\u00d3N AV<\/p>\n<p>12:00 &#8211; 14:00 \/ 16:30 &#8211; 20:30 h.<\/p>\n<h2><a href=\"https:\/\/levfestival.com\/25-gijon\/lev-gijon\/robbie-cooper-immersion-extended-version-_uk\/\">ROBBIE COOPER <em>IMMERSION<\/em><\/a><\/h2>\n<p>Entrada libre<\/p>\n<p class=\"titulo-horarios\">POZU SANTA B\u00c1RBARA (Mieres)<\/p>\n<p class=\"subtitulo-horarios\">INSTALACI\u00d3N AV<\/p>\n<p>11.00 &#8211; 14.00 \/ 16:30 &#8211; 21:00 h.<\/p>\n<h2><a href=\"https:\/\/levfestival.com\/el-pozu-santa-barbara-de-mieres-inaugura-la-instalacion-speculum-del-colectivo-de-artistas-smack\/\">SMACK. SPECULUM<\/a><\/h2>\n<p class=\"titulo-horarios\">MUS\u00c9U DEL PUEBLU D\u2019ASTURIES<\/p>\n<p class=\"subtitulo-horarios\">CONCIERTOS<\/p>\n<p>12:30 h.<\/p>\n<p style=\"color: #f55200\">Apertura de puertas<\/p>\n<p>13:00 h.<\/p>\n<h2><a href=\"https:\/\/levfestival.com\/25-gijon\/lev-gijon\/lila-tirando-a-violeta-_uy\/\">LILA TIRANDO A VIOLETA<\/a><\/h2>\n<p>14:10 h.<\/p>\n<h2><a href=\"https:\/\/levfestival.com\/25-gijon\/lev-gijon\/kabeaushe-_ke\/\">KABEAUSH\u00c9<\/a><\/h2>\n<p>15:10 h.<\/p>\n<h2><a href=\"https:\/\/levfestival.com\/25-gijon\/lev-gijon\/jailed-jamie-aka-skygaze-_es\/\">JAILED JAMIE<\/a><\/h2>\n<p>17:30 h.<\/p>\n<p style=\"color: #f55200\">Cierre<\/p>\n<p class=\"titulo-horarios\">TEATRO DE LA LABORAL<\/p>\n<p class=\"subtitulo-horarios\">CONCIERTOS Y PERFORMANCES AV<\/p>\n<p>19:00 h.<\/p>\n<p style=\"color: #f55200\">Apertura de barras del Teatro<\/p>\n<p>20:00 h.<\/p>\n<p style=\"color: #f55200\">Acceso a patio de butacas<\/p>\n<p>20:30 h.<\/p>\n<h2><a href=\"https:\/\/levfestival.com\/25-gijon\/lev-gijon\/yessi-perse-top5-fairytales-of-eternal-economic-growth-_es\/\">YESSi PERSE<\/a><\/h2>\n<p style=\"color: #f55200\">21:10 h. Descanso de 30 minutos<\/p>\n<p>21:40 h.<\/p>\n<h2><a href=\"https:\/\/levfestival.com\/25-gijon\/lev-gijon\/ash-fure-animal-_usa\/\">ASH FURE<\/a><\/h2>\n<p>22:35 h.<\/p>\n<h2><a href=\"https:\/\/levfestival.com\/25-gijon\/lev-gijon\/amelie-duchow-logos-mater-_de-it\/\">AMELIE DUCHOW<\/a><\/h2>\n<p class=\"titulo-horarios\">NAVE. LABORAL CENTRO DE ARTE<\/p>\n<p class=\"subtitulo-horarios\">CONCIERTOS Y PERFORMANCES AV<\/p>\n<p>23:00 h.<\/p>\n<p style=\"color: #f55200\">Apertura de puertas<\/p>\n<p>00:00 h.<\/p>\n<h2><a href=\"https:\/\/levfestival.com\/25-gijon\/lev-gijon\/babii-dd2000-av-_uk\/\">BABii<\/a><\/h2>\n<p>01:10 h.<\/p>\n<h2><a href=\"https:\/\/levfestival.com\/25-gijon\/lev-gijon\/iglooghost-exo-a-v-_uk\/\">IGLOOGHOST<\/a><\/h2>\n<p>02:20 h.<\/p>\n<h2><a href=\"https:\/\/levfestival.com\/25-gijon\/lev-gijon\/amnesia-scanner-freeka-tet-hoax-_fin-fr\/\">AMNESIA SCANNER<\/a><\/h2>\n<p>03:30 h.<\/p>\n<h2><a href=\"https:\/\/levfestival.com\/25-gijon\/lev-gijon\/mun-sing-_uk\/\">MUN SING<\/a><\/h2>\n<p>04:35 h.<\/p>\n<h2><a href=\"https:\/\/levfestival.com\/25-gijon\/lev-gijon\/cortical-av-live-_es\/\">CORTICAL<\/a><\/h2>\n<p>5:40 h.<\/p>\n<p style=\"color: #f55200\">Servicio especial de autob\u00fas<\/p>\n<\/div><\/div><\/section>\n<section class='av_tab_section av_tab_section av-m9hcvtx8-8b99d385be560ed0fd8bc5118c81fc30'  itemscope=\"itemscope\" itemtype=\"https:\/\/schema.org\/CreativeWork\" ><div class='tab' role='tab' tabindex='0' data-fake-id='#domingo-4' aria-controls='domingo-4-content'  itemprop=\"headline\" >DOMINGO 4_MAYO<\/div><div id='domingo-4-content' class='tab_content' aria-hidden=\"true\"><div class='tab_inner_content invers-color'  itemprop=\"text\" ><p class=\"titulo-horarios\">ESCUELA DE COMERCIO<\/p>\n<p class=\"subtitulo-horarios\">EXPERIENCIAS VR<\/p>\n<p>11:00 &#8211; 14:00 h.<\/p>\n<h2><a href=\"https:\/\/levfestival.com\/25-gijon\/lev-gijon\/gwenael-francois-otos-planet\/\"><em>OTOS\u2019S PLANET<\/em>. GWENAEL FRAN\u00c7OIS<\/a><\/h2>\n<h2><a href=\"https:\/\/levfestival.com\/25-gijon\/lev-gijon\/impulse-playing-with-reality\/\"><em>IMPULSE: PLAYING WITH REALITY<\/em>. MAY ABDALLA AND BARRY GENE MURPHY<\/a><\/h2>\n<p>Entrada libre<\/p>\n<p class=\"titulo-horarios\">PLAZA DEL PARCH\u00cdS<\/p>\n<p class=\"subtitulo-horarios\">EXPERIENCIA AR<\/p>\n<p>Horario continuo<\/p>\n<h2><a href=\"https:\/\/levfestival.com\/25-gijon\/lev-gijon\/blocksmog-guillaumit\/\"><em>BLOCKSMOG<\/em>. GUILLAUMIT<\/a><\/h2>\n<p>Actividad gratuita<\/p>\n<p class=\"titulo-horarios\">COLEGIATA DEL REVILLAGIGEDO<\/p>\n<p class=\"subtitulo-horarios\">INSTALACI\u00d3N AV<\/p>\n<p>11:00 \u2013 21:00 h.<\/p>\n<h2 style=\"margin-top: 25px\"><a href=\"https:\/\/levfestival.com\/25-gijon\/lev-gijon\/ivan-chen-hsiu-liu-echoes-of-the-land-_tw\/\">IVAN LIU <em>ECHOES OF THE LAND<\/em><\/a><\/h2>\n<p>Entrada libre<\/p>\n<p class=\"titulo-horarios\">CENTRO DE CULTURA ANTIGUO INSTITUTO<\/p>\n<p class=\"subtitulo-horarios\">INSTALACI\u00d3N AV<\/p>\n<p>12:00 &#8211; 14:00 \/ 16:30 &#8211; 20:30 h.<\/p>\n<h2><a href=\"https:\/\/levfestival.com\/25-gijon\/lev-gijon\/robbie-cooper-immersion-extended-version-_uk\/\">ROBBIE COOPER <em>IMMERSION<\/em><\/a><\/h2>\n<p>Entrada libre<\/p>\n<p class=\"titulo-horarios\">POZU SANTA B\u00c1RBARA (Mieres)<\/p>\n<p class=\"subtitulo-horarios\">INSTALACI\u00d3N AV<\/p>\n<p>11:00 &#8211; 14:00 \/ 16:30 &#8211; 21:00 h.<\/p>\n<h2><a href=\"https:\/\/levfestival.com\/el-pozu-santa-barbara-de-mieres-inaugura-la-instalacion-speculum-del-colectivo-de-artistas-smack\/\">SMACK. <em>SPECULUM<\/em><\/a><\/h2>\n<p class=\"titulo-horarios\">JARD\u00cdN BOT\u00c1NICO ATL\u00c1NTICO<\/p>\n<p class=\"subtitulo-horarios\">SILENT SOUND SESSIONS<\/p>\n<p>13:00 h.<\/p>\n<p style=\"color: #f55200\">Apertura de puertas y entrega de auriculares inal\u00e1mbricos<\/p>\n<p>14:00 h.<\/p>\n<h2><a href=\"https:\/\/levfestival.com\/25-gijon\/lev-gijon\/mizu-_usa-carousel-productions-llc\/\">MIZU<\/a><\/h2>\n<p>15:10 h.<\/p>\n<h2><a href=\"https:\/\/levfestival.com\/25-gijon\/lev-gijon\/dylan-henner\/\">DYLAN HENNER<\/a><\/h2>\n<\/div><\/div><\/section>\n<section class='av_tab_section av_tab_section av-m9hcvtx8-1-aaef9d0d37b90b743fbe6eea22ee06a7'  itemscope=\"itemscope\" itemtype=\"https:\/\/schema.org\/CreativeWork\" ><div class='tab' role='tab' tabindex='0' data-fake-id='#otras-fechas' aria-controls='otras-fechas-content'  itemprop=\"headline\" >OTRAS FECHAS<\/div><div id='otras-fechas-content' class='tab_content' aria-hidden=\"true\"><div class='tab_inner_content invers-color'  itemprop=\"text\" ><p class=\"titulo-horarios\">CENTRO DE CULTURA ANTIGUO INSTITUTO<\/p>\n<p class=\"subtitulo-horarios\">INSTALACI\u00d3N AV<\/p>\n<p>Lunes a viernes: 17:30 &#8211; 20:30 h.<br \/>\nS\u00e1bados: 12:00 &#8211; 14:00 \/ 17:30 &#8211; 20:30 h.<br \/>\nDomingos: 12:00 &#8211; 14:00 h.<\/p>\n<h2><a href=\"https:\/\/levfestival.com\/25-gijon\/lev-gijon\/robbie-cooper-immersion-extended-version-_uk\/\"> ROBBIE COOPER <em>IMMERSION<\/em> <\/a><\/h2>\n<p>Disponible hasta el 18 de mayo<\/p>\n<p class=\"titulo-horarios\">POZU SANTA B\u00c1RBARA (Mieres)<\/p>\n<p class=\"subtitulo-horarios\">INSTALACI\u00d3N AV<\/p>\n<p>Mi\u00e9rcoles, jueves y viernes: 16:30 &#8211; 21:00 h.<br \/>\nS\u00e1bados, domingos y festivos: 11:00 &#8211; 14:00 \/ 16:30 &#8211; 21:00 h. (24 de junio cerrado)<br \/>\nDisponible hasta el 13 de julio.<\/p>\n<h2><a href=\"https:\/\/levfestival.com\/el-pozu-santa-barbara-de-mieres-inaugura-la-instalacion-speculum-del-colectivo-de-artistas-smack\/\"> SMACK. <em>SPECULUM<\/em><\/a><\/h2>\n<p>Entrada libre<\/p>\n<\/div><\/div><\/section>\n<\/div>\n\n","protected":false},"excerpt":{"rendered":"","protected":false},"author":1,"featured_media":0,"parent":0,"menu_order":0,"comment_status":"closed","ping_status":"closed","template":"","meta":{"footnotes":""},"class_list":["post-44","page","type-page","status-publish","hentry"],"yoast_head":"<!-- This site is optimized with the Yoast SEO plugin v20.7 - https:\/\/yoast.com\/wordpress\/plugins\/seo\/ -->\n<title>Horarios - L.E.V. Festival 2025<\/title>\n<meta name=\"robots\" content=\"index, follow, max-snippet:-1, max-image-preview:large, max-video-preview:-1\" \/>\n<link rel=\"canonical\" href=\"https:\/\/levfestival.com\/25-gijon\/horarios\/\" \/>\n<meta property=\"og:locale\" content=\"es_ES\" \/>\n<meta property=\"og:type\" content=\"article\" \/>\n<meta property=\"og:title\" content=\"Horarios - L.E.V. Festival 2025\" \/>\n<meta property=\"og:url\" content=\"https:\/\/levfestival.com\/25-gijon\/horarios\/\" \/>\n<meta property=\"og:site_name\" content=\"L.E.V. Festival 2025\" \/>\n<meta property=\"article:modified_time\" content=\"2025-04-26T17:55:56+00:00\" \/>\n<meta name=\"twitter:card\" content=\"summary_large_image\" \/>\n<meta name=\"twitter:label1\" content=\"Tiempo de lectura\" \/>\n\t<meta name=\"twitter:data1\" content=\"4 minutos\" \/>\n<script type=\"application\/ld+json\" class=\"yoast-schema-graph\">{\"@context\":\"https:\/\/schema.org\",\"@graph\":[{\"@type\":\"WebPage\",\"@id\":\"https:\/\/levfestival.com\/25-gijon\/horarios\/\",\"url\":\"https:\/\/levfestival.com\/25-gijon\/horarios\/\",\"name\":\"Horarios - L.E.V. Festival 2025\",\"isPartOf\":{\"@id\":\"https:\/\/levfestival.com\/25-gijon\/#website\"},\"datePublished\":\"2025-02-01T17:47:01+00:00\",\"dateModified\":\"2025-04-26T17:55:56+00:00\",\"breadcrumb\":{\"@id\":\"https:\/\/levfestival.com\/25-gijon\/horarios\/#breadcrumb\"},\"inLanguage\":\"es\",\"potentialAction\":[{\"@type\":\"ReadAction\",\"target\":[\"https:\/\/levfestival.com\/25-gijon\/horarios\/\"]}]},{\"@type\":\"BreadcrumbList\",\"@id\":\"https:\/\/levfestival.com\/25-gijon\/horarios\/#breadcrumb\",\"itemListElement\":[{\"@type\":\"ListItem\",\"position\":1,\"name\":\"Portada\",\"item\":\"https:\/\/levfestival.com\/25-gijon\/\"},{\"@type\":\"ListItem\",\"position\":2,\"name\":\"Horarios\"}]},{\"@type\":\"WebSite\",\"@id\":\"https:\/\/levfestival.com\/25-gijon\/#website\",\"url\":\"https:\/\/levfestival.com\/25-gijon\/\",\"name\":\"L.E.V. Festival 2025\",\"description\":\"\",\"potentialAction\":[{\"@type\":\"SearchAction\",\"target\":{\"@type\":\"EntryPoint\",\"urlTemplate\":\"https:\/\/levfestival.com\/25-gijon\/?s={search_term_string}\"},\"query-input\":\"required name=search_term_string\"}],\"inLanguage\":\"es\"}]}<\/script>\n<!-- \/ Yoast SEO plugin. -->","yoast_head_json":{"title":"Horarios - L.E.V. Festival 2025","robots":{"index":"index","follow":"follow","max-snippet":"max-snippet:-1","max-image-preview":"max-image-preview:large","max-video-preview":"max-video-preview:-1"},"canonical":"https:\/\/levfestival.com\/25-gijon\/horarios\/","og_locale":"es_ES","og_type":"article","og_title":"Horarios - L.E.V. Festival 2025","og_url":"https:\/\/levfestival.com\/25-gijon\/horarios\/","og_site_name":"L.E.V. Festival 2025","article_modified_time":"2025-04-26T17:55:56+00:00","twitter_card":"summary_large_image","twitter_misc":{"Tiempo de lectura":"4 minutos"},"schema":{"@context":"https:\/\/schema.org","@graph":[{"@type":"WebPage","@id":"https:\/\/levfestival.com\/25-gijon\/horarios\/","url":"https:\/\/levfestival.com\/25-gijon\/horarios\/","name":"Horarios - L.E.V. Festival 2025","isPartOf":{"@id":"https:\/\/levfestival.com\/25-gijon\/#website"},"datePublished":"2025-02-01T17:47:01+00:00","dateModified":"2025-04-26T17:55:56+00:00","breadcrumb":{"@id":"https:\/\/levfestival.com\/25-gijon\/horarios\/#breadcrumb"},"inLanguage":"es","potentialAction":[{"@type":"ReadAction","target":["https:\/\/levfestival.com\/25-gijon\/horarios\/"]}]},{"@type":"BreadcrumbList","@id":"https:\/\/levfestival.com\/25-gijon\/horarios\/#breadcrumb","itemListElement":[{"@type":"ListItem","position":1,"name":"Portada","item":"https:\/\/levfestival.com\/25-gijon\/"},{"@type":"ListItem","position":2,"name":"Horarios"}]},{"@type":"WebSite","@id":"https:\/\/levfestival.com\/25-gijon\/#website","url":"https:\/\/levfestival.com\/25-gijon\/","name":"L.E.V. Festival 2025","description":"","potentialAction":[{"@type":"SearchAction","target":{"@type":"EntryPoint","urlTemplate":"https:\/\/levfestival.com\/25-gijon\/?s={search_term_string}"},"query-input":"required name=search_term_string"}],"inLanguage":"es"}]}},"_links":{"self":[{"href":"https:\/\/levfestival.com\/25-gijon\/wp-json\/wp\/v2\/pages\/44","targetHints":{"allow":["GET"]}}],"collection":[{"href":"https:\/\/levfestival.com\/25-gijon\/wp-json\/wp\/v2\/pages"}],"about":[{"href":"https:\/\/levfestival.com\/25-gijon\/wp-json\/wp\/v2\/types\/page"}],"author":[{"embeddable":true,"href":"https:\/\/levfestival.com\/25-gijon\/wp-json\/wp\/v2\/users\/1"}],"replies":[{"embeddable":true,"href":"https:\/\/levfestival.com\/25-gijon\/wp-json\/wp\/v2\/comments?post=44"}],"version-history":[{"count":34,"href":"https:\/\/levfestival.com\/25-gijon\/wp-json\/wp\/v2\/pages\/44\/revisions"}],"predecessor-version":[{"id":1429,"href":"https:\/\/levfestival.com\/25-gijon\/wp-json\/wp\/v2\/pages\/44\/revisions\/1429"}],"wp:attachment":[{"href":"https:\/\/levfestival.com\/25-gijon\/wp-json\/wp\/v2\/media?parent=44"}],"curies":[{"name":"wp","href":"https:\/\/api.w.org\/{rel}","templated":true}]}}