{"id":473,"date":"2026-02-04T10:25:02","date_gmt":"2026-02-04T09:25:02","guid":{"rendered":"https:\/\/levfestival.com\/26-gijon\/programacion\/"},"modified":"2026-04-10T18:53:40","modified_gmt":"2026-04-10T16:53:40","slug":"programacion","status":"publish","type":"page","link":"https:\/\/levfestival.com\/26-gijon\/en\/programacion\/","title":{"rendered":"Programme"},"content":{"rendered":"<div id='av_section_1'  class='avia-section av-qvcdj-adec8efd1b1673aec08118601b08dc6c main_color avia-section-default avia-no-border-styling  avia-builder-el-0  avia-builder-el-no-sibling  avia-bg-style-scroll container_wrap fullsize'  ><div class='container av-section-cont-open' ><main  role=\"main\" itemprop=\"mainContentOfPage\"  class='template-page content  av-content-full alpha units'><div class='post-entry post-entry-type-page post-entry-473'><div class='entry-content-wrapper clearfix'>\n\n<style type=\"text\/css\" data-created_by=\"avia_inline_auto\" id=\"style-css-av-l7d0f-25dc9cf927437d78cc35221873cb1eb9\">\n#top .av-special-heading.av-l7d0f-25dc9cf927437d78cc35221873cb1eb9{\npadding-bottom:10px;\ncolor:#ffffff;\n}\nbody .av-special-heading.av-l7d0f-25dc9cf927437d78cc35221873cb1eb9 .av-special-heading-tag .heading-char{\nfont-size:25px;\n}\n.av-special-heading.av-l7d0f-25dc9cf927437d78cc35221873cb1eb9 .special-heading-inner-border{\nborder-color:#ffffff;\n}\n.av-special-heading.av-l7d0f-25dc9cf927437d78cc35221873cb1eb9 .av-subheading{\nfont-size:15px;\n}\n<\/style>\n<div  class='av-special-heading av-l7d0f-25dc9cf927437d78cc35221873cb1eb9 av-special-heading-h1 custom-color-heading blockquote modern-quote  avia-builder-el-1  el_before_av_hr  avia-builder-el-first '><h1 class='av-special-heading-tag'  itemprop=\"headline\"  >Programme<\/h1><div class=\"special-heading-border\"><div class=\"special-heading-inner-border\"><\/div><\/div><\/div>\n\n<style type=\"text\/css\" data-created_by=\"avia_inline_auto\" id=\"style-css-av-h5zzj-bcc9e44016ade165081064da647764f7\">\n#top .hr.hr-invisible.av-h5zzj-bcc9e44016ade165081064da647764f7{\nheight:50px;\n}\n<\/style>\n<div  class='hr av-h5zzj-bcc9e44016ade165081064da647764f7 hr-invisible  avia-builder-el-2  el_after_av_heading  el_before_av_masonry_entries  avia-builder-el-last '><span class='hr-inner '><span class=\"hr-inner-style\"><\/span><\/span><\/div>\n<div id='av-masonry-1' class='av-masonry av-bf587-c66b463aad7080d9fafd8fe38069c0a6 noHover av-fixed-size av-1px-gap av-hover-overlay- av-masonry-animation-active av-masonry-col-flexible av-caption-always av-caption-style-overlay av-masonry-entries av-orientation-square prog-grid' data-post_id=\"473\"><div class='av-masonry-sort main_color av-sort-yes' data-masonry-id='1' ><div class='av-sort-by-term  ' data-av-allowed-sort='[\"concerts-av-performances_sort\",\"av-performative-installations_sort\",\"exhibition_sort\",\"extended-realities_sort\",\"workshop_sort\",\"free-activities_sort\"]' ><a href=\"#\" data-filter=\"all_sort\" class=\"all_sort_button active_sort\"><span class=\"inner_sort_button\"><span>All<\/span><small class=\"avia-term-count\"> 27 <\/small><\/span><\/a><span class='text-sep featured-home_sort_sep avia_hide_sort'>\/<\/span><a href=\"#\" data-filter=\"featured-home_sort\" class=\"featured-home_sort_button avia_hide_sort\" ><span class=\"inner_sort_button\"><span>Featured-home<\/span><small class='avia-term-count'> 0 <\/small><\/span><\/a><span class='text-sep concerts-av-performances_sort_sep avia_show_sort'>\/<\/span><a href=\"#\" data-filter=\"concerts-av-performances_sort\" class=\"concerts-av-performances_sort_button avia_show_sort\" ><span class=\"inner_sort_button\"><span>Music<\/span><small class='avia-term-count'> 19 <\/small><\/span><\/a><span class='text-sep av-performative-installations_sort_sep avia_show_sort'>\/<\/span><a href=\"#\" data-filter=\"av-performative-installations_sort\" class=\"av-performative-installations_sort_button avia_show_sort\" ><span class=\"inner_sort_button\"><span>AV installations<\/span><small class='avia-term-count'> 6 <\/small><\/span><\/a><span class='text-sep exhibition_sort_sep avia_hide_sort'>\/<\/span><a href=\"#\" data-filter=\"exhibition_sort\" class=\"exhibition_sort_button avia_hide_sort\" ><span class=\"inner_sort_button\"><span>Exhibition<\/span><small class='avia-term-count'> 0 <\/small><\/span><\/a><span class='text-sep extended-realities_sort_sep avia_show_sort'>\/<\/span><a href=\"#\" data-filter=\"extended-realities_sort\" class=\"extended-realities_sort_button avia_show_sort\" ><span class=\"inner_sort_button\"><span>Extended Realities<\/span><small class='avia-term-count'> 3 <\/small><\/span><\/a><span class='text-sep workshop_sort_sep avia_show_sort'>\/<\/span><a href=\"#\" data-filter=\"workshop_sort\" class=\"workshop_sort_button avia_show_sort\" ><span class=\"inner_sort_button\"><span>Workshop<\/span><small class='avia-term-count'> 1 <\/small><\/span><\/a><span class='text-sep free-activities_sort_sep avia_show_sort'>\/<\/span><a href=\"#\" data-filter=\"free-activities_sort\" class=\"free-activities_sort_button avia_show_sort\" ><span class=\"inner_sort_button\"><span>Free activities<\/span><small class='avia-term-count'> 9 <\/small><\/span><\/a><\/div><\/div><div class=\"av-masonry-container isotope av-js-disabled\"><div class='av-masonry-entry isotope-item av-masonry-item-no-image all_sort featured-home_sort  concerts-av-performances_sort  av-performative-installations_sort  free-activities_sort  extended-realities_sort  workshop_sort '><\/div><a href=\"https:\/\/levfestival.com\/26-gijon\/en\/lev-gijon\/alva-noto-hybrid-para-para\/\"  id='av-masonry-1-item-330' data-av-masonry-item='330' class='av-masonry-entry isotope-item post-330 gijon type-gijon status-publish has-post-thumbnail hentry gijon_entries-featured-home gijon_entries-concerts-av-performances all_sort featured-home_sort  concerts-av-performances_sort  av-masonry-item-with-image' title=\"Alva Noto_CN @ Photo_ Dieter Wuschanski\"   itemscope=\"itemscope\" itemtype=\"https:\/\/schema.org\/CreativeWork\" ><div class='av-inner-masonry-sizer'><\/div><figure class='av-inner-masonry main_color'><div class=\"av-masonry-outerimage-container\"><div class='av-masonry-image-container' style=\"background-image: url(https:\/\/levfestival.com\/26-gijon\/wp-content\/uploads\/sites\/19\/2026\/02\/Alva-Noto_CN-@-Photo_-Dieter-Wuschanski.jpg);\"  title=\"Alva Noto_CN @ Photo_ Dieter Wuschanski\"  ><\/div><\/div><figcaption class='av-inner-masonry-content site-background'><div class='av-inner-masonry-content-pos'><div class='av-inner-masonry-content-pos-content'><div class='avia-arrow'><\/div><h3 class='av-masonry-entry-title entry-title '  itemprop=\"headline\" >ALVA NOTO. <em>HYBR:ID UNI PARA<\/em>  _DE<\/h3><div class='av-masonry-entry-content entry-content'  itemprop=\"text\" >Teatro de la Laboral 01.05.2026<\/div><\/div><\/div><\/figcaption><\/figure><\/a><!--end av-masonry entry--><a href=\"https:\/\/levfestival.com\/26-gijon\/en\/lev-gijon\/jlin-_us\/\"  id='av-masonry-1-item-734' data-av-masonry-item='734' class='av-masonry-entry isotope-item post-734 gijon type-gijon status-publish has-post-thumbnail hentry gijon_entries-featured-home gijon_entries-concerts-av-performances all_sort featured-home_sort  concerts-av-performances_sort  av-masonry-item-with-image' title=\"Jlin_LEV\"   itemscope=\"itemscope\" itemtype=\"https:\/\/schema.org\/CreativeWork\" ><div class='av-inner-masonry-sizer'><\/div><figure class='av-inner-masonry main_color'><div class=\"av-masonry-outerimage-container\"><div class='av-masonry-image-container' style=\"background-image: url(https:\/\/levfestival.com\/26-gijon\/wp-content\/uploads\/sites\/19\/2026\/02\/Jlin_LEV--scaled.jpg);\"  title=\"Jlin_LEV\"  ><\/div><\/div><figcaption class='av-inner-masonry-content site-background'><div class='av-inner-masonry-content-pos'><div class='av-inner-masonry-content-pos-content'><div class='avia-arrow'><\/div><h3 class='av-masonry-entry-title entry-title '  itemprop=\"headline\" >Jlin _US<\/h3><div class='av-masonry-entry-content entry-content'  itemprop=\"text\" >Mus\u00e9u del Pueblu d\u2019Asturies 02.05.2026<\/div><\/div><\/div><\/figcaption><\/figure><\/a><!--end av-masonry entry--><a href=\"https:\/\/levfestival.com\/26-gijon\/en\/lev-gijon\/ryoichi-kurokawa-nd-_jp\/\"  id='av-masonry-1-item-299' data-av-masonry-item='299' class='av-masonry-entry isotope-item post-299 gijon type-gijon status-publish has-post-thumbnail hentry gijon_entries-featured-home gijon_entries-concerts-av-performances all_sort featured-home_sort  concerts-av-performances_sort  av-masonry-item-with-image' title=\"R Kurokawa_1000\"   itemscope=\"itemscope\" itemtype=\"https:\/\/schema.org\/CreativeWork\" ><div class='av-inner-masonry-sizer'><\/div><figure class='av-inner-masonry main_color'><div class=\"av-masonry-outerimage-container\"><div class='av-masonry-image-container' style=\"background-image: url(https:\/\/levfestival.com\/26-gijon\/wp-content\/uploads\/sites\/19\/2026\/02\/R-Kurokawa_1000.jpg);\"  title=\"R Kurokawa_1000\"  ><\/div><\/div><figcaption class='av-inner-masonry-content site-background'><div class='av-inner-masonry-content-pos'><div class='av-inner-masonry-content-pos-content'><div class='avia-arrow'><\/div><h3 class='av-masonry-entry-title entry-title '  itemprop=\"headline\" >RYOICHI KUROKAWA <em>nD<\/em>   _JP<\/h3><div class='av-masonry-entry-content entry-content'  itemprop=\"text\" >Teatro de la Laboral 01.05.2026<\/div><\/div><\/div><\/figcaption><\/figure><\/a><!--end av-masonry entry--><a href=\"https:\/\/levfestival.com\/26-gijon\/en\/lev-gijon\/catnapp-_ar\/\"  id='av-masonry-1-item-327' data-av-masonry-item='327' class='av-masonry-entry isotope-item post-327 gijon type-gijon status-publish has-post-thumbnail hentry gijon_entries-featured-home gijon_entries-concerts-av-performances all_sort featured-home_sort  concerts-av-performances_sort  av-masonry-item-with-image' title=\"Catnapp1_by_Max_Beck_\"   itemscope=\"itemscope\" itemtype=\"https:\/\/schema.org\/CreativeWork\" ><div class='av-inner-masonry-sizer'><\/div><figure class='av-inner-masonry main_color'><div class=\"av-masonry-outerimage-container\"><div class='av-masonry-image-container' style=\"background-image: url(https:\/\/levfestival.com\/26-gijon\/wp-content\/uploads\/sites\/19\/2026\/02\/Catnapp1_by_Max_Beck_.png);\"  title=\"Catnapp1_by_Max_Beck_\"  ><\/div><\/div><figcaption class='av-inner-masonry-content site-background'><div class='av-inner-masonry-content-pos'><div class='av-inner-masonry-content-pos-content'><div class='avia-arrow'><\/div><h3 class='av-masonry-entry-title entry-title '  itemprop=\"headline\" >CATNAPP _AR<\/h3><div class='av-masonry-entry-content entry-content'  itemprop=\"text\" >Nave. LABoral Centro de Arte 02.05.2026<\/div><\/div><\/div><\/figcaption><\/figure><\/a><!--end av-masonry entry--><a href=\"https:\/\/levfestival.com\/26-gijon\/en\/lev-gijon\/eric-vernhes-meeting-philip-_fr\/\"  id='av-masonry-1-item-776' data-av-masonry-item='776' class='av-masonry-entry isotope-item post-776 gijon type-gijon status-publish has-post-thumbnail hentry gijon_entries-av-performative-installations gijon_entries-free-activities all_sort av-performative-installations_sort  free-activities_sort  av-masonry-item-with-image' title=\"Eric-Vernhes_MeetpHil_2024-9 web\"   itemscope=\"itemscope\" itemtype=\"https:\/\/schema.org\/CreativeWork\" ><div class='av-inner-masonry-sizer'><\/div><figure class='av-inner-masonry main_color'><div class=\"av-masonry-outerimage-container\"><div class='av-masonry-image-container' style=\"background-image: url(https:\/\/levfestival.com\/26-gijon\/wp-content\/uploads\/sites\/19\/2026\/02\/Eric-Vernhes_MeetpHil_2024-9-web-scaled.jpg);\"  title=\"Eric-Vernhes_MeetpHil_2024-9 web\"  ><\/div><\/div><figcaption class='av-inner-masonry-content site-background'><div class='av-inner-masonry-content-pos'><div class='av-inner-masonry-content-pos-content'><div class='avia-arrow'><\/div><h3 class='av-masonry-entry-title entry-title '  itemprop=\"headline\" >Eric Vernhes <em>Meeting Philip<\/em> _FR<\/h3><div class='av-masonry-entry-content entry-content'  itemprop=\"text\" >CC Antiguo Instituto 30.04 - 03.05<\/div><\/div><\/div><\/figcaption><\/figure><\/a><!--end av-masonry entry--><a href=\"https:\/\/levfestival.com\/26-gijon\/en\/lev-gijon\/abul-mogard-quiet-pieces-_it\/\"  id='av-masonry-1-item-333' data-av-masonry-item='333' class='av-masonry-entry isotope-item post-333 gijon type-gijon status-publish has-post-thumbnail hentry gijon_entries-concerts-av-performances all_sort concerts-av-performances_sort  av-masonry-item-with-image' title=\"Abul Mogard_Quiet Pieces_cover artwork by Marja de Sanctis_HiRes copia\"   itemscope=\"itemscope\" itemtype=\"https:\/\/schema.org\/CreativeWork\" ><div class='av-inner-masonry-sizer'><\/div><figure class='av-inner-masonry main_color'><div class=\"av-masonry-outerimage-container\"><div class='av-masonry-image-container' style=\"background-image: url(https:\/\/levfestival.com\/26-gijon\/wp-content\/uploads\/sites\/19\/2026\/02\/Abul-Mogard_Quiet-Pieces_cover-artwork-by-Marja-de-Sanctis_HiRes-copia.jpg);\"  title=\"Abul Mogard_Quiet Pieces_cover artwork by Marja de Sanctis_HiRes copia\"  ><\/div><\/div><figcaption class='av-inner-masonry-content site-background'><div class='av-inner-masonry-content-pos'><div class='av-inner-masonry-content-pos-content'><div class='avia-arrow'><\/div><h3 class='av-masonry-entry-title entry-title '  itemprop=\"headline\" >ABUL MOGARD. <em>QUIET PIECES<\/em> _IT<\/h3><div class='av-masonry-entry-content entry-content'  itemprop=\"text\" >Teatro de la Laboral 01.05.2026<\/div><\/div><\/div><\/figcaption><\/figure><\/a><!--end av-masonry entry--><a href=\"https:\/\/levfestival.com\/26-gijon\/en\/lev-gijon\/corin-diwa-_au-ph\/\"  id='av-masonry-1-item-324' data-av-masonry-item='324' class='av-masonry-entry isotope-item post-324 gijon type-gijon status-publish has-post-thumbnail hentry gijon_entries-concerts-av-performances all_sort concerts-av-performances_sort  av-masonry-item-with-image' title=\"CORIN_3\"   itemscope=\"itemscope\" itemtype=\"https:\/\/schema.org\/CreativeWork\" ><div class='av-inner-masonry-sizer'><\/div><figure class='av-inner-masonry main_color'><div class=\"av-masonry-outerimage-container\"><div class='av-masonry-image-container' style=\"background-image: url(https:\/\/levfestival.com\/26-gijon\/wp-content\/uploads\/sites\/19\/2026\/02\/CORIN_3.jpg);\"  title=\"CORIN_3\"  ><\/div><\/div><figcaption class='av-inner-masonry-content site-background'><div class='av-inner-masonry-content-pos'><div class='av-inner-masonry-content-pos-content'><div class='avia-arrow'><\/div><h3 class='av-masonry-entry-title entry-title '  itemprop=\"headline\" >CORIN <em>Diwa<\/em>   _AU\/PH<\/h3><div class='av-masonry-entry-content entry-content'  itemprop=\"text\" >Teatro de la Laboral 01.05.2026<\/div><\/div><\/div><\/figcaption><\/figure><\/a><!--end av-masonry entry--><a href=\"https:\/\/levfestival.com\/26-gijon\/en\/lev-gijon\/%ce%bc-ziq-id-mora-_uk-cz\/\"  id='av-masonry-1-item-311' data-av-masonry-item='311' class='av-masonry-entry isotope-item post-311 gijon type-gijon status-publish has-post-thumbnail hentry gijon_entries-concerts-av-performances all_sort concerts-av-performances_sort  av-masonry-item-with-image' title=\"Gris-UZIQ\"   itemscope=\"itemscope\" itemtype=\"https:\/\/schema.org\/CreativeWork\" ><div class='av-inner-masonry-sizer'><\/div><figure class='av-inner-masonry main_color'><div class=\"av-masonry-outerimage-container\"><div class='av-masonry-image-container' style=\"background-image: url(https:\/\/levfestival.com\/26-gijon\/wp-content\/uploads\/sites\/19\/2026\/02\/Gris-UZIQ-.jpg);\"  title=\"Gris-UZIQ\"  ><\/div><\/div><figcaption class='av-inner-masonry-content site-background'><div class='av-inner-masonry-content-pos'><div class='av-inner-masonry-content-pos-content'><div class='avia-arrow'><\/div><h3 class='av-masonry-entry-title entry-title '  itemprop=\"headline\" >u-Ziq + ID:Mora _UK + CZ<\/h3><div class='av-masonry-entry-content entry-content'  itemprop=\"text\" >Nave. LABoral Centro de Arte 02.05.2026<\/div><\/div><\/div><\/figcaption><\/figure><\/a><!--end av-masonry entry--><a href=\"https:\/\/levfestival.com\/26-gijon\/en\/lev-gijon\/meuko-meuko-hsiangfu-chen-%e9%81%9e-%e5%ac%97%ef%bc%88di-shan-_tw-world-premiere\/\"  id='av-masonry-1-item-317' data-av-masonry-item='317' class='av-masonry-entry isotope-item post-317 gijon type-gijon status-publish has-post-thumbnail hentry gijon_entries-featured-home gijon_entries-concerts-av-performances all_sort featured-home_sort  concerts-av-performances_sort  av-masonry-item-with-image' title=\"Meuko\"   itemscope=\"itemscope\" itemtype=\"https:\/\/schema.org\/CreativeWork\" ><div class='av-inner-masonry-sizer'><\/div><figure class='av-inner-masonry main_color'><div class=\"av-masonry-outerimage-container\"><div class='av-masonry-image-container' style=\"background-image: url(https:\/\/levfestival.com\/26-gijon\/wp-content\/uploads\/sites\/19\/2026\/02\/Meuko.jpg);\"  title=\"Meuko\"  ><\/div><\/div><figcaption class='av-inner-masonry-content site-background'><div class='av-inner-masonry-content-pos'><div class='av-inner-masonry-content-pos-content'><div class='avia-arrow'><\/div><h3 class='av-masonry-entry-title entry-title '  itemprop=\"headline\" >MEUKO! MEUKO! &amp; HSIANGFU CHEN \u905e \u5b17\uff08D\u00ec Sh\u00e0n)   _TW<\/h3><div class='av-masonry-entry-content entry-content'  itemprop=\"text\" >Teatro de la Laboral 01.05.2026<\/div><\/div><\/div><\/figcaption><\/figure><\/a><!--end av-masonry entry--><a href=\"https:\/\/levfestival.com\/26-gijon\/en\/lev-gijon\/cod-act-%cf%80ton-_fr\/\"  id='av-masonry-1-item-782' data-av-masonry-item='782' class='av-masonry-entry isotope-item post-782 gijon type-gijon status-publish has-post-thumbnail hentry gijon_entries-av-performative-installations gijon_entries-free-activities all_sort av-performative-installations_sort  free-activities_sort  av-masonry-item-with-image' title=\"Disen\u0303o sin ti\u0301tulo (54)\"   itemscope=\"itemscope\" itemtype=\"https:\/\/schema.org\/CreativeWork\" ><div class='av-inner-masonry-sizer'><\/div><figure class='av-inner-masonry main_color'><div class=\"av-masonry-outerimage-container\"><div class='av-masonry-image-container' style=\"background-image: url(https:\/\/levfestival.com\/26-gijon\/wp-content\/uploads\/sites\/19\/2026\/03\/Diseno-sin-titulo-54.png);\"  title=\"Disen\u0303o sin ti\u0301tulo (54)\"  ><\/div><\/div><figcaption class='av-inner-masonry-content site-background'><div class='av-inner-masonry-content-pos'><div class='av-inner-masonry-content-pos-content'><div class='avia-arrow'><\/div><h3 class='av-masonry-entry-title entry-title '  itemprop=\"headline\" >Cod.Act <em>\u03c0Ton<\/em> _CH<\/h3><div class='av-masonry-entry-content entry-content'  itemprop=\"text\" >Teatro Jovellanos 30.04 - 02.05<\/div><\/div><\/div><\/figcaption><\/figure><\/a><!--end av-masonry entry--><a href=\"https:\/\/levfestival.com\/26-gijon\/en\/lev-gijon\/myriam-bleau-pierce-warnecke-the-end-product-_-ca-qb-us-fr\/\"  id='av-masonry-1-item-314' data-av-masonry-item='314' class='av-masonry-entry isotope-item post-314 gijon type-gijon status-publish has-post-thumbnail hentry gijon_entries-concerts-av-performances all_sort concerts-av-performances_sort  av-masonry-item-with-image' title=\"TEP\"   itemscope=\"itemscope\" itemtype=\"https:\/\/schema.org\/CreativeWork\" ><div class='av-inner-masonry-sizer'><\/div><figure class='av-inner-masonry main_color'><div class=\"av-masonry-outerimage-container\"><div class='av-masonry-image-container' style=\"background-image: url(https:\/\/levfestival.com\/26-gijon\/wp-content\/uploads\/sites\/19\/2026\/02\/TEP.jpg);\"  title=\"TEP\"  ><\/div><\/div><figcaption class='av-inner-masonry-content site-background'><div class='av-inner-masonry-content-pos'><div class='av-inner-masonry-content-pos-content'><div class='avia-arrow'><\/div><h3 class='av-masonry-entry-title entry-title '  itemprop=\"headline\" >MYRIAM BLEAU &amp; PIERCE WARNECKE <em>The End Product<\/em> _ CA\/QB  US\/FR<\/h3><div class='av-masonry-entry-content entry-content'  itemprop=\"text\" >Teatro de la Laboral 02.05.2026<\/div><\/div><\/div><\/figcaption><\/figure><\/a><!--end av-masonry entry--><a href=\"https:\/\/levfestival.com\/26-gijon\/en\/lev-gijon\/tacit-group-_kr\/\"  id='av-masonry-1-item-292' data-av-masonry-item='292' class='av-masonry-entry isotope-item post-292 gijon type-gijon status-publish has-post-thumbnail hentry gijon_entries-concerts-av-performances all_sort concerts-av-performances_sort  av-masonry-item-with-image' title=\"TG_1000\"   itemscope=\"itemscope\" itemtype=\"https:\/\/schema.org\/CreativeWork\" ><div class='av-inner-masonry-sizer'><\/div><figure class='av-inner-masonry main_color'><div class=\"av-masonry-outerimage-container\"><div class='av-masonry-image-container' style=\"background-image: url(https:\/\/levfestival.com\/26-gijon\/wp-content\/uploads\/sites\/19\/2026\/02\/TG_1000-scaled.jpg);\"  title=\"TG_1000\"  ><\/div><\/div><figcaption class='av-inner-masonry-content site-background'><div class='av-inner-masonry-content-pos'><div class='av-inner-masonry-content-pos-content'><div class='avia-arrow'><\/div><h3 class='av-masonry-entry-title entry-title '  itemprop=\"headline\" >TACIT GROUP <em>FrankenTacit<\/em>_KR<\/h3><div class='av-masonry-entry-content entry-content'  itemprop=\"text\" >Teatro de la Laboral 02.05.2026<\/div><\/div><\/div><\/figcaption><\/figure><\/a><!--end av-masonry entry--><a href=\"https:\/\/levfestival.com\/26-gijon\/en\/lev-gijon\/niknak-_uk-world-premiere\/\"  id='av-masonry-1-item-308' data-av-masonry-item='308' class='av-masonry-entry isotope-item post-308 gijon type-gijon status-publish has-post-thumbnail hentry gijon_entries-concerts-av-performances all_sort concerts-av-performances_sort  av-masonry-item-with-image' title=\"NikNak Headshot\"   itemscope=\"itemscope\" itemtype=\"https:\/\/schema.org\/CreativeWork\" ><div class='av-inner-masonry-sizer'><\/div><figure class='av-inner-masonry main_color'><div class=\"av-masonry-outerimage-container\"><div class='av-masonry-image-container' style=\"background-image: url(https:\/\/levfestival.com\/26-gijon\/wp-content\/uploads\/sites\/19\/2026\/02\/NikNak-Headshot.jpg);\"  title=\"NikNak Headshot\"  ><\/div><\/div><figcaption class='av-inner-masonry-content site-background'><div class='av-inner-masonry-content-pos'><div class='av-inner-masonry-content-pos-content'><div class='avia-arrow'><\/div><h3 class='av-masonry-entry-title entry-title '  itemprop=\"headline\" >NIKNAK _UK<\/h3><div class='av-masonry-entry-content entry-content'  itemprop=\"text\" >Nave. LABoral Centro de Arte 02.05.2026<\/div><\/div><\/div><\/figcaption><\/figure><\/a><!--end av-masonry entry--><a href=\"https:\/\/levfestival.com\/26-gijon\/en\/lev-gijon\/studio-sven-sauer-deviation-_ge\/\"  id='av-masonry-1-item-764' data-av-masonry-item='764' class='av-masonry-entry isotope-item post-764 gijon type-gijon status-publish has-post-thumbnail hentry gijon_entries-featured-home gijon_entries-av-performative-installations gijon_entries-free-activities all_sort featured-home_sort  av-performative-installations_sort  free-activities_sort  av-masonry-item-with-image' title=\"The-Dark-Rooms-Hotel-2025-byCarstenBeier-3000px-38_\"   itemscope=\"itemscope\" itemtype=\"https:\/\/schema.org\/CreativeWork\" ><div class='av-inner-masonry-sizer'><\/div><figure class='av-inner-masonry main_color'><div class=\"av-masonry-outerimage-container\"><div class='av-masonry-image-container' style=\"background-image: url(https:\/\/levfestival.com\/26-gijon\/wp-content\/uploads\/sites\/19\/2026\/03\/The-Dark-Rooms-Hotel-2025-byCarstenBeier-3000px-38_.png);\"  title=\"The-Dark-Rooms-Hotel-2025-byCarstenBeier-3000px-38_\"  ><\/div><\/div><figcaption class='av-inner-masonry-content site-background'><div class='av-inner-masonry-content-pos'><div class='av-inner-masonry-content-pos-content'><div class='avia-arrow'><\/div><h3 class='av-masonry-entry-title entry-title '  itemprop=\"headline\" >Studio Sven Sauer <em>Deviation<\/em> _DE<\/h3><div class='av-masonry-entry-content entry-content'  itemprop=\"text\" >Colegiata Revillagigedo 30.04 - 03.05<\/div><\/div><\/div><\/figcaption><\/figure><\/a><!--end av-masonry entry--><a href=\"https:\/\/levfestival.com\/26-gijon\/en\/lev-gijon\/nova-materia-_fr-cl\/\"  id='av-masonry-1-item-302' data-av-masonry-item='302' class='av-masonry-entry isotope-item post-302 gijon type-gijon status-publish has-post-thumbnail hentry gijon_entries-concerts-av-performances all_sort concerts-av-performances_sort  av-masonry-item-with-image' title=\"NovaMateria_cemeteryBW_byNovVision_1000jpg\"   itemscope=\"itemscope\" itemtype=\"https:\/\/schema.org\/CreativeWork\" ><div class='av-inner-masonry-sizer'><\/div><figure class='av-inner-masonry main_color'><div class=\"av-masonry-outerimage-container\"><div class='av-masonry-image-container' style=\"background-image: url(https:\/\/levfestival.com\/26-gijon\/wp-content\/uploads\/sites\/19\/2026\/02\/NovaMateria_cemeteryBW_byNovVision_1000jpg.jpg);\"  title=\"NovaMateria_cemeteryBW_byNovVision_1000jpg\"  ><\/div><\/div><figcaption class='av-inner-masonry-content site-background'><div class='av-inner-masonry-content-pos'><div class='av-inner-masonry-content-pos-content'><div class='avia-arrow'><\/div><h3 class='av-masonry-entry-title entry-title '  itemprop=\"headline\" >Nova Materia  _FR\/CL<\/h3><div class='av-masonry-entry-content entry-content'  itemprop=\"text\" >Nave. LABoral Centro de Arte 02.05.2025<\/div><\/div><\/div><\/figcaption><\/figure><\/a><!--end av-masonry entry--><a href=\"https:\/\/levfestival.com\/26-gijon\/en\/lev-gijon\/nah-_us-be\/\"  id='av-masonry-1-item-724' data-av-masonry-item='724' class='av-masonry-entry isotope-item post-724 gijon type-gijon status-publish has-post-thumbnail hentry gijon_entries-concerts-av-performances all_sort concerts-av-performances_sort  av-masonry-item-with-image' title=\"NAH WOODS LEV\"   itemscope=\"itemscope\" itemtype=\"https:\/\/schema.org\/CreativeWork\" ><div class='av-inner-masonry-sizer'><\/div><figure class='av-inner-masonry main_color'><div class=\"av-masonry-outerimage-container\"><div class='av-masonry-image-container' style=\"background-image: url(https:\/\/levfestival.com\/26-gijon\/wp-content\/uploads\/sites\/19\/2026\/03\/NAH-WOODS-LEV-scaled.jpg);\"  title=\"NAH WOODS LEV\"  ><\/div><\/div><figcaption class='av-inner-masonry-content site-background'><div class='av-inner-masonry-content-pos'><div class='av-inner-masonry-content-pos-content'><div class='avia-arrow'><\/div><h3 class='av-masonry-entry-title entry-title '  itemprop=\"headline\" >NAH _US\/BE<\/h3><div class='av-masonry-entry-content entry-content'  itemprop=\"text\" >Mus\u00e9u del Pueblu d\u2019Asturies 02.05.2026<\/div><\/div><\/div><\/figcaption><\/figure><\/a><!--end av-masonry entry--><a href=\"https:\/\/levfestival.com\/26-gijon\/en\/lev-gijon\/komatssu-vs-tensal-pulchra-errata-live-set-_es-artificial-intelligence\/\"  id='av-masonry-1-item-729' data-av-masonry-item='729' class='av-masonry-entry isotope-item post-729 gijon type-gijon status-publish has-post-thumbnail hentry gijon_entries-concerts-av-performances all_sort concerts-av-performances_sort  av-masonry-item-with-image' title=\"IMG_7568_\"   itemscope=\"itemscope\" itemtype=\"https:\/\/schema.org\/CreativeWork\" ><div class='av-inner-masonry-sizer'><\/div><figure class='av-inner-masonry main_color'><div class=\"av-masonry-outerimage-container\"><div class='av-masonry-image-container' style=\"background-image: url(https:\/\/levfestival.com\/26-gijon\/wp-content\/uploads\/sites\/19\/2026\/03\/IMG_7568_.png);\"  title=\"IMG_7568_\"  ><\/div><\/div><figcaption class='av-inner-masonry-content site-background'><div class='av-inner-masonry-content-pos'><div class='av-inner-masonry-content-pos-content'><div class='avia-arrow'><\/div><h3 class='av-masonry-entry-title entry-title '  itemprop=\"headline\" >Komatssu vs Tensal Pulchra <em>Errata<\/em> _ES<\/h3><div class='av-masonry-entry-content entry-content'  itemprop=\"text\" >Mus\u00e9u del Pueblu d\u2019Asturies 02.05.2026<\/div><\/div><\/div><\/figcaption><\/figure><\/a><!--end av-masonry entry--><a href=\"https:\/\/levfestival.com\/26-gijon\/en\/lev-gijon\/nontech-%e7%84%a1%e6%98%8e-ignorance-onlineev0-_tw\/\"  id='av-masonry-1-item-305' data-av-masonry-item='305' class='av-masonry-entry isotope-item post-305 gijon type-gijon status-publish has-post-thumbnail hentry gijon_entries-concerts-av-performances all_sort concerts-av-performances_sort  av-masonry-item-with-image' title=\"NONEYE-Desert Ruin &amp; Devs_1140p_03.07.2024_14-10-07_1000\"   itemscope=\"itemscope\" itemtype=\"https:\/\/schema.org\/CreativeWork\" ><div class='av-inner-masonry-sizer'><\/div><figure class='av-inner-masonry main_color'><div class=\"av-masonry-outerimage-container\"><div class='av-masonry-image-container' style=\"background-image: url(https:\/\/levfestival.com\/26-gijon\/wp-content\/uploads\/sites\/19\/2026\/02\/NONEYE-Desert-Ruin-Devs_1140p_03.07.2024_14-10-07_1000.jpg);\"  title=\"NONEYE-Desert Ruin &amp; Devs_1140p_03.07.2024_14-10-07_1000\"  ><\/div><\/div><figcaption class='av-inner-masonry-content site-background'><div class='av-inner-masonry-content-pos'><div class='av-inner-masonry-content-pos-content'><div class='avia-arrow'><\/div><h3 class='av-masonry-entry-title entry-title '  itemprop=\"headline\" >NONTECH \u7121\u660e <em>Ignorance Online:ev0<\/em> _TW<\/h3><div class='av-masonry-entry-content entry-content'  itemprop=\"text\" >Teatro de la Laboral 02.05.2026<\/div><\/div><\/div><\/figcaption><\/figure><\/a><!--end av-masonry entry--><a href=\"https:\/\/levfestival.com\/26-gijon\/en\/lev-gijon\/enrique-del-castillo-umbrafono-_es\/\"  id='av-masonry-1-item-1302' data-av-masonry-item='1302' class='av-masonry-entry isotope-item post-1302 gijon type-gijon status-publish has-post-thumbnail hentry gijon_entries-concerts-av-performances gijon_entries-av-performative-installations gijon_entries-free-activities all_sort concerts-av-performances_sort  av-performative-installations_sort  free-activities_sort  av-masonry-item-with-image' title=\"Umbrafono\"   itemscope=\"itemscope\" itemtype=\"https:\/\/schema.org\/CreativeWork\" ><div class='av-inner-masonry-sizer'><\/div><figure class='av-inner-masonry main_color'><div class=\"av-masonry-outerimage-container\"><div class='av-masonry-image-container' style=\"background-image: url(https:\/\/levfestival.com\/26-gijon\/wp-content\/uploads\/sites\/19\/2026\/04\/Umbrafono.jpg);\"  title=\"Umbrafono\"  ><\/div><\/div><figcaption class='av-inner-masonry-content site-background'><div class='av-inner-masonry-content-pos'><div class='av-inner-masonry-content-pos-content'><div class='avia-arrow'><\/div><h3 class='av-masonry-entry-title entry-title '  itemprop=\"headline\" >Enrique del Castillo <em>Umbr\u00e1fono<\/em> _ES<\/h3><div class='av-masonry-entry-content entry-content'  itemprop=\"text\" >Iglesia de la Laboral 02.05.2026<\/div><\/div><\/div><\/figcaption><\/figure><\/a><!--end av-masonry entry--><a href=\"https:\/\/levfestival.com\/26-gijon\/en\/lev-gijon\/sara-muniz-numen-_es\/\"  id='av-masonry-1-item-295' data-av-masonry-item='295' class='av-masonry-entry isotope-item post-295 gijon type-gijon status-publish has-post-thumbnail hentry gijon_entries-concerts-av-performances all_sort concerts-av-performances_sort  av-masonry-item-with-image' title=\"Sara Mun\u0303iz_1000\"   itemscope=\"itemscope\" itemtype=\"https:\/\/schema.org\/CreativeWork\" ><div class='av-inner-masonry-sizer'><\/div><figure class='av-inner-masonry main_color'><div class=\"av-masonry-outerimage-container\"><div class='av-masonry-image-container' style=\"background-image: url(https:\/\/levfestival.com\/26-gijon\/wp-content\/uploads\/sites\/19\/2026\/02\/Sara-Muniz_1000.jpg);\"  title=\"Sara Mun\u0303iz_1000\"  ><\/div><\/div><figcaption class='av-inner-masonry-content site-background'><div class='av-inner-masonry-content-pos'><div class='av-inner-masonry-content-pos-content'><div class='avia-arrow'><\/div><h3 class='av-masonry-entry-title entry-title '  itemprop=\"headline\" >SARA MU\u00d1IZ <em>Numen<\/em> _ES<\/h3><div class='av-masonry-entry-content entry-content'  itemprop=\"text\" >Jard\u00edn Bot\u00e1nico Atl\u00e1ntico 03.05.2026<\/div><\/div><\/div><\/figcaption><\/figure><\/a><!--end av-masonry entry--><a href=\"https:\/\/levfestival.com\/26-gijon\/en\/lev-gijon\/julek-ploski-_pl\/\"  id='av-masonry-1-item-320' data-av-masonry-item='320' class='av-masonry-entry isotope-item post-320 gijon type-gijon status-publish has-post-thumbnail hentry gijon_entries-concerts-av-performances all_sort concerts-av-performances_sort  av-masonry-item-with-image' title=\"JP_1000\"   itemscope=\"itemscope\" itemtype=\"https:\/\/schema.org\/CreativeWork\" ><div class='av-inner-masonry-sizer'><\/div><figure class='av-inner-masonry main_color'><div class=\"av-masonry-outerimage-container\"><div class='av-masonry-image-container' style=\"background-image: url(https:\/\/levfestival.com\/26-gijon\/wp-content\/uploads\/sites\/19\/2026\/02\/JP_1000.jpg);\"  title=\"JP_1000\"  ><\/div><\/div><figcaption class='av-inner-masonry-content site-background'><div class='av-inner-masonry-content-pos'><div class='av-inner-masonry-content-pos-content'><div class='avia-arrow'><\/div><h3 class='av-masonry-entry-title entry-title '  itemprop=\"headline\" >Julek Ploski  _PL<\/h3><div class='av-masonry-entry-content entry-content'  itemprop=\"text\" >Jard\u00edn Bot\u00e1nico Atl\u00e1ntico 03.05.2026<\/div><\/div><\/div><\/figcaption><\/figure><\/a><!--end av-masonry entry--><a href=\"https:\/\/levfestival.com\/26-gijon\/en\/lev-gijon\/anne-horel-la-senal-esta-abierta-_fr\/\"  id='av-masonry-1-item-770' data-av-masonry-item='770' class='av-masonry-entry isotope-item post-770 gijon type-gijon status-publish has-post-thumbnail hentry gijon_entries-av-performative-installations gijon_entries-free-activities all_sort av-performative-installations_sort  free-activities_sort  av-masonry-item-with-image' title=\"Autoportrait_2 LEV\"   itemscope=\"itemscope\" itemtype=\"https:\/\/schema.org\/CreativeWork\" ><div class='av-inner-masonry-sizer'><\/div><figure class='av-inner-masonry main_color'><div class=\"av-masonry-outerimage-container\"><div class='av-masonry-image-container' style=\"background-image: url(https:\/\/levfestival.com\/26-gijon\/wp-content\/uploads\/sites\/19\/2026\/03\/Autoportrait_2-LEV.jpg);\"  title=\"Autoportrait_2 LEV\"  ><\/div><\/div><figcaption class='av-inner-masonry-content site-background'><div class='av-inner-masonry-content-pos'><div class='av-inner-masonry-content-pos-content'><div class='avia-arrow'><\/div><h3 class='av-masonry-entry-title entry-title '  itemprop=\"headline\" >Anne Horel <em>LA SE\u00d1AL EST\u00c1 ABIERTA<\/em> _FR<\/h3><div class='av-masonry-entry-content entry-content'  itemprop=\"text\" >Capilla S. Esteban del Mar 30.04 - 03.05<\/div><\/div><\/div><\/figcaption><\/figure><\/a><!--end av-masonry entry--><a href=\"https:\/\/levfestival.com\/26-gijon\/en\/lev-gijon\/felix-luque-la-sociedad-automatica-_es\/\"  id='av-masonry-1-item-1299' data-av-masonry-item='1299' class='av-masonry-entry isotope-item post-1299 gijon type-gijon status-publish has-post-thumbnail hentry gijon_entries-av-performative-installations gijon_entries-free-activities all_sort av-performative-installations_sort  free-activities_sort  av-masonry-item-with-image' title=\"Felix Luque\"   itemscope=\"itemscope\" itemtype=\"https:\/\/schema.org\/CreativeWork\" ><div class='av-inner-masonry-sizer'><\/div><figure class='av-inner-masonry main_color'><div class=\"av-masonry-outerimage-container\"><div class='av-masonry-image-container' style=\"background-image: url(https:\/\/levfestival.com\/26-gijon\/wp-content\/uploads\/sites\/19\/2026\/04\/Felix-Luque.jpg);\"  title=\"Felix Luque\"  ><\/div><\/div><figcaption class='av-inner-masonry-content site-background'><div class='av-inner-masonry-content-pos'><div class='av-inner-masonry-content-pos-content'><div class='avia-arrow'><\/div><h3 class='av-masonry-entry-title entry-title '  itemprop=\"headline\" >F\u00e9lix Luque <em>La sociedad autom\u00e1tica<\/em> _ES<\/h3><div class='av-masonry-entry-content entry-content'  itemprop=\"text\" >LABoral Centro de Arte 17.04 - 17.10<\/div><\/div><\/div><\/figcaption><\/figure><\/a><!--end av-masonry entry--><a href=\"https:\/\/levfestival.com\/26-gijon\/en\/lev-gijon\/musgo2\/\"  id='av-masonry-1-item-718' data-av-masonry-item='718' class='av-masonry-entry isotope-item post-718 gijon type-gijon status-publish has-post-thumbnail hentry gijon_entries-concerts-av-performances all_sort concerts-av-performances_sort  av-masonry-item-with-image' title=\"IMG3.jpeg_\"   itemscope=\"itemscope\" itemtype=\"https:\/\/schema.org\/CreativeWork\" ><div class='av-inner-masonry-sizer'><\/div><figure class='av-inner-masonry main_color'><div class=\"av-masonry-outerimage-container\"><div class='av-masonry-image-container' style=\"background-image: url(https:\/\/levfestival.com\/26-gijon\/wp-content\/uploads\/sites\/19\/2026\/03\/IMG3.jpeg_.png);\"  title=\"IMG3.jpeg_\"  ><\/div><\/div><figcaption class='av-inner-masonry-content site-background'><div class='av-inner-masonry-content-pos'><div class='av-inner-masonry-content-pos-content'><div class='avia-arrow'><\/div><h3 class='av-masonry-entry-title entry-title '  itemprop=\"headline\" >musgo2<\/h3><div class='av-masonry-entry-content entry-content'  itemprop=\"text\" >Mus\u00e9u del Pueblu d\u2019Asturies 02.05.2026<\/div><\/div><\/div><\/figcaption><\/figure><\/a><!--end av-masonry entry--><a href=\"https:\/\/levfestival.com\/26-gijon\/en\/lev-gijon\/carles-castano-2025-_es\/\"  id='av-masonry-1-item-1343' data-av-masonry-item='1343' class='av-masonry-entry isotope-item post-1343 gijon type-gijon status-publish has-post-thumbnail hentry gijon_entries-extended-realities gijon_entries-free-activities all_sort extended-realities_sort  free-activities_sort  av-masonry-item-with-image' title=\"CARLES CASTAN\u0303O *****:2025\"   itemscope=\"itemscope\" itemtype=\"https:\/\/schema.org\/CreativeWork\" ><div class='av-inner-masonry-sizer'><\/div><figure class='av-inner-masonry main_color'><div class=\"av-masonry-outerimage-container\"><div class='av-masonry-image-container' style=\"background-image: url(https:\/\/levfestival.com\/26-gijon\/wp-content\/uploads\/sites\/19\/2026\/04\/CARLES-CASTANO-2025.png);\"  title=\"CARLES CASTAN\u0303O *****:2025\"  ><\/div><\/div><figcaption class='av-inner-masonry-content site-background'><div class='av-inner-masonry-content-pos'><div class='av-inner-masonry-content-pos-content'><div class='avia-arrow'><\/div><h3 class='av-masonry-entry-title entry-title '  itemprop=\"headline\" >Carles Casta\u00f1o <em>*****2025\/\u2026<\/em> _ES<\/h3><div class='av-masonry-entry-content entry-content'  itemprop=\"text\" >Escuela de Comercio 30.04 - 03.05<\/div><\/div><\/div><\/figcaption><\/figure><\/a><!--end av-masonry entry--><a href=\"https:\/\/levfestival.com\/26-gijon\/en\/lev-gijon\/boris-labbe-ito-meikyu-_fr\/\"  id='av-masonry-1-item-1349' data-av-masonry-item='1349' class='av-masonry-entry isotope-item post-1349 gijon type-gijon status-publish has-post-thumbnail hentry gijon_entries-extended-realities gijon_entries-free-activities all_sort extended-realities_sort  free-activities_sort  av-masonry-item-with-image' title=\"ITO MEIKYU\"   itemscope=\"itemscope\" itemtype=\"https:\/\/schema.org\/CreativeWork\" ><div class='av-inner-masonry-sizer'><\/div><figure class='av-inner-masonry main_color'><div class=\"av-masonry-outerimage-container\"><div class='av-masonry-image-container' style=\"background-image: url(https:\/\/levfestival.com\/26-gijon\/wp-content\/uploads\/sites\/19\/2026\/04\/ITO-MEIKYU.png);\"  title=\"ITO MEIKYU\"  ><\/div><\/div><figcaption class='av-inner-masonry-content site-background'><div class='av-inner-masonry-content-pos'><div class='av-inner-masonry-content-pos-content'><div class='avia-arrow'><\/div><h3 class='av-masonry-entry-title entry-title '  itemprop=\"headline\" >Boris Labb\u00e9 <em>Ito Meikyu<\/em> _FR<\/h3><div class='av-masonry-entry-content entry-content'  itemprop=\"text\" >Escuela de Comercio 30.04 - 03.05<\/div><\/div><\/div><\/figcaption><\/figure><\/a><!--end av-masonry entry--><a href=\"https:\/\/levfestival.com\/26-gijon\/en\/lev-gijon\/carles-castano-si-4202-laboratorio-abierto-imaginar-crear-habitar-las-realidades-extendidas-_es\/\"  id='av-masonry-1-item-1354' data-av-masonry-item='1354' class='av-masonry-entry isotope-item post-1354 gijon type-gijon status-publish has-post-thumbnail hentry gijon_entries-extended-realities gijon_entries-workshop gijon_entries-free-activities all_sort extended-realities_sort  workshop_sort  free-activities_sort  av-masonry-item-with-image' title=\"TALLER\"   itemscope=\"itemscope\" itemtype=\"https:\/\/schema.org\/CreativeWork\" ><div class='av-inner-masonry-sizer'><\/div><figure class='av-inner-masonry main_color'><div class=\"av-masonry-outerimage-container\"><div class='av-masonry-image-container' style=\"background-image: url(https:\/\/levfestival.com\/26-gijon\/wp-content\/uploads\/sites\/19\/2026\/04\/TALLER.png);\"  title=\"TALLER\"  ><\/div><\/div><figcaption class='av-inner-masonry-content site-background'><div class='av-inner-masonry-content-pos'><div class='av-inner-masonry-content-pos-content'><div class='avia-arrow'><\/div><h3 class='av-masonry-entry-title entry-title '  itemprop=\"headline\" >Carles Casta\u00f1o <em>SI-4202. Laboratorio abierto: imaginar, crear, habitar las Realidades Extendidas<\/em> _ES<\/h3><div class='av-masonry-entry-content entry-content'  itemprop=\"text\" >Escuela de Comercio 01.05.2026<\/div><\/div><\/div><\/figcaption><\/figure><\/a><!--end av-masonry entry--><\/div><\/div>\n\n<style type=\"text\/css\" data-created_by=\"avia_inline_auto\" id=\"style-css-av-av_hr-3a876428eececa9d35452247ddb053af\">\n#top .hr.hr-invisible.av-av_hr-3a876428eececa9d35452247ddb053af{\nheight:50px;\n}\n<\/style>\n<div  class='hr av-av_hr-3a876428eececa9d35452247ddb053af hr-invisible  avia-builder-el-4  el_after_av_masonry_entries  avia-builder-el-no-sibling '><span class='hr-inner '><span class=\"hr-inner-style\"><\/span><\/span><\/div>\n\n","protected":false},"excerpt":{"rendered":"","protected":false},"author":1,"featured_media":0,"parent":0,"menu_order":0,"comment_status":"closed","ping_status":"closed","template":"","meta":{"footnotes":""},"class_list":["post-473","page","type-page","status-publish","hentry"],"yoast_head":"<!-- This site is optimized with the Yoast SEO plugin v20.7 - https:\/\/yoast.com\/wordpress\/plugins\/seo\/ -->\n<title>Programme - L.E.V. Festival 2026<\/title>\n<meta name=\"robots\" content=\"index, follow, max-snippet:-1, max-image-preview:large, max-video-preview:-1\" \/>\n<link rel=\"canonical\" href=\"https:\/\/levfestival.com\/26-gijon\/en\/programacion\/\" \/>\n<meta property=\"og:locale\" content=\"en_US\" \/>\n<meta property=\"og:type\" content=\"article\" \/>\n<meta property=\"og:title\" content=\"Programme - L.E.V. Festival 2026\" \/>\n<meta property=\"og:url\" content=\"https:\/\/levfestival.com\/26-gijon\/en\/programacion\/\" \/>\n<meta property=\"og:site_name\" content=\"L.E.V. Festival 2026\" \/>\n<meta property=\"article:modified_time\" content=\"2026-04-10T16:53:40+00:00\" \/>\n<meta name=\"twitter:card\" content=\"summary_large_image\" \/>\n<meta name=\"twitter:label1\" content=\"Est. reading time\" \/>\n\t<meta name=\"twitter:data1\" content=\"2 minutes\" \/>\n<script type=\"application\/ld+json\" class=\"yoast-schema-graph\">{\"@context\":\"https:\/\/schema.org\",\"@graph\":[{\"@type\":\"WebPage\",\"@id\":\"https:\/\/levfestival.com\/26-gijon\/en\/programacion\/\",\"url\":\"https:\/\/levfestival.com\/26-gijon\/en\/programacion\/\",\"name\":\"Programme - L.E.V. Festival 2026\",\"isPartOf\":{\"@id\":\"https:\/\/levfestival.com\/26-gijon\/#website\"},\"datePublished\":\"2026-02-04T09:25:02+00:00\",\"dateModified\":\"2026-04-10T16:53:40+00:00\",\"breadcrumb\":{\"@id\":\"https:\/\/levfestival.com\/26-gijon\/en\/programacion\/#breadcrumb\"},\"inLanguage\":\"en-US\",\"potentialAction\":[{\"@type\":\"ReadAction\",\"target\":[\"https:\/\/levfestival.com\/26-gijon\/en\/programacion\/\"]}]},{\"@type\":\"BreadcrumbList\",\"@id\":\"https:\/\/levfestival.com\/26-gijon\/en\/programacion\/#breadcrumb\",\"itemListElement\":[{\"@type\":\"ListItem\",\"position\":1,\"name\":\"Portada\",\"item\":\"https:\/\/levfestival.com\/26-gijon\/en\/home\/\"},{\"@type\":\"ListItem\",\"position\":2,\"name\":\"Programme\"}]},{\"@type\":\"WebSite\",\"@id\":\"https:\/\/levfestival.com\/26-gijon\/#website\",\"url\":\"https:\/\/levfestival.com\/26-gijon\/\",\"name\":\"L.E.V. Festival 2026\",\"description\":\"\",\"potentialAction\":[{\"@type\":\"SearchAction\",\"target\":{\"@type\":\"EntryPoint\",\"urlTemplate\":\"https:\/\/levfestival.com\/26-gijon\/?s={search_term_string}\"},\"query-input\":\"required name=search_term_string\"}],\"inLanguage\":\"en-US\"}]}<\/script>\n<!-- \/ Yoast SEO plugin. -->","yoast_head_json":{"title":"Programme - L.E.V. Festival 2026","robots":{"index":"index","follow":"follow","max-snippet":"max-snippet:-1","max-image-preview":"max-image-preview:large","max-video-preview":"max-video-preview:-1"},"canonical":"https:\/\/levfestival.com\/26-gijon\/en\/programacion\/","og_locale":"en_US","og_type":"article","og_title":"Programme - L.E.V. Festival 2026","og_url":"https:\/\/levfestival.com\/26-gijon\/en\/programacion\/","og_site_name":"L.E.V. Festival 2026","article_modified_time":"2026-04-10T16:53:40+00:00","twitter_card":"summary_large_image","twitter_misc":{"Est. reading time":"2 minutes"},"schema":{"@context":"https:\/\/schema.org","@graph":[{"@type":"WebPage","@id":"https:\/\/levfestival.com\/26-gijon\/en\/programacion\/","url":"https:\/\/levfestival.com\/26-gijon\/en\/programacion\/","name":"Programme - L.E.V. Festival 2026","isPartOf":{"@id":"https:\/\/levfestival.com\/26-gijon\/#website"},"datePublished":"2026-02-04T09:25:02+00:00","dateModified":"2026-04-10T16:53:40+00:00","breadcrumb":{"@id":"https:\/\/levfestival.com\/26-gijon\/en\/programacion\/#breadcrumb"},"inLanguage":"en-US","potentialAction":[{"@type":"ReadAction","target":["https:\/\/levfestival.com\/26-gijon\/en\/programacion\/"]}]},{"@type":"BreadcrumbList","@id":"https:\/\/levfestival.com\/26-gijon\/en\/programacion\/#breadcrumb","itemListElement":[{"@type":"ListItem","position":1,"name":"Portada","item":"https:\/\/levfestival.com\/26-gijon\/en\/home\/"},{"@type":"ListItem","position":2,"name":"Programme"}]},{"@type":"WebSite","@id":"https:\/\/levfestival.com\/26-gijon\/#website","url":"https:\/\/levfestival.com\/26-gijon\/","name":"L.E.V. Festival 2026","description":"","potentialAction":[{"@type":"SearchAction","target":{"@type":"EntryPoint","urlTemplate":"https:\/\/levfestival.com\/26-gijon\/?s={search_term_string}"},"query-input":"required name=search_term_string"}],"inLanguage":"en-US"}]}},"_links":{"self":[{"href":"https:\/\/levfestival.com\/26-gijon\/en\/wp-json\/wp\/v2\/pages\/473","targetHints":{"allow":["GET"]}}],"collection":[{"href":"https:\/\/levfestival.com\/26-gijon\/en\/wp-json\/wp\/v2\/pages"}],"about":[{"href":"https:\/\/levfestival.com\/26-gijon\/en\/wp-json\/wp\/v2\/types\/page"}],"author":[{"embeddable":true,"href":"https:\/\/levfestival.com\/26-gijon\/en\/wp-json\/wp\/v2\/users\/1"}],"replies":[{"embeddable":true,"href":"https:\/\/levfestival.com\/26-gijon\/en\/wp-json\/wp\/v2\/comments?post=473"}],"version-history":[{"count":6,"href":"https:\/\/levfestival.com\/26-gijon\/en\/wp-json\/wp\/v2\/pages\/473\/revisions"}],"predecessor-version":[{"id":1801,"href":"https:\/\/levfestival.com\/26-gijon\/en\/wp-json\/wp\/v2\/pages\/473\/revisions\/1801"}],"wp:attachment":[{"href":"https:\/\/levfestival.com\/26-gijon\/en\/wp-json\/wp\/v2\/media?parent=473"}],"curies":[{"name":"wp","href":"https:\/\/api.w.org\/{rel}","templated":true}]}}